{"id":5669,"date":"2021-06-17T15:54:24","date_gmt":"2021-06-17T15:54:24","guid":{"rendered":"https:\/\/portelldemorella.org\/?page_id=5669"},"modified":"2023-06-09T11:31:42","modified_gmt":"2023-06-09T11:31:42","slug":"descobreix-portell","status":"publish","type":"page","link":"https:\/\/portelldemorella.org\/ca\/descobreix-portell\/","title":{"rendered":"Descobreix Portell"},"content":{"rendered":"\t\t<div data-elementor-type=\"wp-page\" data-elementor-id=\"5669\" class=\"elementor elementor-5669\">\n\t\t\t\t\t\t<section class=\"elementor-section elementor-top-section elementor-element elementor-element-26feadb elementor-section-stretched elementor-section-boxed elementor-section-height-default elementor-section-height-default\" data-id=\"26feadb\" data-element_type=\"section\" data-settings=\"{&quot;background_background&quot;:&quot;classic&quot;,&quot;stretch_section&quot;:&quot;section-stretched&quot;}\">\n\t\t\t\t\t\t<div class=\"elementor-container elementor-column-gap-no\">\n\t\t\t\t\t<div class=\"elementor-column elementor-col-50 elementor-top-column elementor-element elementor-element-4259550 elementor-hidden-tablet elementor-hidden-phone\" data-id=\"4259550\" data-element_type=\"column\">\n\t\t\t<div class=\"elementor-widget-wrap\">\n\t\t\t\t\t\t\t<\/div>\n\t\t<\/div>\n\t\t\t\t<div class=\"elementor-column elementor-col-50 elementor-top-column elementor-element elementor-element-7d90ba3\" data-id=\"7d90ba3\" data-element_type=\"column\" data-settings=\"{&quot;background_background&quot;:&quot;classic&quot;}\">\n\t\t\t<div class=\"elementor-widget-wrap elementor-element-populated\">\n\t\t\t\t\t\t<div class=\"elementor-element elementor-element-3fcefdb elementor-widget elementor-widget-text-editor\" data-id=\"3fcefdb\" data-element_type=\"widget\" data-widget_type=\"text-editor.default\">\n\t\t\t\t<div class=\"elementor-widget-container\">\n\t\t\t\t\t\t\t<p><span style=\"font-weight: 400; color: #ffffff;\">Portell \u00e9s una hist\u00f2rica poblaci\u00f3 que est\u00e0<strong> situada al nord de la prov\u00edncia de Castell\u00f3<\/strong> i en l&#8217;extrem occidental de la comarca dels Ports. El nucli urb\u00e0 es troba a uns 1.070 metres d&#8217;altura, dins d&#8217;un entorn muntanyenc i abrupte, amb nombrosos barrancs. El seu acc\u00e9s \u00e9s per una pintoresca carretera que uneix Cinctorres amb La Iglesuela, recorrent un paisatge de gran bellesa natural.\u00a0<\/span><\/p><p><span style=\"font-weight: 400; color: #ffffff;\">El clima de la zona \u00e9s contrastat, amb hiverns molt freds i estius c\u00e0lids, amb primaveres i tardors molt curtes. <strong>L&#8217;altitud m\u00e0xima se situa en els 1.320 metres del Port de Cabrillas<\/strong>, que \u00e9s porta d&#8217;entrada a la comarca del Maestrazgo.<\/span><\/p><div id=\"mouseposition-extension-element-full-container\" style=\"position: fixed; inset: 0px; pointer-events: none; z-index: 2147483647; font-weight: 400;\"><div id=\"mouseposition-extension-element-rect-display\" style=\"display: none; position: absolute; background: rgba(255, 255, 255, 0.7); outline: black solid 1px; font-size: 12px; z-index: 2147483647; justify-content: center; align-items: center; user-select: none; cursor: default; color: #000000; font-family: 'Helvetica Neue', Helvetica, Arial, sans-serif; width: 0px; height: 0px;\"><pre style=\"flex: 1 1 0%; text-align: center; background-color: rgba(255, 255, 255, 0.7); color: #000000; min-width: 42px; min-height: 12px; transition: all 1s ease 0s;\">\u00a0<\/pre><\/div><pre id=\"mouseposition-extension-element-coordinate-display\" style=\"position: absolute; display: none; background: #ffffff; font-size: 12px; line-height: 14px; border-radius: 3px; border-width: 1px; border-color: #222222 black #333333; border-style: solid; padding: 3px; z-index: 2147483647; color: #222222; user-select: none; cursor: default; font-family: 'Helvetica Neue', Helvetica, Arial, sans-serif;\">\u00a0<\/pre><\/div>\t\t\t\t\t\t<\/div>\n\t\t\t\t<\/div>\n\t\t\t\t\t<\/div>\n\t\t<\/div>\n\t\t\t\t\t<\/div>\n\t\t<\/section>\n\t\t\t\t<section class=\"elementor-section elementor-top-section elementor-element elementor-element-686e4ee elementor-section-boxed elementor-section-height-default elementor-section-height-default\" data-id=\"686e4ee\" data-element_type=\"section\">\n\t\t\t\t\t\t<div class=\"elementor-container elementor-column-gap-default\">\n\t\t\t\t\t<div class=\"elementor-column elementor-col-100 elementor-top-column elementor-element elementor-element-f9cc07e\" data-id=\"f9cc07e\" data-element_type=\"column\">\n\t\t\t<div class=\"elementor-widget-wrap elementor-element-populated\">\n\t\t\t\t\t\t<div class=\"elementor-element elementor-element-00a2169 elementor-widget elementor-widget-text-editor\" data-id=\"00a2169\" data-element_type=\"widget\" data-widget_type=\"text-editor.default\">\n\t\t\t\t<div class=\"elementor-widget-container\">\n\t\t\t\t\t\t\t<p><span style=\"font-weight: 400;\">Portell presenta un gran <strong>atractiu en els seus recursos naturals<\/strong>, especialment per la diversitat existent, en un <strong>entorn d&#8217;alt valor ecol\u00f2gic i amb muntanyes que superen de llarg els mil metres<\/strong>, com el Port de les Cabrillas (1.320 m.) o la Creu del Gelat (1.262 m.) que es converteixen en uns miradors excepcionals de la comarca dels Ports.<\/span><\/p>\n<p><span style=\"font-weight: 400;\">Portell, a m\u00e9s,<strong> compta amb una s\u00e8rie de llocs de gran inter\u00e9s tur\u00edstic<\/strong> que encara hui es conserven verges. Es tracta de llocs que guarden una gran riquesa etnogr\u00e0fica pels seus valors aut\u00f2ctons, entre els quals podem destacar: el despoblat de Les Alberedes, la Rambla Celumbres, la Roca Roja, el Barranc dels Clapises, el Pla de Ramonas o el Pont de la Rambla.<\/span><\/p>\n<div id=\"mouseposition-extension-element-full-container\" style=\"position: fixed; inset: 0px; pointer-events: none; z-index: 2147483647; font-weight: 400;\">\n<div id=\"mouseposition-extension-element-rect-display\" style=\"display: none; position: absolute; background: rgba(255, 255, 255, 0.7); outline: black solid 1px; font-size: 12px; z-index: 2147483647; justify-content: center; align-items: center; user-select: none; cursor: default; color: #000000; font-family: 'Helvetica Neue', Helvetica, Arial, sans-serif; width: 0px; height: 0px;\">\n<pre style=\"flex: 1 1 0%; text-align: center; background-color: rgba(255, 255, 255, 0.7); color: #000000; min-width: 42px; min-height: 12px; transition: all 1s ease 0s;\">&nbsp;<\/pre>\n<\/div>\n<pre id=\"mouseposition-extension-element-coordinate-display\" style=\"position: absolute; display: none; background: #ffffff; font-size: 12px; line-height: 14px; border-radius: 3px; border-width: 1px; border-color: #222222 black #333333; border-style: solid; padding: 3px; z-index: 2147483647; color: #222222; user-select: none; cursor: default; font-family: 'Helvetica Neue', Helvetica, Arial, sans-serif;\">&nbsp;<\/pre>\n<\/div>\t\t\t\t\t\t<\/div>\n\t\t\t\t<\/div>\n\t\t\t\t<div class=\"elementor-element elementor-element-192c5d6 elementor-widget elementor-widget-text-editor\" data-id=\"192c5d6\" data-element_type=\"widget\" data-widget_type=\"text-editor.default\">\n\t\t\t\t<div class=\"elementor-widget-container\">\n\t\t\t\t\t\t\t<blockquote><p><span style=\"font-weight: 400;\">Descobrir Portell tamb\u00e9 ens servir\u00e0 per a con\u00e8ixer una part apassionant de la hist\u00f2ria d&#8217;aquesta comarca, com \u00e9s la seua reconquesta per les tropes del rei Jaume I i els seus possibles vestigis templers.<\/span><\/p><\/blockquote><div id=\"mouseposition-extension-element-full-container\" style=\"position: fixed; inset: 0px; pointer-events: none; z-index: 2147483647; font-weight: 400;\"><div id=\"mouseposition-extension-element-rect-display\" style=\"display: none; position: absolute; background: rgba(255, 255, 255, 0.7); outline: black solid 1px; font-size: 12px; z-index: 2147483647; justify-content: center; align-items: center; user-select: none; cursor: default; color: #000000; font-family: 'Helvetica Neue', Helvetica, Arial, sans-serif; width: 0px; height: 0px;\"><pre style=\"flex: 1 1 0%; text-align: center; background-color: rgba(255, 255, 255, 0.7); color: #000000; min-width: 42px; min-height: 12px; transition: all 1s ease 0s;\">\u00a0<\/pre><\/div><pre id=\"mouseposition-extension-element-coordinate-display\" style=\"position: absolute; display: none; background: #ffffff; font-size: 12px; line-height: 14px; border-radius: 3px; border-width: 1px; border-color: #222222 black #333333; border-style: solid; padding: 3px; z-index: 2147483647; color: #222222; user-select: none; cursor: default; font-family: 'Helvetica Neue', Helvetica, Arial, sans-serif;\">\u00a0<\/pre><\/div>\t\t\t\t\t\t<\/div>\n\t\t\t\t<\/div>\n\t\t\t\t\t<\/div>\n\t\t<\/div>\n\t\t\t\t\t<\/div>\n\t\t<\/section>\n\t\t\t\t<section class=\"elementor-section elementor-top-section elementor-element elementor-element-bc28915 elementor-section-boxed elementor-section-height-default elementor-section-height-default\" data-id=\"bc28915\" data-element_type=\"section\">\n\t\t\t\t\t\t<div class=\"elementor-container elementor-column-gap-default\">\n\t\t\t\t\t<div class=\"elementor-column elementor-col-100 elementor-top-column elementor-element elementor-element-15d8cdb\" data-id=\"15d8cdb\" data-element_type=\"column\">\n\t\t\t<div class=\"elementor-widget-wrap elementor-element-populated\">\n\t\t\t\t\t\t<div class=\"elementor-element elementor-element-e4b3986 elementor-arrows-position-inside elementor-pagination-position-outside elementor-widget elementor-widget-image-carousel\" data-id=\"e4b3986\" data-element_type=\"widget\" data-settings=\"{&quot;slides_to_show&quot;:&quot;1&quot;,&quot;navigation&quot;:&quot;both&quot;,&quot;autoplay&quot;:&quot;yes&quot;,&quot;pause_on_hover&quot;:&quot;yes&quot;,&quot;pause_on_interaction&quot;:&quot;yes&quot;,&quot;autoplay_speed&quot;:5000,&quot;infinite&quot;:&quot;yes&quot;,&quot;effect&quot;:&quot;slide&quot;,&quot;speed&quot;:500}\" data-widget_type=\"image-carousel.default\">\n\t\t\t\t<div class=\"elementor-widget-container\">\n\t\t\t\t\t<div class=\"elementor-image-carousel-wrapper swiper\" dir=\"ltr\">\n\t\t\t<div class=\"elementor-image-carousel swiper-wrapper\" aria-live=\"off\">\n\t\t\t\t\t\t\t\t<div class=\"swiper-slide\" role=\"group\" aria-roledescription=\"slide\" aria-label=\"1 de 5\"><figure class=\"swiper-slide-inner\"><img decoding=\"async\" class=\"swiper-slide-image\" src=\"https:\/\/portelldemorella.org\/wp-content\/uploads\/2021\/07\/MG_2307-scaled.jpg\" alt=\"_MG_2307\" \/><\/figure><\/div><div class=\"swiper-slide\" role=\"group\" aria-roledescription=\"slide\" aria-label=\"2 de 5\"><figure class=\"swiper-slide-inner\"><img decoding=\"async\" class=\"swiper-slide-image\" src=\"https:\/\/portelldemorella.org\/wp-content\/uploads\/2021\/06\/pueblos-portell-gal1-4.jpg\" alt=\"pueblos-portell-gal1-4\" \/><\/figure><\/div><div class=\"swiper-slide\" role=\"group\" aria-roledescription=\"slide\" aria-label=\"3 de 5\"><figure class=\"swiper-slide-inner\"><img decoding=\"async\" class=\"swiper-slide-image\" src=\"https:\/\/portelldemorella.org\/wp-content\/uploads\/2021\/07\/pueblos-portel-li1.jpg\" alt=\"pueblos-portel-li1\" \/><\/figure><\/div><div class=\"swiper-slide\" role=\"group\" aria-roledescription=\"slide\" aria-label=\"4 de 5\"><figure class=\"swiper-slide-inner\"><img decoding=\"async\" class=\"swiper-slide-image\" src=\"https:\/\/portelldemorella.org\/wp-content\/uploads\/2021\/07\/pueblos-portell-cab.jpg\" alt=\"pueblos-portell-cab\" \/><\/figure><\/div><div class=\"swiper-slide\" role=\"group\" aria-roledescription=\"slide\" aria-label=\"5 de 5\"><figure class=\"swiper-slide-inner\"><img decoding=\"async\" class=\"swiper-slide-image\" src=\"https:\/\/portelldemorella.org\/wp-content\/uploads\/2021\/07\/MG_2304-scaled.jpg\" alt=\"_MG_2304\" \/><\/figure><\/div>\t\t\t<\/div>\n\t\t\t\t\t\t\t\t\t\t\t\t<div class=\"elementor-swiper-button elementor-swiper-button-prev\" role=\"button\" tabindex=\"0\">\n\t\t\t\t\t\t<i aria-hidden=\"true\" class=\"eicon-chevron-left\"><\/i>\t\t\t\t\t<\/div>\n\t\t\t\t\t<div class=\"elementor-swiper-button elementor-swiper-button-next\" role=\"button\" tabindex=\"0\">\n\t\t\t\t\t\t<i aria-hidden=\"true\" class=\"eicon-chevron-right\"><\/i>\t\t\t\t\t<\/div>\n\t\t\t\t\n\t\t\t\t\t\t\t\t\t<div class=\"swiper-pagination\"><\/div>\n\t\t\t\t\t\t\t\t\t<\/div>\n\t\t\t\t<\/div>\n\t\t\t\t<\/div>\n\t\t\t\t\t<\/div>\n\t\t<\/div>\n\t\t\t\t\t<\/div>\n\t\t<\/section>\n\t\t\t\t<\/div>\n\t\t","protected":false},"excerpt":{"rendered":"<p>Portell \u00e9s una hist\u00f2rica poblaci\u00f3 que est\u00e0 situada al nord de la prov\u00edncia de Castell\u00f3 i en l&#8217;extrem occidental de la comarca dels Ports. El nucli urb\u00e0 es troba a uns 1.070 metres d&#8217;altura, dins d&#8217;un entorn muntanyenc i abrupte, amb nombrosos barrancs. El seu acc\u00e9s \u00e9s per una pintoresca carretera que uneix Cinctorres amb [&hellip;]<\/p>\n","protected":false},"author":1,"featured_media":0,"parent":0,"menu_order":0,"comment_status":"closed","ping_status":"closed","template":"","meta":{"footnotes":""},"class_list":["post-5669","page","type-page","status-publish","hentry"],"yoast_head":"<!-- This site is optimized with the Yoast SEO plugin v24.4 - https:\/\/yoast.com\/wordpress\/plugins\/seo\/ -->\n<title>Descobreix Portell - Portell de Morella<\/title>\n<meta name=\"robots\" content=\"noindex, follow, max-snippet:-1, max-image-preview:large, max-video-preview:-1\" \/>\n<meta property=\"og:locale\" content=\"ca_ES\" \/>\n<meta property=\"og:type\" content=\"article\" \/>\n<meta property=\"og:title\" content=\"Descobreix Portell - Portell de Morella\" \/>\n<meta property=\"og:description\" content=\"Portell \u00e9s una hist\u00f2rica poblaci\u00f3 que est\u00e0 situada al nord de la prov\u00edncia de Castell\u00f3 i en l&#8217;extrem occidental de la comarca dels Ports. El nucli urb\u00e0 es troba a uns 1.070 metres d&#8217;altura, dins d&#8217;un entorn muntanyenc i abrupte, amb nombrosos barrancs. El seu acc\u00e9s \u00e9s per una pintoresca carretera que uneix Cinctorres amb [&hellip;]\" \/>\n<meta property=\"og:url\" content=\"https:\/\/portelldemorella.org\/ca\/descobreix-portell\/\" \/>\n<meta property=\"og:site_name\" content=\"Portell de Morella\" \/>\n<meta property=\"article:modified_time\" content=\"2023-06-09T11:31:42+00:00\" \/>\n<meta property=\"og:image\" content=\"https:\/\/portelldemorella.org\/wp-content\/uploads\/2021\/07\/MG_2307-scaled.jpg\" \/>\n<meta name=\"twitter:card\" content=\"summary_large_image\" \/>\n<meta name=\"twitter:label1\" content=\"Temps estimat de lectura\" \/>\n\t<meta name=\"twitter:data1\" content=\"3 minuts\" \/>\n<script type=\"application\/ld+json\" class=\"yoast-schema-graph\">{\"@context\":\"https:\/\/schema.org\",\"@graph\":[{\"@type\":\"WebPage\",\"@id\":\"https:\/\/portelldemorella.org\/ca\/descobreix-portell\/\",\"url\":\"https:\/\/portelldemorella.org\/ca\/descobreix-portell\/\",\"name\":\"Descobreix Portell - Portell de Morella\",\"isPartOf\":{\"@id\":\"https:\/\/portelldemorella.org\/#website\"},\"primaryImageOfPage\":{\"@id\":\"https:\/\/portelldemorella.org\/ca\/descobreix-portell\/#primaryimage\"},\"image\":{\"@id\":\"https:\/\/portelldemorella.org\/ca\/descobreix-portell\/#primaryimage\"},\"thumbnailUrl\":\"https:\/\/portelldemorella.org\/wp-content\/uploads\/2021\/07\/MG_2307-scaled.jpg\",\"datePublished\":\"2021-06-17T15:54:24+00:00\",\"dateModified\":\"2023-06-09T11:31:42+00:00\",\"breadcrumb\":{\"@id\":\"https:\/\/portelldemorella.org\/ca\/descobreix-portell\/#breadcrumb\"},\"inLanguage\":\"ca\",\"potentialAction\":[{\"@type\":\"ReadAction\",\"target\":[\"https:\/\/portelldemorella.org\/ca\/descobreix-portell\/\"]}]},{\"@type\":\"ImageObject\",\"inLanguage\":\"ca\",\"@id\":\"https:\/\/portelldemorella.org\/ca\/descobreix-portell\/#primaryimage\",\"url\":\"https:\/\/portelldemorella.org\/wp-content\/uploads\/2021\/07\/MG_2307-scaled.jpg\",\"contentUrl\":\"https:\/\/portelldemorella.org\/wp-content\/uploads\/2021\/07\/MG_2307-scaled.jpg\"},{\"@type\":\"BreadcrumbList\",\"@id\":\"https:\/\/portelldemorella.org\/ca\/descobreix-portell\/#breadcrumb\",\"itemListElement\":[{\"@type\":\"ListItem\",\"position\":1,\"name\":\"Portada\",\"item\":\"https:\/\/portelldemorella.org\/ca\/\"},{\"@type\":\"ListItem\",\"position\":2,\"name\":\"Descobreix Portell\"}]},{\"@type\":\"WebSite\",\"@id\":\"https:\/\/portelldemorella.org\/#website\",\"url\":\"https:\/\/portelldemorella.org\/\",\"name\":\"Portell de Morella\",\"description\":\"Web del Ayuntamiento de Portell de Morella\",\"publisher\":{\"@id\":\"https:\/\/portelldemorella.org\/#organization\"},\"potentialAction\":[{\"@type\":\"SearchAction\",\"target\":{\"@type\":\"EntryPoint\",\"urlTemplate\":\"https:\/\/portelldemorella.org\/?s={search_term_string}\"},\"query-input\":{\"@type\":\"PropertyValueSpecification\",\"valueRequired\":true,\"valueName\":\"search_term_string\"}}],\"inLanguage\":\"ca\"},{\"@type\":\"Organization\",\"@id\":\"https:\/\/portelldemorella.org\/#organization\",\"name\":\"Portell de Morella\",\"url\":\"https:\/\/portelldemorella.org\/\",\"logo\":{\"@type\":\"ImageObject\",\"inLanguage\":\"ca\",\"@id\":\"https:\/\/portelldemorella.org\/#\/schema\/logo\/image\/\",\"url\":\"https:\/\/portelldemorella.org\/wp-content\/uploads\/2020\/11\/Escudo-Portell-04.jpg\",\"contentUrl\":\"https:\/\/portelldemorella.org\/wp-content\/uploads\/2020\/11\/Escudo-Portell-04.jpg\",\"width\":1001,\"height\":394,\"caption\":\"Portell de Morella\"},\"image\":{\"@id\":\"https:\/\/portelldemorella.org\/#\/schema\/logo\/image\/\"}}]}<\/script>\n<!-- \/ Yoast SEO plugin. -->","yoast_head_json":{"title":"Descobreix Portell - Portell de Morella","robots":{"index":"noindex","follow":"follow","max-snippet":"max-snippet:-1","max-image-preview":"max-image-preview:large","max-video-preview":"max-video-preview:-1"},"og_locale":"ca_ES","og_type":"article","og_title":"Descobreix Portell - Portell de Morella","og_description":"Portell \u00e9s una hist\u00f2rica poblaci\u00f3 que est\u00e0 situada al nord de la prov\u00edncia de Castell\u00f3 i en l&#8217;extrem occidental de la comarca dels Ports. El nucli urb\u00e0 es troba a uns 1.070 metres d&#8217;altura, dins d&#8217;un entorn muntanyenc i abrupte, amb nombrosos barrancs. El seu acc\u00e9s \u00e9s per una pintoresca carretera que uneix Cinctorres amb [&hellip;]","og_url":"https:\/\/portelldemorella.org\/ca\/descobreix-portell\/","og_site_name":"Portell de Morella","article_modified_time":"2023-06-09T11:31:42+00:00","og_image":[{"url":"https:\/\/portelldemorella.org\/wp-content\/uploads\/2021\/07\/MG_2307-scaled.jpg","type":"","width":"","height":""}],"twitter_card":"summary_large_image","twitter_misc":{"Temps estimat de lectura":"3 minuts"},"schema":{"@context":"https:\/\/schema.org","@graph":[{"@type":"WebPage","@id":"https:\/\/portelldemorella.org\/ca\/descobreix-portell\/","url":"https:\/\/portelldemorella.org\/ca\/descobreix-portell\/","name":"Descobreix Portell - Portell de Morella","isPartOf":{"@id":"https:\/\/portelldemorella.org\/#website"},"primaryImageOfPage":{"@id":"https:\/\/portelldemorella.org\/ca\/descobreix-portell\/#primaryimage"},"image":{"@id":"https:\/\/portelldemorella.org\/ca\/descobreix-portell\/#primaryimage"},"thumbnailUrl":"https:\/\/portelldemorella.org\/wp-content\/uploads\/2021\/07\/MG_2307-scaled.jpg","datePublished":"2021-06-17T15:54:24+00:00","dateModified":"2023-06-09T11:31:42+00:00","breadcrumb":{"@id":"https:\/\/portelldemorella.org\/ca\/descobreix-portell\/#breadcrumb"},"inLanguage":"ca","potentialAction":[{"@type":"ReadAction","target":["https:\/\/portelldemorella.org\/ca\/descobreix-portell\/"]}]},{"@type":"ImageObject","inLanguage":"ca","@id":"https:\/\/portelldemorella.org\/ca\/descobreix-portell\/#primaryimage","url":"https:\/\/portelldemorella.org\/wp-content\/uploads\/2021\/07\/MG_2307-scaled.jpg","contentUrl":"https:\/\/portelldemorella.org\/wp-content\/uploads\/2021\/07\/MG_2307-scaled.jpg"},{"@type":"BreadcrumbList","@id":"https:\/\/portelldemorella.org\/ca\/descobreix-portell\/#breadcrumb","itemListElement":[{"@type":"ListItem","position":1,"name":"Portada","item":"https:\/\/portelldemorella.org\/ca\/"},{"@type":"ListItem","position":2,"name":"Descobreix Portell"}]},{"@type":"WebSite","@id":"https:\/\/portelldemorella.org\/#website","url":"https:\/\/portelldemorella.org\/","name":"Portell de Morella","description":"Web del Ayuntamiento de Portell de Morella","publisher":{"@id":"https:\/\/portelldemorella.org\/#organization"},"potentialAction":[{"@type":"SearchAction","target":{"@type":"EntryPoint","urlTemplate":"https:\/\/portelldemorella.org\/?s={search_term_string}"},"query-input":{"@type":"PropertyValueSpecification","valueRequired":true,"valueName":"search_term_string"}}],"inLanguage":"ca"},{"@type":"Organization","@id":"https:\/\/portelldemorella.org\/#organization","name":"Portell de Morella","url":"https:\/\/portelldemorella.org\/","logo":{"@type":"ImageObject","inLanguage":"ca","@id":"https:\/\/portelldemorella.org\/#\/schema\/logo\/image\/","url":"https:\/\/portelldemorella.org\/wp-content\/uploads\/2020\/11\/Escudo-Portell-04.jpg","contentUrl":"https:\/\/portelldemorella.org\/wp-content\/uploads\/2020\/11\/Escudo-Portell-04.jpg","width":1001,"height":394,"caption":"Portell de Morella"},"image":{"@id":"https:\/\/portelldemorella.org\/#\/schema\/logo\/image\/"}}]}},"_links":{"self":[{"href":"https:\/\/portelldemorella.org\/ca\/wp-json\/wp\/v2\/pages\/5669","targetHints":{"allow":["GET"]}}],"collection":[{"href":"https:\/\/portelldemorella.org\/ca\/wp-json\/wp\/v2\/pages"}],"about":[{"href":"https:\/\/portelldemorella.org\/ca\/wp-json\/wp\/v2\/types\/page"}],"author":[{"embeddable":true,"href":"https:\/\/portelldemorella.org\/ca\/wp-json\/wp\/v2\/users\/1"}],"replies":[{"embeddable":true,"href":"https:\/\/portelldemorella.org\/ca\/wp-json\/wp\/v2\/comments?post=5669"}],"version-history":[{"count":24,"href":"https:\/\/portelldemorella.org\/ca\/wp-json\/wp\/v2\/pages\/5669\/revisions"}],"predecessor-version":[{"id":7704,"href":"https:\/\/portelldemorella.org\/ca\/wp-json\/wp\/v2\/pages\/5669\/revisions\/7704"}],"wp:attachment":[{"href":"https:\/\/portelldemorella.org\/ca\/wp-json\/wp\/v2\/media?parent=5669"}],"curies":[{"name":"wp","href":"https:\/\/api.w.org\/{rel}","templated":true}]}}