{"id":5694,"date":"2021-06-21T10:22:10","date_gmt":"2021-06-21T10:22:10","guid":{"rendered":"https:\/\/portelldemorella.org\/?page_id=5694"},"modified":"2023-06-09T11:57:50","modified_gmt":"2023-06-09T11:57:50","slug":"entrevista-a-lilia-hernandez","status":"publish","type":"page","link":"https:\/\/portelldemorella.org\/ca\/entrevista-a-lilia-hernandez\/","title":{"rendered":"Entrevista a Lilia Hern\u00e1ndez"},"content":{"rendered":"\t\t<div data-elementor-type=\"wp-page\" data-elementor-id=\"5694\" class=\"elementor elementor-5694\">\n\t\t\t\t\t\t<section class=\"elementor-section elementor-top-section elementor-element elementor-element-52d27fe elementor-section-boxed elementor-section-height-default elementor-section-height-default\" data-id=\"52d27fe\" data-element_type=\"section\">\n\t\t\t\t\t\t<div class=\"elementor-container elementor-column-gap-default\">\n\t\t\t\t\t<div class=\"elementor-column elementor-col-33 elementor-top-column elementor-element elementor-element-ad3ee09\" data-id=\"ad3ee09\" data-element_type=\"column\">\n\t\t\t<div class=\"elementor-widget-wrap elementor-element-populated\">\n\t\t\t\t\t\t<div class=\"elementor-element elementor-element-3fcefdb elementor-widget elementor-widget-text-editor\" data-id=\"3fcefdb\" data-element_type=\"widget\" data-widget_type=\"text-editor.default\">\n\t\t\t\t<div class=\"elementor-widget-container\">\n\t\t\t\t\t\t\t<p><span style=\"font-weight: 400;\"><strong>Lilia Her\u00e1ndez \u00e9s mare de Diego i Viena, alumnes de l\u2019escola de Portell<\/strong>. Pam Collado, la mestra, l\u2019ha entrevistat dins el projecte \u201cMuntanyes d\u2019Il\u00b7lusions\u201d <strong>per tal de visibilitzar perfils interessants que puguen ser d\u2019inter\u00e9s per atraure futures fam\u00edlies a viure a Portell.<\/strong><\/span><\/p><p><span style=\"font-weight: 400;\">Lilia i Jes\u00fas, el seu home, van arribar des de Vene\u00e7uela a Espanya el 2017, concretament a Forcall. Jes\u00fas va comen\u00e7ar a treballar a l\u2019hostal de Portell i la fam\u00edlia va decidir mudar-se de poble per a estar m\u00e9s a prop de la feina i de l\u2019escola dels xiquets. Diego i Viena s\u00f3n alumnes de l\u2019aulari de Portell, on es troben molt a gust.<\/span><\/p><div id=\"mouseposition-extension-element-full-container\" style=\"position: fixed; inset: 0px; pointer-events: none; z-index: 2147483647; font-weight: 400;\"><div id=\"mouseposition-extension-element-rect-display\" style=\"display: none; position: absolute; background: rgba(255, 255, 255, 0.7); outline: black solid 1px; font-size: 12px; z-index: 2147483647; justify-content: center; align-items: center; user-select: none; cursor: default; color: #000000; font-family: 'Helvetica Neue', Helvetica, Arial, sans-serif; width: 0px; height: 0px;\"><pre style=\"flex: 1 1 0%; text-align: center; background-color: rgba(255, 255, 255, 0.7); color: #000000; min-width: 42px; min-height: 12px; transition: all 1s ease 0s;\">\u00a0<\/pre><\/div><pre id=\"mouseposition-extension-element-coordinate-display\" style=\"position: absolute; display: none; background: #ffffff; font-size: 12px; line-height: 14px; border-radius: 3px; border-width: 1px; border-color: #222222 black #333333; border-style: solid; padding: 3px; z-index: 2147483647; color: #222222; user-select: none; cursor: default; font-family: 'Helvetica Neue', Helvetica, Arial, sans-serif;\">\u00a0<\/pre><\/div>\t\t\t\t\t\t<\/div>\n\t\t\t\t<\/div>\n\t\t\t\t\t<\/div>\n\t\t<\/div>\n\t\t\t\t<div class=\"elementor-column elementor-col-66 elementor-top-column elementor-element elementor-element-235f95b\" data-id=\"235f95b\" data-element_type=\"column\">\n\t\t\t<div class=\"elementor-widget-wrap elementor-element-populated\">\n\t\t\t\t\t\t<div class=\"elementor-element elementor-element-43ed701 elementor-widget elementor-widget-video\" data-id=\"43ed701\" data-element_type=\"widget\" data-settings=\"{&quot;youtube_url&quot;:&quot;https:\\\/\\\/www.youtube.com\\\/watch?v=XHOmBV4js_E&quot;,&quot;video_type&quot;:&quot;youtube&quot;,&quot;controls&quot;:&quot;yes&quot;}\" data-widget_type=\"video.default\">\n\t\t\t\t<div class=\"elementor-widget-container\">\n\t\t\t\t\t<div class=\"elementor-wrapper elementor-open-inline\">\n\t\t\t<div class=\"elementor-video\"><\/div>\t\t<\/div>\n\t\t\t\t<\/div>\n\t\t\t\t<\/div>\n\t\t\t\t\t<\/div>\n\t\t<\/div>\n\t\t\t\t\t<\/div>\n\t\t<\/section>\n\t\t\t\t<section class=\"elementor-section elementor-top-section elementor-element elementor-element-f8508df elementor-section-boxed elementor-section-height-default elementor-section-height-default\" data-id=\"f8508df\" data-element_type=\"section\">\n\t\t\t\t\t\t<div class=\"elementor-container elementor-column-gap-default\">\n\t\t\t\t\t<div class=\"elementor-column elementor-col-33 elementor-top-column elementor-element elementor-element-338a4ea\" data-id=\"338a4ea\" data-element_type=\"column\">\n\t\t\t<div class=\"elementor-widget-wrap\">\n\t\t\t\t\t\t\t<\/div>\n\t\t<\/div>\n\t\t\t\t<div class=\"elementor-column elementor-col-66 elementor-top-column elementor-element elementor-element-14214b1\" data-id=\"14214b1\" data-element_type=\"column\">\n\t\t\t<div class=\"elementor-widget-wrap elementor-element-populated\">\n\t\t\t\t\t\t<div class=\"elementor-element elementor-element-bd07b5a elementor-widget elementor-widget-text-editor\" data-id=\"bd07b5a\" data-element_type=\"widget\" data-widget_type=\"text-editor.default\">\n\t\t\t\t<div class=\"elementor-widget-container\">\n\t\t\t\t\t\t\t<p><b>P: Lilia, cu\u00e9ntanos,&nbsp;<span style=\"background-color: rgb(245, 245, 245); color: rgb(51, 51, 51); font-family: &quot;Open Sans&quot;, Helvetica, Arial, sans-serif; font-size: 16px; letter-spacing: 0px;\">explica&#8217;ns, quin va ser el motiu realment de traslladar-vos des de Vene\u00e7uela a Espanya i, concretament, acabar a Portell de Morella?<\/span><\/b><\/p>\n<p><b>L:<\/b><span style=\"font-weight: 400;\">&nbsp;<\/span>El motiu pel qual decidim anar-nos de Vene\u00e7uela \u00e9s per la situaci\u00f3 econ\u00f2mica que est\u00e0 travessant el nostre pa\u00eds i b\u00e0sicament per a donar-los una millor qualitat de vida als nostres fills, cosa que ac\u00ed estem aconseguint.<\/p>\n<p><b>P:&nbsp;Qu\u00e8 b\u00e9 que vos trobeu b\u00e9 a Portell de Morella! Vos van rebre b\u00e9 l&#8217;Ajuntament i els ve\u00efns?<\/b><\/p>\n<p><b>L:<\/b>&nbsp;S\u00ed, la veritat \u00e9s que els ve\u00efns s\u00f3n magn\u00edfics i molt amables. A m\u00e9s, jo estant ac\u00ed tamb\u00e9 vaig aconseguir un treball a l&#8217;Ajuntament. La veritat que l&#8217;adaptaci\u00f3 ha estat genial i viure ac\u00ed \u00e9s molt tranquil. \u00c9s una cosa que et genera pau i seguretat, tamb\u00e9 perqu\u00e8 els nostres fills creixen amb benestar.<\/p>\n<p><b>P:&nbsp;<\/b>Ens contes que \u00e9s Jes\u00fas el que regenta l&#8217;hostal de Portell, veritat?<\/p>\n<p><b>L:<\/b><span style=\"font-weight: 400;\">&nbsp;<\/span>S\u00ed, el meu home Jes\u00fas \u00e9s el que est\u00e0 ac\u00ed a c\u00e0rrec de tot l&#8217;hostal, des del 2019, al capdavant d&#8217;aquest negoci.<\/p>\n<p><b>P:<\/b><span style=\"font-weight: 400;\">&nbsp;I com \u00e9s el teu treball per a l&#8217;Ajuntament?<\/span><\/p>\n<p><b>L:<\/b><span style=\"font-weight: 400;\"> Treballo a l&#8217;Ajuntament des de l&#8217;any passat, encarregant-me del manteniment de les obres municipals.<\/span><\/p><p><b style=\"color: var( --e-global-color-text ); font-family: var( --e-global-typography-text-font-family ), Sans-serif; letter-spacing: 0px;\">P: <\/b><span style=\"color: var( --e-global-color-text ); font-family: var( --e-global-typography-text-font-family ), Sans-serif; font-weight: var( --e-global-typography-text-font-weight ); letter-spacing: 0px;\">Molt\u00edssimes gr\u00e0cies per la teua atenci\u00f3, Lilia.<\/span><\/p>\n<p><span style=\"font-weight: 400;\">Aquest \u00e9s un bon exemple del que volem amb \u201cMuntanyes d\u2019Il\u00b7lusions\u201d, fam\u00edlies com Lilia i Jes\u00fas que poden donar m\u00e9s vida al poble. Gent bona i treballadora, sobretot. Amb xiquets o xiquetes que puguen donar-li vida a l\u2019aulari de Portell. Esperem que \u201cMuntanyes d\u2019Il\u00b7lusions\u201d ens done m\u00e9s testimonis com aquest.<\/span><\/p>\n<div style=\"position: fixed; inset: 0px; pointer-events: none; z-index: 2147483647; font-weight: 400;\">\n<div style=\"display: none; position: absolute; background: rgba(255, 255, 255, 0.7); outline: black solid 1px; font-size: 12px; z-index: 2147483647; justify-content: center; align-items: center; user-select: none; cursor: default; color: #000000; font-family: 'Helvetica Neue', Helvetica, Arial, sans-serif; width: 0px; height: 0px;\">\n<pre style=\"flex: 1 1 0%; text-align: center; background-color: rgba(255, 255, 255, 0.7); color: #000000; min-width: 42px; min-height: 12px; transition: all 1s ease 0s;\">&nbsp;<\/pre>\n<\/div>\n<pre style=\"position: absolute; display: none; background: #ffffff; font-size: 12px; line-height: 14px; border-radius: 3px; border-width: 1px; border-color: #222222 black #333333; border-style: solid; padding: 3px; z-index: 2147483647; color: #222222; user-select: none; cursor: default; font-family: 'Helvetica Neue', Helvetica, Arial, sans-serif;\">&nbsp;<\/pre>\n<\/div>\t\t\t\t\t\t<\/div>\n\t\t\t\t<\/div>\n\t\t\t\t\t<\/div>\n\t\t<\/div>\n\t\t\t\t\t<\/div>\n\t\t<\/section>\n\t\t\t\t<\/div>\n\t\t","protected":false},"excerpt":{"rendered":"<p>Lilia Her\u00e1ndez \u00e9s mare de Diego i Viena, alumnes de l\u2019escola de Portell. Pam Collado, la mestra, l\u2019ha entrevistat dins el projecte \u201cMuntanyes d\u2019Il\u00b7lusions\u201d per tal de visibilitzar perfils interessants que puguen ser d\u2019inter\u00e9s per atraure futures fam\u00edlies a viure a Portell. Lilia i Jes\u00fas, el seu home, van arribar des de Vene\u00e7uela a Espanya [&hellip;]<\/p>\n","protected":false},"author":1,"featured_media":0,"parent":0,"menu_order":0,"comment_status":"closed","ping_status":"closed","template":"","meta":{"footnotes":""},"class_list":["post-5694","page","type-page","status-publish","hentry"],"yoast_head":"<!-- This site is optimized with the Yoast SEO plugin v24.4 - https:\/\/yoast.com\/wordpress\/plugins\/seo\/ -->\n<title>Entrevista a Lilia Hern\u00e1ndez - Portell de Morella<\/title>\n<meta name=\"robots\" content=\"noindex, follow, max-snippet:-1, max-image-preview:large, max-video-preview:-1\" \/>\n<meta property=\"og:locale\" content=\"ca_ES\" \/>\n<meta property=\"og:type\" content=\"article\" \/>\n<meta property=\"og:title\" content=\"Entrevista a Lilia Hern\u00e1ndez - Portell de Morella\" \/>\n<meta property=\"og:description\" content=\"Lilia Her\u00e1ndez \u00e9s mare de Diego i Viena, alumnes de l\u2019escola de Portell. Pam Collado, la mestra, l\u2019ha entrevistat dins el projecte \u201cMuntanyes d\u2019Il\u00b7lusions\u201d per tal de visibilitzar perfils interessants que puguen ser d\u2019inter\u00e9s per atraure futures fam\u00edlies a viure a Portell. Lilia i Jes\u00fas, el seu home, van arribar des de Vene\u00e7uela a Espanya [&hellip;]\" \/>\n<meta property=\"og:url\" content=\"https:\/\/portelldemorella.org\/entrevista-a-lilia-hernandez\/\" \/>\n<meta property=\"og:site_name\" content=\"Portell de Morella\" \/>\n<meta property=\"article:modified_time\" content=\"2023-06-09T11:57:50+00:00\" \/>\n<meta name=\"twitter:card\" content=\"summary_large_image\" \/>\n<meta name=\"twitter:label1\" content=\"Temps estimat de lectura\" \/>\n\t<meta name=\"twitter:data1\" content=\"2 minuts\" \/>\n<script type=\"application\/ld+json\" class=\"yoast-schema-graph\">{\"@context\":\"https:\/\/schema.org\",\"@graph\":[{\"@type\":\"WebPage\",\"@id\":\"https:\/\/portelldemorella.org\/entrevista-a-lilia-hernandez\/\",\"url\":\"https:\/\/portelldemorella.org\/entrevista-a-lilia-hernandez\/\",\"name\":\"Entrevista a Lilia Hern\u00e1ndez - Portell de Morella\",\"isPartOf\":{\"@id\":\"https:\/\/portelldemorella.org\/#website\"},\"datePublished\":\"2021-06-21T10:22:10+00:00\",\"dateModified\":\"2023-06-09T11:57:50+00:00\",\"breadcrumb\":{\"@id\":\"https:\/\/portelldemorella.org\/entrevista-a-lilia-hernandez\/#breadcrumb\"},\"inLanguage\":\"ca\",\"potentialAction\":[{\"@type\":\"ReadAction\",\"target\":[\"https:\/\/portelldemorella.org\/entrevista-a-lilia-hernandez\/\"]}]},{\"@type\":\"BreadcrumbList\",\"@id\":\"https:\/\/portelldemorella.org\/entrevista-a-lilia-hernandez\/#breadcrumb\",\"itemListElement\":[{\"@type\":\"ListItem\",\"position\":1,\"name\":\"Portada\",\"item\":\"https:\/\/portelldemorella.org\/ca\/\"},{\"@type\":\"ListItem\",\"position\":2,\"name\":\"Entrevista a Lilia Hern\u00e1ndez\"}]},{\"@type\":\"WebSite\",\"@id\":\"https:\/\/portelldemorella.org\/#website\",\"url\":\"https:\/\/portelldemorella.org\/\",\"name\":\"Portell de Morella\",\"description\":\"Web del Ayuntamiento de Portell de Morella\",\"publisher\":{\"@id\":\"https:\/\/portelldemorella.org\/#organization\"},\"potentialAction\":[{\"@type\":\"SearchAction\",\"target\":{\"@type\":\"EntryPoint\",\"urlTemplate\":\"https:\/\/portelldemorella.org\/?s={search_term_string}\"},\"query-input\":{\"@type\":\"PropertyValueSpecification\",\"valueRequired\":true,\"valueName\":\"search_term_string\"}}],\"inLanguage\":\"ca\"},{\"@type\":\"Organization\",\"@id\":\"https:\/\/portelldemorella.org\/#organization\",\"name\":\"Portell de Morella\",\"url\":\"https:\/\/portelldemorella.org\/\",\"logo\":{\"@type\":\"ImageObject\",\"inLanguage\":\"ca\",\"@id\":\"https:\/\/portelldemorella.org\/#\/schema\/logo\/image\/\",\"url\":\"https:\/\/portelldemorella.org\/wp-content\/uploads\/2020\/11\/Escudo-Portell-04.jpg\",\"contentUrl\":\"https:\/\/portelldemorella.org\/wp-content\/uploads\/2020\/11\/Escudo-Portell-04.jpg\",\"width\":1001,\"height\":394,\"caption\":\"Portell de Morella\"},\"image\":{\"@id\":\"https:\/\/portelldemorella.org\/#\/schema\/logo\/image\/\"}}]}<\/script>\n<!-- \/ Yoast SEO plugin. -->","yoast_head_json":{"title":"Entrevista a Lilia Hern\u00e1ndez - Portell de Morella","robots":{"index":"noindex","follow":"follow","max-snippet":"max-snippet:-1","max-image-preview":"max-image-preview:large","max-video-preview":"max-video-preview:-1"},"og_locale":"ca_ES","og_type":"article","og_title":"Entrevista a Lilia Hern\u00e1ndez - Portell de Morella","og_description":"Lilia Her\u00e1ndez \u00e9s mare de Diego i Viena, alumnes de l\u2019escola de Portell. Pam Collado, la mestra, l\u2019ha entrevistat dins el projecte \u201cMuntanyes d\u2019Il\u00b7lusions\u201d per tal de visibilitzar perfils interessants que puguen ser d\u2019inter\u00e9s per atraure futures fam\u00edlies a viure a Portell. Lilia i Jes\u00fas, el seu home, van arribar des de Vene\u00e7uela a Espanya [&hellip;]","og_url":"https:\/\/portelldemorella.org\/entrevista-a-lilia-hernandez\/","og_site_name":"Portell de Morella","article_modified_time":"2023-06-09T11:57:50+00:00","twitter_card":"summary_large_image","twitter_misc":{"Temps estimat de lectura":"2 minuts"},"schema":{"@context":"https:\/\/schema.org","@graph":[{"@type":"WebPage","@id":"https:\/\/portelldemorella.org\/entrevista-a-lilia-hernandez\/","url":"https:\/\/portelldemorella.org\/entrevista-a-lilia-hernandez\/","name":"Entrevista a Lilia Hern\u00e1ndez - Portell de Morella","isPartOf":{"@id":"https:\/\/portelldemorella.org\/#website"},"datePublished":"2021-06-21T10:22:10+00:00","dateModified":"2023-06-09T11:57:50+00:00","breadcrumb":{"@id":"https:\/\/portelldemorella.org\/entrevista-a-lilia-hernandez\/#breadcrumb"},"inLanguage":"ca","potentialAction":[{"@type":"ReadAction","target":["https:\/\/portelldemorella.org\/entrevista-a-lilia-hernandez\/"]}]},{"@type":"BreadcrumbList","@id":"https:\/\/portelldemorella.org\/entrevista-a-lilia-hernandez\/#breadcrumb","itemListElement":[{"@type":"ListItem","position":1,"name":"Portada","item":"https:\/\/portelldemorella.org\/ca\/"},{"@type":"ListItem","position":2,"name":"Entrevista a Lilia Hern\u00e1ndez"}]},{"@type":"WebSite","@id":"https:\/\/portelldemorella.org\/#website","url":"https:\/\/portelldemorella.org\/","name":"Portell de Morella","description":"Web del Ayuntamiento de Portell de Morella","publisher":{"@id":"https:\/\/portelldemorella.org\/#organization"},"potentialAction":[{"@type":"SearchAction","target":{"@type":"EntryPoint","urlTemplate":"https:\/\/portelldemorella.org\/?s={search_term_string}"},"query-input":{"@type":"PropertyValueSpecification","valueRequired":true,"valueName":"search_term_string"}}],"inLanguage":"ca"},{"@type":"Organization","@id":"https:\/\/portelldemorella.org\/#organization","name":"Portell de Morella","url":"https:\/\/portelldemorella.org\/","logo":{"@type":"ImageObject","inLanguage":"ca","@id":"https:\/\/portelldemorella.org\/#\/schema\/logo\/image\/","url":"https:\/\/portelldemorella.org\/wp-content\/uploads\/2020\/11\/Escudo-Portell-04.jpg","contentUrl":"https:\/\/portelldemorella.org\/wp-content\/uploads\/2020\/11\/Escudo-Portell-04.jpg","width":1001,"height":394,"caption":"Portell de Morella"},"image":{"@id":"https:\/\/portelldemorella.org\/#\/schema\/logo\/image\/"}}]}},"_links":{"self":[{"href":"https:\/\/portelldemorella.org\/ca\/wp-json\/wp\/v2\/pages\/5694","targetHints":{"allow":["GET"]}}],"collection":[{"href":"https:\/\/portelldemorella.org\/ca\/wp-json\/wp\/v2\/pages"}],"about":[{"href":"https:\/\/portelldemorella.org\/ca\/wp-json\/wp\/v2\/types\/page"}],"author":[{"embeddable":true,"href":"https:\/\/portelldemorella.org\/ca\/wp-json\/wp\/v2\/users\/1"}],"replies":[{"embeddable":true,"href":"https:\/\/portelldemorella.org\/ca\/wp-json\/wp\/v2\/comments?post=5694"}],"version-history":[{"count":9,"href":"https:\/\/portelldemorella.org\/ca\/wp-json\/wp\/v2\/pages\/5694\/revisions"}],"predecessor-version":[{"id":7720,"href":"https:\/\/portelldemorella.org\/ca\/wp-json\/wp\/v2\/pages\/5694\/revisions\/7720"}],"wp:attachment":[{"href":"https:\/\/portelldemorella.org\/ca\/wp-json\/wp\/v2\/media?parent=5694"}],"curies":[{"name":"wp","href":"https:\/\/api.w.org\/{rel}","templated":true}]}}