{"id":5706,"date":"2021-06-21T10:29:05","date_gmt":"2021-06-21T10:29:05","guid":{"rendered":"https:\/\/portelldemorella.org\/?page_id=5706"},"modified":"2021-07-12T11:19:27","modified_gmt":"2021-07-12T11:19:27","slug":"2n-repte","status":"publish","type":"page","link":"https:\/\/portelldemorella.org\/ca\/2n-repte\/","title":{"rendered":"2\u00ba reto"},"content":{"rendered":"\t\t<div data-elementor-type=\"wp-page\" data-elementor-id=\"5706\" class=\"elementor elementor-5706\">\n\t\t\t\t\t\t<section class=\"elementor-section elementor-top-section elementor-element elementor-element-897c755 elementor-section-boxed elementor-section-height-default elementor-section-height-default\" data-id=\"897c755\" data-element_type=\"section\">\n\t\t\t\t\t\t<div class=\"elementor-container elementor-column-gap-default\">\n\t\t\t\t\t<div class=\"elementor-column elementor-col-100 elementor-top-column elementor-element elementor-element-56a2ae4\" data-id=\"56a2ae4\" data-element_type=\"column\">\n\t\t\t<div class=\"elementor-widget-wrap elementor-element-populated\">\n\t\t\t\t\t\t<div class=\"elementor-element elementor-element-2ca4bdf elementor-widget elementor-widget-heading\" data-id=\"2ca4bdf\" data-element_type=\"widget\" data-widget_type=\"heading.default\">\n\t\t\t\t<div class=\"elementor-widget-container\">\n\t\t\t<h2 class=\"elementor-heading-title elementor-size-default\">DESPLA\u00c7AR-SE CADA DIA EN BICICLETA DES DE VILAFRANCA FINS PORTELL<\/h2>\t\t<\/div>\n\t\t\t\t<\/div>\n\t\t\t\t<div class=\"elementor-element elementor-element-3fcefdb elementor-widget elementor-widget-text-editor\" data-id=\"3fcefdb\" data-element_type=\"widget\" data-widget_type=\"text-editor.default\">\n\t\t\t\t<div class=\"elementor-widget-container\">\n\t\t\t\t\t\t\t<h3><span style=\"font-weight: 400;\"><b>Objectiu<\/b>:<\/span><\/h3><p><span style=\"font-weight: 400;\">despla\u00e7ar-se cada dia en bicicleta des de Vilafranca (lloc de resid\u00e8ncia de Pam, la mestra) fins a l&#8217;aulari de Portell, on imparteix classes.<\/span><\/p><h3><b>Data:<\/b><\/h3><p><span style=\"font-weight: 400;\">Des de l&#8217;inici del 3r trimestre (despr\u00e9s de les vacances de Setmana Santa) i fins a final de curs.<\/span><\/p><h3><b>Informaci\u00f3 del repte:<\/b><\/h3><p><span style=\"font-weight: 400;\">Cada trajecte s\u00f3n 17km i es triga aproximadament 1h. Per tant, cada dia fins a final de curs, Pam Collado realitzar\u00e0 2h de bicicleta i un total de 34km. Aquesta acci\u00f3 servir\u00e0 d&#8217;entrenament per a un tercer repte solidari que tindr\u00e0 lloc al juny.<\/span><\/p><h2><b>ESTAT: \u00a1COMPLETAT!<\/b><\/h2><div id=\"mouseposition-extension-element-full-container\" style=\"position: fixed; inset: 0px; pointer-events: none; z-index: 2147483647; font-weight: 400;\"><div id=\"mouseposition-extension-element-rect-display\" style=\"display: none; position: absolute; background: rgba(255, 255, 255, 0.7); outline: black solid 1px; font-size: 12px; z-index: 2147483647; justify-content: center; align-items: center; user-select: none; cursor: default; color: #000000; font-family: 'Helvetica Neue', Helvetica, Arial, sans-serif; width: 0px; height: 0px;\"><pre style=\"flex: 1 1 0%; text-align: center; background-color: rgba(255, 255, 255, 0.7); color: #000000; min-width: 42px; min-height: 12px; transition: all 1s ease 0s;\">\u00a0<\/pre><\/div><pre id=\"mouseposition-extension-element-coordinate-display\" style=\"position: absolute; display: none; background: #ffffff; font-size: 12px; line-height: 14px; border-radius: 3px; border-width: 1px; border-color: #222222 black #333333; border-style: solid; padding: 3px; z-index: 2147483647; color: #222222; user-select: none; cursor: default; font-family: 'Helvetica Neue', Helvetica, Arial, sans-serif;\">\u00a0<\/pre><\/div>\t\t\t\t\t\t<\/div>\n\t\t\t\t<\/div>\n\t\t\t\t<div class=\"elementor-element elementor-element-b96fe66 elementor-widget elementor-widget-image-gallery\" data-id=\"b96fe66\" data-element_type=\"widget\" data-widget_type=\"image-gallery.default\">\n\t\t\t\t<div class=\"elementor-widget-container\">\n\t\t\t\t\t<div class=\"elementor-image-gallery\">\n\t\t\t\n\t\t<style type=\"text\/css\">\n\t\t\t#gallery-1 {\n\t\t\t\tmargin: auto;\n\t\t\t}\n\t\t\t#gallery-1 .gallery-item {\n\t\t\t\tfloat: left;\n\t\t\t\tmargin-top: 10px;\n\t\t\t\ttext-align: center;\n\t\t\t\twidth: 50%;\n\t\t\t}\n\t\t\t#gallery-1 img {\n\t\t\t\tborder: 2px solid #cfcfcf;\n\t\t\t}\n\t\t\t#gallery-1 .gallery-caption {\n\t\t\t\tmargin-left: 0;\n\t\t\t}\n\t\t\t\/* see gallery_shortcode() in wp-includes\/media.php *\/\n\t\t<\/style>\n\t\t<div id='gallery-1' class='gallery galleryid-5706 gallery-columns-2 gallery-size-large'><dl class='gallery-item'>\n\t\t\t<dt class='gallery-icon landscape'>\n\t\t\t\t<a data-elementor-open-lightbox=\"yes\" data-elementor-lightbox-slideshow=\"b96fe66\" data-elementor-lightbox-title=\"Entrenament (3)\" data-e-action-hash=\"#elementor-action%3Aaction%3Dlightbox%26settings%3DeyJpZCI6NTY0NywidXJsIjoiaHR0cHM6XC9cL3BvcnRlbGxkZW1vcmVsbGEub3JnXC93cC1jb250ZW50XC91cGxvYWRzXC8yMDIwXC8wN1wvRW50cmVuYW1lbnQtMy5qcGVnIiwic2xpZGVzaG93IjoiYjk2ZmU2NiJ9\" href='https:\/\/portelldemorella.org\/wp-content\/uploads\/2020\/07\/Entrenament-3.jpeg'><img fetchpriority=\"high\" decoding=\"async\" width=\"750\" height=\"732\" src=\"https:\/\/portelldemorella.org\/wp-content\/uploads\/2020\/07\/Entrenament-3.jpeg\" class=\"attachment-large size-large\" alt=\"\" srcset=\"https:\/\/portelldemorella.org\/wp-content\/uploads\/2020\/07\/Entrenament-3.jpeg 750w, https:\/\/portelldemorella.org\/wp-content\/uploads\/2020\/07\/Entrenament-3-300x293.jpeg 300w, https:\/\/portelldemorella.org\/wp-content\/uploads\/2020\/07\/Entrenament-3-600x586.jpeg 600w, https:\/\/portelldemorella.org\/wp-content\/uploads\/2020\/07\/Entrenament-3-560x547.jpeg 560w\" sizes=\"(max-width: 750px) 100vw, 750px\" \/><\/a>\n\t\t\t<\/dt><\/dl><dl class='gallery-item'>\n\t\t\t<dt class='gallery-icon landscape'>\n\t\t\t\t<a data-elementor-open-lightbox=\"yes\" data-elementor-lightbox-slideshow=\"b96fe66\" data-elementor-lightbox-title=\"Entrenament (1)\" data-e-action-hash=\"#elementor-action%3Aaction%3Dlightbox%26settings%3DeyJpZCI6NTY0OCwidXJsIjoiaHR0cHM6XC9cL3BvcnRlbGxkZW1vcmVsbGEub3JnXC93cC1jb250ZW50XC91cGxvYWRzXC8yMDIwXC8wN1wvRW50cmVuYW1lbnQtMS5qcGVnIiwic2xpZGVzaG93IjoiYjk2ZmU2NiJ9\" href='https:\/\/portelldemorella.org\/wp-content\/uploads\/2020\/07\/Entrenament-1.jpeg'><img decoding=\"async\" width=\"1024\" height=\"768\" src=\"https:\/\/portelldemorella.org\/wp-content\/uploads\/2020\/07\/Entrenament-1.jpeg\" class=\"attachment-large size-large\" alt=\"\" srcset=\"https:\/\/portelldemorella.org\/wp-content\/uploads\/2020\/07\/Entrenament-1.jpeg 1024w, https:\/\/portelldemorella.org\/wp-content\/uploads\/2020\/07\/Entrenament-1-300x225.jpeg 300w, https:\/\/portelldemorella.org\/wp-content\/uploads\/2020\/07\/Entrenament-1-768x576.jpeg 768w, https:\/\/portelldemorella.org\/wp-content\/uploads\/2020\/07\/Entrenament-1-600x450.jpeg 600w, https:\/\/portelldemorella.org\/wp-content\/uploads\/2020\/07\/Entrenament-1-560x420.jpeg 560w\" sizes=\"(max-width: 1024px) 100vw, 1024px\" \/><\/a>\n\t\t\t<\/dt><\/dl><br style=\"clear: both\" \/>\n\t\t<\/div>\n\t\t<\/div>\n\t\t\t\t<\/div>\n\t\t\t\t<\/div>\n\t\t\t\t\t<\/div>\n\t\t<\/div>\n\t\t\t\t\t<\/div>\n\t\t<\/section>\n\t\t\t\t<section class=\"elementor-section elementor-top-section elementor-element elementor-element-52d27fe elementor-section-boxed elementor-section-height-default elementor-section-height-default\" data-id=\"52d27fe\" data-element_type=\"section\">\n\t\t\t\t\t\t<div class=\"elementor-container elementor-column-gap-default\">\n\t\t\t\t\t<div class=\"elementor-column elementor-col-33 elementor-top-column elementor-element elementor-element-ad3ee09\" data-id=\"ad3ee09\" data-element_type=\"column\">\n\t\t\t<div class=\"elementor-widget-wrap\">\n\t\t\t\t\t\t\t<\/div>\n\t\t<\/div>\n\t\t\t\t<div class=\"elementor-column elementor-col-66 elementor-top-column elementor-element elementor-element-235f95b\" data-id=\"235f95b\" data-element_type=\"column\">\n\t\t\t<div class=\"elementor-widget-wrap elementor-element-populated\">\n\t\t\t\t\t\t<div class=\"elementor-element elementor-element-daefd43 elementor-widget elementor-widget-spacer\" data-id=\"daefd43\" data-element_type=\"widget\" data-widget_type=\"spacer.default\">\n\t\t\t\t<div class=\"elementor-widget-container\">\n\t\t\t\t\t<div class=\"elementor-spacer\">\n\t\t\t<div class=\"elementor-spacer-inner\"><\/div>\n\t\t<\/div>\n\t\t\t\t<\/div>\n\t\t\t\t<\/div>\n\t\t\t\t\t<\/div>\n\t\t<\/div>\n\t\t\t\t\t<\/div>\n\t\t<\/section>\n\t\t\t\t<\/div>\n\t\t","protected":false},"excerpt":{"rendered":"<p>DESPLA\u00c7AR-SE CADA DIA EN BICICLETA DES DE VILAFRANCA FINS PORTELL Objectiu: despla\u00e7ar-se cada dia en bicicleta des de Vilafranca (lloc de resid\u00e8ncia de Pam, la mestra) fins a l&#8217;aulari de Portell, on imparteix classes. Data: Des de l&#8217;inici del 3r trimestre (despr\u00e9s de les vacances de Setmana Santa) i fins a final de curs. Informaci\u00f3 [&hellip;]<\/p>\n","protected":false},"author":1,"featured_media":0,"parent":0,"menu_order":0,"comment_status":"closed","ping_status":"closed","template":"","meta":{"footnotes":""},"class_list":["post-5706","page","type-page","status-publish","hentry"],"yoast_head":"<!-- This site is optimized with the Yoast SEO plugin v24.4 - https:\/\/yoast.com\/wordpress\/plugins\/seo\/ -->\n<title>2\u00ba reto - Portell de Morella<\/title>\n<meta name=\"robots\" content=\"noindex, follow, max-snippet:-1, max-image-preview:large, max-video-preview:-1\" \/>\n<meta property=\"og:locale\" content=\"ca_ES\" \/>\n<meta property=\"og:type\" content=\"article\" \/>\n<meta property=\"og:title\" content=\"2\u00ba reto - Portell de Morella\" \/>\n<meta property=\"og:description\" content=\"DESPLA\u00c7AR-SE CADA DIA EN BICICLETA DES DE VILAFRANCA FINS PORTELL Objectiu: despla\u00e7ar-se cada dia en bicicleta des de Vilafranca (lloc de resid\u00e8ncia de Pam, la mestra) fins a l&#8217;aulari de Portell, on imparteix classes. Data: Des de l&#8217;inici del 3r trimestre (despr\u00e9s de les vacances de Setmana Santa) i fins a final de curs. Informaci\u00f3 [&hellip;]\" \/>\n<meta property=\"og:url\" content=\"https:\/\/portelldemorella.org\/ca\/2n-repte\/\" \/>\n<meta property=\"og:site_name\" content=\"Portell de Morella\" \/>\n<meta property=\"article:modified_time\" content=\"2021-07-12T11:19:27+00:00\" \/>\n<meta property=\"og:image\" content=\"https:\/\/portelldemorella.org\/wp-content\/uploads\/2020\/07\/Entrenament-3.jpeg\" \/>\n<meta name=\"twitter:card\" content=\"summary_large_image\" \/>\n<meta name=\"twitter:label1\" content=\"Temps estimat de lectura\" \/>\n\t<meta name=\"twitter:data1\" content=\"2 minuts\" \/>\n<script type=\"application\/ld+json\" class=\"yoast-schema-graph\">{\"@context\":\"https:\/\/schema.org\",\"@graph\":[{\"@type\":\"WebPage\",\"@id\":\"https:\/\/portelldemorella.org\/ca\/2n-repte\/\",\"url\":\"https:\/\/portelldemorella.org\/ca\/2n-repte\/\",\"name\":\"2\u00ba reto - Portell de Morella\",\"isPartOf\":{\"@id\":\"https:\/\/portelldemorella.org\/#website\"},\"primaryImageOfPage\":{\"@id\":\"https:\/\/portelldemorella.org\/ca\/2n-repte\/#primaryimage\"},\"image\":{\"@id\":\"https:\/\/portelldemorella.org\/ca\/2n-repte\/#primaryimage\"},\"thumbnailUrl\":\"https:\/\/portelldemorella.org\/wp-content\/uploads\/2020\/07\/Entrenament-3.jpeg\",\"datePublished\":\"2021-06-21T10:29:05+00:00\",\"dateModified\":\"2021-07-12T11:19:27+00:00\",\"breadcrumb\":{\"@id\":\"https:\/\/portelldemorella.org\/ca\/2n-repte\/#breadcrumb\"},\"inLanguage\":\"ca\",\"potentialAction\":[{\"@type\":\"ReadAction\",\"target\":[\"https:\/\/portelldemorella.org\/ca\/2n-repte\/\"]}]},{\"@type\":\"ImageObject\",\"inLanguage\":\"ca\",\"@id\":\"https:\/\/portelldemorella.org\/ca\/2n-repte\/#primaryimage\",\"url\":\"https:\/\/portelldemorella.org\/wp-content\/uploads\/2020\/07\/Entrenament-3.jpeg\",\"contentUrl\":\"https:\/\/portelldemorella.org\/wp-content\/uploads\/2020\/07\/Entrenament-3.jpeg\"},{\"@type\":\"BreadcrumbList\",\"@id\":\"https:\/\/portelldemorella.org\/ca\/2n-repte\/#breadcrumb\",\"itemListElement\":[{\"@type\":\"ListItem\",\"position\":1,\"name\":\"Portada\",\"item\":\"https:\/\/portelldemorella.org\/ca\/\"},{\"@type\":\"ListItem\",\"position\":2,\"name\":\"2\u00ba reto\"}]},{\"@type\":\"WebSite\",\"@id\":\"https:\/\/portelldemorella.org\/#website\",\"url\":\"https:\/\/portelldemorella.org\/\",\"name\":\"Portell de Morella\",\"description\":\"Web del Ayuntamiento de Portell de Morella\",\"publisher\":{\"@id\":\"https:\/\/portelldemorella.org\/#organization\"},\"potentialAction\":[{\"@type\":\"SearchAction\",\"target\":{\"@type\":\"EntryPoint\",\"urlTemplate\":\"https:\/\/portelldemorella.org\/?s={search_term_string}\"},\"query-input\":{\"@type\":\"PropertyValueSpecification\",\"valueRequired\":true,\"valueName\":\"search_term_string\"}}],\"inLanguage\":\"ca\"},{\"@type\":\"Organization\",\"@id\":\"https:\/\/portelldemorella.org\/#organization\",\"name\":\"Portell de Morella\",\"url\":\"https:\/\/portelldemorella.org\/\",\"logo\":{\"@type\":\"ImageObject\",\"inLanguage\":\"ca\",\"@id\":\"https:\/\/portelldemorella.org\/#\/schema\/logo\/image\/\",\"url\":\"https:\/\/portelldemorella.org\/wp-content\/uploads\/2020\/11\/Escudo-Portell-04.jpg\",\"contentUrl\":\"https:\/\/portelldemorella.org\/wp-content\/uploads\/2020\/11\/Escudo-Portell-04.jpg\",\"width\":1001,\"height\":394,\"caption\":\"Portell de Morella\"},\"image\":{\"@id\":\"https:\/\/portelldemorella.org\/#\/schema\/logo\/image\/\"}}]}<\/script>\n<!-- \/ Yoast SEO plugin. -->","yoast_head_json":{"title":"2\u00ba reto - Portell de Morella","robots":{"index":"noindex","follow":"follow","max-snippet":"max-snippet:-1","max-image-preview":"max-image-preview:large","max-video-preview":"max-video-preview:-1"},"og_locale":"ca_ES","og_type":"article","og_title":"2\u00ba reto - Portell de Morella","og_description":"DESPLA\u00c7AR-SE CADA DIA EN BICICLETA DES DE VILAFRANCA FINS PORTELL Objectiu: despla\u00e7ar-se cada dia en bicicleta des de Vilafranca (lloc de resid\u00e8ncia de Pam, la mestra) fins a l&#8217;aulari de Portell, on imparteix classes. Data: Des de l&#8217;inici del 3r trimestre (despr\u00e9s de les vacances de Setmana Santa) i fins a final de curs. Informaci\u00f3 [&hellip;]","og_url":"https:\/\/portelldemorella.org\/ca\/2n-repte\/","og_site_name":"Portell de Morella","article_modified_time":"2021-07-12T11:19:27+00:00","og_image":[{"url":"https:\/\/portelldemorella.org\/wp-content\/uploads\/2020\/07\/Entrenament-3.jpeg","type":"","width":"","height":""}],"twitter_card":"summary_large_image","twitter_misc":{"Temps estimat de lectura":"2 minuts"},"schema":{"@context":"https:\/\/schema.org","@graph":[{"@type":"WebPage","@id":"https:\/\/portelldemorella.org\/ca\/2n-repte\/","url":"https:\/\/portelldemorella.org\/ca\/2n-repte\/","name":"2\u00ba reto - Portell de Morella","isPartOf":{"@id":"https:\/\/portelldemorella.org\/#website"},"primaryImageOfPage":{"@id":"https:\/\/portelldemorella.org\/ca\/2n-repte\/#primaryimage"},"image":{"@id":"https:\/\/portelldemorella.org\/ca\/2n-repte\/#primaryimage"},"thumbnailUrl":"https:\/\/portelldemorella.org\/wp-content\/uploads\/2020\/07\/Entrenament-3.jpeg","datePublished":"2021-06-21T10:29:05+00:00","dateModified":"2021-07-12T11:19:27+00:00","breadcrumb":{"@id":"https:\/\/portelldemorella.org\/ca\/2n-repte\/#breadcrumb"},"inLanguage":"ca","potentialAction":[{"@type":"ReadAction","target":["https:\/\/portelldemorella.org\/ca\/2n-repte\/"]}]},{"@type":"ImageObject","inLanguage":"ca","@id":"https:\/\/portelldemorella.org\/ca\/2n-repte\/#primaryimage","url":"https:\/\/portelldemorella.org\/wp-content\/uploads\/2020\/07\/Entrenament-3.jpeg","contentUrl":"https:\/\/portelldemorella.org\/wp-content\/uploads\/2020\/07\/Entrenament-3.jpeg"},{"@type":"BreadcrumbList","@id":"https:\/\/portelldemorella.org\/ca\/2n-repte\/#breadcrumb","itemListElement":[{"@type":"ListItem","position":1,"name":"Portada","item":"https:\/\/portelldemorella.org\/ca\/"},{"@type":"ListItem","position":2,"name":"2\u00ba reto"}]},{"@type":"WebSite","@id":"https:\/\/portelldemorella.org\/#website","url":"https:\/\/portelldemorella.org\/","name":"Portell de Morella","description":"Web del Ayuntamiento de Portell de Morella","publisher":{"@id":"https:\/\/portelldemorella.org\/#organization"},"potentialAction":[{"@type":"SearchAction","target":{"@type":"EntryPoint","urlTemplate":"https:\/\/portelldemorella.org\/?s={search_term_string}"},"query-input":{"@type":"PropertyValueSpecification","valueRequired":true,"valueName":"search_term_string"}}],"inLanguage":"ca"},{"@type":"Organization","@id":"https:\/\/portelldemorella.org\/#organization","name":"Portell de Morella","url":"https:\/\/portelldemorella.org\/","logo":{"@type":"ImageObject","inLanguage":"ca","@id":"https:\/\/portelldemorella.org\/#\/schema\/logo\/image\/","url":"https:\/\/portelldemorella.org\/wp-content\/uploads\/2020\/11\/Escudo-Portell-04.jpg","contentUrl":"https:\/\/portelldemorella.org\/wp-content\/uploads\/2020\/11\/Escudo-Portell-04.jpg","width":1001,"height":394,"caption":"Portell de Morella"},"image":{"@id":"https:\/\/portelldemorella.org\/#\/schema\/logo\/image\/"}}]}},"_links":{"self":[{"href":"https:\/\/portelldemorella.org\/ca\/wp-json\/wp\/v2\/pages\/5706","targetHints":{"allow":["GET"]}}],"collection":[{"href":"https:\/\/portelldemorella.org\/ca\/wp-json\/wp\/v2\/pages"}],"about":[{"href":"https:\/\/portelldemorella.org\/ca\/wp-json\/wp\/v2\/types\/page"}],"author":[{"embeddable":true,"href":"https:\/\/portelldemorella.org\/ca\/wp-json\/wp\/v2\/users\/1"}],"replies":[{"embeddable":true,"href":"https:\/\/portelldemorella.org\/ca\/wp-json\/wp\/v2\/comments?post=5706"}],"version-history":[{"count":9,"href":"https:\/\/portelldemorella.org\/ca\/wp-json\/wp\/v2\/pages\/5706\/revisions"}],"predecessor-version":[{"id":6078,"href":"https:\/\/portelldemorella.org\/ca\/wp-json\/wp\/v2\/pages\/5706\/revisions\/6078"}],"wp:attachment":[{"href":"https:\/\/portelldemorella.org\/ca\/wp-json\/wp\/v2\/media?parent=5706"}],"curies":[{"name":"wp","href":"https:\/\/api.w.org\/{rel}","templated":true}]}}