{"id":5712,"date":"2021-06-21T10:32:42","date_gmt":"2021-06-21T10:32:42","guid":{"rendered":"https:\/\/portelldemorella.org\/?page_id=5712"},"modified":"2021-07-15T11:57:08","modified_gmt":"2021-07-15T11:57:08","slug":"corporacion-municipal","status":"publish","type":"page","link":"https:\/\/portelldemorella.org\/ca\/corporacion-municipal\/","title":{"rendered":"Corporaci\u00f3 municipal"},"content":{"rendered":"\t\t<div data-elementor-type=\"wp-page\" data-elementor-id=\"5712\" class=\"elementor elementor-5712\">\n\t\t\t\t\t\t<section class=\"elementor-section elementor-top-section elementor-element elementor-element-e39896e elementor-section-boxed elementor-section-height-default elementor-section-height-default\" data-id=\"e39896e\" data-element_type=\"section\">\n\t\t\t\t\t\t<div class=\"elementor-container elementor-column-gap-default\">\n\t\t\t\t\t<div class=\"elementor-column elementor-col-100 elementor-top-column elementor-element elementor-element-e524aeb\" data-id=\"e524aeb\" data-element_type=\"column\">\n\t\t\t<div class=\"elementor-widget-wrap elementor-element-populated\">\n\t\t\t\t\t\t<div class=\"elementor-element elementor-element-a0b9894 elementor-widget elementor-widget-image-gallery\" data-id=\"a0b9894\" data-element_type=\"widget\" data-widget_type=\"image-gallery.default\">\n\t\t\t\t<div class=\"elementor-widget-container\">\n\t\t\t\t\t<div class=\"elementor-image-gallery\">\n\t\t\t\n\t\t<style type=\"text\/css\">\n\t\t\t#gallery-1 {\n\t\t\t\tmargin: auto;\n\t\t\t}\n\t\t\t#gallery-1 .gallery-item {\n\t\t\t\tfloat: left;\n\t\t\t\tmargin-top: 10px;\n\t\t\t\ttext-align: center;\n\t\t\t\twidth: 100%;\n\t\t\t}\n\t\t\t#gallery-1 img {\n\t\t\t\tborder: 2px solid #cfcfcf;\n\t\t\t}\n\t\t\t#gallery-1 .gallery-caption {\n\t\t\t\tmargin-left: 0;\n\t\t\t}\n\t\t\t\/* see gallery_shortcode() in wp-includes\/media.php *\/\n\t\t<\/style>\n\t\t<div id='gallery-1' class='gallery galleryid-5712 gallery-columns-1 gallery-size-full'><dl class='gallery-item'>\n\t\t\t<dt class='gallery-icon landscape'>\n\t\t\t\t<a data-elementor-open-lightbox=\"yes\" data-elementor-lightbox-slideshow=\"a0b9894\" data-elementor-lightbox-title=\"Corporaci\u00f3n municipal Portell\" data-e-action-hash=\"#elementor-action%3Aaction%3Dlightbox%26settings%3DeyJpZCI6NjAxOCwidXJsIjoiaHR0cHM6XC9cL3BvcnRlbGxkZW1vcmVsbGEub3JnXC93cC1jb250ZW50XC91cGxvYWRzXC8yMDIwXC8wN1wvQ29ycG9yYWNpb24tbXVuaWNpcGFsLVBvcnRlbGwuanBnIiwic2xpZGVzaG93IjoiYTBiOTg5NCJ9\" href='https:\/\/portelldemorella.org\/wp-content\/uploads\/2020\/07\/Corporacion-municipal-Portell.jpg'><img fetchpriority=\"high\" decoding=\"async\" width=\"2400\" height=\"1600\" src=\"https:\/\/portelldemorella.org\/wp-content\/uploads\/2020\/07\/Corporacion-municipal-Portell.jpg\" class=\"attachment-full size-full\" alt=\"\" srcset=\"https:\/\/portelldemorella.org\/wp-content\/uploads\/2020\/07\/Corporacion-municipal-Portell.jpg 2400w, https:\/\/portelldemorella.org\/wp-content\/uploads\/2020\/07\/Corporacion-municipal-Portell-300x200.jpg 300w, https:\/\/portelldemorella.org\/wp-content\/uploads\/2020\/07\/Corporacion-municipal-Portell-1024x683.jpg 1024w, https:\/\/portelldemorella.org\/wp-content\/uploads\/2020\/07\/Corporacion-municipal-Portell-768x512.jpg 768w, https:\/\/portelldemorella.org\/wp-content\/uploads\/2020\/07\/Corporacion-municipal-Portell-1536x1024.jpg 1536w, https:\/\/portelldemorella.org\/wp-content\/uploads\/2020\/07\/Corporacion-municipal-Portell-2048x1365.jpg 2048w, https:\/\/portelldemorella.org\/wp-content\/uploads\/2020\/07\/Corporacion-municipal-Portell-600x400.jpg 600w, https:\/\/portelldemorella.org\/wp-content\/uploads\/2020\/07\/Corporacion-municipal-Portell-560x373.jpg 560w\" sizes=\"(max-width: 2400px) 100vw, 2400px\" \/><\/a>\n\t\t\t<\/dt><\/dl><br style=\"clear: both\" \/>\n\t\t<\/div>\n\t\t<\/div>\n\t\t\t\t<\/div>\n\t\t\t\t<\/div>\n\t\t\t\t<div class=\"elementor-element elementor-element-b58ab5e elementor-widget elementor-widget-text-editor\" data-id=\"b58ab5e\" data-element_type=\"widget\" data-widget_type=\"text-editor.default\">\n\t\t\t\t<div class=\"elementor-widget-container\">\n\t\t\t\t\t\t\t<p><br \/><span style=\"font-weight: 400;\">D\u2019esquerra a dreta es troben: <\/span><b>Joaqu\u00edn Miguel Burgar Arquimbau<\/b><span style=\"font-weight: 400;\"> &#8211; ex-Secretari, <\/span><b>Vanessa Gonz\u00e1lez Vidal<\/b><span style=\"font-weight: 400;\"> &#8211; ex-Interventora, <\/span><b>\u00c1lvaro Ferrer Ferrer<\/b><span style=\"font-weight: 400;\"> &#8211; Alcalde (PP), <\/span><b>Alicia Mor Pons<\/b><span style=\"font-weight: 400;\"> &#8211; Regidora d\u2019Hisenda, Sanitat, Benestar Social, Festes, Joventut i Associacions (PP), <\/span><b>Jos\u00e9 Mar\u00eda Mar\u00edn Bell\u00e9s<\/b><span style=\"font-weight: 400;\"> &#8211; Regidor d\u2019Agricultura, Medi Ambient i Desenvolupament Rural (PP), <\/span><b>Joan Morales Vilar<\/b><span style=\"font-weight: 400;\"> &#8211; Regidor d\u2019Esports (PSOE) i <\/span><b>Diego Agut G\u00f3mez<\/b><span style=\"font-weight: 400;\"> &#8211; Regidor de Tercera Edat i Cultura (PP). <\/span><\/p>\t\t\t\t\t\t<\/div>\n\t\t\t\t<\/div>\n\t\t\t\t\t<\/div>\n\t\t<\/div>\n\t\t\t\t\t<\/div>\n\t\t<\/section>\n\t\t\t\t<\/div>\n\t\t","protected":false},"excerpt":{"rendered":"<p>D\u2019esquerra a dreta es troben: Joaqu\u00edn Miguel Burgar Arquimbau &#8211; ex-Secretari, Vanessa Gonz\u00e1lez Vidal &#8211; ex-Interventora, \u00c1lvaro Ferrer Ferrer &#8211; Alcalde (PP), Alicia Mor Pons &#8211; Regidora d\u2019Hisenda, Sanitat, Benestar Social, Festes, Joventut i Associacions (PP), Jos\u00e9 Mar\u00eda Mar\u00edn Bell\u00e9s &#8211; Regidor d\u2019Agricultura, Medi Ambient i Desenvolupament Rural (PP), Joan Morales Vilar &#8211; Regidor d\u2019Esports [&hellip;]<\/p>\n","protected":false},"author":1,"featured_media":0,"parent":0,"menu_order":0,"comment_status":"closed","ping_status":"closed","template":"","meta":{"footnotes":""},"class_list":["post-5712","page","type-page","status-publish","hentry"],"yoast_head":"<!-- This site is optimized with the Yoast SEO plugin v24.4 - https:\/\/yoast.com\/wordpress\/plugins\/seo\/ -->\n<title>Corporaci\u00f3 municipal - Portell de Morella<\/title>\n<meta name=\"robots\" content=\"noindex, follow, max-snippet:-1, max-image-preview:large, max-video-preview:-1\" \/>\n<meta property=\"og:locale\" content=\"ca_ES\" \/>\n<meta property=\"og:type\" content=\"article\" \/>\n<meta property=\"og:title\" content=\"Corporaci\u00f3 municipal - Portell de Morella\" \/>\n<meta property=\"og:description\" content=\"D\u2019esquerra a dreta es troben: Joaqu\u00edn Miguel Burgar Arquimbau &#8211; ex-Secretari, Vanessa Gonz\u00e1lez Vidal &#8211; ex-Interventora, \u00c1lvaro Ferrer Ferrer &#8211; Alcalde (PP), Alicia Mor Pons &#8211; Regidora d\u2019Hisenda, Sanitat, Benestar Social, Festes, Joventut i Associacions (PP), Jos\u00e9 Mar\u00eda Mar\u00edn Bell\u00e9s &#8211; Regidor d\u2019Agricultura, Medi Ambient i Desenvolupament Rural (PP), Joan Morales Vilar &#8211; Regidor d\u2019Esports [&hellip;]\" \/>\n<meta property=\"og:url\" content=\"https:\/\/portelldemorella.org\/ca\/corporacion-municipal\/\" \/>\n<meta property=\"og:site_name\" content=\"Portell de Morella\" \/>\n<meta property=\"article:modified_time\" content=\"2021-07-15T11:57:08+00:00\" \/>\n<meta property=\"og:image\" content=\"https:\/\/portelldemorella.org\/wp-content\/uploads\/2020\/07\/Corporacion-municipal-Portell.jpg\" \/>\n<meta name=\"twitter:card\" content=\"summary_large_image\" \/>\n<meta name=\"twitter:label1\" content=\"Temps estimat de lectura\" \/>\n\t<meta name=\"twitter:data1\" content=\"1 minut\" \/>\n<script type=\"application\/ld+json\" class=\"yoast-schema-graph\">{\"@context\":\"https:\/\/schema.org\",\"@graph\":[{\"@type\":\"WebPage\",\"@id\":\"https:\/\/portelldemorella.org\/ca\/corporacion-municipal\/\",\"url\":\"https:\/\/portelldemorella.org\/ca\/corporacion-municipal\/\",\"name\":\"Corporaci\u00f3 municipal - Portell de Morella\",\"isPartOf\":{\"@id\":\"https:\/\/portelldemorella.org\/#website\"},\"primaryImageOfPage\":{\"@id\":\"https:\/\/portelldemorella.org\/ca\/corporacion-municipal\/#primaryimage\"},\"image\":{\"@id\":\"https:\/\/portelldemorella.org\/ca\/corporacion-municipal\/#primaryimage\"},\"thumbnailUrl\":\"https:\/\/portelldemorella.org\/wp-content\/uploads\/2020\/07\/Corporacion-municipal-Portell.jpg\",\"datePublished\":\"2021-06-21T10:32:42+00:00\",\"dateModified\":\"2021-07-15T11:57:08+00:00\",\"breadcrumb\":{\"@id\":\"https:\/\/portelldemorella.org\/ca\/corporacion-municipal\/#breadcrumb\"},\"inLanguage\":\"ca\",\"potentialAction\":[{\"@type\":\"ReadAction\",\"target\":[\"https:\/\/portelldemorella.org\/ca\/corporacion-municipal\/\"]}]},{\"@type\":\"ImageObject\",\"inLanguage\":\"ca\",\"@id\":\"https:\/\/portelldemorella.org\/ca\/corporacion-municipal\/#primaryimage\",\"url\":\"https:\/\/portelldemorella.org\/wp-content\/uploads\/2020\/07\/Corporacion-municipal-Portell.jpg\",\"contentUrl\":\"https:\/\/portelldemorella.org\/wp-content\/uploads\/2020\/07\/Corporacion-municipal-Portell.jpg\"},{\"@type\":\"BreadcrumbList\",\"@id\":\"https:\/\/portelldemorella.org\/ca\/corporacion-municipal\/#breadcrumb\",\"itemListElement\":[{\"@type\":\"ListItem\",\"position\":1,\"name\":\"Portada\",\"item\":\"https:\/\/portelldemorella.org\/ca\/\"},{\"@type\":\"ListItem\",\"position\":2,\"name\":\"Corporaci\u00f3 municipal\"}]},{\"@type\":\"WebSite\",\"@id\":\"https:\/\/portelldemorella.org\/#website\",\"url\":\"https:\/\/portelldemorella.org\/\",\"name\":\"Portell de Morella\",\"description\":\"Web del Ayuntamiento de Portell de Morella\",\"publisher\":{\"@id\":\"https:\/\/portelldemorella.org\/#organization\"},\"potentialAction\":[{\"@type\":\"SearchAction\",\"target\":{\"@type\":\"EntryPoint\",\"urlTemplate\":\"https:\/\/portelldemorella.org\/?s={search_term_string}\"},\"query-input\":{\"@type\":\"PropertyValueSpecification\",\"valueRequired\":true,\"valueName\":\"search_term_string\"}}],\"inLanguage\":\"ca\"},{\"@type\":\"Organization\",\"@id\":\"https:\/\/portelldemorella.org\/#organization\",\"name\":\"Portell de Morella\",\"url\":\"https:\/\/portelldemorella.org\/\",\"logo\":{\"@type\":\"ImageObject\",\"inLanguage\":\"ca\",\"@id\":\"https:\/\/portelldemorella.org\/#\/schema\/logo\/image\/\",\"url\":\"https:\/\/portelldemorella.org\/wp-content\/uploads\/2020\/11\/Escudo-Portell-04.jpg\",\"contentUrl\":\"https:\/\/portelldemorella.org\/wp-content\/uploads\/2020\/11\/Escudo-Portell-04.jpg\",\"width\":1001,\"height\":394,\"caption\":\"Portell de Morella\"},\"image\":{\"@id\":\"https:\/\/portelldemorella.org\/#\/schema\/logo\/image\/\"}}]}<\/script>\n<!-- \/ Yoast SEO plugin. -->","yoast_head_json":{"title":"Corporaci\u00f3 municipal - Portell de Morella","robots":{"index":"noindex","follow":"follow","max-snippet":"max-snippet:-1","max-image-preview":"max-image-preview:large","max-video-preview":"max-video-preview:-1"},"og_locale":"ca_ES","og_type":"article","og_title":"Corporaci\u00f3 municipal - Portell de Morella","og_description":"D\u2019esquerra a dreta es troben: Joaqu\u00edn Miguel Burgar Arquimbau &#8211; ex-Secretari, Vanessa Gonz\u00e1lez Vidal &#8211; ex-Interventora, \u00c1lvaro Ferrer Ferrer &#8211; Alcalde (PP), Alicia Mor Pons &#8211; Regidora d\u2019Hisenda, Sanitat, Benestar Social, Festes, Joventut i Associacions (PP), Jos\u00e9 Mar\u00eda Mar\u00edn Bell\u00e9s &#8211; Regidor d\u2019Agricultura, Medi Ambient i Desenvolupament Rural (PP), Joan Morales Vilar &#8211; Regidor d\u2019Esports [&hellip;]","og_url":"https:\/\/portelldemorella.org\/ca\/corporacion-municipal\/","og_site_name":"Portell de Morella","article_modified_time":"2021-07-15T11:57:08+00:00","og_image":[{"url":"https:\/\/portelldemorella.org\/wp-content\/uploads\/2020\/07\/Corporacion-municipal-Portell.jpg","type":"","width":"","height":""}],"twitter_card":"summary_large_image","twitter_misc":{"Temps estimat de lectura":"1 minut"},"schema":{"@context":"https:\/\/schema.org","@graph":[{"@type":"WebPage","@id":"https:\/\/portelldemorella.org\/ca\/corporacion-municipal\/","url":"https:\/\/portelldemorella.org\/ca\/corporacion-municipal\/","name":"Corporaci\u00f3 municipal - Portell de Morella","isPartOf":{"@id":"https:\/\/portelldemorella.org\/#website"},"primaryImageOfPage":{"@id":"https:\/\/portelldemorella.org\/ca\/corporacion-municipal\/#primaryimage"},"image":{"@id":"https:\/\/portelldemorella.org\/ca\/corporacion-municipal\/#primaryimage"},"thumbnailUrl":"https:\/\/portelldemorella.org\/wp-content\/uploads\/2020\/07\/Corporacion-municipal-Portell.jpg","datePublished":"2021-06-21T10:32:42+00:00","dateModified":"2021-07-15T11:57:08+00:00","breadcrumb":{"@id":"https:\/\/portelldemorella.org\/ca\/corporacion-municipal\/#breadcrumb"},"inLanguage":"ca","potentialAction":[{"@type":"ReadAction","target":["https:\/\/portelldemorella.org\/ca\/corporacion-municipal\/"]}]},{"@type":"ImageObject","inLanguage":"ca","@id":"https:\/\/portelldemorella.org\/ca\/corporacion-municipal\/#primaryimage","url":"https:\/\/portelldemorella.org\/wp-content\/uploads\/2020\/07\/Corporacion-municipal-Portell.jpg","contentUrl":"https:\/\/portelldemorella.org\/wp-content\/uploads\/2020\/07\/Corporacion-municipal-Portell.jpg"},{"@type":"BreadcrumbList","@id":"https:\/\/portelldemorella.org\/ca\/corporacion-municipal\/#breadcrumb","itemListElement":[{"@type":"ListItem","position":1,"name":"Portada","item":"https:\/\/portelldemorella.org\/ca\/"},{"@type":"ListItem","position":2,"name":"Corporaci\u00f3 municipal"}]},{"@type":"WebSite","@id":"https:\/\/portelldemorella.org\/#website","url":"https:\/\/portelldemorella.org\/","name":"Portell de Morella","description":"Web del Ayuntamiento de Portell de Morella","publisher":{"@id":"https:\/\/portelldemorella.org\/#organization"},"potentialAction":[{"@type":"SearchAction","target":{"@type":"EntryPoint","urlTemplate":"https:\/\/portelldemorella.org\/?s={search_term_string}"},"query-input":{"@type":"PropertyValueSpecification","valueRequired":true,"valueName":"search_term_string"}}],"inLanguage":"ca"},{"@type":"Organization","@id":"https:\/\/portelldemorella.org\/#organization","name":"Portell de Morella","url":"https:\/\/portelldemorella.org\/","logo":{"@type":"ImageObject","inLanguage":"ca","@id":"https:\/\/portelldemorella.org\/#\/schema\/logo\/image\/","url":"https:\/\/portelldemorella.org\/wp-content\/uploads\/2020\/11\/Escudo-Portell-04.jpg","contentUrl":"https:\/\/portelldemorella.org\/wp-content\/uploads\/2020\/11\/Escudo-Portell-04.jpg","width":1001,"height":394,"caption":"Portell de Morella"},"image":{"@id":"https:\/\/portelldemorella.org\/#\/schema\/logo\/image\/"}}]}},"_links":{"self":[{"href":"https:\/\/portelldemorella.org\/ca\/wp-json\/wp\/v2\/pages\/5712","targetHints":{"allow":["GET"]}}],"collection":[{"href":"https:\/\/portelldemorella.org\/ca\/wp-json\/wp\/v2\/pages"}],"about":[{"href":"https:\/\/portelldemorella.org\/ca\/wp-json\/wp\/v2\/types\/page"}],"author":[{"embeddable":true,"href":"https:\/\/portelldemorella.org\/ca\/wp-json\/wp\/v2\/users\/1"}],"replies":[{"embeddable":true,"href":"https:\/\/portelldemorella.org\/ca\/wp-json\/wp\/v2\/comments?post=5712"}],"version-history":[{"count":9,"href":"https:\/\/portelldemorella.org\/ca\/wp-json\/wp\/v2\/pages\/5712\/revisions"}],"predecessor-version":[{"id":6441,"href":"https:\/\/portelldemorella.org\/ca\/wp-json\/wp\/v2\/pages\/5712\/revisions\/6441"}],"wp:attachment":[{"href":"https:\/\/portelldemorella.org\/ca\/wp-json\/wp\/v2\/media?parent=5712"}],"curies":[{"name":"wp","href":"https:\/\/api.w.org\/{rel}","templated":true}]}}