{"id":5720,"date":"2021-06-21T10:38:59","date_gmt":"2021-06-21T10:38:59","guid":{"rendered":"https:\/\/portelldemorella.org\/?page_id=5720"},"modified":"2023-06-12T08:16:53","modified_gmt":"2023-06-12T08:16:53","slug":"projecte-muntanyes-dillusions","status":"publish","type":"page","link":"https:\/\/portelldemorella.org\/ca\/projecte-muntanyes-dillusions\/","title":{"rendered":"Projecte Muntanyes d&#8217;il\u00b7lusions"},"content":{"rendered":"\t\t<div data-elementor-type=\"wp-page\" data-elementor-id=\"5720\" class=\"elementor elementor-5720\">\n\t\t\t\t\t\t<section class=\"elementor-section elementor-top-section elementor-element elementor-element-52d27fe elementor-section-boxed elementor-section-height-default elementor-section-height-default\" data-id=\"52d27fe\" data-element_type=\"section\">\n\t\t\t\t\t\t<div class=\"elementor-container elementor-column-gap-default\">\n\t\t\t\t\t<div class=\"elementor-column elementor-col-66 elementor-top-column elementor-element elementor-element-ad3ee09\" data-id=\"ad3ee09\" data-element_type=\"column\">\n\t\t\t<div class=\"elementor-widget-wrap elementor-element-populated\">\n\t\t\t\t\t\t<div class=\"elementor-element elementor-element-60d224d elementor-arrows-position-inside elementor-pagination-position-outside elementor-widget elementor-widget-image-carousel\" data-id=\"60d224d\" data-element_type=\"widget\" data-settings=\"{&quot;navigation&quot;:&quot;both&quot;,&quot;autoplay&quot;:&quot;yes&quot;,&quot;pause_on_hover&quot;:&quot;yes&quot;,&quot;pause_on_interaction&quot;:&quot;yes&quot;,&quot;autoplay_speed&quot;:5000,&quot;infinite&quot;:&quot;yes&quot;,&quot;speed&quot;:500}\" data-widget_type=\"image-carousel.default\">\n\t\t\t\t<div class=\"elementor-widget-container\">\n\t\t\t\t\t<div class=\"elementor-image-carousel-wrapper swiper\" dir=\"ltr\">\n\t\t\t<div class=\"elementor-image-carousel swiper-wrapper\" aria-live=\"off\">\n\t\t\t\t\t\t\t\t<div class=\"swiper-slide\" role=\"group\" aria-roledescription=\"slide\" aria-label=\"1 de 1\"><a data-elementor-open-lightbox=\"yes\" data-elementor-lightbox-slideshow=\"60d224d\" data-elementor-lightbox-title=\"Muntanyes d&#039;il\u00b7lusions\" data-e-action-hash=\"#elementor-action%3Aaction%3Dlightbox%26settings%3DeyJpZCI6NTYxNywidXJsIjoiaHR0cHM6XC9cL3BvcnRlbGxkZW1vcmVsbGEub3JnXC93cC1jb250ZW50XC91cGxvYWRzXC8yMDIwXC8wN1wvTXVudGFueWVzLWRpbFx1MDBiN2x1c2lvbnMuanBlZyIsInNsaWRlc2hvdyI6IjYwZDIyNGQifQ%3D%3D\" href=\"https:\/\/portelldemorella.org\/wp-content\/uploads\/2020\/07\/Muntanyes-dil\u00b7lusions.jpeg\"><figure class=\"swiper-slide-inner\"><img decoding=\"async\" class=\"swiper-slide-image\" src=\"https:\/\/portelldemorella.org\/wp-content\/uploads\/2020\/07\/Muntanyes-dil\u00b7lusions.jpeg\" alt=\"Muntanyes d&#039;il\u00b7lusions\" \/><\/figure><\/a><\/div>\t\t\t<\/div>\n\t\t\t\t\t<\/div>\n\t\t\t\t<\/div>\n\t\t\t\t<\/div>\n\t\t\t\t\t<\/div>\n\t\t<\/div>\n\t\t\t\t<div class=\"elementor-column elementor-col-33 elementor-top-column elementor-element elementor-element-235f95b\" data-id=\"235f95b\" data-element_type=\"column\">\n\t\t\t<div class=\"elementor-widget-wrap elementor-element-populated\">\n\t\t\t\t\t\t<div class=\"elementor-element elementor-element-0f1765a elementor-widget elementor-widget-spacer\" data-id=\"0f1765a\" data-element_type=\"widget\" data-widget_type=\"spacer.default\">\n\t\t\t\t<div class=\"elementor-widget-container\">\n\t\t\t\t\t<div class=\"elementor-spacer\">\n\t\t\t<div class=\"elementor-spacer-inner\"><\/div>\n\t\t<\/div>\n\t\t\t\t<\/div>\n\t\t\t\t<\/div>\n\t\t\t\t\t<\/div>\n\t\t<\/div>\n\t\t\t\t\t<\/div>\n\t\t<\/section>\n\t\t\t\t<section class=\"elementor-section elementor-top-section elementor-element elementor-element-4ca415f elementor-section-boxed elementor-section-height-default elementor-section-height-default\" data-id=\"4ca415f\" data-element_type=\"section\">\n\t\t\t\t\t\t<div class=\"elementor-container elementor-column-gap-default\">\n\t\t\t\t\t<div class=\"elementor-column elementor-col-100 elementor-top-column elementor-element elementor-element-67c67db\" data-id=\"67c67db\" data-element_type=\"column\">\n\t\t\t<div class=\"elementor-widget-wrap elementor-element-populated\">\n\t\t\t\t\t\t<div class=\"elementor-element elementor-element-3fcefdb elementor-widget elementor-widget-text-editor\" data-id=\"3fcefdb\" data-element_type=\"widget\" data-widget_type=\"text-editor.default\">\n\t\t\t\t<div class=\"elementor-widget-container\">\n\t\t\t\t\t\t\t<h3><b>Descripci\u00f3 del projecte:<\/b><\/h3>\n<p><span style=\"color: var( --e-global-color-text ); font-family: var( --e-global-typography-text-font-family ), Sans-serif; letter-spacing: 0px;\">Pam Collado, la mestra encarregada de l\u2019aulari de Portell, que pertany al CRA Celumbres, ha engegat una <\/span><b style=\"color: var( --e-global-color-text ); font-family: var( --e-global-typography-text-font-family ), Sans-serif; letter-spacing: 0px;\">iniciativa solid\u00e0ria contra el despoblament del municipi.<\/b><br><\/p>\n<p><b>\u201cMuntanyes d\u2019il\u00b7lusions\u201d \u00e9s el nom que rep el projecte, hom\u00f2nim al que estan treballant durant tot el curs 2020-2021 els xiquets i xiquetes de l\u2019escola de Portell. Actualment l\u2019aulari compta amb nom\u00e9s cinc alumnes <\/b><span style=\"font-weight: 400;\">i ja es va veure en una situaci\u00f3 complicada fa pocs anys, quan va estar a punt de tancar. Veient que corre risc de tornar a estar en perill i anticipant-se a aquesta situaci\u00f3, Collado ha impulsat el projecte, que compta amb el recolzament del CRA Celumbres, amb els aularis de Cinctorres i Castellfort, i de l\u2019Ajuntament de Portell, per tal d<\/span><b>\u2019atraure poblaci\u00f3 al municipi.<\/b><\/p>\n<p><span style=\"font-weight: 400;\">La iniciativa inclou diverses accions, entre les quals destaquen <\/span><b>dos reptes esportius <\/b><span style=\"font-weight: 400;\">que estan a punt de comen\u00e7ar. El primer d\u2019ells tindr\u00e0 lloc durant els dies <\/span><b>19 i 20 de mar\u00e7 i consistir\u00e0 en rec\u00f3rrer el Cam\u00ed de Conquesta<\/b><span style=\"font-weight: 400;\">, producte tur\u00edstic impulsat per la Mancomunitat Comarcal Els Ports. La ruta est\u00e0 emmarcada en el GR-331 que recorre tots els pobles de la comarca. Durant dos dies, Pam i la seua parella, Ramon Peris, realitzaran aquesta <\/span><b>ruta de 166km que travessa els municipis dels Ports, per tal de donar-los a con\u00e9ixer i portar la reivindicaci\u00f3 de l\u2019escola rural a un altre nivell, <\/b><span style=\"font-weight: 400;\">ja que l\u2019aulari de Portell no \u00e9s l\u2019\u00fanic de la comarca que pateix risc de tancament i, en q\u00fcesti\u00f3 de pocs anys, tots podrien trobar-se en la mateixa situaci\u00f3 que viu ara Portell.<\/span><\/p>\n<p><span style=\"font-weight: 400;\">El segon repte esportiu comen\u00e7ar\u00e0 en acabar les vacances de Setmana Santa: la mestra, resident a Vilafranca, <\/span><b>es despla\u00e7ar\u00e0 cada dia fins a l\u2019escola de Portell en bicicleta, fins al final de curs,<\/b><span style=\"font-weight: 400;\"> en un recorregut de 17km d\u2019anada i 17 de tornada i 2h en total, comptant els dos trajectes diaris.<\/span><\/p>\n<p><span style=\"font-weight: 400;\">A m\u00e9s a m\u00e9s, la iniciativa donar\u00e0 l\u2019opci\u00f3 d\u2019adquirir un<\/span><b> llibre solidari escrit pels xiquets i xiquetes de Portell <\/b><span style=\"font-weight: 400;\">que tracta sobre el projecte que duen a terme. Els interessats en adquirir-lo podran fer-ho per un <\/span><b>preu simb\u00f2lic que anir\u00e0 destinat a alguna fam\u00edlia amb pocs recursos que vulga instal\u00b7lar-se a Portell.<\/b><\/p>\n<p><span style=\"font-weight: 400;\">Per\u00f2 aquesta no ser\u00e0 l\u2019\u00fanica opci\u00f3 per fer <\/span><b>donatius<\/b><span style=\"font-weight: 400;\">: qualsevol persona que vulga aportar al projecte, podr\u00e0 fer-ho a trav\u00e9s d&#8217;aquest n\u00famero de compte que pertany a l&#8217;Associaci\u00f3 Esportiva Toll d&#8217;en Drac de Portell:<\/span><\/p>\n<p><b>N\u00ba compte: ES1030587354212720201306<\/b><\/p>\n<p><b>IMPORTANT\u00cdSSIM:<\/b><\/p>\n<p><b>Posar al nom del concepte: MUNTANYES D&#8217;IL\u00b7LUSIONS<\/b><\/p>\n<p><b>\u201cMuntanyes d\u2019il\u00b7lusions\u201d consistir\u00e0 tamb\u00e9 en visibilitzar la vida a l\u2019escola i al poble. <\/b><span style=\"font-weight: 400;\">Per assolir aquest objectiu, Collado pret\u00e9n crear contingut peri\u00f2dicament en format d\u2019entrevistes o v\u00eddeos amb perfils interessants, com ara les mateixes fam\u00edlies dels xiquets que van a l\u2019escola, per tal de fer arribar als interessats en viure a Portell la seua experi\u00e8ncia.<\/span><\/p>\n<div id=\"mouseposition-extension-element-full-container\" style=\"position: fixed; inset: 0px; pointer-events: none; z-index: 2147483647; font-weight: 400;\">\n<div id=\"mouseposition-extension-element-rect-display\" style=\"display: none; position: absolute; background: rgba(255, 255, 255, 0.7); outline: black solid 1px; font-size: 12px; z-index: 2147483647; justify-content: center; align-items: center; user-select: none; cursor: default; color: #000000; font-family: 'Helvetica Neue', Helvetica, Arial, sans-serif; width: 0px; height: 0px;\">\n<pre style=\"flex: 1 1 0%; text-align: center; background-color: rgba(255, 255, 255, 0.7); color: #000000; min-width: 42px; min-height: 12px; transition: all 1s ease 0s;\">&nbsp;<\/pre>\n<\/div>\n<pre id=\"mouseposition-extension-element-coordinate-display\" style=\"position: absolute; display: none; background: #ffffff; font-size: 12px; line-height: 14px; border-radius: 3px; border-width: 1px; border-color: #222222 black #333333; border-style: solid; padding: 3px; z-index: 2147483647; color: #222222; user-select: none; cursor: default; font-family: 'Helvetica Neue', Helvetica, Arial, sans-serif;\">&nbsp;<\/pre>\n<\/div>\t\t\t\t\t\t<\/div>\n\t\t\t\t<\/div>\n\t\t\t\t\t<\/div>\n\t\t<\/div>\n\t\t\t\t\t<\/div>\n\t\t<\/section>\n\t\t\t\t<\/div>\n\t\t","protected":false},"excerpt":{"rendered":"<p>Descripci\u00f3 del projecte: Pam Collado, la mestra encarregada de l\u2019aulari de Portell, que pertany al CRA Celumbres, ha engegat una iniciativa solid\u00e0ria contra el despoblament del municipi. \u201cMuntanyes d\u2019il\u00b7lusions\u201d \u00e9s el nom que rep el projecte, hom\u00f2nim al que estan treballant durant tot el curs 2020-2021 els xiquets i xiquetes de l\u2019escola de Portell. Actualment [&hellip;]<\/p>\n","protected":false},"author":1,"featured_media":0,"parent":0,"menu_order":0,"comment_status":"closed","ping_status":"closed","template":"","meta":{"footnotes":""},"class_list":["post-5720","page","type-page","status-publish","hentry"],"yoast_head":"<!-- This site is optimized with the Yoast SEO plugin v24.4 - https:\/\/yoast.com\/wordpress\/plugins\/seo\/ -->\n<title>Projecte Muntanyes d&#039;il\u00b7lusions - Portell de Morella<\/title>\n<meta name=\"robots\" content=\"noindex, follow, max-snippet:-1, max-image-preview:large, max-video-preview:-1\" \/>\n<meta property=\"og:locale\" content=\"ca_ES\" \/>\n<meta property=\"og:type\" content=\"article\" \/>\n<meta property=\"og:title\" content=\"Projecte Muntanyes d&#039;il\u00b7lusions - Portell de Morella\" \/>\n<meta property=\"og:description\" content=\"Descripci\u00f3 del projecte: Pam Collado, la mestra encarregada de l\u2019aulari de Portell, que pertany al CRA Celumbres, ha engegat una iniciativa solid\u00e0ria contra el despoblament del municipi. \u201cMuntanyes d\u2019il\u00b7lusions\u201d \u00e9s el nom que rep el projecte, hom\u00f2nim al que estan treballant durant tot el curs 2020-2021 els xiquets i xiquetes de l\u2019escola de Portell. Actualment [&hellip;]\" \/>\n<meta property=\"og:url\" content=\"https:\/\/portelldemorella.org\/ca\/projecte-muntanyes-dillusions\/\" \/>\n<meta property=\"og:site_name\" content=\"Portell de Morella\" \/>\n<meta property=\"article:modified_time\" content=\"2023-06-12T08:16:53+00:00\" \/>\n<meta name=\"twitter:card\" content=\"summary_large_image\" \/>\n<meta name=\"twitter:label1\" content=\"Temps estimat de lectura\" \/>\n\t<meta name=\"twitter:data1\" content=\"3 minuts\" \/>\n<script type=\"application\/ld+json\" class=\"yoast-schema-graph\">{\"@context\":\"https:\/\/schema.org\",\"@graph\":[{\"@type\":\"WebPage\",\"@id\":\"https:\/\/portelldemorella.org\/ca\/projecte-muntanyes-dillusions\/\",\"url\":\"https:\/\/portelldemorella.org\/ca\/projecte-muntanyes-dillusions\/\",\"name\":\"Projecte Muntanyes d'il\u00b7lusions - Portell de Morella\",\"isPartOf\":{\"@id\":\"https:\/\/portelldemorella.org\/#website\"},\"datePublished\":\"2021-06-21T10:38:59+00:00\",\"dateModified\":\"2023-06-12T08:16:53+00:00\",\"breadcrumb\":{\"@id\":\"https:\/\/portelldemorella.org\/ca\/projecte-muntanyes-dillusions\/#breadcrumb\"},\"inLanguage\":\"ca\",\"potentialAction\":[{\"@type\":\"ReadAction\",\"target\":[\"https:\/\/portelldemorella.org\/ca\/projecte-muntanyes-dillusions\/\"]}]},{\"@type\":\"BreadcrumbList\",\"@id\":\"https:\/\/portelldemorella.org\/ca\/projecte-muntanyes-dillusions\/#breadcrumb\",\"itemListElement\":[{\"@type\":\"ListItem\",\"position\":1,\"name\":\"Portada\",\"item\":\"https:\/\/portelldemorella.org\/ca\/\"},{\"@type\":\"ListItem\",\"position\":2,\"name\":\"Projecte Muntanyes d&#8217;il\u00b7lusions\"}]},{\"@type\":\"WebSite\",\"@id\":\"https:\/\/portelldemorella.org\/#website\",\"url\":\"https:\/\/portelldemorella.org\/\",\"name\":\"Portell de Morella\",\"description\":\"Web del Ayuntamiento de Portell de Morella\",\"publisher\":{\"@id\":\"https:\/\/portelldemorella.org\/#organization\"},\"potentialAction\":[{\"@type\":\"SearchAction\",\"target\":{\"@type\":\"EntryPoint\",\"urlTemplate\":\"https:\/\/portelldemorella.org\/?s={search_term_string}\"},\"query-input\":{\"@type\":\"PropertyValueSpecification\",\"valueRequired\":true,\"valueName\":\"search_term_string\"}}],\"inLanguage\":\"ca\"},{\"@type\":\"Organization\",\"@id\":\"https:\/\/portelldemorella.org\/#organization\",\"name\":\"Portell de Morella\",\"url\":\"https:\/\/portelldemorella.org\/\",\"logo\":{\"@type\":\"ImageObject\",\"inLanguage\":\"ca\",\"@id\":\"https:\/\/portelldemorella.org\/#\/schema\/logo\/image\/\",\"url\":\"https:\/\/portelldemorella.org\/wp-content\/uploads\/2020\/11\/Escudo-Portell-04.jpg\",\"contentUrl\":\"https:\/\/portelldemorella.org\/wp-content\/uploads\/2020\/11\/Escudo-Portell-04.jpg\",\"width\":1001,\"height\":394,\"caption\":\"Portell de Morella\"},\"image\":{\"@id\":\"https:\/\/portelldemorella.org\/#\/schema\/logo\/image\/\"}}]}<\/script>\n<!-- \/ Yoast SEO plugin. -->","yoast_head_json":{"title":"Projecte Muntanyes d'il\u00b7lusions - Portell de Morella","robots":{"index":"noindex","follow":"follow","max-snippet":"max-snippet:-1","max-image-preview":"max-image-preview:large","max-video-preview":"max-video-preview:-1"},"og_locale":"ca_ES","og_type":"article","og_title":"Projecte Muntanyes d'il\u00b7lusions - Portell de Morella","og_description":"Descripci\u00f3 del projecte: Pam Collado, la mestra encarregada de l\u2019aulari de Portell, que pertany al CRA Celumbres, ha engegat una iniciativa solid\u00e0ria contra el despoblament del municipi. \u201cMuntanyes d\u2019il\u00b7lusions\u201d \u00e9s el nom que rep el projecte, hom\u00f2nim al que estan treballant durant tot el curs 2020-2021 els xiquets i xiquetes de l\u2019escola de Portell. Actualment [&hellip;]","og_url":"https:\/\/portelldemorella.org\/ca\/projecte-muntanyes-dillusions\/","og_site_name":"Portell de Morella","article_modified_time":"2023-06-12T08:16:53+00:00","twitter_card":"summary_large_image","twitter_misc":{"Temps estimat de lectura":"3 minuts"},"schema":{"@context":"https:\/\/schema.org","@graph":[{"@type":"WebPage","@id":"https:\/\/portelldemorella.org\/ca\/projecte-muntanyes-dillusions\/","url":"https:\/\/portelldemorella.org\/ca\/projecte-muntanyes-dillusions\/","name":"Projecte Muntanyes d'il\u00b7lusions - Portell de Morella","isPartOf":{"@id":"https:\/\/portelldemorella.org\/#website"},"datePublished":"2021-06-21T10:38:59+00:00","dateModified":"2023-06-12T08:16:53+00:00","breadcrumb":{"@id":"https:\/\/portelldemorella.org\/ca\/projecte-muntanyes-dillusions\/#breadcrumb"},"inLanguage":"ca","potentialAction":[{"@type":"ReadAction","target":["https:\/\/portelldemorella.org\/ca\/projecte-muntanyes-dillusions\/"]}]},{"@type":"BreadcrumbList","@id":"https:\/\/portelldemorella.org\/ca\/projecte-muntanyes-dillusions\/#breadcrumb","itemListElement":[{"@type":"ListItem","position":1,"name":"Portada","item":"https:\/\/portelldemorella.org\/ca\/"},{"@type":"ListItem","position":2,"name":"Projecte Muntanyes d&#8217;il\u00b7lusions"}]},{"@type":"WebSite","@id":"https:\/\/portelldemorella.org\/#website","url":"https:\/\/portelldemorella.org\/","name":"Portell de Morella","description":"Web del Ayuntamiento de Portell de Morella","publisher":{"@id":"https:\/\/portelldemorella.org\/#organization"},"potentialAction":[{"@type":"SearchAction","target":{"@type":"EntryPoint","urlTemplate":"https:\/\/portelldemorella.org\/?s={search_term_string}"},"query-input":{"@type":"PropertyValueSpecification","valueRequired":true,"valueName":"search_term_string"}}],"inLanguage":"ca"},{"@type":"Organization","@id":"https:\/\/portelldemorella.org\/#organization","name":"Portell de Morella","url":"https:\/\/portelldemorella.org\/","logo":{"@type":"ImageObject","inLanguage":"ca","@id":"https:\/\/portelldemorella.org\/#\/schema\/logo\/image\/","url":"https:\/\/portelldemorella.org\/wp-content\/uploads\/2020\/11\/Escudo-Portell-04.jpg","contentUrl":"https:\/\/portelldemorella.org\/wp-content\/uploads\/2020\/11\/Escudo-Portell-04.jpg","width":1001,"height":394,"caption":"Portell de Morella"},"image":{"@id":"https:\/\/portelldemorella.org\/#\/schema\/logo\/image\/"}}]}},"_links":{"self":[{"href":"https:\/\/portelldemorella.org\/ca\/wp-json\/wp\/v2\/pages\/5720","targetHints":{"allow":["GET"]}}],"collection":[{"href":"https:\/\/portelldemorella.org\/ca\/wp-json\/wp\/v2\/pages"}],"about":[{"href":"https:\/\/portelldemorella.org\/ca\/wp-json\/wp\/v2\/types\/page"}],"author":[{"embeddable":true,"href":"https:\/\/portelldemorella.org\/ca\/wp-json\/wp\/v2\/users\/1"}],"replies":[{"embeddable":true,"href":"https:\/\/portelldemorella.org\/ca\/wp-json\/wp\/v2\/comments?post=5720"}],"version-history":[{"count":10,"href":"https:\/\/portelldemorella.org\/ca\/wp-json\/wp\/v2\/pages\/5720\/revisions"}],"predecessor-version":[{"id":7734,"href":"https:\/\/portelldemorella.org\/ca\/wp-json\/wp\/v2\/pages\/5720\/revisions\/7734"}],"wp:attachment":[{"href":"https:\/\/portelldemorella.org\/ca\/wp-json\/wp\/v2\/media?parent=5720"}],"curies":[{"name":"wp","href":"https:\/\/api.w.org\/{rel}","templated":true}]}}