{"id":5744,"date":"2021-06-21T11:01:44","date_gmt":"2021-06-21T11:01:44","guid":{"rendered":"https:\/\/portelldemorella.org\/?page_id=5744"},"modified":"2023-06-09T11:33:10","modified_gmt":"2023-06-09T11:33:10","slug":"tradicions-y-festes","status":"publish","type":"page","link":"https:\/\/portelldemorella.org\/ca\/tradicions-y-festes\/","title":{"rendered":"Tradicions i festes"},"content":{"rendered":"\t\t<div data-elementor-type=\"wp-page\" data-elementor-id=\"5744\" class=\"elementor elementor-5744\">\n\t\t\t\t\t\t<section class=\"elementor-section elementor-top-section elementor-element elementor-element-eb2a398 elementor-section-boxed elementor-section-height-default elementor-section-height-default\" data-id=\"eb2a398\" data-element_type=\"section\">\n\t\t\t\t\t\t<div class=\"elementor-container elementor-column-gap-default\">\n\t\t\t\t\t<div class=\"elementor-column elementor-col-100 elementor-top-column elementor-element elementor-element-06899f7\" data-id=\"06899f7\" data-element_type=\"column\">\n\t\t\t<div class=\"elementor-widget-wrap elementor-element-populated\">\n\t\t\t\t\t\t<div class=\"elementor-element elementor-element-9176b2f elementor-widget elementor-widget-heading\" data-id=\"9176b2f\" data-element_type=\"widget\" data-widget_type=\"heading.default\">\n\t\t\t\t<div class=\"elementor-widget-container\">\n\t\t\t<h2 class=\"elementor-heading-title elementor-size-default\">FESTES POPULARS<\/h2>\t\t<\/div>\n\t\t\t\t<\/div>\n\t\t\t\t<div class=\"elementor-element elementor-element-9e97209 elementor-widget elementor-widget-spacer\" data-id=\"9e97209\" data-element_type=\"widget\" data-widget_type=\"spacer.default\">\n\t\t\t\t<div class=\"elementor-widget-container\">\n\t\t\t\t\t<div class=\"elementor-spacer\">\n\t\t\t<div class=\"elementor-spacer-inner\"><\/div>\n\t\t<\/div>\n\t\t\t\t<\/div>\n\t\t\t\t<\/div>\n\t\t\t\t\t<\/div>\n\t\t<\/div>\n\t\t\t\t\t<\/div>\n\t\t<\/section>\n\t\t\t\t<section class=\"elementor-section elementor-top-section elementor-element elementor-element-52d27fe elementor-section-boxed elementor-section-height-default elementor-section-height-default\" data-id=\"52d27fe\" data-element_type=\"section\">\n\t\t\t\t\t\t<div class=\"elementor-container elementor-column-gap-default\">\n\t\t\t\t\t<div class=\"elementor-column elementor-col-50 elementor-top-column elementor-element elementor-element-ad3ee09\" data-id=\"ad3ee09\" data-element_type=\"column\">\n\t\t\t<div class=\"elementor-widget-wrap elementor-element-populated\">\n\t\t\t\t\t\t<div class=\"elementor-element elementor-element-b59c196 elementor-widget elementor-widget-text-editor\" data-id=\"b59c196\" data-element_type=\"widget\" data-widget_type=\"text-editor.default\">\n\t\t\t\t<div class=\"elementor-widget-container\">\n\t\t\t\t\t\t\t<p><b>Sant Antoni Abad.<\/b><\/p><p><span style=\"font-weight: 400;\">Se celebra el dissabte m\u00e9s pr\u00f2xim al 17 de gener, amb una representaci\u00f3 de la vida del Sant, plantada del \u201cmayo\u201d, foguera, barraca i benedicci\u00f3 dels animals.<\/span><\/p><p>\u00a0<\/p><div id=\"mouseposition-extension-element-full-container\" style=\"position: fixed; inset: 0px; pointer-events: none; z-index: 2147483647; font-weight: 400;\"><div id=\"mouseposition-extension-element-rect-display\" style=\"display: none; position: absolute; background: rgba(255, 255, 255, 0.7); outline: black solid 1px; font-size: 12px; z-index: 2147483647; justify-content: center; align-items: center; user-select: none; cursor: default; color: #000000; font-family: 'Helvetica Neue', Helvetica, Arial, sans-serif; width: 0px; height: 0px;\"><pre style=\"flex: 1 1 0%; text-align: center; background-color: rgba(255, 255, 255, 0.7); color: #000000; min-width: 42px; min-height: 12px; transition: all 1s ease 0s;\">\u00a0<\/pre><\/div><pre id=\"mouseposition-extension-element-coordinate-display\" style=\"position: absolute; display: none; background: #ffffff; font-size: 12px; line-height: 14px; border-radius: 3px; border-width: 1px; border-color: #222222 black #333333; border-style: solid; padding: 3px; z-index: 2147483647; color: #222222; user-select: none; cursor: default; font-family: 'Helvetica Neue', Helvetica, Arial, sans-serif;\">\u00a0<\/pre><\/div>\t\t\t\t\t\t<\/div>\n\t\t\t\t<\/div>\n\t\t\t\t<div class=\"elementor-element elementor-element-0475835 elementor-arrows-position-inside elementor-pagination-position-outside elementor-widget elementor-widget-image-carousel\" data-id=\"0475835\" data-element_type=\"widget\" data-settings=\"{&quot;slides_to_show&quot;:&quot;1&quot;,&quot;navigation&quot;:&quot;both&quot;,&quot;autoplay&quot;:&quot;yes&quot;,&quot;pause_on_hover&quot;:&quot;yes&quot;,&quot;pause_on_interaction&quot;:&quot;yes&quot;,&quot;autoplay_speed&quot;:5000,&quot;infinite&quot;:&quot;yes&quot;,&quot;effect&quot;:&quot;slide&quot;,&quot;speed&quot;:500}\" data-widget_type=\"image-carousel.default\">\n\t\t\t\t<div class=\"elementor-widget-container\">\n\t\t\t\t\t<div class=\"elementor-image-carousel-wrapper swiper\" dir=\"ltr\">\n\t\t\t<div class=\"elementor-image-carousel swiper-wrapper\" aria-live=\"off\">\n\t\t\t\t\t\t\t\t<div class=\"swiper-slide\" role=\"group\" aria-roledescription=\"slide\" aria-label=\"1 de 10\"><a data-elementor-open-lightbox=\"yes\" data-elementor-lightbox-slideshow=\"0475835\" data-elementor-lightbox-title=\"IMG_0221\" data-e-action-hash=\"#elementor-action%3Aaction%3Dlightbox%26settings%3DeyJpZCI6NjU4OSwidXJsIjoiaHR0cHM6XC9cL3BvcnRlbGxkZW1vcmVsbGEub3JnXC93cC1jb250ZW50XC91cGxvYWRzXC8yMDIwXC8wN1wvSU1HXzAyMjEuanBnIiwic2xpZGVzaG93IjoiMDQ3NTgzNSJ9\" href=\"https:\/\/portelldemorella.org\/wp-content\/uploads\/2020\/07\/IMG_0221.jpg\"><figure class=\"swiper-slide-inner\"><img decoding=\"async\" class=\"swiper-slide-image\" src=\"https:\/\/portelldemorella.org\/wp-content\/uploads\/elementor\/thumbs\/IMG_0221-q88atf54kph56976sdln4tgpw7x6qktd64zqvoqucg.jpg\" alt=\"IMG_0221\" \/><\/figure><\/a><\/div><div class=\"swiper-slide\" role=\"group\" aria-roledescription=\"slide\" aria-label=\"2 de 10\"><a data-elementor-open-lightbox=\"yes\" data-elementor-lightbox-slideshow=\"0475835\" data-elementor-lightbox-title=\"IMG_0198\" data-e-action-hash=\"#elementor-action%3Aaction%3Dlightbox%26settings%3DeyJpZCI6NjU4NywidXJsIjoiaHR0cHM6XC9cL3BvcnRlbGxkZW1vcmVsbGEub3JnXC93cC1jb250ZW50XC91cGxvYWRzXC8yMDIwXC8wN1wvSU1HXzAxOTguanBnIiwic2xpZGVzaG93IjoiMDQ3NTgzNSJ9\" href=\"https:\/\/portelldemorella.org\/wp-content\/uploads\/2020\/07\/IMG_0198.jpg\"><figure class=\"swiper-slide-inner\"><img decoding=\"async\" class=\"swiper-slide-image\" src=\"https:\/\/portelldemorella.org\/wp-content\/uploads\/elementor\/thumbs\/IMG_0198-q88atd9g71ekj19x3csdztxspg6gb6lwhvorx4tmow.jpg\" alt=\"IMG_0198\" \/><\/figure><\/a><\/div><div class=\"swiper-slide\" role=\"group\" aria-roledescription=\"slide\" aria-label=\"3 de 10\"><a data-elementor-open-lightbox=\"yes\" data-elementor-lightbox-slideshow=\"0475835\" data-elementor-lightbox-title=\"IMG_0108\" data-e-action-hash=\"#elementor-action%3Aaction%3Dlightbox%26settings%3DeyJpZCI6NjU4NSwidXJsIjoiaHR0cHM6XC9cL3BvcnRlbGxkZW1vcmVsbGEub3JnXC93cC1jb250ZW50XC91cGxvYWRzXC8yMDIwXC8wN1wvSU1HXzAxMDguanBnIiwic2xpZGVzaG93IjoiMDQ3NTgzNSJ9\" href=\"https:\/\/portelldemorella.org\/wp-content\/uploads\/2020\/07\/IMG_0108.jpg\"><figure class=\"swiper-slide-inner\"><img decoding=\"async\" class=\"swiper-slide-image\" src=\"https:\/\/portelldemorella.org\/wp-content\/uploads\/elementor\/thumbs\/IMG_0108-q88atafxmjapk7e0jtkiacnexakco3aphhqbhaxt7k.jpg\" alt=\"IMG_0108\" \/><\/figure><\/a><\/div><div class=\"swiper-slide\" role=\"group\" aria-roledescription=\"slide\" aria-label=\"4 de 10\"><a data-elementor-open-lightbox=\"yes\" data-elementor-lightbox-slideshow=\"0475835\" data-elementor-lightbox-title=\"EOS5 429\" data-e-action-hash=\"#elementor-action%3Aaction%3Dlightbox%26settings%3DeyJpZCI6NjU4MywidXJsIjoiaHR0cHM6XC9cL3BvcnRlbGxkZW1vcmVsbGEub3JnXC93cC1jb250ZW50XC91cGxvYWRzXC8yMDIwXC8wN1wvRU9TNS00MjkuanBnIiwic2xpZGVzaG93IjoiMDQ3NTgzNSJ9\" href=\"https:\/\/portelldemorella.org\/wp-content\/uploads\/2020\/07\/EOS5-429.jpg\"><figure class=\"swiper-slide-inner\"><img decoding=\"async\" class=\"swiper-slide-image\" src=\"https:\/\/portelldemorella.org\/wp-content\/uploads\/elementor\/thumbs\/EOS5-429-q88apoq7fed520mfl9hzq9dsy4bp5uzqznpb94a528.jpg\" alt=\"EOS5 429\" \/><\/figure><\/a><\/div><div class=\"swiper-slide\" role=\"group\" aria-roledescription=\"slide\" aria-label=\"5 de 10\"><a data-elementor-open-lightbox=\"yes\" data-elementor-lightbox-slideshow=\"0475835\" data-elementor-lightbox-title=\"EOS5 403\" data-e-action-hash=\"#elementor-action%3Aaction%3Dlightbox%26settings%3DeyJpZCI6NjU4MSwidXJsIjoiaHR0cHM6XC9cL3BvcnRlbGxkZW1vcmVsbGEub3JnXC93cC1jb250ZW50XC91cGxvYWRzXC8yMDIwXC8wN1wvRU9TNS00MDMuanBnIiwic2xpZGVzaG93IjoiMDQ3NTgzNSJ9\" href=\"https:\/\/portelldemorella.org\/wp-content\/uploads\/2020\/07\/EOS5-403.jpg\"><figure class=\"swiper-slide-inner\"><img decoding=\"async\" class=\"swiper-slide-image\" src=\"https:\/\/portelldemorella.org\/wp-content\/uploads\/elementor\/thumbs\/EOS5-403-q88api5c3k44sqvznonlqt1ksf84nz9mmr4ww6jw9s.jpg\" alt=\"EOS5 403\" \/><\/figure><\/a><\/div><div class=\"swiper-slide\" role=\"group\" aria-roledescription=\"slide\" aria-label=\"6 de 10\"><a data-elementor-open-lightbox=\"yes\" data-elementor-lightbox-slideshow=\"0475835\" data-elementor-lightbox-title=\"EOS5 242\" data-e-action-hash=\"#elementor-action%3Aaction%3Dlightbox%26settings%3DeyJpZCI6NjU3OSwidXJsIjoiaHR0cHM6XC9cL3BvcnRlbGxkZW1vcmVsbGEub3JnXC93cC1jb250ZW50XC91cGxvYWRzXC8yMDIwXC8wN1wvRU9TNS0yNDIuanBnIiwic2xpZGVzaG93IjoiMDQ3NTgzNSJ9\" href=\"https:\/\/portelldemorella.org\/wp-content\/uploads\/2020\/07\/EOS5-242.jpg\"><figure class=\"swiper-slide-inner\"><img decoding=\"async\" class=\"swiper-slide-image\" src=\"https:\/\/portelldemorella.org\/wp-content\/uploads\/elementor\/thumbs\/EOS5-242-q88apedzc7yzib1g9n13gtzqevqnt6upa8iyz2pgyo.jpg\" alt=\"EOS5 242\" \/><\/figure><\/a><\/div><div class=\"swiper-slide\" role=\"group\" aria-roledescription=\"slide\" aria-label=\"7 de 10\"><a data-elementor-open-lightbox=\"yes\" data-elementor-lightbox-slideshow=\"0475835\" data-elementor-lightbox-title=\"EOS5 101\" data-e-action-hash=\"#elementor-action%3Aaction%3Dlightbox%26settings%3DeyJpZCI6NjU3NywidXJsIjoiaHR0cHM6XC9cL3BvcnRlbGxkZW1vcmVsbGEub3JnXC93cC1jb250ZW50XC91cGxvYWRzXC8yMDIwXC8wN1wvRU9TNS0xMDEuanBnIiwic2xpZGVzaG93IjoiMDQ3NTgzNSJ9\" href=\"https:\/\/portelldemorella.org\/wp-content\/uploads\/2020\/07\/EOS5-101.jpg\"><figure class=\"swiper-slide-inner\"><img decoding=\"async\" class=\"swiper-slide-image\" src=\"https:\/\/portelldemorella.org\/wp-content\/uploads\/elementor\/thumbs\/EOS5-101-q88apciayjwev346km7ubugt83zxdsn8lz800is9b4.jpg\" alt=\"EOS5 101\" \/><\/figure><\/a><\/div><div class=\"swiper-slide\" role=\"group\" aria-roledescription=\"slide\" aria-label=\"8 de 10\"><a data-elementor-open-lightbox=\"yes\" data-elementor-lightbox-slideshow=\"0475835\" data-elementor-lightbox-title=\"EOS5 033\" data-e-action-hash=\"#elementor-action%3Aaction%3Dlightbox%26settings%3DeyJpZCI6NjU3NSwidXJsIjoiaHR0cHM6XC9cL3BvcnRlbGxkZW1vcmVsbGEub3JnXC93cC1jb250ZW50XC91cGxvYWRzXC8yMDIwXC8wN1wvRU9TNS0wMzMuanBnIiwic2xpZGVzaG93IjoiMDQ3NTgzNSJ9\" href=\"https:\/\/portelldemorella.org\/wp-content\/uploads\/2020\/07\/EOS5-033.jpg\"><figure class=\"swiper-slide-inner\"><img decoding=\"async\" class=\"swiper-slide-image\" src=\"https:\/\/portelldemorella.org\/wp-content\/uploads\/elementor\/thumbs\/EOS5-033-q88ap0aehpfoo5lxjyxoxfjti3o5lqaq8aqorxadk0.jpg\" alt=\"EOS5 033\" \/><\/figure><\/a><\/div><div class=\"swiper-slide\" role=\"group\" aria-roledescription=\"slide\" aria-label=\"9 de 10\"><a data-elementor-open-lightbox=\"yes\" data-elementor-lightbox-slideshow=\"0475835\" data-elementor-lightbox-title=\"17-02-25 ST. ANTONI PORTELL 049\" data-e-action-hash=\"#elementor-action%3Aaction%3Dlightbox%26settings%3DeyJpZCI6NjU3MywidXJsIjoiaHR0cHM6XC9cL3BvcnRlbGxkZW1vcmVsbGEub3JnXC93cC1jb250ZW50XC91cGxvYWRzXC8yMDIwXC8wN1wvMTctMDItMjUtU1QuLUFOVE9OSS1QT1JURUxMLTA0OS5qcGciLCJzbGlkZXNob3ciOiIwNDc1ODM1In0%3D\" href=\"https:\/\/portelldemorella.org\/wp-content\/uploads\/2020\/07\/17-02-25-ST.-ANTONI-PORTELL-049.jpg\"><figure class=\"swiper-slide-inner\"><img decoding=\"async\" class=\"swiper-slide-image\" src=\"https:\/\/portelldemorella.org\/wp-content\/uploads\/elementor\/thumbs\/17-02-25-ST.-ANTONI-PORTELL-049-q88albr5q2e974yg1vnanuztqrtegeokq2r83wqvxc.jpg\" alt=\"17-02-25 ST. ANTONI PORTELL 049\" \/><\/figure><\/a><\/div><div class=\"swiper-slide\" role=\"group\" aria-roledescription=\"slide\" aria-label=\"10 de 10\"><a data-elementor-open-lightbox=\"yes\" data-elementor-lightbox-slideshow=\"0475835\" data-elementor-lightbox-title=\"17-02-25 ST. ANTONI PORTELL 038\" data-e-action-hash=\"#elementor-action%3Aaction%3Dlightbox%26settings%3DeyJpZCI6NjU3MSwidXJsIjoiaHR0cHM6XC9cL3BvcnRlbGxkZW1vcmVsbGEub3JnXC93cC1jb250ZW50XC91cGxvYWRzXC8yMDIwXC8wN1wvMTctMDItMjUtU1QuLUFOVE9OSS1QT1JURUxMLTAzOC5qcGciLCJzbGlkZXNob3ciOiIwNDc1ODM1In0%3D\" href=\"https:\/\/portelldemorella.org\/wp-content\/uploads\/2020\/07\/17-02-25-ST.-ANTONI-PORTELL-038.jpg\"><figure class=\"swiper-slide-inner\"><img decoding=\"async\" class=\"swiper-slide-image\" src=\"https:\/\/portelldemorella.org\/wp-content\/uploads\/elementor\/thumbs\/17-02-25-ST.-ANTONI-PORTELL-038-q88al9vhcebojx16cuu1ivgwk02o10h41tg95cto9s.jpg\" alt=\"17-02-25 ST. ANTONI PORTELL 038\" \/><\/figure><\/a><\/div>\t\t\t<\/div>\n\t\t\t\t\t\t\t\t\t\t\t\t<div class=\"elementor-swiper-button elementor-swiper-button-prev\" role=\"button\" tabindex=\"0\">\n\t\t\t\t\t\t<i aria-hidden=\"true\" class=\"eicon-chevron-left\"><\/i>\t\t\t\t\t<\/div>\n\t\t\t\t\t<div class=\"elementor-swiper-button elementor-swiper-button-next\" role=\"button\" tabindex=\"0\">\n\t\t\t\t\t\t<i aria-hidden=\"true\" class=\"eicon-chevron-right\"><\/i>\t\t\t\t\t<\/div>\n\t\t\t\t\n\t\t\t\t\t\t\t\t\t<div class=\"swiper-pagination\"><\/div>\n\t\t\t\t\t\t\t\t\t<\/div>\n\t\t\t\t<\/div>\n\t\t\t\t<\/div>\n\t\t\t\t<div class=\"elementor-element elementor-element-da83121 elementor-widget elementor-widget-spacer\" data-id=\"da83121\" data-element_type=\"widget\" data-widget_type=\"spacer.default\">\n\t\t\t\t<div class=\"elementor-widget-container\">\n\t\t\t\t\t<div class=\"elementor-spacer\">\n\t\t\t<div class=\"elementor-spacer-inner\"><\/div>\n\t\t<\/div>\n\t\t\t\t<\/div>\n\t\t\t\t<\/div>\n\t\t\t\t\t<\/div>\n\t\t<\/div>\n\t\t\t\t<div class=\"elementor-column elementor-col-50 elementor-top-column elementor-element elementor-element-235f95b\" data-id=\"235f95b\" data-element_type=\"column\">\n\t\t\t<div class=\"elementor-widget-wrap elementor-element-populated\">\n\t\t\t\t\t\t<div class=\"elementor-element elementor-element-3fcefdb elementor-widget elementor-widget-text-editor\" data-id=\"3fcefdb\" data-element_type=\"widget\" data-widget_type=\"text-editor.default\">\n\t\t\t\t<div class=\"elementor-widget-container\">\n\t\t\t\t\t\t\t<p><b>Sant Marc<\/b><\/p>\n<p><span style=\"font-weight: 400;\">Se celebra el dissabte m\u00e9s pr\u00f2xim al 25 d&#8217;abril, amb una romeria a les Alberedas, on se celebra missa popular, es reparteix un \u201crotllo\u201d als assistents i un menjar de germanor<\/span><\/p>\n<div id=\"mouseposition-extension-element-full-container\" style=\"position: fixed; inset: 0px; pointer-events: none; z-index: 2147483647; font-weight: 400;\">\n<div id=\"mouseposition-extension-element-rect-display\" style=\"display: none; position: absolute; background: rgba(255, 255, 255, 0.7); outline: black solid 1px; font-size: 12px; z-index: 2147483647; justify-content: center; align-items: center; user-select: none; cursor: default; color: #000000; font-family: 'Helvetica Neue', Helvetica, Arial, sans-serif; width: 0px; height: 0px;\">\n<pre style=\"flex: 1 1 0%; text-align: center; background-color: rgba(255, 255, 255, 0.7); color: #000000; min-width: 42px; min-height: 12px; transition: all 1s ease 0s;\">&nbsp;<\/pre>\n<\/div>\n<pre id=\"mouseposition-extension-element-coordinate-display\" style=\"position: absolute; display: none; background: #ffffff; font-size: 12px; line-height: 14px; border-radius: 3px; border-width: 1px; border-color: #222222 black #333333; border-style: solid; padding: 3px; z-index: 2147483647; color: #222222; user-select: none; cursor: default; font-family: 'Helvetica Neue', Helvetica, Arial, sans-serif;\">&nbsp;<\/pre>\n<\/div>\t\t\t\t\t\t<\/div>\n\t\t\t\t<\/div>\n\t\t\t\t<div class=\"elementor-element elementor-element-3daf326 elementor-arrows-position-inside elementor-pagination-position-outside elementor-widget elementor-widget-image-carousel\" data-id=\"3daf326\" data-element_type=\"widget\" data-settings=\"{&quot;slides_to_show&quot;:&quot;1&quot;,&quot;navigation&quot;:&quot;both&quot;,&quot;autoplay&quot;:&quot;yes&quot;,&quot;pause_on_hover&quot;:&quot;yes&quot;,&quot;pause_on_interaction&quot;:&quot;yes&quot;,&quot;autoplay_speed&quot;:5000,&quot;infinite&quot;:&quot;yes&quot;,&quot;effect&quot;:&quot;slide&quot;,&quot;speed&quot;:500}\" data-widget_type=\"image-carousel.default\">\n\t\t\t\t<div class=\"elementor-widget-container\">\n\t\t\t\t\t<div class=\"elementor-image-carousel-wrapper swiper\" dir=\"ltr\">\n\t\t\t<div class=\"elementor-image-carousel swiper-wrapper\" aria-live=\"off\">\n\t\t\t\t\t\t\t\t<div class=\"swiper-slide\" role=\"group\" aria-roledescription=\"slide\" aria-label=\"1 de 5\"><a data-elementor-open-lightbox=\"yes\" data-elementor-lightbox-slideshow=\"3daf326\" data-elementor-lightbox-title=\"17-04-22 PORTELL Sant Marc Alberedes 020\" data-e-action-hash=\"#elementor-action%3Aaction%3Dlightbox%26settings%3DeyJpZCI6NjU5MiwidXJsIjoiaHR0cHM6XC9cL3BvcnRlbGxkZW1vcmVsbGEub3JnXC93cC1jb250ZW50XC91cGxvYWRzXC8yMDIwXC8wN1wvMTctMDQtMjItUE9SVEVMTC1TYW50LU1hcmMtQWxiZXJlZGVzLTAyMC5qcGciLCJzbGlkZXNob3ciOiIzZGFmMzI2In0%3D\" href=\"https:\/\/portelldemorella.org\/wp-content\/uploads\/2020\/07\/17-04-22-PORTELL-Sant-Marc-Alberedes-020.jpg\"><figure class=\"swiper-slide-inner\"><img decoding=\"async\" class=\"swiper-slide-image\" src=\"https:\/\/portelldemorella.org\/wp-content\/uploads\/elementor\/thumbs\/17-04-22-PORTELL-Sant-Marc-Alberedes-020-q88alfiihejehkszfx9sxu1o4bavb73i2ld610lb8g.jpg\" alt=\"17-04-22 PORTELL Sant Marc Alberedes 020\" \/><\/figure><\/a><\/div><div class=\"swiper-slide\" role=\"group\" aria-roledescription=\"slide\" aria-label=\"2 de 5\"><a data-elementor-open-lightbox=\"yes\" data-elementor-lightbox-slideshow=\"3daf326\" data-elementor-lightbox-title=\"PORTELL SAN MARC 25-04-15 006\" data-e-action-hash=\"#elementor-action%3Aaction%3Dlightbox%26settings%3DeyJpZCI6NjU5NCwidXJsIjoiaHR0cHM6XC9cL3BvcnRlbGxkZW1vcmVsbGEub3JnXC93cC1jb250ZW50XC91cGxvYWRzXC8yMDIwXC8wN1wvUE9SVEVMTC1TQU4tTUFSQy0yNS0wNC0xNS0wMDYuanBnIiwic2xpZGVzaG93IjoiM2RhZjMyNiJ9\" href=\"https:\/\/portelldemorella.org\/wp-content\/uploads\/2020\/07\/PORTELL-SAN-MARC-25-04-15-006.jpg\"><figure class=\"swiper-slide-inner\"><img decoding=\"async\" class=\"swiper-slide-image\" src=\"https:\/\/portelldemorella.org\/wp-content\/uploads\/elementor\/thumbs\/PORTELL-SAN-MARC-25-04-15-006-q88b000geyhefzn4d7zml5ovlbhomaxq2pe3tezmsg.jpg\" alt=\"PORTELL SAN MARC 25-04-15 006\" \/><\/figure><\/a><\/div><div class=\"swiper-slide\" role=\"group\" aria-roledescription=\"slide\" aria-label=\"3 de 5\"><a data-elementor-open-lightbox=\"yes\" data-elementor-lightbox-slideshow=\"3daf326\" data-elementor-lightbox-title=\"PORTELL SAN MARC 25-04-15 023\" data-e-action-hash=\"#elementor-action%3Aaction%3Dlightbox%26settings%3DeyJpZCI6NjU5NiwidXJsIjoiaHR0cHM6XC9cL3BvcnRlbGxkZW1vcmVsbGEub3JnXC93cC1jb250ZW50XC91cGxvYWRzXC8yMDIwXC8wN1wvUE9SVEVMTC1TQU4tTUFSQy0yNS0wNC0xNS0wMjMuanBnIiwic2xpZGVzaG93IjoiM2RhZjMyNiJ9\" href=\"https:\/\/portelldemorella.org\/wp-content\/uploads\/2020\/07\/PORTELL-SAN-MARC-25-04-15-023.jpg\"><figure class=\"swiper-slide-inner\"><img decoding=\"async\" class=\"swiper-slide-image\" src=\"https:\/\/portelldemorella.org\/wp-content\/uploads\/elementor\/thumbs\/PORTELL-SAN-MARC-25-04-15-023-q88b06lbqsqep9dkasu0km13r0l946nuflyi6cpvkw.jpg\" alt=\"PORTELL SAN MARC 25-04-15 023\" \/><\/figure><\/a><\/div><div class=\"swiper-slide\" role=\"group\" aria-roledescription=\"slide\" aria-label=\"4 de 5\"><a data-elementor-open-lightbox=\"yes\" data-elementor-lightbox-slideshow=\"3daf326\" data-elementor-lightbox-title=\"PORTELL SAN MARC 25-04-15 050 (1)\" data-e-action-hash=\"#elementor-action%3Aaction%3Dlightbox%26settings%3DeyJpZCI6NjU5OCwidXJsIjoiaHR0cHM6XC9cL3BvcnRlbGxkZW1vcmVsbGEub3JnXC93cC1jb250ZW50XC91cGxvYWRzXC8yMDIwXC8wN1wvUE9SVEVMTC1TQU4tTUFSQy0yNS0wNC0xNS0wNTAtMS5qcGciLCJzbGlkZXNob3ciOiIzZGFmMzI2In0%3D\" href=\"https:\/\/portelldemorella.org\/wp-content\/uploads\/2020\/07\/PORTELL-SAN-MARC-25-04-15-050-1.jpg\"><figure class=\"swiper-slide-inner\"><img decoding=\"async\" class=\"swiper-slide-image\" src=\"https:\/\/portelldemorella.org\/wp-content\/uploads\/elementor\/thumbs\/PORTELL-SAN-MARC-25-04-15-050-1-q88b08h04gszchatztn9plk0xsbzjkvb3v9h4wn38g.jpg\" alt=\"PORTELL SAN MARC 25-04-15 050 (1)\" \/><\/figure><\/a><\/div><div class=\"swiper-slide\" role=\"group\" aria-roledescription=\"slide\" aria-label=\"5 de 5\"><a data-elementor-open-lightbox=\"yes\" data-elementor-lightbox-slideshow=\"3daf326\" data-elementor-lightbox-title=\"PORTELL SAN MARC 25-04-15\" data-e-action-hash=\"#elementor-action%3Aaction%3Dlightbox%26settings%3DeyJpZCI6NjYwMCwidXJsIjoiaHR0cHM6XC9cL3BvcnRlbGxkZW1vcmVsbGEub3JnXC93cC1jb250ZW50XC91cGxvYWRzXC8yMDIwXC8wN1wvUE9SVEVMTC1TQU4tTUFSQy0yNS0wNC0xNS5qcGciLCJzbGlkZXNob3ciOiIzZGFmMzI2In0%3D\" href=\"https:\/\/portelldemorella.org\/wp-content\/uploads\/2020\/07\/PORTELL-SAN-MARC-25-04-15.jpg\"><figure class=\"swiper-slide-inner\"><img decoding=\"async\" class=\"swiper-slide-image\" src=\"https:\/\/portelldemorella.org\/wp-content\/uploads\/elementor\/thumbs\/PORTELL-SAN-MARC-25-04-15-q88b0acoi4vjzp83ougiul2y4k2pyz2rs4kg3gkaw0.jpg\" alt=\"PORTELL SAN MARC 25-04-15\" \/><\/figure><\/a><\/div>\t\t\t<\/div>\n\t\t\t\t\t\t\t\t\t\t\t\t<div class=\"elementor-swiper-button elementor-swiper-button-prev\" role=\"button\" tabindex=\"0\">\n\t\t\t\t\t\t<i aria-hidden=\"true\" class=\"eicon-chevron-left\"><\/i>\t\t\t\t\t<\/div>\n\t\t\t\t\t<div class=\"elementor-swiper-button elementor-swiper-button-next\" role=\"button\" tabindex=\"0\">\n\t\t\t\t\t\t<i aria-hidden=\"true\" class=\"eicon-chevron-right\"><\/i>\t\t\t\t\t<\/div>\n\t\t\t\t\n\t\t\t\t\t\t\t\t\t<div class=\"swiper-pagination\"><\/div>\n\t\t\t\t\t\t\t\t\t<\/div>\n\t\t\t\t<\/div>\n\t\t\t\t<\/div>\n\t\t\t\t<div class=\"elementor-element elementor-element-c2de78e elementor-widget elementor-widget-spacer\" data-id=\"c2de78e\" data-element_type=\"widget\" data-widget_type=\"spacer.default\">\n\t\t\t\t<div class=\"elementor-widget-container\">\n\t\t\t\t\t<div class=\"elementor-spacer\">\n\t\t\t<div class=\"elementor-spacer-inner\"><\/div>\n\t\t<\/div>\n\t\t\t\t<\/div>\n\t\t\t\t<\/div>\n\t\t\t\t\t<\/div>\n\t\t<\/div>\n\t\t\t\t\t<\/div>\n\t\t<\/section>\n\t\t\t\t<section class=\"elementor-section elementor-top-section elementor-element elementor-element-1c8e760 elementor-section-boxed elementor-section-height-default elementor-section-height-default\" data-id=\"1c8e760\" data-element_type=\"section\">\n\t\t\t\t\t\t<div class=\"elementor-container elementor-column-gap-default\">\n\t\t\t\t\t<div class=\"elementor-column elementor-col-50 elementor-top-column elementor-element elementor-element-0527a34\" data-id=\"0527a34\" data-element_type=\"column\">\n\t\t\t<div class=\"elementor-widget-wrap elementor-element-populated\">\n\t\t\t\t\t\t<div class=\"elementor-element elementor-element-3c7c584 elementor-widget elementor-widget-text-editor\" data-id=\"3c7c584\" data-element_type=\"widget\" data-widget_type=\"text-editor.default\">\n\t\t\t\t<div class=\"elementor-widget-container\">\n\t\t\t\t\t\t\t<p><b>Festes patronals<\/b><\/p><p><span style=\"font-weight: 400;\">Dedicades a Sant Tom\u00e0s, Sant Roc i l&#8217;Assumpci\u00f3. Se celebra a mitjans del mes d&#8217;agost, amb bous, balls amb orquestra i competicions diverses.<br \/><br \/><\/span><\/p><div id=\"mouseposition-extension-element-full-container\" style=\"position: fixed; inset: 0px; pointer-events: none; z-index: 2147483647; font-weight: 400;\"><div id=\"mouseposition-extension-element-rect-display\" style=\"display: none; position: absolute; background: rgba(255, 255, 255, 0.7); outline: black solid 1px; font-size: 12px; z-index: 2147483647; justify-content: center; align-items: center; user-select: none; cursor: default; color: #000000; font-family: 'Helvetica Neue', Helvetica, Arial, sans-serif; width: 0px; height: 0px;\"><pre style=\"flex: 1 1 0%; text-align: center; background-color: rgba(255, 255, 255, 0.7); color: #000000; min-width: 42px; min-height: 12px; transition: all 1s ease 0s;\">\u00a0<\/pre><\/div><pre id=\"mouseposition-extension-element-coordinate-display\" style=\"position: absolute; display: none; background: #ffffff; font-size: 12px; line-height: 14px; border-radius: 3px; border-width: 1px; border-color: #222222 black #333333; border-style: solid; padding: 3px; z-index: 2147483647; color: #222222; user-select: none; cursor: default; font-family: 'Helvetica Neue', Helvetica, Arial, sans-serif;\">\u00a0<\/pre><\/div>\t\t\t\t\t\t<\/div>\n\t\t\t\t<\/div>\n\t\t\t\t<div class=\"elementor-element elementor-element-69c2b11 elementor-arrows-position-inside elementor-pagination-position-outside elementor-widget elementor-widget-image-carousel\" data-id=\"69c2b11\" data-element_type=\"widget\" data-settings=\"{&quot;slides_to_show&quot;:&quot;1&quot;,&quot;navigation&quot;:&quot;both&quot;,&quot;autoplay&quot;:&quot;yes&quot;,&quot;pause_on_hover&quot;:&quot;yes&quot;,&quot;pause_on_interaction&quot;:&quot;yes&quot;,&quot;autoplay_speed&quot;:5000,&quot;infinite&quot;:&quot;yes&quot;,&quot;effect&quot;:&quot;slide&quot;,&quot;speed&quot;:500}\" data-widget_type=\"image-carousel.default\">\n\t\t\t\t<div class=\"elementor-widget-container\">\n\t\t\t\t\t<div class=\"elementor-image-carousel-wrapper swiper\" dir=\"ltr\">\n\t\t\t<div class=\"elementor-image-carousel swiper-wrapper\" aria-live=\"off\">\n\t\t\t\t\t\t\t\t<div class=\"swiper-slide\" role=\"group\" aria-roledescription=\"slide\" aria-label=\"1 de 3\"><a data-elementor-open-lightbox=\"yes\" data-elementor-lightbox-slideshow=\"69c2b11\" data-elementor-lightbox-title=\"18-08-12 PORTELL Prova de Bou 057\" data-e-action-hash=\"#elementor-action%3Aaction%3Dlightbox%26settings%3DeyJpZCI6NjYwMiwidXJsIjoiaHR0cHM6XC9cL3BvcnRlbGxkZW1vcmVsbGEub3JnXC93cC1jb250ZW50XC91cGxvYWRzXC8yMDIwXC8wN1wvMTgtMDgtMTItUE9SVEVMTC1Qcm92YS1kZS1Cb3UtMDU3LmpwZyIsInNsaWRlc2hvdyI6IjY5YzJiMTEifQ%3D%3D\" href=\"https:\/\/portelldemorella.org\/wp-content\/uploads\/2020\/07\/18-08-12-PORTELL-Prova-de-Bou-057.jpg\"><figure class=\"swiper-slide-inner\"><img decoding=\"async\" class=\"swiper-slide-image\" src=\"https:\/\/portelldemorella.org\/wp-content\/uploads\/elementor\/thumbs\/18-08-12-PORTELL-Prova-de-Bou-057-q88all5jmer4f8ksizpkcsmfomj2ldpw3da2wocy74.jpg\" alt=\"18-08-12 PORTELL Prova de Bou 057\" \/><\/figure><\/a><\/div><div class=\"swiper-slide\" role=\"group\" aria-roledescription=\"slide\" aria-label=\"2 de 3\"><a data-elementor-open-lightbox=\"yes\" data-elementor-lightbox-slideshow=\"69c2b11\" data-elementor-lightbox-title=\"IMG_2778\" data-e-action-hash=\"#elementor-action%3Aaction%3Dlightbox%26settings%3DeyJpZCI6NjYwNCwidXJsIjoiaHR0cHM6XC9cL3BvcnRlbGxkZW1vcmVsbGEub3JnXC93cC1jb250ZW50XC91cGxvYWRzXC8yMDIwXC8wN1wvSU1HXzI3NzguanBnIiwic2xpZGVzaG93IjoiNjljMmIxMSJ9\" href=\"https:\/\/portelldemorella.org\/wp-content\/uploads\/2020\/07\/IMG_2778.jpg\"><figure class=\"swiper-slide-inner\"><img decoding=\"async\" class=\"swiper-slide-image\" src=\"https:\/\/portelldemorella.org\/wp-content\/uploads\/elementor\/thumbs\/IMG_2778-q88atks5ppov3wyzvg1ejs1hgj5e0rfr6wwnrcihb4.jpg\" alt=\"IMG_2778\" \/><\/figure><\/a><\/div><div class=\"swiper-slide\" role=\"group\" aria-roledescription=\"slide\" aria-label=\"3 de 3\"><a data-elementor-open-lightbox=\"yes\" data-elementor-lightbox-slideshow=\"69c2b11\" data-elementor-lightbox-title=\"IMG_3022\" data-e-action-hash=\"#elementor-action%3Aaction%3Dlightbox%26settings%3DeyJpZCI6NjYwNiwidXJsIjoiaHR0cHM6XC9cL3BvcnRlbGxkZW1vcmVsbGEub3JnXC93cC1jb250ZW50XC91cGxvYWRzXC8yMDIwXC8wN1wvSU1HXzMwMjIuanBnIiwic2xpZGVzaG93IjoiNjljMmIxMSJ9\" href=\"https:\/\/portelldemorella.org\/wp-content\/uploads\/2020\/07\/IMG_3022.jpg\"><figure class=\"swiper-slide-inner\"><img decoding=\"async\" class=\"swiper-slide-image\" src=\"https:\/\/portelldemorella.org\/wp-content\/uploads\/elementor\/thumbs\/IMG_3022-q88atlpzwjq5fixmpyg149sy1x0r8gjhj1k58mh34w.jpg\" alt=\"IMG_3022\" \/><\/figure><\/a><\/div>\t\t\t<\/div>\n\t\t\t\t\t\t\t\t\t\t\t\t<div class=\"elementor-swiper-button elementor-swiper-button-prev\" role=\"button\" tabindex=\"0\">\n\t\t\t\t\t\t<i aria-hidden=\"true\" class=\"eicon-chevron-left\"><\/i>\t\t\t\t\t<\/div>\n\t\t\t\t\t<div class=\"elementor-swiper-button elementor-swiper-button-next\" role=\"button\" tabindex=\"0\">\n\t\t\t\t\t\t<i aria-hidden=\"true\" class=\"eicon-chevron-right\"><\/i>\t\t\t\t\t<\/div>\n\t\t\t\t\n\t\t\t\t\t\t\t\t\t<div class=\"swiper-pagination\"><\/div>\n\t\t\t\t\t\t\t\t\t<\/div>\n\t\t\t\t<\/div>\n\t\t\t\t<\/div>\n\t\t\t\t<div class=\"elementor-element elementor-element-5b71f98 elementor-widget elementor-widget-spacer\" data-id=\"5b71f98\" data-element_type=\"widget\" data-widget_type=\"spacer.default\">\n\t\t\t\t<div class=\"elementor-widget-container\">\n\t\t\t\t\t<div class=\"elementor-spacer\">\n\t\t\t<div class=\"elementor-spacer-inner\"><\/div>\n\t\t<\/div>\n\t\t\t\t<\/div>\n\t\t\t\t<\/div>\n\t\t\t\t\t<\/div>\n\t\t<\/div>\n\t\t\t\t<div class=\"elementor-column elementor-col-50 elementor-top-column elementor-element elementor-element-3cbe8a0\" data-id=\"3cbe8a0\" data-element_type=\"column\">\n\t\t\t<div class=\"elementor-widget-wrap elementor-element-populated\">\n\t\t\t\t\t\t<div class=\"elementor-element elementor-element-48cb249 elementor-widget elementor-widget-text-editor\" data-id=\"48cb249\" data-element_type=\"widget\" data-widget_type=\"text-editor.default\">\n\t\t\t\t<div class=\"elementor-widget-container\">\n\t\t\t\t\t\t\t<p><b>Dia de la Patrona Mare de D\u00e9u de l&#8217;Esperan\u00e7a<\/b><\/p><p><span style=\"font-weight: 400;\">Se celebra el dia 18 de desembre. Despr\u00e9s d&#8217;una process\u00f3 els \u201cquintos\u201d entreguen la \u201ccoqueta\u201d (pasta t\u00edpica) als assistents i els m\u00e9s xicotets reciten poesies en honor a la Mare de D\u00e9u, conegudes popularment com \u201cdites\u201d.\u00a0<\/span><\/p><div id=\"mouseposition-extension-element-full-container\" style=\"position: fixed; inset: 0px; pointer-events: none; z-index: 2147483647; font-weight: 400;\"><div id=\"mouseposition-extension-element-rect-display\" style=\"display: none; position: absolute; background: rgba(255, 255, 255, 0.7); outline: black solid 1px; font-size: 12px; z-index: 2147483647; justify-content: center; align-items: center; user-select: none; cursor: default; color: #000000; font-family: 'Helvetica Neue', Helvetica, Arial, sans-serif; width: 0px; height: 0px;\"><pre style=\"flex: 1 1 0%; text-align: center; background-color: rgba(255, 255, 255, 0.7); color: #000000; min-width: 42px; min-height: 12px; transition: all 1s ease 0s;\">\u00a0<\/pre><\/div><pre id=\"mouseposition-extension-element-coordinate-display\" style=\"position: absolute; display: none; background: #ffffff; font-size: 12px; line-height: 14px; border-radius: 3px; border-width: 1px; border-color: #222222 black #333333; border-style: solid; padding: 3px; z-index: 2147483647; color: #222222; user-select: none; cursor: default; font-family: 'Helvetica Neue', Helvetica, Arial, sans-serif;\">\u00a0<\/pre><\/div>\t\t\t\t\t\t<\/div>\n\t\t\t\t<\/div>\n\t\t\t\t<div class=\"elementor-element elementor-element-3bfb618 elementor-arrows-position-inside elementor-pagination-position-outside elementor-widget elementor-widget-image-carousel\" data-id=\"3bfb618\" data-element_type=\"widget\" data-settings=\"{&quot;slides_to_show&quot;:&quot;1&quot;,&quot;navigation&quot;:&quot;both&quot;,&quot;autoplay&quot;:&quot;yes&quot;,&quot;pause_on_hover&quot;:&quot;yes&quot;,&quot;pause_on_interaction&quot;:&quot;yes&quot;,&quot;autoplay_speed&quot;:5000,&quot;infinite&quot;:&quot;yes&quot;,&quot;effect&quot;:&quot;slide&quot;,&quot;speed&quot;:500}\" data-widget_type=\"image-carousel.default\">\n\t\t\t\t<div class=\"elementor-widget-container\">\n\t\t\t\t\t<div class=\"elementor-image-carousel-wrapper swiper\" dir=\"ltr\">\n\t\t\t<div class=\"elementor-image-carousel swiper-wrapper\" aria-live=\"off\">\n\t\t\t\t\t\t\t\t<div class=\"swiper-slide\" role=\"group\" aria-roledescription=\"slide\" aria-label=\"1 de 3\"><a data-elementor-open-lightbox=\"yes\" data-elementor-lightbox-slideshow=\"3bfb618\" data-elementor-lightbox-title=\"17-12-18 PORTELL Esperan\u00e7a Missa i Coqueta 001\" data-e-action-hash=\"#elementor-action%3Aaction%3Dlightbox%26settings%3DeyJpZCI6NjYwOCwidXJsIjoiaHR0cHM6XC9cL3BvcnRlbGxkZW1vcmVsbGEub3JnXC93cC1jb250ZW50XC91cGxvYWRzXC8yMDIwXC8wN1wvMTctMTItMTgtUE9SVEVMTC1Fc3BlcmFuY2EtTWlzc2EtaS1Db3F1ZXRhLTAwMS5qcGciLCJzbGlkZXNob3ciOiIzYmZiNjE4In0%3D\" href=\"https:\/\/portelldemorella.org\/wp-content\/uploads\/2020\/07\/17-12-18-PORTELL-Esperanca-Missa-i-Coqueta-001.jpg\"><figure class=\"swiper-slide-inner\"><img decoding=\"async\" class=\"swiper-slide-image\" src=\"https:\/\/portelldemorella.org\/wp-content\/uploads\/elementor\/thumbs\/17-12-18-PORTELL-Esperanca-Missa-i-Coqueta-001-q88alhe6v2lz4sq94y322tklb31lqlayquo4zkiiw0.jpg\" alt=\"17-12-18 PORTELL Esperan\u00e7a Missa i Coqueta 001\" \/><\/figure><\/a><\/div><div class=\"swiper-slide\" role=\"group\" aria-roledescription=\"slide\" aria-label=\"2 de 3\"><a data-elementor-open-lightbox=\"yes\" data-elementor-lightbox-slideshow=\"3bfb618\" data-elementor-lightbox-title=\"17-12-18 PORTELL Esperan\u00e7a Missa i Coqueta 018\" data-e-action-hash=\"#elementor-action%3Aaction%3Dlightbox%26settings%3DeyJpZCI6NjYxMCwidXJsIjoiaHR0cHM6XC9cL3BvcnRlbGxkZW1vcmVsbGEub3JnXC93cC1jb250ZW50XC91cGxvYWRzXC8yMDIwXC8wN1wvMTctMTItMTgtUE9SVEVMTC1Fc3BlcmFuY2EtTWlzc2EtaS1Db3F1ZXRhLTAxOC5qcGciLCJzbGlkZXNob3ciOiIzYmZiNjE4In0%3D\" href=\"https:\/\/portelldemorella.org\/wp-content\/uploads\/2020\/07\/17-12-18-PORTELL-Esperanca-Missa-i-Coqueta-018.jpg\"><figure class=\"swiper-slide-inner\"><img decoding=\"async\" class=\"swiper-slide-image\" src=\"https:\/\/portelldemorella.org\/wp-content\/uploads\/elementor\/thumbs\/17-12-18-PORTELL-Esperanca-Missa-i-Coqueta-018-q88alic11wn9geovzghonbc1wgwyyaep2zbmguh4ps.jpg\" alt=\"17-12-18 PORTELL Esperan\u00e7a Missa i Coqueta 018\" \/><\/figure><\/a><\/div><div class=\"swiper-slide\" role=\"group\" aria-roledescription=\"slide\" aria-label=\"3 de 3\"><a data-elementor-open-lightbox=\"yes\" data-elementor-lightbox-slideshow=\"3bfb618\" data-elementor-lightbox-title=\"17-12-18 PORTELL Esperan\u00e7a Missa i Coqueta 019\" data-e-action-hash=\"#elementor-action%3Aaction%3Dlightbox%26settings%3DeyJpZCI6NjYxMiwidXJsIjoiaHR0cHM6XC9cL3BvcnRlbGxkZW1vcmVsbGEub3JnXC93cC1jb250ZW50XC91cGxvYWRzXC8yMDIwXC8wN1wvMTctMTItMTgtUE9SVEVMTC1Fc3BlcmFuY2EtTWlzc2EtaS1Db3F1ZXRhLTAxOS5qcGciLCJzbGlkZXNob3ciOiIzYmZiNjE4In0%3D\" href=\"https:\/\/portelldemorella.org\/wp-content\/uploads\/2020\/07\/17-12-18-PORTELL-Esperanca-Missa-i-Coqueta-019.jpg\"><figure class=\"swiper-slide-inner\"><img decoding=\"async\" class=\"swiper-slide-image\" src=\"https:\/\/portelldemorella.org\/wp-content\/uploads\/elementor\/thumbs\/17-12-18-PORTELL-Esperanca-Missa-i-Coqueta-019-q88alk7pfkpu3mm5ohaxsauz38npdom5r8mlfeecdc.jpg\" alt=\"17-12-18 PORTELL Esperan\u00e7a Missa i Coqueta 019\" \/><\/figure><\/a><\/div>\t\t\t<\/div>\n\t\t\t\t\t\t\t\t\t\t\t\t<div class=\"elementor-swiper-button elementor-swiper-button-prev\" role=\"button\" tabindex=\"0\">\n\t\t\t\t\t\t<i aria-hidden=\"true\" class=\"eicon-chevron-left\"><\/i>\t\t\t\t\t<\/div>\n\t\t\t\t\t<div class=\"elementor-swiper-button elementor-swiper-button-next\" role=\"button\" tabindex=\"0\">\n\t\t\t\t\t\t<i aria-hidden=\"true\" class=\"eicon-chevron-right\"><\/i>\t\t\t\t\t<\/div>\n\t\t\t\t\n\t\t\t\t\t\t\t\t\t<div class=\"swiper-pagination\"><\/div>\n\t\t\t\t\t\t\t\t\t<\/div>\n\t\t\t\t<\/div>\n\t\t\t\t<\/div>\n\t\t\t\t<div class=\"elementor-element elementor-element-5744c69 elementor-widget elementor-widget-spacer\" data-id=\"5744c69\" data-element_type=\"widget\" data-widget_type=\"spacer.default\">\n\t\t\t\t<div class=\"elementor-widget-container\">\n\t\t\t\t\t<div class=\"elementor-spacer\">\n\t\t\t<div class=\"elementor-spacer-inner\"><\/div>\n\t\t<\/div>\n\t\t\t\t<\/div>\n\t\t\t\t<\/div>\n\t\t\t\t\t<\/div>\n\t\t<\/div>\n\t\t\t\t\t<\/div>\n\t\t<\/section>\n\t\t\t\t<section class=\"elementor-section elementor-top-section elementor-element elementor-element-3ff5918 elementor-section-boxed elementor-section-height-default elementor-section-height-default\" data-id=\"3ff5918\" data-element_type=\"section\">\n\t\t\t\t\t\t<div class=\"elementor-container elementor-column-gap-default\">\n\t\t\t\t\t<div class=\"elementor-column elementor-col-50 elementor-top-column elementor-element elementor-element-c10ccad\" data-id=\"c10ccad\" data-element_type=\"column\">\n\t\t\t<div class=\"elementor-widget-wrap elementor-element-populated\">\n\t\t\t\t\t\t<div class=\"elementor-element elementor-element-a3922f6 elementor-widget elementor-widget-text-editor\" data-id=\"a3922f6\" data-element_type=\"widget\" data-widget_type=\"text-editor.default\">\n\t\t\t\t<div class=\"elementor-widget-container\">\n\t\t\t\t\t\t\t<p><b>Rogativa a Sant Pere.<\/b><\/p>\n<p><span style=\"font-weight: 400;\">Coneguda com els pelegrins de Portell, ix de Portell cap a l&#8217;ermita de Sant Pere. Es feia perqu\u00e8 hi haguera pluges a la primavera. T\u00e9 una tradici\u00f3 ancestral que encara conserva les formes en les vestimentes dels pelegrins. Se celebra el tercer dissabte de Pasqua de Pentecosta, des de 1575.<\/span><\/p>\n<p><span style=\"font-weight: 400;\"><strong>D&#8217;origen medieval, mant\u00e9 el misticisme, religiositat i rigorositat en les seues normes.<\/strong> Conta la llegenda que l&#8217;origen est\u00e0 en la marxa de 12 homes que van caminar fins a Roma per a demanar al Papa una benedicci\u00f3 que portara la salut i l&#8217;aigua al poble. Nom\u00e9s va tornar uns 14 anys despr\u00e9s, amb el mandat d&#8217;anar a l&#8217;ermita de Sant Pere de Castellfort. Des de llavors, 12 pelegrins de la localitat separats per 50 passos cadascun, peregrinen en silenci fins a Sant Pere de Castellfort i es torna a la vesprada. A l&#8217;arribada al poble els esperen les peanyes i banderes de la parr\u00f2quia i es puja en process\u00f3 a l&#8217;Esgl\u00e9sia.<\/span><\/p>\n<div id=\"mouseposition-extension-element-full-container\" style=\"position: fixed; inset: 0px; pointer-events: none; z-index: 2147483647; font-weight: 400;\">\n<div id=\"mouseposition-extension-element-rect-display\" style=\"display: none; position: absolute; background: rgba(255, 255, 255, 0.7); outline: black solid 1px; font-size: 12px; z-index: 2147483647; justify-content: center; align-items: center; user-select: none; cursor: default; color: #000000; font-family: 'Helvetica Neue', Helvetica, Arial, sans-serif; width: 0px; height: 0px;\">\n<pre style=\"flex: 1 1 0%; text-align: center; background-color: rgba(255, 255, 255, 0.7); color: #000000; min-width: 42px; min-height: 12px; transition: all 1s ease 0s;\">&nbsp;<\/pre>\n<\/div>\n<pre id=\"mouseposition-extension-element-coordinate-display\" style=\"position: absolute; display: none; background: #ffffff; font-size: 12px; line-height: 14px; border-radius: 3px; border-width: 1px; border-color: #222222 black #333333; border-style: solid; padding: 3px; z-index: 2147483647; color: #222222; user-select: none; cursor: default; font-family: 'Helvetica Neue', Helvetica, Arial, sans-serif;\">&nbsp;<\/pre>\n<\/div>\t\t\t\t\t\t<\/div>\n\t\t\t\t<\/div>\n\t\t\t\t\t<\/div>\n\t\t<\/div>\n\t\t\t\t<div class=\"elementor-column elementor-col-50 elementor-top-column elementor-element elementor-element-6241b5a\" data-id=\"6241b5a\" data-element_type=\"column\">\n\t\t\t<div class=\"elementor-widget-wrap elementor-element-populated\">\n\t\t\t\t\t\t<div class=\"elementor-element elementor-element-2a9d407 elementor-arrows-position-inside elementor-pagination-position-outside elementor-widget elementor-widget-image-carousel\" data-id=\"2a9d407\" data-element_type=\"widget\" data-settings=\"{&quot;slides_to_show&quot;:&quot;1&quot;,&quot;navigation&quot;:&quot;both&quot;,&quot;autoplay&quot;:&quot;yes&quot;,&quot;pause_on_hover&quot;:&quot;yes&quot;,&quot;pause_on_interaction&quot;:&quot;yes&quot;,&quot;autoplay_speed&quot;:5000,&quot;infinite&quot;:&quot;yes&quot;,&quot;effect&quot;:&quot;slide&quot;,&quot;speed&quot;:500}\" data-widget_type=\"image-carousel.default\">\n\t\t\t\t<div class=\"elementor-widget-container\">\n\t\t\t\t\t<div class=\"elementor-image-carousel-wrapper swiper\" dir=\"ltr\">\n\t\t\t<div class=\"elementor-image-carousel swiper-wrapper swiper-image-stretch\" aria-live=\"off\">\n\t\t\t\t\t\t\t\t<div class=\"swiper-slide\" role=\"group\" aria-roledescription=\"slide\" aria-label=\"1 de 2\"><a data-elementor-open-lightbox=\"yes\" data-elementor-lightbox-slideshow=\"2a9d407\" data-elementor-lightbox-title=\"20180526_pelegrinsPortell__0358_1920x1080\" data-e-action-hash=\"#elementor-action%3Aaction%3Dlightbox%26settings%3DeyJpZCI6NjYxNCwidXJsIjoiaHR0cHM6XC9cL3BvcnRlbGxkZW1vcmVsbGEub3JnXC93cC1jb250ZW50XC91cGxvYWRzXC8yMDIwXC8wN1wvMjAxODA1MjZfcGVsZWdyaW5zUG9ydGVsbF9fMDM1OF8xOTIweDEwODAuanBnIiwic2xpZGVzaG93IjoiMmE5ZDQwNyJ9\" href=\"https:\/\/portelldemorella.org\/wp-content\/uploads\/2020\/07\/20180526_pelegrinsPortell__0358_1920x1080.jpg\"><figure class=\"swiper-slide-inner\"><img decoding=\"async\" class=\"swiper-slide-image\" src=\"https:\/\/portelldemorella.org\/wp-content\/uploads\/elementor\/thumbs\/20180526_pelegrinsPortell__0358_1920x1080-q88alrqey904oib8gkjyc8ynubmn39g0g9uh9m36zk.jpg\" alt=\"20180526_pelegrinsPortell__0358_1920x1080\" \/><\/figure><\/a><\/div><div class=\"swiper-slide\" role=\"group\" aria-roledescription=\"slide\" aria-label=\"2 de 2\"><a data-elementor-open-lightbox=\"yes\" data-elementor-lightbox-slideshow=\"2a9d407\" data-elementor-lightbox-title=\"20180526_pelegrinsPortell__0408_1920x1080\" data-e-action-hash=\"#elementor-action%3Aaction%3Dlightbox%26settings%3DeyJpZCI6NjYxNiwidXJsIjoiaHR0cHM6XC9cL3BvcnRlbGxkZW1vcmVsbGEub3JnXC93cC1jb250ZW50XC91cGxvYWRzXC8yMDIwXC8wN1wvMjAxODA1MjZfcGVsZWdyaW5zUG9ydGVsbF9fMDQwOF8xOTIweDEwODAuanBnIiwic2xpZGVzaG93IjoiMmE5ZDQwNyJ9\" href=\"https:\/\/portelldemorella.org\/wp-content\/uploads\/2020\/07\/20180526_pelegrinsPortell__0408_1920x1080.jpg\"><figure class=\"swiper-slide-inner\"><img decoding=\"async\" class=\"swiper-slide-image\" src=\"https:\/\/portelldemorella.org\/wp-content\/uploads\/elementor\/thumbs\/20180526_pelegrinsPortell__0408_1920x1080-q88altm3bx2pbq8i5ld7h8hl13ddinnh4j5g860en4.jpg\" alt=\"20180526_pelegrinsPortell__0408_1920x1080\" \/><\/figure><\/a><\/div>\t\t\t<\/div>\n\t\t\t\t\t\t\t\t\t\t\t\t<div class=\"elementor-swiper-button elementor-swiper-button-prev\" role=\"button\" tabindex=\"0\">\n\t\t\t\t\t\t<i aria-hidden=\"true\" class=\"eicon-chevron-left\"><\/i>\t\t\t\t\t<\/div>\n\t\t\t\t\t<div class=\"elementor-swiper-button elementor-swiper-button-next\" role=\"button\" tabindex=\"0\">\n\t\t\t\t\t\t<i aria-hidden=\"true\" class=\"eicon-chevron-right\"><\/i>\t\t\t\t\t<\/div>\n\t\t\t\t\n\t\t\t\t\t\t\t\t\t<div class=\"swiper-pagination\"><\/div>\n\t\t\t\t\t\t\t\t\t<\/div>\n\t\t\t\t<\/div>\n\t\t\t\t<\/div>\n\t\t\t\t\t<\/div>\n\t\t<\/div>\n\t\t\t\t\t<\/div>\n\t\t<\/section>\n\t\t\t\t<\/div>\n\t\t","protected":false},"excerpt":{"rendered":"<p>FESTES POPULARS Sant Antoni Abad. Se celebra el dissabte m\u00e9s pr\u00f2xim al 17 de gener, amb una representaci\u00f3 de la vida del Sant, plantada del \u201cmayo\u201d, foguera, barraca i benedicci\u00f3 dels animals. &nbsp; &nbsp; Imagen anterior Imagen siguiente Sant Marc Se celebra el dissabte m\u00e9s pr\u00f2xim al 25 d&#8217;abril, amb una romeria a les Alberedas, [&hellip;]<\/p>\n","protected":false},"author":1,"featured_media":0,"parent":0,"menu_order":0,"comment_status":"closed","ping_status":"closed","template":"","meta":{"footnotes":""},"class_list":["post-5744","page","type-page","status-publish","hentry"],"yoast_head":"<!-- This site is optimized with the Yoast SEO plugin v24.4 - https:\/\/yoast.com\/wordpress\/plugins\/seo\/ -->\n<title>Tradicions i festes - Portell de Morella<\/title>\n<meta name=\"robots\" content=\"noindex, follow, max-snippet:-1, max-image-preview:large, max-video-preview:-1\" \/>\n<meta property=\"og:locale\" content=\"ca_ES\" \/>\n<meta property=\"og:type\" content=\"article\" \/>\n<meta property=\"og:title\" content=\"Tradicions i festes - Portell de Morella\" \/>\n<meta property=\"og:description\" content=\"FESTES POPULARS Sant Antoni Abad. Se celebra el dissabte m\u00e9s pr\u00f2xim al 17 de gener, amb una representaci\u00f3 de la vida del Sant, plantada del \u201cmayo\u201d, foguera, barraca i benedicci\u00f3 dels animals. &nbsp; &nbsp; Imagen anterior Imagen siguiente Sant Marc Se celebra el dissabte m\u00e9s pr\u00f2xim al 25 d&#8217;abril, amb una romeria a les Alberedas, [&hellip;]\" \/>\n<meta property=\"og:url\" content=\"https:\/\/portelldemorella.org\/ca\/tradicions-y-festes\/\" \/>\n<meta property=\"og:site_name\" content=\"Portell de Morella\" \/>\n<meta property=\"article:modified_time\" content=\"2023-06-09T11:33:10+00:00\" \/>\n<meta property=\"og:image\" content=\"https:\/\/portelldemorella.org\/wp-content\/uploads\/elementor\/thumbs\/IMG_0221-pmyw2wxuromww5pdto3ef4bw8wa4nmo37zmnf5avq8.jpg\" \/>\n<meta name=\"twitter:card\" content=\"summary_large_image\" \/>\n<meta name=\"twitter:label1\" content=\"Temps estimat de lectura\" \/>\n\t<meta name=\"twitter:data1\" content=\"7 minuts\" \/>\n<script type=\"application\/ld+json\" class=\"yoast-schema-graph\">{\"@context\":\"https:\/\/schema.org\",\"@graph\":[{\"@type\":\"WebPage\",\"@id\":\"https:\/\/portelldemorella.org\/ca\/tradicions-y-festes\/\",\"url\":\"https:\/\/portelldemorella.org\/ca\/tradicions-y-festes\/\",\"name\":\"Tradicions i festes - Portell de Morella\",\"isPartOf\":{\"@id\":\"https:\/\/portelldemorella.org\/#website\"},\"primaryImageOfPage\":{\"@id\":\"https:\/\/portelldemorella.org\/ca\/tradicions-y-festes\/#primaryimage\"},\"image\":{\"@id\":\"https:\/\/portelldemorella.org\/ca\/tradicions-y-festes\/#primaryimage\"},\"thumbnailUrl\":\"https:\/\/portelldemorella.org\/wp-content\/uploads\/elementor\/thumbs\/IMG_0221-pmyw2wxuromww5pdto3ef4bw8wa4nmo37zmnf5avq8.jpg\",\"datePublished\":\"2021-06-21T11:01:44+00:00\",\"dateModified\":\"2023-06-09T11:33:10+00:00\",\"breadcrumb\":{\"@id\":\"https:\/\/portelldemorella.org\/ca\/tradicions-y-festes\/#breadcrumb\"},\"inLanguage\":\"ca\",\"potentialAction\":[{\"@type\":\"ReadAction\",\"target\":[\"https:\/\/portelldemorella.org\/ca\/tradicions-y-festes\/\"]}]},{\"@type\":\"ImageObject\",\"inLanguage\":\"ca\",\"@id\":\"https:\/\/portelldemorella.org\/ca\/tradicions-y-festes\/#primaryimage\",\"url\":\"https:\/\/portelldemorella.org\/wp-content\/uploads\/elementor\/thumbs\/IMG_0221-pmyw2wxuromww5pdto3ef4bw8wa4nmo37zmnf5avq8.jpg\",\"contentUrl\":\"https:\/\/portelldemorella.org\/wp-content\/uploads\/elementor\/thumbs\/IMG_0221-pmyw2wxuromww5pdto3ef4bw8wa4nmo37zmnf5avq8.jpg\"},{\"@type\":\"BreadcrumbList\",\"@id\":\"https:\/\/portelldemorella.org\/ca\/tradicions-y-festes\/#breadcrumb\",\"itemListElement\":[{\"@type\":\"ListItem\",\"position\":1,\"name\":\"Portada\",\"item\":\"https:\/\/portelldemorella.org\/ca\/\"},{\"@type\":\"ListItem\",\"position\":2,\"name\":\"Tradicions i festes\"}]},{\"@type\":\"WebSite\",\"@id\":\"https:\/\/portelldemorella.org\/#website\",\"url\":\"https:\/\/portelldemorella.org\/\",\"name\":\"Portell de Morella\",\"description\":\"Web del Ayuntamiento de Portell de Morella\",\"publisher\":{\"@id\":\"https:\/\/portelldemorella.org\/#organization\"},\"potentialAction\":[{\"@type\":\"SearchAction\",\"target\":{\"@type\":\"EntryPoint\",\"urlTemplate\":\"https:\/\/portelldemorella.org\/?s={search_term_string}\"},\"query-input\":{\"@type\":\"PropertyValueSpecification\",\"valueRequired\":true,\"valueName\":\"search_term_string\"}}],\"inLanguage\":\"ca\"},{\"@type\":\"Organization\",\"@id\":\"https:\/\/portelldemorella.org\/#organization\",\"name\":\"Portell de Morella\",\"url\":\"https:\/\/portelldemorella.org\/\",\"logo\":{\"@type\":\"ImageObject\",\"inLanguage\":\"ca\",\"@id\":\"https:\/\/portelldemorella.org\/#\/schema\/logo\/image\/\",\"url\":\"https:\/\/portelldemorella.org\/wp-content\/uploads\/2020\/11\/Escudo-Portell-04.jpg\",\"contentUrl\":\"https:\/\/portelldemorella.org\/wp-content\/uploads\/2020\/11\/Escudo-Portell-04.jpg\",\"width\":1001,\"height\":394,\"caption\":\"Portell de Morella\"},\"image\":{\"@id\":\"https:\/\/portelldemorella.org\/#\/schema\/logo\/image\/\"}}]}<\/script>\n<!-- \/ Yoast SEO plugin. -->","yoast_head_json":{"title":"Tradicions i festes - Portell de Morella","robots":{"index":"noindex","follow":"follow","max-snippet":"max-snippet:-1","max-image-preview":"max-image-preview:large","max-video-preview":"max-video-preview:-1"},"og_locale":"ca_ES","og_type":"article","og_title":"Tradicions i festes - Portell de Morella","og_description":"FESTES POPULARS Sant Antoni Abad. Se celebra el dissabte m\u00e9s pr\u00f2xim al 17 de gener, amb una representaci\u00f3 de la vida del Sant, plantada del \u201cmayo\u201d, foguera, barraca i benedicci\u00f3 dels animals. &nbsp; &nbsp; Imagen anterior Imagen siguiente Sant Marc Se celebra el dissabte m\u00e9s pr\u00f2xim al 25 d&#8217;abril, amb una romeria a les Alberedas, [&hellip;]","og_url":"https:\/\/portelldemorella.org\/ca\/tradicions-y-festes\/","og_site_name":"Portell de Morella","article_modified_time":"2023-06-09T11:33:10+00:00","og_image":[{"url":"https:\/\/portelldemorella.org\/wp-content\/uploads\/elementor\/thumbs\/IMG_0221-pmyw2wxuromww5pdto3ef4bw8wa4nmo37zmnf5avq8.jpg","type":"","width":"","height":""}],"twitter_card":"summary_large_image","twitter_misc":{"Temps estimat de lectura":"7 minuts"},"schema":{"@context":"https:\/\/schema.org","@graph":[{"@type":"WebPage","@id":"https:\/\/portelldemorella.org\/ca\/tradicions-y-festes\/","url":"https:\/\/portelldemorella.org\/ca\/tradicions-y-festes\/","name":"Tradicions i festes - Portell de Morella","isPartOf":{"@id":"https:\/\/portelldemorella.org\/#website"},"primaryImageOfPage":{"@id":"https:\/\/portelldemorella.org\/ca\/tradicions-y-festes\/#primaryimage"},"image":{"@id":"https:\/\/portelldemorella.org\/ca\/tradicions-y-festes\/#primaryimage"},"thumbnailUrl":"https:\/\/portelldemorella.org\/wp-content\/uploads\/elementor\/thumbs\/IMG_0221-pmyw2wxuromww5pdto3ef4bw8wa4nmo37zmnf5avq8.jpg","datePublished":"2021-06-21T11:01:44+00:00","dateModified":"2023-06-09T11:33:10+00:00","breadcrumb":{"@id":"https:\/\/portelldemorella.org\/ca\/tradicions-y-festes\/#breadcrumb"},"inLanguage":"ca","potentialAction":[{"@type":"ReadAction","target":["https:\/\/portelldemorella.org\/ca\/tradicions-y-festes\/"]}]},{"@type":"ImageObject","inLanguage":"ca","@id":"https:\/\/portelldemorella.org\/ca\/tradicions-y-festes\/#primaryimage","url":"https:\/\/portelldemorella.org\/wp-content\/uploads\/elementor\/thumbs\/IMG_0221-pmyw2wxuromww5pdto3ef4bw8wa4nmo37zmnf5avq8.jpg","contentUrl":"https:\/\/portelldemorella.org\/wp-content\/uploads\/elementor\/thumbs\/IMG_0221-pmyw2wxuromww5pdto3ef4bw8wa4nmo37zmnf5avq8.jpg"},{"@type":"BreadcrumbList","@id":"https:\/\/portelldemorella.org\/ca\/tradicions-y-festes\/#breadcrumb","itemListElement":[{"@type":"ListItem","position":1,"name":"Portada","item":"https:\/\/portelldemorella.org\/ca\/"},{"@type":"ListItem","position":2,"name":"Tradicions i festes"}]},{"@type":"WebSite","@id":"https:\/\/portelldemorella.org\/#website","url":"https:\/\/portelldemorella.org\/","name":"Portell de Morella","description":"Web del Ayuntamiento de Portell de Morella","publisher":{"@id":"https:\/\/portelldemorella.org\/#organization"},"potentialAction":[{"@type":"SearchAction","target":{"@type":"EntryPoint","urlTemplate":"https:\/\/portelldemorella.org\/?s={search_term_string}"},"query-input":{"@type":"PropertyValueSpecification","valueRequired":true,"valueName":"search_term_string"}}],"inLanguage":"ca"},{"@type":"Organization","@id":"https:\/\/portelldemorella.org\/#organization","name":"Portell de Morella","url":"https:\/\/portelldemorella.org\/","logo":{"@type":"ImageObject","inLanguage":"ca","@id":"https:\/\/portelldemorella.org\/#\/schema\/logo\/image\/","url":"https:\/\/portelldemorella.org\/wp-content\/uploads\/2020\/11\/Escudo-Portell-04.jpg","contentUrl":"https:\/\/portelldemorella.org\/wp-content\/uploads\/2020\/11\/Escudo-Portell-04.jpg","width":1001,"height":394,"caption":"Portell de Morella"},"image":{"@id":"https:\/\/portelldemorella.org\/#\/schema\/logo\/image\/"}}]}},"_links":{"self":[{"href":"https:\/\/portelldemorella.org\/ca\/wp-json\/wp\/v2\/pages\/5744","targetHints":{"allow":["GET"]}}],"collection":[{"href":"https:\/\/portelldemorella.org\/ca\/wp-json\/wp\/v2\/pages"}],"about":[{"href":"https:\/\/portelldemorella.org\/ca\/wp-json\/wp\/v2\/types\/page"}],"author":[{"embeddable":true,"href":"https:\/\/portelldemorella.org\/ca\/wp-json\/wp\/v2\/users\/1"}],"replies":[{"embeddable":true,"href":"https:\/\/portelldemorella.org\/ca\/wp-json\/wp\/v2\/comments?post=5744"}],"version-history":[{"count":24,"href":"https:\/\/portelldemorella.org\/ca\/wp-json\/wp\/v2\/pages\/5744\/revisions"}],"predecessor-version":[{"id":7708,"href":"https:\/\/portelldemorella.org\/ca\/wp-json\/wp\/v2\/pages\/5744\/revisions\/7708"}],"wp:attachment":[{"href":"https:\/\/portelldemorella.org\/ca\/wp-json\/wp\/v2\/media?parent=5744"}],"curies":[{"name":"wp","href":"https:\/\/api.w.org\/{rel}","templated":true}]}}