{"id":6013,"date":"2021-07-09T09:18:00","date_gmt":"2021-07-09T09:18:00","guid":{"rendered":"https:\/\/portelldemorella.org\/?page_id=6013"},"modified":"2021-07-12T11:17:54","modified_gmt":"2021-07-12T11:17:54","slug":"corporacio-municipal","status":"publish","type":"page","link":"https:\/\/portelldemorella.org\/ca\/corporacio-municipal\/","title":{"rendered":"Corporaci\u00f3 municipal"},"content":{"rendered":"\t\t<div data-elementor-type=\"wp-page\" data-elementor-id=\"6013\" class=\"elementor elementor-6013\">\n\t\t\t\t\t\t<section class=\"elementor-section elementor-top-section elementor-element elementor-element-58b71be elementor-section-boxed elementor-section-height-default elementor-section-height-default\" data-id=\"58b71be\" data-element_type=\"section\">\n\t\t\t\t\t\t<div class=\"elementor-container elementor-column-gap-default\">\n\t\t\t\t\t<div class=\"elementor-column elementor-col-50 elementor-top-column elementor-element elementor-element-ec1b4c9\" data-id=\"ec1b4c9\" data-element_type=\"column\">\n\t\t\t<div class=\"elementor-widget-wrap elementor-element-populated\">\n\t\t\t\t\t\t<div class=\"elementor-element elementor-element-60d224d elementor-arrows-position-inside elementor-pagination-position-outside elementor-widget elementor-widget-image-carousel\" data-id=\"60d224d\" data-element_type=\"widget\" data-settings=\"{&quot;navigation&quot;:&quot;both&quot;,&quot;autoplay&quot;:&quot;yes&quot;,&quot;pause_on_hover&quot;:&quot;yes&quot;,&quot;pause_on_interaction&quot;:&quot;yes&quot;,&quot;autoplay_speed&quot;:5000,&quot;infinite&quot;:&quot;yes&quot;,&quot;speed&quot;:500}\" data-widget_type=\"image-carousel.default\">\n\t\t\t\t<div class=\"elementor-widget-container\">\n\t\t\t\t\t<div class=\"elementor-image-carousel-wrapper swiper\" dir=\"ltr\">\n\t\t\t<div class=\"elementor-image-carousel swiper-wrapper\" aria-live=\"off\">\n\t\t\t\t\t\t\t\t<div class=\"swiper-slide\" role=\"group\" aria-roledescription=\"slide\" aria-label=\"1 de 1\"><a data-elementor-open-lightbox=\"yes\" data-elementor-lightbox-slideshow=\"60d224d\" data-elementor-lightbox-title=\"Corporaci\u00f3n municipal Portell\" data-e-action-hash=\"#elementor-action%3Aaction%3Dlightbox%26settings%3DeyJpZCI6NjAxNywidXJsIjoiaHR0cHM6XC9cL3BvcnRlbGxkZW1vcmVsbGEub3JnXC93cC1jb250ZW50XC91cGxvYWRzXC8yMDIwXC8wN1wvQ29ycG9yYWNpb24tbXVuaWNpcGFsLVBvcnRlbGwuanBnIiwic2xpZGVzaG93IjoiNjBkMjI0ZCJ9\" href=\"https:\/\/portelldemorella.org\/wp-content\/uploads\/2020\/07\/Corporacion-municipal-Portell.jpg\"><figure class=\"swiper-slide-inner\"><img decoding=\"async\" class=\"swiper-slide-image\" src=\"https:\/\/portelldemorella.org\/wp-content\/uploads\/2020\/07\/Corporacion-municipal-Portell.jpg\" alt=\"Corporaci\u00f3n municipal Portell\" \/><\/figure><\/a><\/div>\t\t\t<\/div>\n\t\t\t\t\t<\/div>\n\t\t\t\t<\/div>\n\t\t\t\t<\/div>\n\t\t\t\t\t<\/div>\n\t\t<\/div>\n\t\t\t\t<div class=\"elementor-column elementor-col-50 elementor-top-column elementor-element elementor-element-37ed8b0\" data-id=\"37ed8b0\" data-element_type=\"column\">\n\t\t\t<div class=\"elementor-widget-wrap elementor-element-populated\">\n\t\t\t\t\t\t<div class=\"elementor-element elementor-element-3fcefdb elementor-widget elementor-widget-text-editor\" data-id=\"3fcefdb\" data-element_type=\"widget\" data-widget_type=\"text-editor.default\">\n\t\t\t\t<div class=\"elementor-widget-container\">\n\t\t\t\t\t\t\t<ul><li><span style=\"font-weight: 400;\"> \u00c1lvaro Ferrer Ferrer. Alcalde (PP)<br \/><\/span><\/li><li><span style=\"font-weight: 400;\"> Diego Agut G\u00f3mez. Regidor de Tercera Edat i Cultura (PP)<\/span><\/li><li><span style=\"font-weight: 400;\"> Alicia Mor Pons. Regidora d\u2019Hisenda, Sanitat, Benestar Social, Festes, Joventut i Associacions (PP)<\/span><\/li><li><span style=\"font-weight: 400;\"> Joan Morales Vilar. Regidor d\u2019Esports (PSOE)<\/span><\/li><li><span style=\"font-weight: 400;\"> Jos\u00e9 Maria Mar\u00edn Bell\u00e9s. Regidor d\u2019Agricultura, Medi Ambient i Desenvolupament Rural (PP)<\/span><\/li><\/ul><div id=\"mouseposition-extension-element-full-container\" style=\"position: fixed; inset: 0px; pointer-events: none; z-index: 2147483647; font-weight: 400;\"><div id=\"mouseposition-extension-element-rect-display\" style=\"display: none; position: absolute; background: rgba(255, 255, 255, 0.7); outline: black solid 1px; font-size: 12px; z-index: 2147483647; justify-content: center; align-items: center; user-select: none; cursor: default; color: #000000; font-family: 'Helvetica Neue', Helvetica, Arial, sans-serif; width: 0px; height: 0px;\"><pre style=\"flex: 1 1 0%; text-align: center; background-color: rgba(255, 255, 255, 0.7); color: #000000; min-width: 42px; min-height: 12px; transition: all 1s ease 0s;\">\u00a0<\/pre><\/div><pre id=\"mouseposition-extension-element-coordinate-display\" style=\"position: absolute; display: none; background: #ffffff; font-size: 12px; line-height: 14px; border-radius: 3px; border-width: 1px; border-color: #222222 black #333333; border-style: solid; padding: 3px; z-index: 2147483647; color: #222222; user-select: none; cursor: default; font-family: 'Helvetica Neue', Helvetica, Arial, sans-serif;\">\u00a0<\/pre><\/div>\t\t\t\t\t\t<\/div>\n\t\t\t\t<\/div>\n\t\t\t\t\t<\/div>\n\t\t<\/div>\n\t\t\t\t\t<\/div>\n\t\t<\/section>\n\t\t\t\t<\/div>\n\t\t","protected":false},"excerpt":{"rendered":"<p>\u00c1lvaro Ferrer Ferrer. Alcalde (PP) Diego Agut G\u00f3mez. Regidor de Tercera Edat i Cultura (PP) Alicia Mor Pons. Regidora d\u2019Hisenda, Sanitat, Benestar Social, Festes, Joventut i Associacions (PP) Joan Morales Vilar. Regidor d\u2019Esports (PSOE) Jos\u00e9 Maria Mar\u00edn Bell\u00e9s. Regidor d\u2019Agricultura, Medi Ambient i Desenvolupament Rural (PP) &nbsp; &nbsp;<\/p>\n","protected":false},"author":1,"featured_media":0,"parent":0,"menu_order":0,"comment_status":"closed","ping_status":"closed","template":"","meta":{"footnotes":""},"class_list":["post-6013","page","type-page","status-publish","hentry"],"yoast_head":"<!-- This site is optimized with the Yoast SEO plugin v24.4 - https:\/\/yoast.com\/wordpress\/plugins\/seo\/ -->\n<title>Corporaci\u00f3 municipal - Portell de Morella<\/title>\n<meta name=\"robots\" content=\"noindex, follow, max-snippet:-1, max-image-preview:large, max-video-preview:-1\" \/>\n<meta property=\"og:locale\" content=\"ca_ES\" \/>\n<meta property=\"og:type\" content=\"article\" \/>\n<meta property=\"og:title\" content=\"Corporaci\u00f3 municipal - Portell de Morella\" \/>\n<meta property=\"og:description\" content=\"\u00c1lvaro Ferrer Ferrer. Alcalde (PP) Diego Agut G\u00f3mez. Regidor de Tercera Edat i Cultura (PP) Alicia Mor Pons. Regidora d\u2019Hisenda, Sanitat, Benestar Social, Festes, Joventut i Associacions (PP) Joan Morales Vilar. Regidor d\u2019Esports (PSOE) Jos\u00e9 Maria Mar\u00edn Bell\u00e9s. Regidor d\u2019Agricultura, Medi Ambient i Desenvolupament Rural (PP) &nbsp; &nbsp;\" \/>\n<meta property=\"og:url\" content=\"https:\/\/portelldemorella.org\/ca\/corporacio-municipal\/\" \/>\n<meta property=\"og:site_name\" content=\"Portell de Morella\" \/>\n<meta property=\"article:modified_time\" content=\"2021-07-12T11:17:54+00:00\" \/>\n<meta property=\"og:image\" content=\"https:\/\/portelldemorella.org\/wp-content\/uploads\/2020\/07\/Corporacion-municipal-Portell.jpg\" \/>\n<meta name=\"twitter:card\" content=\"summary_large_image\" \/>\n<meta name=\"twitter:label1\" content=\"Temps estimat de lectura\" \/>\n\t<meta name=\"twitter:data1\" content=\"1 minut\" \/>\n<script type=\"application\/ld+json\" class=\"yoast-schema-graph\">{\"@context\":\"https:\/\/schema.org\",\"@graph\":[{\"@type\":\"WebPage\",\"@id\":\"https:\/\/portelldemorella.org\/ca\/corporacio-municipal\/\",\"url\":\"https:\/\/portelldemorella.org\/ca\/corporacio-municipal\/\",\"name\":\"Corporaci\u00f3 municipal - Portell de Morella\",\"isPartOf\":{\"@id\":\"https:\/\/portelldemorella.org\/#website\"},\"primaryImageOfPage\":{\"@id\":\"https:\/\/portelldemorella.org\/ca\/corporacio-municipal\/#primaryimage\"},\"image\":{\"@id\":\"https:\/\/portelldemorella.org\/ca\/corporacio-municipal\/#primaryimage\"},\"thumbnailUrl\":\"https:\/\/portelldemorella.org\/wp-content\/uploads\/2020\/07\/Corporacion-municipal-Portell.jpg\",\"datePublished\":\"2021-07-09T09:18:00+00:00\",\"dateModified\":\"2021-07-12T11:17:54+00:00\",\"breadcrumb\":{\"@id\":\"https:\/\/portelldemorella.org\/ca\/corporacio-municipal\/#breadcrumb\"},\"inLanguage\":\"ca\",\"potentialAction\":[{\"@type\":\"ReadAction\",\"target\":[\"https:\/\/portelldemorella.org\/ca\/corporacio-municipal\/\"]}]},{\"@type\":\"ImageObject\",\"inLanguage\":\"ca\",\"@id\":\"https:\/\/portelldemorella.org\/ca\/corporacio-municipal\/#primaryimage\",\"url\":\"https:\/\/portelldemorella.org\/wp-content\/uploads\/2020\/07\/Corporacion-municipal-Portell.jpg\",\"contentUrl\":\"https:\/\/portelldemorella.org\/wp-content\/uploads\/2020\/07\/Corporacion-municipal-Portell.jpg\"},{\"@type\":\"BreadcrumbList\",\"@id\":\"https:\/\/portelldemorella.org\/ca\/corporacio-municipal\/#breadcrumb\",\"itemListElement\":[{\"@type\":\"ListItem\",\"position\":1,\"name\":\"Portada\",\"item\":\"https:\/\/portelldemorella.org\/ca\/\"},{\"@type\":\"ListItem\",\"position\":2,\"name\":\"Corporaci\u00f3 municipal\"}]},{\"@type\":\"WebSite\",\"@id\":\"https:\/\/portelldemorella.org\/#website\",\"url\":\"https:\/\/portelldemorella.org\/\",\"name\":\"Portell de Morella\",\"description\":\"Web del Ayuntamiento de Portell de Morella\",\"publisher\":{\"@id\":\"https:\/\/portelldemorella.org\/#organization\"},\"potentialAction\":[{\"@type\":\"SearchAction\",\"target\":{\"@type\":\"EntryPoint\",\"urlTemplate\":\"https:\/\/portelldemorella.org\/?s={search_term_string}\"},\"query-input\":{\"@type\":\"PropertyValueSpecification\",\"valueRequired\":true,\"valueName\":\"search_term_string\"}}],\"inLanguage\":\"ca\"},{\"@type\":\"Organization\",\"@id\":\"https:\/\/portelldemorella.org\/#organization\",\"name\":\"Portell de Morella\",\"url\":\"https:\/\/portelldemorella.org\/\",\"logo\":{\"@type\":\"ImageObject\",\"inLanguage\":\"ca\",\"@id\":\"https:\/\/portelldemorella.org\/#\/schema\/logo\/image\/\",\"url\":\"https:\/\/portelldemorella.org\/wp-content\/uploads\/2020\/11\/Escudo-Portell-04.jpg\",\"contentUrl\":\"https:\/\/portelldemorella.org\/wp-content\/uploads\/2020\/11\/Escudo-Portell-04.jpg\",\"width\":1001,\"height\":394,\"caption\":\"Portell de Morella\"},\"image\":{\"@id\":\"https:\/\/portelldemorella.org\/#\/schema\/logo\/image\/\"}}]}<\/script>\n<!-- \/ Yoast SEO plugin. -->","yoast_head_json":{"title":"Corporaci\u00f3 municipal - Portell de Morella","robots":{"index":"noindex","follow":"follow","max-snippet":"max-snippet:-1","max-image-preview":"max-image-preview:large","max-video-preview":"max-video-preview:-1"},"og_locale":"ca_ES","og_type":"article","og_title":"Corporaci\u00f3 municipal - Portell de Morella","og_description":"\u00c1lvaro Ferrer Ferrer. Alcalde (PP) Diego Agut G\u00f3mez. Regidor de Tercera Edat i Cultura (PP) Alicia Mor Pons. Regidora d\u2019Hisenda, Sanitat, Benestar Social, Festes, Joventut i Associacions (PP) Joan Morales Vilar. Regidor d\u2019Esports (PSOE) Jos\u00e9 Maria Mar\u00edn Bell\u00e9s. Regidor d\u2019Agricultura, Medi Ambient i Desenvolupament Rural (PP) &nbsp; &nbsp;","og_url":"https:\/\/portelldemorella.org\/ca\/corporacio-municipal\/","og_site_name":"Portell de Morella","article_modified_time":"2021-07-12T11:17:54+00:00","og_image":[{"url":"https:\/\/portelldemorella.org\/wp-content\/uploads\/2020\/07\/Corporacion-municipal-Portell.jpg","type":"","width":"","height":""}],"twitter_card":"summary_large_image","twitter_misc":{"Temps estimat de lectura":"1 minut"},"schema":{"@context":"https:\/\/schema.org","@graph":[{"@type":"WebPage","@id":"https:\/\/portelldemorella.org\/ca\/corporacio-municipal\/","url":"https:\/\/portelldemorella.org\/ca\/corporacio-municipal\/","name":"Corporaci\u00f3 municipal - Portell de Morella","isPartOf":{"@id":"https:\/\/portelldemorella.org\/#website"},"primaryImageOfPage":{"@id":"https:\/\/portelldemorella.org\/ca\/corporacio-municipal\/#primaryimage"},"image":{"@id":"https:\/\/portelldemorella.org\/ca\/corporacio-municipal\/#primaryimage"},"thumbnailUrl":"https:\/\/portelldemorella.org\/wp-content\/uploads\/2020\/07\/Corporacion-municipal-Portell.jpg","datePublished":"2021-07-09T09:18:00+00:00","dateModified":"2021-07-12T11:17:54+00:00","breadcrumb":{"@id":"https:\/\/portelldemorella.org\/ca\/corporacio-municipal\/#breadcrumb"},"inLanguage":"ca","potentialAction":[{"@type":"ReadAction","target":["https:\/\/portelldemorella.org\/ca\/corporacio-municipal\/"]}]},{"@type":"ImageObject","inLanguage":"ca","@id":"https:\/\/portelldemorella.org\/ca\/corporacio-municipal\/#primaryimage","url":"https:\/\/portelldemorella.org\/wp-content\/uploads\/2020\/07\/Corporacion-municipal-Portell.jpg","contentUrl":"https:\/\/portelldemorella.org\/wp-content\/uploads\/2020\/07\/Corporacion-municipal-Portell.jpg"},{"@type":"BreadcrumbList","@id":"https:\/\/portelldemorella.org\/ca\/corporacio-municipal\/#breadcrumb","itemListElement":[{"@type":"ListItem","position":1,"name":"Portada","item":"https:\/\/portelldemorella.org\/ca\/"},{"@type":"ListItem","position":2,"name":"Corporaci\u00f3 municipal"}]},{"@type":"WebSite","@id":"https:\/\/portelldemorella.org\/#website","url":"https:\/\/portelldemorella.org\/","name":"Portell de Morella","description":"Web del Ayuntamiento de Portell de Morella","publisher":{"@id":"https:\/\/portelldemorella.org\/#organization"},"potentialAction":[{"@type":"SearchAction","target":{"@type":"EntryPoint","urlTemplate":"https:\/\/portelldemorella.org\/?s={search_term_string}"},"query-input":{"@type":"PropertyValueSpecification","valueRequired":true,"valueName":"search_term_string"}}],"inLanguage":"ca"},{"@type":"Organization","@id":"https:\/\/portelldemorella.org\/#organization","name":"Portell de Morella","url":"https:\/\/portelldemorella.org\/","logo":{"@type":"ImageObject","inLanguage":"ca","@id":"https:\/\/portelldemorella.org\/#\/schema\/logo\/image\/","url":"https:\/\/portelldemorella.org\/wp-content\/uploads\/2020\/11\/Escudo-Portell-04.jpg","contentUrl":"https:\/\/portelldemorella.org\/wp-content\/uploads\/2020\/11\/Escudo-Portell-04.jpg","width":1001,"height":394,"caption":"Portell de Morella"},"image":{"@id":"https:\/\/portelldemorella.org\/#\/schema\/logo\/image\/"}}]}},"_links":{"self":[{"href":"https:\/\/portelldemorella.org\/ca\/wp-json\/wp\/v2\/pages\/6013","targetHints":{"allow":["GET"]}}],"collection":[{"href":"https:\/\/portelldemorella.org\/ca\/wp-json\/wp\/v2\/pages"}],"about":[{"href":"https:\/\/portelldemorella.org\/ca\/wp-json\/wp\/v2\/types\/page"}],"author":[{"embeddable":true,"href":"https:\/\/portelldemorella.org\/ca\/wp-json\/wp\/v2\/users\/1"}],"replies":[{"embeddable":true,"href":"https:\/\/portelldemorella.org\/ca\/wp-json\/wp\/v2\/comments?post=6013"}],"version-history":[{"count":6,"href":"https:\/\/portelldemorella.org\/ca\/wp-json\/wp\/v2\/pages\/6013\/revisions"}],"predecessor-version":[{"id":6253,"href":"https:\/\/portelldemorella.org\/ca\/wp-json\/wp\/v2\/pages\/6013\/revisions\/6253"}],"wp:attachment":[{"href":"https:\/\/portelldemorella.org\/ca\/wp-json\/wp\/v2\/media?parent=6013"}],"curies":[{"name":"wp","href":"https:\/\/api.w.org\/{rel}","templated":true}]}}