{"id":6207,"date":"2021-07-12T10:51:54","date_gmt":"2021-07-12T10:51:54","guid":{"rendered":"https:\/\/portelldemorella.org\/?page_id=6207"},"modified":"2021-07-12T11:17:36","modified_gmt":"2021-07-12T11:17:36","slug":"politica-de-privacidad","status":"publish","type":"page","link":"https:\/\/portelldemorella.org\/ca\/politica-de-privacidad\/","title":{"rendered":"Pol\u00edtica de privacidad"},"content":{"rendered":"\n<p>En el&nbsp;<strong>Ayuntamiento de Ayuntamiento de Portell de Morella<\/strong>&nbsp;estamos comprometidos con la protecci\u00f3n de la privacidad y el uso correcto de los datos personales. Es por esto que, la presente Pol\u00edtica de Privacidad tiene como objeto informar acerca del tratamiento de datos de car\u00e1cter personal que, el&nbsp;<strong>Ayuntamiento de Ayuntamiento de Portell de Morella<\/strong>, efect\u00faa en este sitio web, sede electr\u00f3nica y en cualquiera de sus subdominios, microsites y\/o aplicaciones m\u00f3viles).<strong>\u00bfQui\u00e9n es el Responsable del tratamiento de sus datos personales?<\/strong><\/p>\n\n\n\n<p>El&nbsp;<strong>Ayuntamiento de Ayuntamiento de Portell de Morella<\/strong>&nbsp;es quien ostenta la condici\u00f3n de Responsable de Tratamiento, estando asesorado y supervisado para la adecuada protecci\u00f3n por nuestro Delegado de Delegado de Protecci\u00f3n de Datos.<strong>\u00bfPara que tratamos tus datos personales de contacto?<\/strong><\/p>\n\n\n\n<p>Los datos que se nos facilitan, as\u00ed como cualesquiera otros generados durante el desarrollo de la relaci\u00f3n con la persona ciudadana\/interesada, los podemos tratar para distintas finalidades en funci\u00f3n de los servicios municipales que sean objeto de prestaci\u00f3n y, en todo caso, para mantener el contacto y la comunicaci\u00f3n con \u00e9sta y gestionar la prestaci\u00f3n de los servicios demandados \/o prestados por este Ayuntamiento. En su caso, finalidades m\u00e1s expl\u00edcitas y concretas pueden indicarse en las cl\u00e1usulas informativas incorporadas en cada una de las v\u00edas de toma de datos (formularios web, formularios en papel, locuciones o carteles y notas informativas) para supuestos concretos.<strong>\u00bfCu\u00e1l es la base jur\u00eddica que legitima el tratamiento de sus datos personales? Es decir \u00bfqu\u00e9 condici\u00f3n fundamenta o habilita el que podamos tratar sus datos personales?<\/strong><\/p>\n\n\n\n<p>La base jur\u00eddica que nos legitima para el tratamiento de tus datos puede ser diversa: en unos casos puede ser el consentimiento de las personas interesadas, en otros el cumplimiento de una obligaci\u00f3n legal por nuestra parte, en otros el cumplimiento por el Ayuntamiento de una misi\u00f3n realizada en inter\u00e9s p\u00fablico o en ejercicio de Poderes P\u00fablicos, en otros la protecci\u00f3n de intereses vitales y en otros la ejecuci\u00f3n de un contrato.<\/p>\n\n\n\n<p>La aportaci\u00f3n de los datos solicitados es obligatoria por ser imprescindibles para atender su petici\u00f3n y\/o prestar nuestros servicios; si no los facilita, no podremos llevarla a cabo o prestarlos.<\/p>\n\n\n\n<p>Cuando el tratamiento se base en su consentimiento, el mismo se entender\u00e1 otorgado de forma inequ\u00edvoca, consider\u00e1ndose dicha aportaci\u00f3n un acto afirmativo claro por su parte, que manifiesta dicho consentimiento.<strong>\u00bfPor cu\u00e1nto tiempo conservamos sus datos personales?<\/strong><\/p>\n\n\n\n<p>En general, los datos personales que se nos facilitan los conservaremos para mantener un historial de atenci\u00f3n y gestionar nuestros servicios de forma eficiente, siempre y cuando el ciudadano no solicite la supresi\u00f3n de sus datos. Incluso solicitada la supresi\u00f3n, se mantendr\u00e1n bloqueados durante el tiempo necesario, y limitando su tratamiento, \u00fanicamente para alguno de estos supuestos: cumplir con las obligaciones legales\/contractuales de cualquier tipo a que estemos sometidos y\/o durante los plazos legales previstos para la prescripci\u00f3n de cualesquiera responsabilidades por nuestra parte y\/o el ejercicio o la defensa de reclamaciones derivadas de la relaci\u00f3n mantenida con la persona ciudadana\/interesada.<strong>\u00bfQui\u00e9nes pueden ser cesionarios o destinatarios de tus datos personales?<\/strong><\/p>\n\n\n\n<p>Los datos que nos proporciona podr\u00e1n ser comunicados a terceras entidades para el cumplimiento de fines directamente relacionados con funciones leg\u00edtimas de persona cedente y persona cesionaria, como a las entidades u organismos a los que exista obligaci\u00f3n legal de realizar comunicaciones de datos, entidades u organizaciones p\u00fablicas o privadas con las que lleguemos a acuerdos para desarrollar proyectos, sociales, culturales o deportivos o acuerdos de colaboraci\u00f3n, etc.<strong>\u00bfCu\u00e1les son sus derechos en protecci\u00f3n de datos y c\u00f3mo puede ejercerlos?<\/strong><\/p>\n\n\n\n<p>Para ejercitar sus derechos en protecci\u00f3n de datos podr\u00e1 formular una solicitud ante cualquiera de los puntos de registro de entrada del Ayuntamiento, en l\u00ednea a trav\u00e9s de la&nbsp;Sede Electr\u00f3nica del mismo, as\u00ed como en la direcci\u00f3n de correo electr\u00f3nico info@portelldemorella.esA estos efectos y para m\u00e1s informaci\u00f3n, puede informarse llamando al tel\u00e9fono.<\/p>\n\n\n\n<p>En todo caso, podr\u00e1, igualmente, formular reclamaciones ante la&nbsp;<a href=\"https:\/\/www.aepd.es\/\" target=\"_blank\" rel=\"noreferrer noopener\">Agencia Espa\u00f1ola de Protecci\u00f3n de datos<\/a>.<\/p>\n\n\n\n<p>Ayuntamiento de Portell de Morella<br>Mayor, 8<br>Tel: 964 178 779<br>email: info@portelldemorella.es<br>Sede Electr\u00f3nica: https:\/\/portelldemorella.sedelectronica.es<br>Delegado de Proteccion de Datos: dpd@dipcas.es<\/p>\n","protected":false},"excerpt":{"rendered":"<p>En el&nbsp;Ayuntamiento de Ayuntamiento de Portell de Morella&nbsp;estamos comprometidos con la protecci\u00f3n de la privacidad y el uso correcto de los datos personales. Es por esto que, la presente Pol\u00edtica de Privacidad tiene como objeto informar acerca del tratamiento de datos de car\u00e1cter personal que, el&nbsp;Ayuntamiento de Ayuntamiento de Portell de Morella, efect\u00faa en este [&hellip;]<\/p>\n","protected":false},"author":1,"featured_media":0,"parent":0,"menu_order":0,"comment_status":"closed","ping_status":"closed","template":"","meta":{"footnotes":""},"class_list":["post-6207","page","type-page","status-publish","hentry"],"yoast_head":"<!-- This site is optimized with the Yoast SEO plugin v24.4 - https:\/\/yoast.com\/wordpress\/plugins\/seo\/ -->\n<title>Pol\u00edtica de privacidad - Portell de Morella<\/title>\n<meta name=\"robots\" content=\"noindex, follow, max-snippet:-1, max-image-preview:large, max-video-preview:-1\" \/>\n<meta property=\"og:locale\" content=\"ca_ES\" \/>\n<meta property=\"og:type\" content=\"article\" \/>\n<meta property=\"og:title\" content=\"Pol\u00edtica de privacidad - Portell de Morella\" \/>\n<meta property=\"og:description\" content=\"En el&nbsp;Ayuntamiento de Ayuntamiento de Portell de Morella&nbsp;estamos comprometidos con la protecci\u00f3n de la privacidad y el uso correcto de los datos personales. Es por esto que, la presente Pol\u00edtica de Privacidad tiene como objeto informar acerca del tratamiento de datos de car\u00e1cter personal que, el&nbsp;Ayuntamiento de Ayuntamiento de Portell de Morella, efect\u00faa en este [&hellip;]\" \/>\n<meta property=\"og:url\" content=\"https:\/\/portelldemorella.org\/ca\/politica-de-privacidad\/\" \/>\n<meta property=\"og:site_name\" content=\"Portell de Morella\" \/>\n<meta property=\"article:modified_time\" content=\"2021-07-12T11:17:36+00:00\" \/>\n<meta name=\"twitter:card\" content=\"summary_large_image\" \/>\n<meta name=\"twitter:label1\" content=\"Temps estimat de lectura\" \/>\n\t<meta name=\"twitter:data1\" content=\"3 minuts\" \/>\n<script type=\"application\/ld+json\" class=\"yoast-schema-graph\">{\"@context\":\"https:\/\/schema.org\",\"@graph\":[{\"@type\":\"WebPage\",\"@id\":\"https:\/\/portelldemorella.org\/ca\/politica-de-privacidad\/\",\"url\":\"https:\/\/portelldemorella.org\/ca\/politica-de-privacidad\/\",\"name\":\"Pol\u00edtica de privacidad - Portell de Morella\",\"isPartOf\":{\"@id\":\"https:\/\/portelldemorella.org\/#website\"},\"datePublished\":\"2021-07-12T10:51:54+00:00\",\"dateModified\":\"2021-07-12T11:17:36+00:00\",\"breadcrumb\":{\"@id\":\"https:\/\/portelldemorella.org\/ca\/politica-de-privacidad\/#breadcrumb\"},\"inLanguage\":\"ca\",\"potentialAction\":[{\"@type\":\"ReadAction\",\"target\":[\"https:\/\/portelldemorella.org\/ca\/politica-de-privacidad\/\"]}]},{\"@type\":\"BreadcrumbList\",\"@id\":\"https:\/\/portelldemorella.org\/ca\/politica-de-privacidad\/#breadcrumb\",\"itemListElement\":[{\"@type\":\"ListItem\",\"position\":1,\"name\":\"Portada\",\"item\":\"https:\/\/portelldemorella.org\/ca\/\"},{\"@type\":\"ListItem\",\"position\":2,\"name\":\"Pol\u00edtica de privacidad\"}]},{\"@type\":\"WebSite\",\"@id\":\"https:\/\/portelldemorella.org\/#website\",\"url\":\"https:\/\/portelldemorella.org\/\",\"name\":\"Portell de Morella\",\"description\":\"Web del Ayuntamiento de Portell de Morella\",\"publisher\":{\"@id\":\"https:\/\/portelldemorella.org\/#organization\"},\"potentialAction\":[{\"@type\":\"SearchAction\",\"target\":{\"@type\":\"EntryPoint\",\"urlTemplate\":\"https:\/\/portelldemorella.org\/?s={search_term_string}\"},\"query-input\":{\"@type\":\"PropertyValueSpecification\",\"valueRequired\":true,\"valueName\":\"search_term_string\"}}],\"inLanguage\":\"ca\"},{\"@type\":\"Organization\",\"@id\":\"https:\/\/portelldemorella.org\/#organization\",\"name\":\"Portell de Morella\",\"url\":\"https:\/\/portelldemorella.org\/\",\"logo\":{\"@type\":\"ImageObject\",\"inLanguage\":\"ca\",\"@id\":\"https:\/\/portelldemorella.org\/#\/schema\/logo\/image\/\",\"url\":\"https:\/\/portelldemorella.org\/wp-content\/uploads\/2020\/11\/Escudo-Portell-04.jpg\",\"contentUrl\":\"https:\/\/portelldemorella.org\/wp-content\/uploads\/2020\/11\/Escudo-Portell-04.jpg\",\"width\":1001,\"height\":394,\"caption\":\"Portell de Morella\"},\"image\":{\"@id\":\"https:\/\/portelldemorella.org\/#\/schema\/logo\/image\/\"}}]}<\/script>\n<!-- \/ Yoast SEO plugin. -->","yoast_head_json":{"title":"Pol\u00edtica de privacidad - Portell de Morella","robots":{"index":"noindex","follow":"follow","max-snippet":"max-snippet:-1","max-image-preview":"max-image-preview:large","max-video-preview":"max-video-preview:-1"},"og_locale":"ca_ES","og_type":"article","og_title":"Pol\u00edtica de privacidad - Portell de Morella","og_description":"En el&nbsp;Ayuntamiento de Ayuntamiento de Portell de Morella&nbsp;estamos comprometidos con la protecci\u00f3n de la privacidad y el uso correcto de los datos personales. Es por esto que, la presente Pol\u00edtica de Privacidad tiene como objeto informar acerca del tratamiento de datos de car\u00e1cter personal que, el&nbsp;Ayuntamiento de Ayuntamiento de Portell de Morella, efect\u00faa en este [&hellip;]","og_url":"https:\/\/portelldemorella.org\/ca\/politica-de-privacidad\/","og_site_name":"Portell de Morella","article_modified_time":"2021-07-12T11:17:36+00:00","twitter_card":"summary_large_image","twitter_misc":{"Temps estimat de lectura":"3 minuts"},"schema":{"@context":"https:\/\/schema.org","@graph":[{"@type":"WebPage","@id":"https:\/\/portelldemorella.org\/ca\/politica-de-privacidad\/","url":"https:\/\/portelldemorella.org\/ca\/politica-de-privacidad\/","name":"Pol\u00edtica de privacidad - Portell de Morella","isPartOf":{"@id":"https:\/\/portelldemorella.org\/#website"},"datePublished":"2021-07-12T10:51:54+00:00","dateModified":"2021-07-12T11:17:36+00:00","breadcrumb":{"@id":"https:\/\/portelldemorella.org\/ca\/politica-de-privacidad\/#breadcrumb"},"inLanguage":"ca","potentialAction":[{"@type":"ReadAction","target":["https:\/\/portelldemorella.org\/ca\/politica-de-privacidad\/"]}]},{"@type":"BreadcrumbList","@id":"https:\/\/portelldemorella.org\/ca\/politica-de-privacidad\/#breadcrumb","itemListElement":[{"@type":"ListItem","position":1,"name":"Portada","item":"https:\/\/portelldemorella.org\/ca\/"},{"@type":"ListItem","position":2,"name":"Pol\u00edtica de privacidad"}]},{"@type":"WebSite","@id":"https:\/\/portelldemorella.org\/#website","url":"https:\/\/portelldemorella.org\/","name":"Portell de Morella","description":"Web del Ayuntamiento de Portell de Morella","publisher":{"@id":"https:\/\/portelldemorella.org\/#organization"},"potentialAction":[{"@type":"SearchAction","target":{"@type":"EntryPoint","urlTemplate":"https:\/\/portelldemorella.org\/?s={search_term_string}"},"query-input":{"@type":"PropertyValueSpecification","valueRequired":true,"valueName":"search_term_string"}}],"inLanguage":"ca"},{"@type":"Organization","@id":"https:\/\/portelldemorella.org\/#organization","name":"Portell de Morella","url":"https:\/\/portelldemorella.org\/","logo":{"@type":"ImageObject","inLanguage":"ca","@id":"https:\/\/portelldemorella.org\/#\/schema\/logo\/image\/","url":"https:\/\/portelldemorella.org\/wp-content\/uploads\/2020\/11\/Escudo-Portell-04.jpg","contentUrl":"https:\/\/portelldemorella.org\/wp-content\/uploads\/2020\/11\/Escudo-Portell-04.jpg","width":1001,"height":394,"caption":"Portell de Morella"},"image":{"@id":"https:\/\/portelldemorella.org\/#\/schema\/logo\/image\/"}}]}},"_links":{"self":[{"href":"https:\/\/portelldemorella.org\/ca\/wp-json\/wp\/v2\/pages\/6207","targetHints":{"allow":["GET"]}}],"collection":[{"href":"https:\/\/portelldemorella.org\/ca\/wp-json\/wp\/v2\/pages"}],"about":[{"href":"https:\/\/portelldemorella.org\/ca\/wp-json\/wp\/v2\/types\/page"}],"author":[{"embeddable":true,"href":"https:\/\/portelldemorella.org\/ca\/wp-json\/wp\/v2\/users\/1"}],"replies":[{"embeddable":true,"href":"https:\/\/portelldemorella.org\/ca\/wp-json\/wp\/v2\/comments?post=6207"}],"version-history":[{"count":1,"href":"https:\/\/portelldemorella.org\/ca\/wp-json\/wp\/v2\/pages\/6207\/revisions"}],"predecessor-version":[{"id":6210,"href":"https:\/\/portelldemorella.org\/ca\/wp-json\/wp\/v2\/pages\/6207\/revisions\/6210"}],"wp:attachment":[{"href":"https:\/\/portelldemorella.org\/ca\/wp-json\/wp\/v2\/media?parent=6207"}],"curies":[{"name":"wp","href":"https:\/\/api.w.org\/{rel}","templated":true}]}}