{"id":6735,"date":"2021-10-06T11:35:46","date_gmt":"2021-10-06T11:35:46","guid":{"rendered":"https:\/\/portelldemorella.org\/?page_id=6735"},"modified":"2022-11-17T11:21:59","modified_gmt":"2022-11-17T11:21:59","slug":"noticies","status":"publish","type":"page","link":"https:\/\/portelldemorella.org\/ca\/noticies\/","title":{"rendered":"Not\u00edcies"},"content":{"rendered":"\t\t<div data-elementor-type=\"wp-page\" data-elementor-id=\"6735\" class=\"elementor elementor-6735\">\n\t\t\t\t\t\t<section class=\"elementor-section elementor-top-section elementor-element elementor-element-cbc04df elementor-section-boxed elementor-section-height-default elementor-section-height-default\" data-id=\"cbc04df\" data-element_type=\"section\">\n\t\t\t\t\t\t<div class=\"elementor-container elementor-column-gap-default\">\n\t\t\t\t\t<div class=\"elementor-column elementor-col-100 elementor-top-column elementor-element elementor-element-5a10d19\" data-id=\"5a10d19\" data-element_type=\"column\">\n\t\t\t<div class=\"elementor-widget-wrap elementor-element-populated\">\n\t\t\t\t\t\t<div class=\"elementor-element elementor-element-1a22ddb elementor-widget elementor-widget-text-editor\" data-id=\"1a22ddb\" data-element_type=\"widget\" data-widget_type=\"text-editor.default\">\n\t\t\t\t<div class=\"elementor-widget-container\">\n\t\t\t\t\t\t\t<h2>Noticies en Portell de Morella<\/h2>\t\t\t\t\t\t<\/div>\n\t\t\t\t<\/div>\n\t\t\t\t<div class=\"elementor-element elementor-element-4dc5d1c elementor-widget elementor-widget-spacer\" data-id=\"4dc5d1c\" data-element_type=\"widget\" data-widget_type=\"spacer.default\">\n\t\t\t\t<div class=\"elementor-widget-container\">\n\t\t\t\t\t<div class=\"elementor-spacer\">\n\t\t\t<div class=\"elementor-spacer-inner\"><\/div>\n\t\t<\/div>\n\t\t\t\t<\/div>\n\t\t\t\t<\/div>\n\t\t\t\t<div class=\"elementor-element elementor-element-4efbbf1 elementor-widget elementor-widget-ova_blog\" data-id=\"4efbbf1\" data-element_type=\"widget\" data-widget_type=\"ova_blog.default\">\n\t\t\t\t<div class=\"elementor-widget-container\">\n\t\t\t\n\t\t<div class=\"ova-blog blog-grid grid_medium\">\n\t\t\t<div class=\"ova-wrap-grid\">\n\t\t\t\t\t\t\t<article class=\"post-wrap\">\n\t\t\t\t\t<div class=\"wrap-article\">\n\t\t\t\t\t\t<div class=\"post-media\">\n\t\t\t\t\t\t\t\t\t\t\t\t\t\t\t<a href=\"https:\/\/portelldemorella.org\/ca\/portell-viura-la-romeria-a-sant-marc-el-25-dabril\/\">\n\n\t\t\t\t\t\t\t\t\t<img decoding=\"async\" alt=\"Portell viur\u00e0 la romeria a Sant Marc el 25 d&#8217;abril\" src=\"https:\/\/portelldemorella.org\/wp-content\/uploads\/2026\/04\/Portell-viura-la-romeria-a-Sant-Marc-el-25-dabril-448x560.jpg\" \n\t\t\t\t\t\t\t\t\t\t\t\n\t\t\t\t\t\t\t\t\t\t\tsrcset=\"https:\/\/portelldemorella.org\/wp-content\/uploads\/2026\/04\/Portell-viura-la-romeria-a-Sant-Marc-el-25-dabril-448x560.jpg 560w,\n\t\t\t\t\t\t\t\t\t\t\thttps:\/\/portelldemorella.org\/wp-content\/uploads\/2026\/04\/Portell-viura-la-romeria-a-Sant-Marc-el-25-dabril-240x300.jpg 300w\" \n\t\t\t\t\t\t\t\t\t\t\tsizes=\"(max-width: 767px) 100vw, 560px\" >\n\t\t\t\t\t\t\t\t<\/a>\n\t\t\t\t\t\t\t\t\t\t\t\t\t<\/div>\n\t\t\t\t\t\t<div class=\"evgovt-content\">\n\t\t\t\t\t\t\t\t\t\t\t\t\t\t<div class=\"post-meta-date\">\n\t\t\t\t\t\t\t\t<span class=\"post-meta-content-date\">\n\t\t\t\t\t\t\t\t    <span class=\" post-date\">\n\t\t\t\t\t\t\t\t        <span class=\"right second_font\">abril 15, 2026<\/span>\n\t\t\t\t\t\t\t\t    <\/span>\n\t\t\t\t\t\t\t\t<\/span>\n\t\t\t\t\t\t\t<\/div>\n\t\t\t\t\t\t\t\n\t\t\t\t\t\t\t\t\t\t\t\t\t\t\t\t\t\t\t\t\t<div class=\"post-title\">\n\t\t\t\t\t\t\t\t<h2 class=\"post-title\">\n\t\t\t\t\t\t\t        <a href=\"https:\/\/portelldemorella.org\/ca\/portell-viura-la-romeria-a-sant-marc-el-25-dabril\/\" rel=\"bookmark\" title=\"Portell viur\u00e0 la romeria a Sant Marc el 25 d&#8217;abril\">\n\t\t\t\t\t\t\t          Portell viur\u00e0 la romeria a Sant Marc el 25 d&#8217;abril\t\t\t\t\t\t\t        <\/a>\n\t\t\t\t\t\t\t      <\/h2>\n\t\t\t\t\t\t\t<\/div>\n\t\t\t\t\t\t\t\t\t\t\t\t\t\t\t\t\t\t\t\t\t<div class=\"post-footer\">\n\t\t\t\t\t\t\t\t<div class=\"egovt-post-readmore\">\n\t\t\t\t\t\t\t\t    <a class=\"btn-readmore second_font\" href=\"https:\/\/portelldemorella.org\/ca\/portell-viura-la-romeria-a-sant-marc-el-25-dabril\/\">\n\t\t\t\t\t\t\t\t    \tContinuar llegint\t\t\t\t\t\t\t\t    \t<i data-feather=\"arrow-right\"><\/i>\n\t\t\t\t\t\t\t\t    <\/a>\n\t\t\t\t\t\t\t\t<\/div>\n\t\t\t\t\t\t\t<\/div>\n\t\t\t\t\t\t\t\t\t\t\t\t\t<\/div>\n\t\t\t\t\t<\/div>\n\t\t\t\t<\/article>\n\t\t\t\t\t\t\t<article class=\"post-wrap\">\n\t\t\t\t\t<div class=\"wrap-article\">\n\t\t\t\t\t\t<div class=\"post-media\">\n\t\t\t\t\t\t\t\t\t\t\t\t\t\t\t<a href=\"https:\/\/portelldemorella.org\/ca\/santa-agueda-reuneix-mes-de-mig-centenar-de-dones-en-portell\/\">\n\n\t\t\t\t\t\t\t\t\t<img decoding=\"async\" alt=\"Santa \u00c0gueda reuneix m\u00e9s de mig centenar de dones en Portell\" src=\"https:\/\/portelldemorella.org\/wp-content\/uploads\/2026\/03\/Santa-Agueda-reuneix-mes-de-mig-centenar-de-dones-en-Portell-560x420.jpeg\" \n\t\t\t\t\t\t\t\t\t\t\t\n\t\t\t\t\t\t\t\t\t\t\tsrcset=\"https:\/\/portelldemorella.org\/wp-content\/uploads\/2026\/03\/Santa-Agueda-reuneix-mes-de-mig-centenar-de-dones-en-Portell-560x420.jpeg 560w,\n\t\t\t\t\t\t\t\t\t\t\thttps:\/\/portelldemorella.org\/wp-content\/uploads\/2026\/03\/Santa-Agueda-reuneix-mes-de-mig-centenar-de-dones-en-Portell-300x225.jpeg 300w\" \n\t\t\t\t\t\t\t\t\t\t\tsizes=\"(max-width: 767px) 100vw, 560px\" >\n\t\t\t\t\t\t\t\t<\/a>\n\t\t\t\t\t\t\t\t\t\t\t\t\t<\/div>\n\t\t\t\t\t\t<div class=\"evgovt-content\">\n\t\t\t\t\t\t\t\t\t\t\t\t\t\t<div class=\"post-meta-date\">\n\t\t\t\t\t\t\t\t<span class=\"post-meta-content-date\">\n\t\t\t\t\t\t\t\t    <span class=\" post-date\">\n\t\t\t\t\t\t\t\t        <span class=\"right second_font\">mar\u00e7 6, 2026<\/span>\n\t\t\t\t\t\t\t\t    <\/span>\n\t\t\t\t\t\t\t\t<\/span>\n\t\t\t\t\t\t\t<\/div>\n\t\t\t\t\t\t\t\n\t\t\t\t\t\t\t\t\t\t\t\t\t\t\t\t\t\t\t\t\t<div class=\"post-title\">\n\t\t\t\t\t\t\t\t<h2 class=\"post-title\">\n\t\t\t\t\t\t\t        <a href=\"https:\/\/portelldemorella.org\/ca\/santa-agueda-reuneix-mes-de-mig-centenar-de-dones-en-portell\/\" rel=\"bookmark\" title=\"Santa \u00c0gueda reuneix m\u00e9s de mig centenar de dones en Portell\">\n\t\t\t\t\t\t\t          Santa \u00c0gueda reuneix m\u00e9s de mig centenar de dones en Portell\t\t\t\t\t\t\t        <\/a>\n\t\t\t\t\t\t\t      <\/h2>\n\t\t\t\t\t\t\t<\/div>\n\t\t\t\t\t\t\t\t\t\t\t\t\t\t\t\t\t\t\t\t\t<div class=\"post-footer\">\n\t\t\t\t\t\t\t\t<div class=\"egovt-post-readmore\">\n\t\t\t\t\t\t\t\t    <a class=\"btn-readmore second_font\" href=\"https:\/\/portelldemorella.org\/ca\/santa-agueda-reuneix-mes-de-mig-centenar-de-dones-en-portell\/\">\n\t\t\t\t\t\t\t\t    \tContinuar llegint\t\t\t\t\t\t\t\t    \t<i data-feather=\"arrow-right\"><\/i>\n\t\t\t\t\t\t\t\t    <\/a>\n\t\t\t\t\t\t\t\t<\/div>\n\t\t\t\t\t\t\t<\/div>\n\t\t\t\t\t\t\t\t\t\t\t\t\t<\/div>\n\t\t\t\t\t<\/div>\n\t\t\t\t<\/article>\n\t\t\t\t\t\t\t<article class=\"post-wrap\">\n\t\t\t\t\t<div class=\"wrap-article\">\n\t\t\t\t\t\t<div class=\"post-media\">\n\t\t\t\t\t\t\t\t\t\t\t\t\t\t\t<a href=\"https:\/\/portelldemorella.org\/ca\/portell-tanca-les-celebracions-de-sant-antoni-als-ports-amb-un-cap-de-setmana-festiu-i-participatiu\/\">\n\n\t\t\t\t\t\t\t\t\t<img decoding=\"async\" alt=\"Portell tanca les celebracions de Sant Antoni als Ports amb un cap de setmana festiu i participatiu\" src=\"https:\/\/portelldemorella.org\/wp-content\/uploads\/2026\/02\/Sant-Antoni-Portell-2026-4-560x373.jpg\" \n\t\t\t\t\t\t\t\t\t\t\t\n\t\t\t\t\t\t\t\t\t\t\tsrcset=\"https:\/\/portelldemorella.org\/wp-content\/uploads\/2026\/02\/Sant-Antoni-Portell-2026-4-560x373.jpg 560w,\n\t\t\t\t\t\t\t\t\t\t\thttps:\/\/portelldemorella.org\/wp-content\/uploads\/2026\/02\/Sant-Antoni-Portell-2026-4-300x200.jpg 300w\" \n\t\t\t\t\t\t\t\t\t\t\tsizes=\"(max-width: 767px) 100vw, 560px\" >\n\t\t\t\t\t\t\t\t<\/a>\n\t\t\t\t\t\t\t\t\t\t\t\t\t<\/div>\n\t\t\t\t\t\t<div class=\"evgovt-content\">\n\t\t\t\t\t\t\t\t\t\t\t\t\t\t<div class=\"post-meta-date\">\n\t\t\t\t\t\t\t\t<span class=\"post-meta-content-date\">\n\t\t\t\t\t\t\t\t    <span class=\" post-date\">\n\t\t\t\t\t\t\t\t        <span class=\"right second_font\">febrer 25, 2026<\/span>\n\t\t\t\t\t\t\t\t    <\/span>\n\t\t\t\t\t\t\t\t<\/span>\n\t\t\t\t\t\t\t<\/div>\n\t\t\t\t\t\t\t\n\t\t\t\t\t\t\t\t\t\t\t\t\t\t\t\t\t\t\t\t\t<div class=\"post-title\">\n\t\t\t\t\t\t\t\t<h2 class=\"post-title\">\n\t\t\t\t\t\t\t        <a href=\"https:\/\/portelldemorella.org\/ca\/portell-tanca-les-celebracions-de-sant-antoni-als-ports-amb-un-cap-de-setmana-festiu-i-participatiu\/\" rel=\"bookmark\" title=\"Portell tanca les celebracions de Sant Antoni als Ports amb un cap de setmana festiu i participatiu\">\n\t\t\t\t\t\t\t          Portell tanca les celebracions de Sant Antoni als Ports amb un cap de setmana festiu i participatiu\t\t\t\t\t\t\t        <\/a>\n\t\t\t\t\t\t\t      <\/h2>\n\t\t\t\t\t\t\t<\/div>\n\t\t\t\t\t\t\t\t\t\t\t\t\t\t\t\t\t\t\t\t\t<div class=\"post-footer\">\n\t\t\t\t\t\t\t\t<div class=\"egovt-post-readmore\">\n\t\t\t\t\t\t\t\t    <a class=\"btn-readmore second_font\" href=\"https:\/\/portelldemorella.org\/ca\/portell-tanca-les-celebracions-de-sant-antoni-als-ports-amb-un-cap-de-setmana-festiu-i-participatiu\/\">\n\t\t\t\t\t\t\t\t    \tContinuar llegint\t\t\t\t\t\t\t\t    \t<i data-feather=\"arrow-right\"><\/i>\n\t\t\t\t\t\t\t\t    <\/a>\n\t\t\t\t\t\t\t\t<\/div>\n\t\t\t\t\t\t\t<\/div>\n\t\t\t\t\t\t\t\t\t\t\t\t\t<\/div>\n\t\t\t\t\t<\/div>\n\t\t\t\t<\/article>\n\t\t\t\t\t\t\t<article class=\"post-wrap\">\n\t\t\t\t\t<div class=\"wrap-article\">\n\t\t\t\t\t\t<div class=\"post-media\">\n\t\t\t\t\t\t\t\t\t\t\t\t\t\t\t<a href=\"https:\/\/portelldemorella.org\/ca\/cinta-tena-treballadora-del-spap-de-portell-guanya-el-premi-explorador-andres-a-vilafranca\/\">\n\n\t\t\t\t\t\t\t\t\t<img decoding=\"async\" alt=\"Cinta Tena, treballadora del SPAP de Portell, guanya el Premi Explorador Andr\u00e9s a Vilafranca\" src=\"https:\/\/portelldemorella.org\/wp-content\/uploads\/2026\/02\/Cinta-Tenaexplorador-portell-448x560.jpg\" \n\t\t\t\t\t\t\t\t\t\t\t\n\t\t\t\t\t\t\t\t\t\t\tsrcset=\"https:\/\/portelldemorella.org\/wp-content\/uploads\/2026\/02\/Cinta-Tenaexplorador-portell-448x560.jpg 560w,\n\t\t\t\t\t\t\t\t\t\t\thttps:\/\/portelldemorella.org\/wp-content\/uploads\/2026\/02\/Cinta-Tenaexplorador-portell-240x300.jpg 300w\" \n\t\t\t\t\t\t\t\t\t\t\tsizes=\"(max-width: 767px) 100vw, 560px\" >\n\t\t\t\t\t\t\t\t<\/a>\n\t\t\t\t\t\t\t\t\t\t\t\t\t<\/div>\n\t\t\t\t\t\t<div class=\"evgovt-content\">\n\t\t\t\t\t\t\t\t\t\t\t\t\t\t<div class=\"post-meta-date\">\n\t\t\t\t\t\t\t\t<span class=\"post-meta-content-date\">\n\t\t\t\t\t\t\t\t    <span class=\" post-date\">\n\t\t\t\t\t\t\t\t        <span class=\"right second_font\">febrer 4, 2026<\/span>\n\t\t\t\t\t\t\t\t    <\/span>\n\t\t\t\t\t\t\t\t<\/span>\n\t\t\t\t\t\t\t<\/div>\n\t\t\t\t\t\t\t\n\t\t\t\t\t\t\t\t\t\t\t\t\t\t\t\t\t\t\t\t\t<div class=\"post-title\">\n\t\t\t\t\t\t\t\t<h2 class=\"post-title\">\n\t\t\t\t\t\t\t        <a href=\"https:\/\/portelldemorella.org\/ca\/cinta-tena-treballadora-del-spap-de-portell-guanya-el-premi-explorador-andres-a-vilafranca\/\" rel=\"bookmark\" title=\"Cinta Tena, treballadora del SPAP de Portell, guanya el Premi Explorador Andr\u00e9s a Vilafranca\">\n\t\t\t\t\t\t\t          Cinta Tena, treballadora del SPAP de Portell, guanya el Premi Explorador Andr\u00e9s a Vilafranca\t\t\t\t\t\t\t        <\/a>\n\t\t\t\t\t\t\t      <\/h2>\n\t\t\t\t\t\t\t<\/div>\n\t\t\t\t\t\t\t\t\t\t\t\t\t\t\t\t\t\t\t\t\t<div class=\"post-footer\">\n\t\t\t\t\t\t\t\t<div class=\"egovt-post-readmore\">\n\t\t\t\t\t\t\t\t    <a class=\"btn-readmore second_font\" href=\"https:\/\/portelldemorella.org\/ca\/cinta-tena-treballadora-del-spap-de-portell-guanya-el-premi-explorador-andres-a-vilafranca\/\">\n\t\t\t\t\t\t\t\t    \tContinuar llegint\t\t\t\t\t\t\t\t    \t<i data-feather=\"arrow-right\"><\/i>\n\t\t\t\t\t\t\t\t    <\/a>\n\t\t\t\t\t\t\t\t<\/div>\n\t\t\t\t\t\t\t<\/div>\n\t\t\t\t\t\t\t\t\t\t\t\t\t<\/div>\n\t\t\t\t\t<\/div>\n\t\t\t\t<\/article>\n\t\t\t\t\t\t\t<article class=\"post-wrap\">\n\t\t\t\t\t<div class=\"wrap-article\">\n\t\t\t\t\t\t<div class=\"post-media\">\n\t\t\t\t\t\t\t\t\t\t\t\t\t\t\t<a href=\"https:\/\/portelldemorella.org\/ca\/portell-acull-el-retorn-de-resultats-del-projecte-teixint-portell-i-presenta-futures-accions\/\">\n\n\t\t\t\t\t\t\t\t\t<img decoding=\"async\" alt=\"Portell acull el retorn de resultats del projecte Teixint Portell i presenta futures accions\" src=\"https:\/\/portelldemorella.org\/wp-content\/uploads\/2026\/01\/Portell-acull-el-retorn-de-resultats-del-projecte-Teixint-Portell-i-presenta-futures-accions-560x315.jpeg\" \n\t\t\t\t\t\t\t\t\t\t\t\n\t\t\t\t\t\t\t\t\t\t\tsrcset=\"https:\/\/portelldemorella.org\/wp-content\/uploads\/2026\/01\/Portell-acull-el-retorn-de-resultats-del-projecte-Teixint-Portell-i-presenta-futures-accions-560x315.jpeg 560w,\n\t\t\t\t\t\t\t\t\t\t\thttps:\/\/portelldemorella.org\/wp-content\/uploads\/2026\/01\/Portell-acull-el-retorn-de-resultats-del-projecte-Teixint-Portell-i-presenta-futures-accions-300x169.jpeg 300w\" \n\t\t\t\t\t\t\t\t\t\t\tsizes=\"(max-width: 767px) 100vw, 560px\" >\n\t\t\t\t\t\t\t\t<\/a>\n\t\t\t\t\t\t\t\t\t\t\t\t\t<\/div>\n\t\t\t\t\t\t<div class=\"evgovt-content\">\n\t\t\t\t\t\t\t\t\t\t\t\t\t\t<div class=\"post-meta-date\">\n\t\t\t\t\t\t\t\t<span class=\"post-meta-content-date\">\n\t\t\t\t\t\t\t\t    <span class=\" post-date\">\n\t\t\t\t\t\t\t\t        <span class=\"right second_font\">gener 27, 2026<\/span>\n\t\t\t\t\t\t\t\t    <\/span>\n\t\t\t\t\t\t\t\t<\/span>\n\t\t\t\t\t\t\t<\/div>\n\t\t\t\t\t\t\t\n\t\t\t\t\t\t\t\t\t\t\t\t\t\t\t\t\t\t\t\t\t<div class=\"post-title\">\n\t\t\t\t\t\t\t\t<h2 class=\"post-title\">\n\t\t\t\t\t\t\t        <a href=\"https:\/\/portelldemorella.org\/ca\/portell-acull-el-retorn-de-resultats-del-projecte-teixint-portell-i-presenta-futures-accions\/\" rel=\"bookmark\" title=\"Portell acull el retorn de resultats del projecte Teixint Portell i presenta futures accions\">\n\t\t\t\t\t\t\t          Portell acull el retorn de resultats del projecte Teixint Portell i presenta futures accions\t\t\t\t\t\t\t        <\/a>\n\t\t\t\t\t\t\t      <\/h2>\n\t\t\t\t\t\t\t<\/div>\n\t\t\t\t\t\t\t\t\t\t\t\t\t\t\t\t\t\t\t\t\t<div class=\"post-footer\">\n\t\t\t\t\t\t\t\t<div class=\"egovt-post-readmore\">\n\t\t\t\t\t\t\t\t    <a class=\"btn-readmore second_font\" href=\"https:\/\/portelldemorella.org\/ca\/portell-acull-el-retorn-de-resultats-del-projecte-teixint-portell-i-presenta-futures-accions\/\">\n\t\t\t\t\t\t\t\t    \tContinuar llegint\t\t\t\t\t\t\t\t    \t<i data-feather=\"arrow-right\"><\/i>\n\t\t\t\t\t\t\t\t    <\/a>\n\t\t\t\t\t\t\t\t<\/div>\n\t\t\t\t\t\t\t<\/div>\n\t\t\t\t\t\t\t\t\t\t\t\t\t<\/div>\n\t\t\t\t\t<\/div>\n\t\t\t\t<\/article>\n\t\t\t\t\t\t\t<article class=\"post-wrap\">\n\t\t\t\t\t<div class=\"wrap-article\">\n\t\t\t\t\t\t<div class=\"post-media\">\n\t\t\t\t\t\t\t\t\t\t\t\t\t\t\t<a href=\"https:\/\/portelldemorella.org\/ca\/portell-commemora-el-25n-amb-una-concentracio-i-lectura-del-manifest\/\">\n\n\t\t\t\t\t\t\t\t\t<img decoding=\"async\" alt=\"Portell commemora el 25N amb una concentraci\u00f3 i lectura del manifest\" src=\"https:\/\/portelldemorella.org\/wp-content\/uploads\/2025\/11\/Portell-25-n-3-560x420.jpg\" \n\t\t\t\t\t\t\t\t\t\t\t\n\t\t\t\t\t\t\t\t\t\t\tsrcset=\"https:\/\/portelldemorella.org\/wp-content\/uploads\/2025\/11\/Portell-25-n-3-560x420.jpg 560w,\n\t\t\t\t\t\t\t\t\t\t\thttps:\/\/portelldemorella.org\/wp-content\/uploads\/2025\/11\/Portell-25-n-3-300x225.jpg 300w\" \n\t\t\t\t\t\t\t\t\t\t\tsizes=\"(max-width: 767px) 100vw, 560px\" >\n\t\t\t\t\t\t\t\t<\/a>\n\t\t\t\t\t\t\t\t\t\t\t\t\t<\/div>\n\t\t\t\t\t\t<div class=\"evgovt-content\">\n\t\t\t\t\t\t\t\t\t\t\t\t\t\t<div class=\"post-meta-date\">\n\t\t\t\t\t\t\t\t<span class=\"post-meta-content-date\">\n\t\t\t\t\t\t\t\t    <span class=\" post-date\">\n\t\t\t\t\t\t\t\t        <span class=\"right second_font\">novembre 26, 2025<\/span>\n\t\t\t\t\t\t\t\t    <\/span>\n\t\t\t\t\t\t\t\t<\/span>\n\t\t\t\t\t\t\t<\/div>\n\t\t\t\t\t\t\t\n\t\t\t\t\t\t\t\t\t\t\t\t\t\t\t\t\t\t\t\t\t<div class=\"post-title\">\n\t\t\t\t\t\t\t\t<h2 class=\"post-title\">\n\t\t\t\t\t\t\t        <a href=\"https:\/\/portelldemorella.org\/ca\/portell-commemora-el-25n-amb-una-concentracio-i-lectura-del-manifest\/\" rel=\"bookmark\" title=\"Portell commemora el 25N amb una concentraci\u00f3 i lectura del manifest\">\n\t\t\t\t\t\t\t          Portell commemora el 25N amb una concentraci\u00f3 i lectura del manifest\t\t\t\t\t\t\t        <\/a>\n\t\t\t\t\t\t\t      <\/h2>\n\t\t\t\t\t\t\t<\/div>\n\t\t\t\t\t\t\t\t\t\t\t\t\t\t\t\t\t\t\t\t\t<div class=\"post-footer\">\n\t\t\t\t\t\t\t\t<div class=\"egovt-post-readmore\">\n\t\t\t\t\t\t\t\t    <a class=\"btn-readmore second_font\" href=\"https:\/\/portelldemorella.org\/ca\/portell-commemora-el-25n-amb-una-concentracio-i-lectura-del-manifest\/\">\n\t\t\t\t\t\t\t\t    \tContinuar llegint\t\t\t\t\t\t\t\t    \t<i data-feather=\"arrow-right\"><\/i>\n\t\t\t\t\t\t\t\t    <\/a>\n\t\t\t\t\t\t\t\t<\/div>\n\t\t\t\t\t\t\t<\/div>\n\t\t\t\t\t\t\t\t\t\t\t\t\t<\/div>\n\t\t\t\t\t<\/div>\n\t\t\t\t<\/article>\n\t\t\t\t\t\t\t<article class=\"post-wrap\">\n\t\t\t\t\t<div class=\"wrap-article\">\n\t\t\t\t\t\t<div class=\"post-media\">\n\t\t\t\t\t\t\t\t\t\t\t\t\t\t\t<a href=\"https:\/\/portelldemorella.org\/ca\/portell-transforma-el-corro-en-espai-cultural-amb-el-possible-descobriment-de-tindre-el-castell-cristia-mes-antic-del-territori-valencia\/\">\n\n\t\t\t\t\t\t\t\t\t<img decoding=\"async\" alt=\"Portell transforma el &#8216;corro&#8217; en espai cultural amb el possible descobriment de tindre el Castell cristi\u00e0 m\u00e9s antic del territori valenci\u00e0\" src=\"https:\/\/portelldemorella.org\/wp-content\/uploads\/2025\/11\/Portell-transforma-el-corro-en-espai-cultural-amb-el-possible-descobriment-de-tindre-el-Castell-cristia-mes-antic-del-territori-valencia-560x315.jpg\" \n\t\t\t\t\t\t\t\t\t\t\t\n\t\t\t\t\t\t\t\t\t\t\tsrcset=\"https:\/\/portelldemorella.org\/wp-content\/uploads\/2025\/11\/Portell-transforma-el-corro-en-espai-cultural-amb-el-possible-descobriment-de-tindre-el-Castell-cristia-mes-antic-del-territori-valencia-560x315.jpg 560w,\n\t\t\t\t\t\t\t\t\t\t\thttps:\/\/portelldemorella.org\/wp-content\/uploads\/2025\/11\/Portell-transforma-el-corro-en-espai-cultural-amb-el-possible-descobriment-de-tindre-el-Castell-cristia-mes-antic-del-territori-valencia-300x169.jpg 300w\" \n\t\t\t\t\t\t\t\t\t\t\tsizes=\"(max-width: 767px) 100vw, 560px\" >\n\t\t\t\t\t\t\t\t<\/a>\n\t\t\t\t\t\t\t\t\t\t\t\t\t<\/div>\n\t\t\t\t\t\t<div class=\"evgovt-content\">\n\t\t\t\t\t\t\t\t\t\t\t\t\t\t<div class=\"post-meta-date\">\n\t\t\t\t\t\t\t\t<span class=\"post-meta-content-date\">\n\t\t\t\t\t\t\t\t    <span class=\" post-date\">\n\t\t\t\t\t\t\t\t        <span class=\"right second_font\">novembre 18, 2025<\/span>\n\t\t\t\t\t\t\t\t    <\/span>\n\t\t\t\t\t\t\t\t<\/span>\n\t\t\t\t\t\t\t<\/div>\n\t\t\t\t\t\t\t\n\t\t\t\t\t\t\t\t\t\t\t\t\t\t\t\t\t\t\t\t\t<div class=\"post-title\">\n\t\t\t\t\t\t\t\t<h2 class=\"post-title\">\n\t\t\t\t\t\t\t        <a href=\"https:\/\/portelldemorella.org\/ca\/portell-transforma-el-corro-en-espai-cultural-amb-el-possible-descobriment-de-tindre-el-castell-cristia-mes-antic-del-territori-valencia\/\" rel=\"bookmark\" title=\"Portell transforma el &#8216;corro&#8217; en espai cultural amb el possible descobriment de tindre el Castell cristi\u00e0 m\u00e9s antic del territori valenci\u00e0\">\n\t\t\t\t\t\t\t          Portell transforma el &#8216;corro&#8217; en espai cultural amb el possible descobriment de tindre el Castell cristi\u00e0 m\u00e9s antic del territori valenci\u00e0\t\t\t\t\t\t\t        <\/a>\n\t\t\t\t\t\t\t      <\/h2>\n\t\t\t\t\t\t\t<\/div>\n\t\t\t\t\t\t\t\t\t\t\t\t\t\t\t\t\t\t\t\t\t<div class=\"post-footer\">\n\t\t\t\t\t\t\t\t<div class=\"egovt-post-readmore\">\n\t\t\t\t\t\t\t\t    <a class=\"btn-readmore second_font\" href=\"https:\/\/portelldemorella.org\/ca\/portell-transforma-el-corro-en-espai-cultural-amb-el-possible-descobriment-de-tindre-el-castell-cristia-mes-antic-del-territori-valencia\/\">\n\t\t\t\t\t\t\t\t    \tContinuar llegint\t\t\t\t\t\t\t\t    \t<i data-feather=\"arrow-right\"><\/i>\n\t\t\t\t\t\t\t\t    <\/a>\n\t\t\t\t\t\t\t\t<\/div>\n\t\t\t\t\t\t\t<\/div>\n\t\t\t\t\t\t\t\t\t\t\t\t\t<\/div>\n\t\t\t\t\t<\/div>\n\t\t\t\t<\/article>\n\t\t\t\t\t\t\t<article class=\"post-wrap\">\n\t\t\t\t\t<div class=\"wrap-article\">\n\t\t\t\t\t\t<div class=\"post-media\">\n\t\t\t\t\t\t\t\t\t\t\t\t\t\t\t<a href=\"https:\/\/portelldemorella.org\/ca\/portell-convida-a-descobrir-els-seus-origens-amb-una-caminada-guiada-el-25-doctubre\/\">\n\n\t\t\t\t\t\t\t\t\t<img decoding=\"async\" alt=\"Portell convida a descobrir els seus or\u00edgens amb una caminada guiada el 25 d\u2019octubre\" src=\"https:\/\/portelldemorella.org\/wp-content\/uploads\/2025\/10\/Portell1-560x227.jpg\" \n\t\t\t\t\t\t\t\t\t\t\t\n\t\t\t\t\t\t\t\t\t\t\tsrcset=\"https:\/\/portelldemorella.org\/wp-content\/uploads\/2025\/10\/Portell1-560x227.jpg 560w,\n\t\t\t\t\t\t\t\t\t\t\thttps:\/\/portelldemorella.org\/wp-content\/uploads\/2025\/10\/Portell1-300x121.jpg 300w\" \n\t\t\t\t\t\t\t\t\t\t\tsizes=\"(max-width: 767px) 100vw, 560px\" >\n\t\t\t\t\t\t\t\t<\/a>\n\t\t\t\t\t\t\t\t\t\t\t\t\t<\/div>\n\t\t\t\t\t\t<div class=\"evgovt-content\">\n\t\t\t\t\t\t\t\t\t\t\t\t\t\t<div class=\"post-meta-date\">\n\t\t\t\t\t\t\t\t<span class=\"post-meta-content-date\">\n\t\t\t\t\t\t\t\t    <span class=\" post-date\">\n\t\t\t\t\t\t\t\t        <span class=\"right second_font\">octubre 18, 2025<\/span>\n\t\t\t\t\t\t\t\t    <\/span>\n\t\t\t\t\t\t\t\t<\/span>\n\t\t\t\t\t\t\t<\/div>\n\t\t\t\t\t\t\t\n\t\t\t\t\t\t\t\t\t\t\t\t\t\t\t\t\t\t\t\t\t<div class=\"post-title\">\n\t\t\t\t\t\t\t\t<h2 class=\"post-title\">\n\t\t\t\t\t\t\t        <a href=\"https:\/\/portelldemorella.org\/ca\/portell-convida-a-descobrir-els-seus-origens-amb-una-caminada-guiada-el-25-doctubre\/\" rel=\"bookmark\" title=\"Portell convida a descobrir els seus or\u00edgens amb una caminada guiada el 25 d\u2019octubre\">\n\t\t\t\t\t\t\t          Portell convida a descobrir els seus or\u00edgens amb una caminada guiada el 25 d\u2019octubre\t\t\t\t\t\t\t        <\/a>\n\t\t\t\t\t\t\t      <\/h2>\n\t\t\t\t\t\t\t<\/div>\n\t\t\t\t\t\t\t\t\t\t\t\t\t\t\t\t\t\t\t\t\t<div class=\"post-footer\">\n\t\t\t\t\t\t\t\t<div class=\"egovt-post-readmore\">\n\t\t\t\t\t\t\t\t    <a class=\"btn-readmore second_font\" href=\"https:\/\/portelldemorella.org\/ca\/portell-convida-a-descobrir-els-seus-origens-amb-una-caminada-guiada-el-25-doctubre\/\">\n\t\t\t\t\t\t\t\t    \tContinuar llegint\t\t\t\t\t\t\t\t    \t<i data-feather=\"arrow-right\"><\/i>\n\t\t\t\t\t\t\t\t    <\/a>\n\t\t\t\t\t\t\t\t<\/div>\n\t\t\t\t\t\t\t<\/div>\n\t\t\t\t\t\t\t\t\t\t\t\t\t<\/div>\n\t\t\t\t\t<\/div>\n\t\t\t\t<\/article>\n\t\t\t\t\t\t\t<article class=\"post-wrap\">\n\t\t\t\t\t<div class=\"wrap-article\">\n\t\t\t\t\t\t<div class=\"post-media\">\n\t\t\t\t\t\t\t\t\t\t\t\t\t\t\t<a href=\"https:\/\/portelldemorella.org\/ca\/portell-celebra-el-dia-de-les-tapes-amb-activitats-per-a-tots-els-publics\/\">\n\n\t\t\t\t\t\t\t\t\t<img decoding=\"async\" alt=\"Portell celebra el \u201cDia de les Tapes\u201d amb activitats per a tots els p\u00fablics\" src=\"https:\/\/portelldemorella.org\/wp-content\/uploads\/2025\/10\/Cartell-del-dia-de-les-tapes-523x560.jpeg\" \n\t\t\t\t\t\t\t\t\t\t\t\n\t\t\t\t\t\t\t\t\t\t\tsrcset=\"https:\/\/portelldemorella.org\/wp-content\/uploads\/2025\/10\/Cartell-del-dia-de-les-tapes-523x560.jpeg 560w,\n\t\t\t\t\t\t\t\t\t\t\thttps:\/\/portelldemorella.org\/wp-content\/uploads\/2025\/10\/Cartell-del-dia-de-les-tapes-280x300.jpeg 300w\" \n\t\t\t\t\t\t\t\t\t\t\tsizes=\"(max-width: 767px) 100vw, 560px\" >\n\t\t\t\t\t\t\t\t<\/a>\n\t\t\t\t\t\t\t\t\t\t\t\t\t<\/div>\n\t\t\t\t\t\t<div class=\"evgovt-content\">\n\t\t\t\t\t\t\t\t\t\t\t\t\t\t<div class=\"post-meta-date\">\n\t\t\t\t\t\t\t\t<span class=\"post-meta-content-date\">\n\t\t\t\t\t\t\t\t    <span class=\" post-date\">\n\t\t\t\t\t\t\t\t        <span class=\"right second_font\">octubre 13, 2025<\/span>\n\t\t\t\t\t\t\t\t    <\/span>\n\t\t\t\t\t\t\t\t<\/span>\n\t\t\t\t\t\t\t<\/div>\n\t\t\t\t\t\t\t\n\t\t\t\t\t\t\t\t\t\t\t\t\t\t\t\t\t\t\t\t\t<div class=\"post-title\">\n\t\t\t\t\t\t\t\t<h2 class=\"post-title\">\n\t\t\t\t\t\t\t        <a href=\"https:\/\/portelldemorella.org\/ca\/portell-celebra-el-dia-de-les-tapes-amb-activitats-per-a-tots-els-publics\/\" rel=\"bookmark\" title=\"Portell celebra el \u201cDia de les Tapes\u201d amb activitats per a tots els p\u00fablics\">\n\t\t\t\t\t\t\t          Portell celebra el \u201cDia de les Tapes\u201d amb activitats per a tots els p\u00fablics\t\t\t\t\t\t\t        <\/a>\n\t\t\t\t\t\t\t      <\/h2>\n\t\t\t\t\t\t\t<\/div>\n\t\t\t\t\t\t\t\t\t\t\t\t\t\t\t\t\t\t\t\t\t<div class=\"post-footer\">\n\t\t\t\t\t\t\t\t<div class=\"egovt-post-readmore\">\n\t\t\t\t\t\t\t\t    <a class=\"btn-readmore second_font\" href=\"https:\/\/portelldemorella.org\/ca\/portell-celebra-el-dia-de-les-tapes-amb-activitats-per-a-tots-els-publics\/\">\n\t\t\t\t\t\t\t\t    \tContinuar llegint\t\t\t\t\t\t\t\t    \t<i data-feather=\"arrow-right\"><\/i>\n\t\t\t\t\t\t\t\t    <\/a>\n\t\t\t\t\t\t\t\t<\/div>\n\t\t\t\t\t\t\t<\/div>\n\t\t\t\t\t\t\t\t\t\t\t\t\t<\/div>\n\t\t\t\t\t<\/div>\n\t\t\t\t<\/article>\n\t\t\t\t\t\t\t<article class=\"post-wrap\">\n\t\t\t\t\t<div class=\"wrap-article\">\n\t\t\t\t\t\t<div class=\"post-media\">\n\t\t\t\t\t\t\t\t\t\t\t\t\t\t\t<a href=\"https:\/\/portelldemorella.org\/ca\/la-casa-abadia-de-portell-guanya-el-premi-del-collegi-darquitectes-a-la-millor-intervencio-en-patrimoni-de-la-comunitat\/\">\n\n\t\t\t\t\t\t\t\t\t<img decoding=\"async\" alt=\"La Casa Abadia de Portell guanya el premi del Col\u00b7legi d\u2019Arquitectes a la millor intervenci\u00f3 en patrimoni de la Comunitat\" src=\"https:\/\/portelldemorella.org\/wp-content\/uploads\/2025\/10\/casa-abadia-1-557x560.jpg\" \n\t\t\t\t\t\t\t\t\t\t\t\n\t\t\t\t\t\t\t\t\t\t\tsrcset=\"https:\/\/portelldemorella.org\/wp-content\/uploads\/2025\/10\/casa-abadia-1-557x560.jpg 560w,\n\t\t\t\t\t\t\t\t\t\t\thttps:\/\/portelldemorella.org\/wp-content\/uploads\/2025\/10\/casa-abadia-1-298x300.jpg 300w\" \n\t\t\t\t\t\t\t\t\t\t\tsizes=\"(max-width: 767px) 100vw, 560px\" >\n\t\t\t\t\t\t\t\t<\/a>\n\t\t\t\t\t\t\t\t\t\t\t\t\t<\/div>\n\t\t\t\t\t\t<div class=\"evgovt-content\">\n\t\t\t\t\t\t\t\t\t\t\t\t\t\t<div class=\"post-meta-date\">\n\t\t\t\t\t\t\t\t<span class=\"post-meta-content-date\">\n\t\t\t\t\t\t\t\t    <span class=\" post-date\">\n\t\t\t\t\t\t\t\t        <span class=\"right second_font\">octubre 7, 2025<\/span>\n\t\t\t\t\t\t\t\t    <\/span>\n\t\t\t\t\t\t\t\t<\/span>\n\t\t\t\t\t\t\t<\/div>\n\t\t\t\t\t\t\t\n\t\t\t\t\t\t\t\t\t\t\t\t\t\t\t\t\t\t\t\t\t<div class=\"post-title\">\n\t\t\t\t\t\t\t\t<h2 class=\"post-title\">\n\t\t\t\t\t\t\t        <a href=\"https:\/\/portelldemorella.org\/ca\/la-casa-abadia-de-portell-guanya-el-premi-del-collegi-darquitectes-a-la-millor-intervencio-en-patrimoni-de-la-comunitat\/\" rel=\"bookmark\" title=\"La Casa Abadia de Portell guanya el premi del Col\u00b7legi d\u2019Arquitectes a la millor intervenci\u00f3 en patrimoni de la Comunitat\">\n\t\t\t\t\t\t\t          La Casa Abadia de Portell guanya el premi del Col\u00b7legi d\u2019Arquitectes a la millor intervenci\u00f3 en patrimoni de la Comunitat\t\t\t\t\t\t\t        <\/a>\n\t\t\t\t\t\t\t      <\/h2>\n\t\t\t\t\t\t\t<\/div>\n\t\t\t\t\t\t\t\t\t\t\t\t\t\t\t\t\t\t\t\t\t<div class=\"post-footer\">\n\t\t\t\t\t\t\t\t<div class=\"egovt-post-readmore\">\n\t\t\t\t\t\t\t\t    <a class=\"btn-readmore second_font\" href=\"https:\/\/portelldemorella.org\/ca\/la-casa-abadia-de-portell-guanya-el-premi-del-collegi-darquitectes-a-la-millor-intervencio-en-patrimoni-de-la-comunitat\/\">\n\t\t\t\t\t\t\t\t    \tContinuar llegint\t\t\t\t\t\t\t\t    \t<i data-feather=\"arrow-right\"><\/i>\n\t\t\t\t\t\t\t\t    <\/a>\n\t\t\t\t\t\t\t\t<\/div>\n\t\t\t\t\t\t\t<\/div>\n\t\t\t\t\t\t\t\t\t\t\t\t\t<\/div>\n\t\t\t\t\t<\/div>\n\t\t\t\t<\/article>\n\t\t\t\t\t\t\t<article class=\"post-wrap\">\n\t\t\t\t\t<div class=\"wrap-article\">\n\t\t\t\t\t\t<div class=\"post-media\">\n\t\t\t\t\t\t\t\t\t\t\t\t\t\t\t<a href=\"https:\/\/portelldemorella.org\/ca\/els-ports-te-el-millor-sender-de-lany-2024\/\">\n\n\t\t\t\t\t\t\t\t\t<img decoding=\"async\" alt=\"Els Ports t\u00e9 el millor sender de l&#8217;any 2024\" src=\"https:\/\/portelldemorella.org\/wp-content\/uploads\/2025\/09\/premi-sender-homologat-de-lAny-2024-560x420.jpeg\" \n\t\t\t\t\t\t\t\t\t\t\t\n\t\t\t\t\t\t\t\t\t\t\tsrcset=\"https:\/\/portelldemorella.org\/wp-content\/uploads\/2025\/09\/premi-sender-homologat-de-lAny-2024-560x420.jpeg 560w,\n\t\t\t\t\t\t\t\t\t\t\thttps:\/\/portelldemorella.org\/wp-content\/uploads\/2025\/09\/premi-sender-homologat-de-lAny-2024-300x225.jpeg 300w\" \n\t\t\t\t\t\t\t\t\t\t\tsizes=\"(max-width: 767px) 100vw, 560px\" >\n\t\t\t\t\t\t\t\t<\/a>\n\t\t\t\t\t\t\t\t\t\t\t\t\t<\/div>\n\t\t\t\t\t\t<div class=\"evgovt-content\">\n\t\t\t\t\t\t\t\t\t\t\t\t\t\t<div class=\"post-meta-date\">\n\t\t\t\t\t\t\t\t<span class=\"post-meta-content-date\">\n\t\t\t\t\t\t\t\t    <span class=\" post-date\">\n\t\t\t\t\t\t\t\t        <span class=\"right second_font\">setembre 29, 2025<\/span>\n\t\t\t\t\t\t\t\t    <\/span>\n\t\t\t\t\t\t\t\t<\/span>\n\t\t\t\t\t\t\t<\/div>\n\t\t\t\t\t\t\t\n\t\t\t\t\t\t\t\t\t\t\t\t\t\t\t\t\t\t\t\t\t<div class=\"post-title\">\n\t\t\t\t\t\t\t\t<h2 class=\"post-title\">\n\t\t\t\t\t\t\t        <a href=\"https:\/\/portelldemorella.org\/ca\/els-ports-te-el-millor-sender-de-lany-2024\/\" rel=\"bookmark\" title=\"Els Ports t\u00e9 el millor sender de l&#8217;any 2024\">\n\t\t\t\t\t\t\t          Els Ports t\u00e9 el millor sender de l&#8217;any 2024\t\t\t\t\t\t\t        <\/a>\n\t\t\t\t\t\t\t      <\/h2>\n\t\t\t\t\t\t\t<\/div>\n\t\t\t\t\t\t\t\t\t\t\t\t\t\t\t\t\t\t\t\t\t<div class=\"post-footer\">\n\t\t\t\t\t\t\t\t<div class=\"egovt-post-readmore\">\n\t\t\t\t\t\t\t\t    <a class=\"btn-readmore second_font\" href=\"https:\/\/portelldemorella.org\/ca\/els-ports-te-el-millor-sender-de-lany-2024\/\">\n\t\t\t\t\t\t\t\t    \tContinuar llegint\t\t\t\t\t\t\t\t    \t<i data-feather=\"arrow-right\"><\/i>\n\t\t\t\t\t\t\t\t    <\/a>\n\t\t\t\t\t\t\t\t<\/div>\n\t\t\t\t\t\t\t<\/div>\n\t\t\t\t\t\t\t\t\t\t\t\t\t<\/div>\n\t\t\t\t\t<\/div>\n\t\t\t\t<\/article>\n\t\t\t\t\t\t\t<article class=\"post-wrap\">\n\t\t\t\t\t<div class=\"wrap-article\">\n\t\t\t\t\t\t<div class=\"post-media\">\n\t\t\t\t\t\t\t\t\t\t\t\t\t\t\t<a href=\"https:\/\/portelldemorella.org\/ca\/portell-sompli-dartesania-en-la-primera-fira-textil-i-de-productes-de-la-terra\/\">\n\n\t\t\t\t\t\t\t\t\t<img decoding=\"async\" alt=\"Portell s&#8217;ompli d&#8217;artesania en la primera fira t\u00e8xtil i de productes de la terra\" src=\"https:\/\/portelldemorella.org\/wp-content\/uploads\/2025\/09\/Inauguracio-de-la-fira-560x373.jpg\" \n\t\t\t\t\t\t\t\t\t\t\t\n\t\t\t\t\t\t\t\t\t\t\tsrcset=\"https:\/\/portelldemorella.org\/wp-content\/uploads\/2025\/09\/Inauguracio-de-la-fira-560x373.jpg 560w,\n\t\t\t\t\t\t\t\t\t\t\thttps:\/\/portelldemorella.org\/wp-content\/uploads\/2025\/09\/Inauguracio-de-la-fira-300x200.jpg 300w\" \n\t\t\t\t\t\t\t\t\t\t\tsizes=\"(max-width: 767px) 100vw, 560px\" >\n\t\t\t\t\t\t\t\t<\/a>\n\t\t\t\t\t\t\t\t\t\t\t\t\t<\/div>\n\t\t\t\t\t\t<div class=\"evgovt-content\">\n\t\t\t\t\t\t\t\t\t\t\t\t\t\t<div class=\"post-meta-date\">\n\t\t\t\t\t\t\t\t<span class=\"post-meta-content-date\">\n\t\t\t\t\t\t\t\t    <span class=\" post-date\">\n\t\t\t\t\t\t\t\t        <span class=\"right second_font\">setembre 22, 2025<\/span>\n\t\t\t\t\t\t\t\t    <\/span>\n\t\t\t\t\t\t\t\t<\/span>\n\t\t\t\t\t\t\t<\/div>\n\t\t\t\t\t\t\t\n\t\t\t\t\t\t\t\t\t\t\t\t\t\t\t\t\t\t\t\t\t<div class=\"post-title\">\n\t\t\t\t\t\t\t\t<h2 class=\"post-title\">\n\t\t\t\t\t\t\t        <a href=\"https:\/\/portelldemorella.org\/ca\/portell-sompli-dartesania-en-la-primera-fira-textil-i-de-productes-de-la-terra\/\" rel=\"bookmark\" title=\"Portell s&#8217;ompli d&#8217;artesania en la primera fira t\u00e8xtil i de productes de la terra\">\n\t\t\t\t\t\t\t          Portell s&#8217;ompli d&#8217;artesania en la primera fira t\u00e8xtil i de productes de la terra\t\t\t\t\t\t\t        <\/a>\n\t\t\t\t\t\t\t      <\/h2>\n\t\t\t\t\t\t\t<\/div>\n\t\t\t\t\t\t\t\t\t\t\t\t\t\t\t\t\t\t\t\t\t<div class=\"post-footer\">\n\t\t\t\t\t\t\t\t<div class=\"egovt-post-readmore\">\n\t\t\t\t\t\t\t\t    <a class=\"btn-readmore second_font\" href=\"https:\/\/portelldemorella.org\/ca\/portell-sompli-dartesania-en-la-primera-fira-textil-i-de-productes-de-la-terra\/\">\n\t\t\t\t\t\t\t\t    \tContinuar llegint\t\t\t\t\t\t\t\t    \t<i data-feather=\"arrow-right\"><\/i>\n\t\t\t\t\t\t\t\t    <\/a>\n\t\t\t\t\t\t\t\t<\/div>\n\t\t\t\t\t\t\t<\/div>\n\t\t\t\t\t\t\t\t\t\t\t\t\t<\/div>\n\t\t\t\t\t<\/div>\n\t\t\t\t<\/article>\n\t\t\t\t\t\t\t<article class=\"post-wrap\">\n\t\t\t\t\t<div class=\"wrap-article\">\n\t\t\t\t\t\t<div class=\"post-media\">\n\t\t\t\t\t\t\t\t\t\t\t\t\t\t\t<a href=\"https:\/\/portelldemorella.org\/ca\/portell-reivindica-el-consum-conscient-i-el-paper-de-les-dones-emprenedores-amb-la-primera-fira-textil-i-productes-de-la-terra\/\">\n\n\t\t\t\t\t\t\t\t\t<img decoding=\"async\" alt=\"Portell reivindica el consum conscient i el paper de les dones emprenedores amb la primera Fira T\u00e8xtil i Productes de la Terra\" src=\"https:\/\/portelldemorella.org\/wp-content\/uploads\/2025\/09\/portell-396x560.jpeg\" \n\t\t\t\t\t\t\t\t\t\t\t\n\t\t\t\t\t\t\t\t\t\t\tsrcset=\"https:\/\/portelldemorella.org\/wp-content\/uploads\/2025\/09\/portell-396x560.jpeg 560w,\n\t\t\t\t\t\t\t\t\t\t\thttps:\/\/portelldemorella.org\/wp-content\/uploads\/2025\/09\/portell-212x300.jpeg 300w\" \n\t\t\t\t\t\t\t\t\t\t\tsizes=\"(max-width: 767px) 100vw, 560px\" >\n\t\t\t\t\t\t\t\t<\/a>\n\t\t\t\t\t\t\t\t\t\t\t\t\t<\/div>\n\t\t\t\t\t\t<div class=\"evgovt-content\">\n\t\t\t\t\t\t\t\t\t\t\t\t\t\t<div class=\"post-meta-date\">\n\t\t\t\t\t\t\t\t<span class=\"post-meta-content-date\">\n\t\t\t\t\t\t\t\t    <span class=\" post-date\">\n\t\t\t\t\t\t\t\t        <span class=\"right second_font\">setembre 16, 2025<\/span>\n\t\t\t\t\t\t\t\t    <\/span>\n\t\t\t\t\t\t\t\t<\/span>\n\t\t\t\t\t\t\t<\/div>\n\t\t\t\t\t\t\t\n\t\t\t\t\t\t\t\t\t\t\t\t\t\t\t\t\t\t\t\t\t<div class=\"post-title\">\n\t\t\t\t\t\t\t\t<h2 class=\"post-title\">\n\t\t\t\t\t\t\t        <a href=\"https:\/\/portelldemorella.org\/ca\/portell-reivindica-el-consum-conscient-i-el-paper-de-les-dones-emprenedores-amb-la-primera-fira-textil-i-productes-de-la-terra\/\" rel=\"bookmark\" title=\"Portell reivindica el consum conscient i el paper de les dones emprenedores amb la primera Fira T\u00e8xtil i Productes de la Terra\">\n\t\t\t\t\t\t\t          Portell reivindica el consum conscient i el paper de les dones emprenedores amb la primera Fira T\u00e8xtil i Productes de la Terra\t\t\t\t\t\t\t        <\/a>\n\t\t\t\t\t\t\t      <\/h2>\n\t\t\t\t\t\t\t<\/div>\n\t\t\t\t\t\t\t\t\t\t\t\t\t\t\t\t\t\t\t\t\t<div class=\"post-footer\">\n\t\t\t\t\t\t\t\t<div class=\"egovt-post-readmore\">\n\t\t\t\t\t\t\t\t    <a class=\"btn-readmore second_font\" href=\"https:\/\/portelldemorella.org\/ca\/portell-reivindica-el-consum-conscient-i-el-paper-de-les-dones-emprenedores-amb-la-primera-fira-textil-i-productes-de-la-terra\/\">\n\t\t\t\t\t\t\t\t    \tContinuar llegint\t\t\t\t\t\t\t\t    \t<i data-feather=\"arrow-right\"><\/i>\n\t\t\t\t\t\t\t\t    <\/a>\n\t\t\t\t\t\t\t\t<\/div>\n\t\t\t\t\t\t\t<\/div>\n\t\t\t\t\t\t\t\t\t\t\t\t\t<\/div>\n\t\t\t\t\t<\/div>\n\t\t\t\t<\/article>\n\t\t\t\t\t\t\t<article class=\"post-wrap\">\n\t\t\t\t\t<div class=\"wrap-article\">\n\t\t\t\t\t\t<div class=\"post-media\">\n\t\t\t\t\t\t\t\t\t\t\t\t\t\t\t<a href=\"https:\/\/portelldemorella.org\/ca\/el-gr-331-els-ports-cami-de-conquesta-rep-a-portell-el-premi-sender-de-lany-en-municipis-en-risc-de-despoblacio\/\">\n\n\t\t\t\t\t\t\t\t\t<img decoding=\"async\" alt=\"El GR 331 Els Ports &#8211; Cam\u00ed de Conquesta rep a Portell el Premi Sender de l\u2019Any en municipis en risc de despoblaci\u00f3\" src=\"https:\/\/portelldemorella.org\/wp-content\/uploads\/2025\/09\/PREMIO-SENDERO-DEL-ANO-2024-DESPOBLACION_page-0001-315x560.jpg\" \n\t\t\t\t\t\t\t\t\t\t\t\n\t\t\t\t\t\t\t\t\t\t\tsrcset=\"https:\/\/portelldemorella.org\/wp-content\/uploads\/2025\/09\/PREMIO-SENDERO-DEL-ANO-2024-DESPOBLACION_page-0001-315x560.jpg 560w,\n\t\t\t\t\t\t\t\t\t\t\thttps:\/\/portelldemorella.org\/wp-content\/uploads\/2025\/09\/PREMIO-SENDERO-DEL-ANO-2024-DESPOBLACION_page-0001-169x300.jpg 300w\" \n\t\t\t\t\t\t\t\t\t\t\tsizes=\"(max-width: 767px) 100vw, 560px\" >\n\t\t\t\t\t\t\t\t<\/a>\n\t\t\t\t\t\t\t\t\t\t\t\t\t<\/div>\n\t\t\t\t\t\t<div class=\"evgovt-content\">\n\t\t\t\t\t\t\t\t\t\t\t\t\t\t<div class=\"post-meta-date\">\n\t\t\t\t\t\t\t\t<span class=\"post-meta-content-date\">\n\t\t\t\t\t\t\t\t    <span class=\" post-date\">\n\t\t\t\t\t\t\t\t        <span class=\"right second_font\">setembre 10, 2025<\/span>\n\t\t\t\t\t\t\t\t    <\/span>\n\t\t\t\t\t\t\t\t<\/span>\n\t\t\t\t\t\t\t<\/div>\n\t\t\t\t\t\t\t\n\t\t\t\t\t\t\t\t\t\t\t\t\t\t\t\t\t\t\t\t\t<div class=\"post-title\">\n\t\t\t\t\t\t\t\t<h2 class=\"post-title\">\n\t\t\t\t\t\t\t        <a href=\"https:\/\/portelldemorella.org\/ca\/el-gr-331-els-ports-cami-de-conquesta-rep-a-portell-el-premi-sender-de-lany-en-municipis-en-risc-de-despoblacio\/\" rel=\"bookmark\" title=\"El GR 331 Els Ports &#8211; Cam\u00ed de Conquesta rep a Portell el Premi Sender de l\u2019Any en municipis en risc de despoblaci\u00f3\">\n\t\t\t\t\t\t\t          El GR 331 Els Ports &#8211; Cam\u00ed de Conquesta rep a Portell el Premi Sender de l\u2019Any en municipis en risc de despoblaci\u00f3\t\t\t\t\t\t\t        <\/a>\n\t\t\t\t\t\t\t      <\/h2>\n\t\t\t\t\t\t\t<\/div>\n\t\t\t\t\t\t\t\t\t\t\t\t\t\t\t\t\t\t\t\t\t<div class=\"post-footer\">\n\t\t\t\t\t\t\t\t<div class=\"egovt-post-readmore\">\n\t\t\t\t\t\t\t\t    <a class=\"btn-readmore second_font\" href=\"https:\/\/portelldemorella.org\/ca\/el-gr-331-els-ports-cami-de-conquesta-rep-a-portell-el-premi-sender-de-lany-en-municipis-en-risc-de-despoblacio\/\">\n\t\t\t\t\t\t\t\t    \tContinuar llegint\t\t\t\t\t\t\t\t    \t<i data-feather=\"arrow-right\"><\/i>\n\t\t\t\t\t\t\t\t    <\/a>\n\t\t\t\t\t\t\t\t<\/div>\n\t\t\t\t\t\t\t<\/div>\n\t\t\t\t\t\t\t\t\t\t\t\t\t<\/div>\n\t\t\t\t\t<\/div>\n\t\t\t\t<\/article>\n\t\t\t\t\t\t\t<article class=\"post-wrap\">\n\t\t\t\t\t<div class=\"wrap-article\">\n\t\t\t\t\t\t<div class=\"post-media\">\n\t\t\t\t\t\t\t\t\t\t\t\t\t\t\t<a href=\"https:\/\/portelldemorella.org\/ca\/portell-celebra-la-cultura-aragonesa-amb-una-missa-baturra\/\">\n\n\t\t\t\t\t\t\t\t\t<img decoding=\"async\" alt=\"Portell celebra la cultura aragonesa amb una missa baturra\" src=\"https:\/\/portelldemorella.org\/wp-content\/uploads\/2025\/09\/Portell-celebra-la-cultura-aragonesa-amb-una-missa-baturra-3-560x421.jpg\" \n\t\t\t\t\t\t\t\t\t\t\t\n\t\t\t\t\t\t\t\t\t\t\tsrcset=\"https:\/\/portelldemorella.org\/wp-content\/uploads\/2025\/09\/Portell-celebra-la-cultura-aragonesa-amb-una-missa-baturra-3-560x421.jpg 560w,\n\t\t\t\t\t\t\t\t\t\t\thttps:\/\/portelldemorella.org\/wp-content\/uploads\/2025\/09\/Portell-celebra-la-cultura-aragonesa-amb-una-missa-baturra-3-300x226.jpg 300w\" \n\t\t\t\t\t\t\t\t\t\t\tsizes=\"(max-width: 767px) 100vw, 560px\" >\n\t\t\t\t\t\t\t\t<\/a>\n\t\t\t\t\t\t\t\t\t\t\t\t\t<\/div>\n\t\t\t\t\t\t<div class=\"evgovt-content\">\n\t\t\t\t\t\t\t\t\t\t\t\t\t\t<div class=\"post-meta-date\">\n\t\t\t\t\t\t\t\t<span class=\"post-meta-content-date\">\n\t\t\t\t\t\t\t\t    <span class=\" post-date\">\n\t\t\t\t\t\t\t\t        <span class=\"right second_font\">setembre 1, 2025<\/span>\n\t\t\t\t\t\t\t\t    <\/span>\n\t\t\t\t\t\t\t\t<\/span>\n\t\t\t\t\t\t\t<\/div>\n\t\t\t\t\t\t\t\n\t\t\t\t\t\t\t\t\t\t\t\t\t\t\t\t\t\t\t\t\t<div class=\"post-title\">\n\t\t\t\t\t\t\t\t<h2 class=\"post-title\">\n\t\t\t\t\t\t\t        <a href=\"https:\/\/portelldemorella.org\/ca\/portell-celebra-la-cultura-aragonesa-amb-una-missa-baturra\/\" rel=\"bookmark\" title=\"Portell celebra la cultura aragonesa amb una missa baturra\">\n\t\t\t\t\t\t\t          Portell celebra la cultura aragonesa amb una missa baturra\t\t\t\t\t\t\t        <\/a>\n\t\t\t\t\t\t\t      <\/h2>\n\t\t\t\t\t\t\t<\/div>\n\t\t\t\t\t\t\t\t\t\t\t\t\t\t\t\t\t\t\t\t\t<div class=\"post-footer\">\n\t\t\t\t\t\t\t\t<div class=\"egovt-post-readmore\">\n\t\t\t\t\t\t\t\t    <a class=\"btn-readmore second_font\" href=\"https:\/\/portelldemorella.org\/ca\/portell-celebra-la-cultura-aragonesa-amb-una-missa-baturra\/\">\n\t\t\t\t\t\t\t\t    \tContinuar llegint\t\t\t\t\t\t\t\t    \t<i data-feather=\"arrow-right\"><\/i>\n\t\t\t\t\t\t\t\t    <\/a>\n\t\t\t\t\t\t\t\t<\/div>\n\t\t\t\t\t\t\t<\/div>\n\t\t\t\t\t\t\t\t\t\t\t\t\t<\/div>\n\t\t\t\t\t<\/div>\n\t\t\t\t<\/article>\n\t\t\t\t\t\t\t<article class=\"post-wrap\">\n\t\t\t\t\t<div class=\"wrap-article\">\n\t\t\t\t\t\t<div class=\"post-media\">\n\t\t\t\t\t\t\t\t\t\t\t\t\t\t\t<a href=\"https:\/\/portelldemorella.org\/ca\/portell-apren-a-buscar-fossils-amb-un-taller-de-paleontologia\/\">\n\n\t\t\t\t\t\t\t\t\t<img decoding=\"async\" alt=\"Portell apr\u00e8n a buscar f\u00f2ssils amb un taller de paleontolog\u00eda\" src=\"https:\/\/portelldemorella.org\/wp-content\/uploads\/2025\/08\/taller-de-fossils-3-420x560.jpeg\" \n\t\t\t\t\t\t\t\t\t\t\t\n\t\t\t\t\t\t\t\t\t\t\tsrcset=\"https:\/\/portelldemorella.org\/wp-content\/uploads\/2025\/08\/taller-de-fossils-3-420x560.jpeg 560w,\n\t\t\t\t\t\t\t\t\t\t\thttps:\/\/portelldemorella.org\/wp-content\/uploads\/2025\/08\/taller-de-fossils-3-225x300.jpeg 300w\" \n\t\t\t\t\t\t\t\t\t\t\tsizes=\"(max-width: 767px) 100vw, 560px\" >\n\t\t\t\t\t\t\t\t<\/a>\n\t\t\t\t\t\t\t\t\t\t\t\t\t<\/div>\n\t\t\t\t\t\t<div class=\"evgovt-content\">\n\t\t\t\t\t\t\t\t\t\t\t\t\t\t<div class=\"post-meta-date\">\n\t\t\t\t\t\t\t\t<span class=\"post-meta-content-date\">\n\t\t\t\t\t\t\t\t    <span class=\" post-date\">\n\t\t\t\t\t\t\t\t        <span class=\"right second_font\">agost 28, 2025<\/span>\n\t\t\t\t\t\t\t\t    <\/span>\n\t\t\t\t\t\t\t\t<\/span>\n\t\t\t\t\t\t\t<\/div>\n\t\t\t\t\t\t\t\n\t\t\t\t\t\t\t\t\t\t\t\t\t\t\t\t\t\t\t\t\t<div class=\"post-title\">\n\t\t\t\t\t\t\t\t<h2 class=\"post-title\">\n\t\t\t\t\t\t\t        <a href=\"https:\/\/portelldemorella.org\/ca\/portell-apren-a-buscar-fossils-amb-un-taller-de-paleontologia\/\" rel=\"bookmark\" title=\"Portell apr\u00e8n a buscar f\u00f2ssils amb un taller de paleontolog\u00eda\">\n\t\t\t\t\t\t\t          Portell apr\u00e8n a buscar f\u00f2ssils amb un taller de paleontolog\u00eda\t\t\t\t\t\t\t        <\/a>\n\t\t\t\t\t\t\t      <\/h2>\n\t\t\t\t\t\t\t<\/div>\n\t\t\t\t\t\t\t\t\t\t\t\t\t\t\t\t\t\t\t\t\t<div class=\"post-footer\">\n\t\t\t\t\t\t\t\t<div class=\"egovt-post-readmore\">\n\t\t\t\t\t\t\t\t    <a class=\"btn-readmore second_font\" href=\"https:\/\/portelldemorella.org\/ca\/portell-apren-a-buscar-fossils-amb-un-taller-de-paleontologia\/\">\n\t\t\t\t\t\t\t\t    \tContinuar llegint\t\t\t\t\t\t\t\t    \t<i data-feather=\"arrow-right\"><\/i>\n\t\t\t\t\t\t\t\t    <\/a>\n\t\t\t\t\t\t\t\t<\/div>\n\t\t\t\t\t\t\t<\/div>\n\t\t\t\t\t\t\t\t\t\t\t\t\t<\/div>\n\t\t\t\t\t<\/div>\n\t\t\t\t<\/article>\n\t\t\t\t\t\t\t<article class=\"post-wrap\">\n\t\t\t\t\t<div class=\"wrap-article\">\n\t\t\t\t\t\t<div class=\"post-media\">\n\t\t\t\t\t\t\t\t\t\t\t\t\t\t\t<a href=\"https:\/\/portelldemorella.org\/ca\/portell-convida-a-descobrir-el-mon-dels-dinosaures-en-un-taller-de-paleontologia-per-a-tots-els-publics\/\">\n\n\t\t\t\t\t\t\t\t\t<img decoding=\"async\" alt=\"Portell convida a descobrir el m\u00f3n dels dinosaures en un taller de paleontologia per a tots els p\u00fablics\" src=\"https:\/\/portelldemorella.org\/wp-content\/uploads\/2025\/08\/taller-paelontologia-Portell_page-0001-396x560.jpg\" \n\t\t\t\t\t\t\t\t\t\t\t\n\t\t\t\t\t\t\t\t\t\t\tsrcset=\"https:\/\/portelldemorella.org\/wp-content\/uploads\/2025\/08\/taller-paelontologia-Portell_page-0001-396x560.jpg 560w,\n\t\t\t\t\t\t\t\t\t\t\thttps:\/\/portelldemorella.org\/wp-content\/uploads\/2025\/08\/taller-paelontologia-Portell_page-0001-212x300.jpg 300w\" \n\t\t\t\t\t\t\t\t\t\t\tsizes=\"(max-width: 767px) 100vw, 560px\" >\n\t\t\t\t\t\t\t\t<\/a>\n\t\t\t\t\t\t\t\t\t\t\t\t\t<\/div>\n\t\t\t\t\t\t<div class=\"evgovt-content\">\n\t\t\t\t\t\t\t\t\t\t\t\t\t\t<div class=\"post-meta-date\">\n\t\t\t\t\t\t\t\t<span class=\"post-meta-content-date\">\n\t\t\t\t\t\t\t\t    <span class=\" post-date\">\n\t\t\t\t\t\t\t\t        <span class=\"right second_font\">agost 14, 2025<\/span>\n\t\t\t\t\t\t\t\t    <\/span>\n\t\t\t\t\t\t\t\t<\/span>\n\t\t\t\t\t\t\t<\/div>\n\t\t\t\t\t\t\t\n\t\t\t\t\t\t\t\t\t\t\t\t\t\t\t\t\t\t\t\t\t<div class=\"post-title\">\n\t\t\t\t\t\t\t\t<h2 class=\"post-title\">\n\t\t\t\t\t\t\t        <a href=\"https:\/\/portelldemorella.org\/ca\/portell-convida-a-descobrir-el-mon-dels-dinosaures-en-un-taller-de-paleontologia-per-a-tots-els-publics\/\" rel=\"bookmark\" title=\"Portell convida a descobrir el m\u00f3n dels dinosaures en un taller de paleontologia per a tots els p\u00fablics\">\n\t\t\t\t\t\t\t          Portell convida a descobrir el m\u00f3n dels dinosaures en un taller de paleontologia per a tots els p\u00fablics\t\t\t\t\t\t\t        <\/a>\n\t\t\t\t\t\t\t      <\/h2>\n\t\t\t\t\t\t\t<\/div>\n\t\t\t\t\t\t\t\t\t\t\t\t\t\t\t\t\t\t\t\t\t<div class=\"post-footer\">\n\t\t\t\t\t\t\t\t<div class=\"egovt-post-readmore\">\n\t\t\t\t\t\t\t\t    <a class=\"btn-readmore second_font\" href=\"https:\/\/portelldemorella.org\/ca\/portell-convida-a-descobrir-el-mon-dels-dinosaures-en-un-taller-de-paleontologia-per-a-tots-els-publics\/\">\n\t\t\t\t\t\t\t\t    \tContinuar llegint\t\t\t\t\t\t\t\t    \t<i data-feather=\"arrow-right\"><\/i>\n\t\t\t\t\t\t\t\t    <\/a>\n\t\t\t\t\t\t\t\t<\/div>\n\t\t\t\t\t\t\t<\/div>\n\t\t\t\t\t\t\t\t\t\t\t\t\t<\/div>\n\t\t\t\t\t<\/div>\n\t\t\t\t<\/article>\n\t\t\t\t\t\t\t<article class=\"post-wrap\">\n\t\t\t\t\t<div class=\"wrap-article\">\n\t\t\t\t\t\t<div class=\"post-media\">\n\t\t\t\t\t\t\t\t\t\t\t\t\t\t\t<a href=\"https:\/\/portelldemorella.org\/ca\/portell-tanca-amb-exit-el-cicle-sons-de-linterior-2025-amb-un-recital-a-lesglesia-de-lesperanca\/\">\n\n\t\t\t\t\t\t\t\t\t<img decoding=\"async\" alt=\"Portell tanca amb \u00e8xit el cicle Sons de l\u2019Interior 2025 amb un recital a l\u2019esgl\u00e9sia de l\u2019Esperan\u00e7a\" src=\"https:\/\/portelldemorella.org\/wp-content\/uploads\/2025\/08\/sons-de-linterior-1-560x420.jpeg\" \n\t\t\t\t\t\t\t\t\t\t\t\n\t\t\t\t\t\t\t\t\t\t\tsrcset=\"https:\/\/portelldemorella.org\/wp-content\/uploads\/2025\/08\/sons-de-linterior-1-560x420.jpeg 560w,\n\t\t\t\t\t\t\t\t\t\t\thttps:\/\/portelldemorella.org\/wp-content\/uploads\/2025\/08\/sons-de-linterior-1-300x225.jpeg 300w\" \n\t\t\t\t\t\t\t\t\t\t\tsizes=\"(max-width: 767px) 100vw, 560px\" >\n\t\t\t\t\t\t\t\t<\/a>\n\t\t\t\t\t\t\t\t\t\t\t\t\t<\/div>\n\t\t\t\t\t\t<div class=\"evgovt-content\">\n\t\t\t\t\t\t\t\t\t\t\t\t\t\t<div class=\"post-meta-date\">\n\t\t\t\t\t\t\t\t<span class=\"post-meta-content-date\">\n\t\t\t\t\t\t\t\t    <span class=\" post-date\">\n\t\t\t\t\t\t\t\t        <span class=\"right second_font\">agost 14, 2025<\/span>\n\t\t\t\t\t\t\t\t    <\/span>\n\t\t\t\t\t\t\t\t<\/span>\n\t\t\t\t\t\t\t<\/div>\n\t\t\t\t\t\t\t\n\t\t\t\t\t\t\t\t\t\t\t\t\t\t\t\t\t\t\t\t\t<div class=\"post-title\">\n\t\t\t\t\t\t\t\t<h2 class=\"post-title\">\n\t\t\t\t\t\t\t        <a href=\"https:\/\/portelldemorella.org\/ca\/portell-tanca-amb-exit-el-cicle-sons-de-linterior-2025-amb-un-recital-a-lesglesia-de-lesperanca\/\" rel=\"bookmark\" title=\"Portell tanca amb \u00e8xit el cicle Sons de l\u2019Interior 2025 amb un recital a l\u2019esgl\u00e9sia de l\u2019Esperan\u00e7a\">\n\t\t\t\t\t\t\t          Portell tanca amb \u00e8xit el cicle Sons de l\u2019Interior 2025 amb un recital a l\u2019esgl\u00e9sia de l\u2019Esperan\u00e7a\t\t\t\t\t\t\t        <\/a>\n\t\t\t\t\t\t\t      <\/h2>\n\t\t\t\t\t\t\t<\/div>\n\t\t\t\t\t\t\t\t\t\t\t\t\t\t\t\t\t\t\t\t\t<div class=\"post-footer\">\n\t\t\t\t\t\t\t\t<div class=\"egovt-post-readmore\">\n\t\t\t\t\t\t\t\t    <a class=\"btn-readmore second_font\" href=\"https:\/\/portelldemorella.org\/ca\/portell-tanca-amb-exit-el-cicle-sons-de-linterior-2025-amb-un-recital-a-lesglesia-de-lesperanca\/\">\n\t\t\t\t\t\t\t\t    \tContinuar llegint\t\t\t\t\t\t\t\t    \t<i data-feather=\"arrow-right\"><\/i>\n\t\t\t\t\t\t\t\t    <\/a>\n\t\t\t\t\t\t\t\t<\/div>\n\t\t\t\t\t\t\t<\/div>\n\t\t\t\t\t\t\t\t\t\t\t\t\t<\/div>\n\t\t\t\t\t<\/div>\n\t\t\t\t<\/article>\n\t\t\t\t\t\t\t<article class=\"post-wrap\">\n\t\t\t\t\t<div class=\"wrap-article\">\n\t\t\t\t\t\t<div class=\"post-media\">\n\t\t\t\t\t\t\t\t\t\t\t\t\t\t\t<a href=\"https:\/\/portelldemorella.org\/ca\/portell-reivindica-el-consum-conscient-amb-la-fira-textil-i-productes-de-la-terra-el-20-de-setembre\/\">\n\n\t\t\t\t\t\t\t\t\t<img decoding=\"async\" alt=\"Portell reivindica el consum conscient amb la Fira T\u00e8xtil i Productes de la Terra el 20 de setembre\" src=\"https:\/\/portelldemorella.org\/wp-content\/uploads\/2025\/08\/portell-396x560.jpeg\" \n\t\t\t\t\t\t\t\t\t\t\t\n\t\t\t\t\t\t\t\t\t\t\tsrcset=\"https:\/\/portelldemorella.org\/wp-content\/uploads\/2025\/08\/portell-396x560.jpeg 560w,\n\t\t\t\t\t\t\t\t\t\t\thttps:\/\/portelldemorella.org\/wp-content\/uploads\/2025\/08\/portell-212x300.jpeg 300w\" \n\t\t\t\t\t\t\t\t\t\t\tsizes=\"(max-width: 767px) 100vw, 560px\" >\n\t\t\t\t\t\t\t\t<\/a>\n\t\t\t\t\t\t\t\t\t\t\t\t\t<\/div>\n\t\t\t\t\t\t<div class=\"evgovt-content\">\n\t\t\t\t\t\t\t\t\t\t\t\t\t\t<div class=\"post-meta-date\">\n\t\t\t\t\t\t\t\t<span class=\"post-meta-content-date\">\n\t\t\t\t\t\t\t\t    <span class=\" post-date\">\n\t\t\t\t\t\t\t\t        <span class=\"right second_font\">agost 8, 2025<\/span>\n\t\t\t\t\t\t\t\t    <\/span>\n\t\t\t\t\t\t\t\t<\/span>\n\t\t\t\t\t\t\t<\/div>\n\t\t\t\t\t\t\t\n\t\t\t\t\t\t\t\t\t\t\t\t\t\t\t\t\t\t\t\t\t<div class=\"post-title\">\n\t\t\t\t\t\t\t\t<h2 class=\"post-title\">\n\t\t\t\t\t\t\t        <a href=\"https:\/\/portelldemorella.org\/ca\/portell-reivindica-el-consum-conscient-amb-la-fira-textil-i-productes-de-la-terra-el-20-de-setembre\/\" rel=\"bookmark\" title=\"Portell reivindica el consum conscient amb la Fira T\u00e8xtil i Productes de la Terra el 20 de setembre\">\n\t\t\t\t\t\t\t          Portell reivindica el consum conscient amb la Fira T\u00e8xtil i Productes de la Terra el 20 de setembre\t\t\t\t\t\t\t        <\/a>\n\t\t\t\t\t\t\t      <\/h2>\n\t\t\t\t\t\t\t<\/div>\n\t\t\t\t\t\t\t\t\t\t\t\t\t\t\t\t\t\t\t\t\t<div class=\"post-footer\">\n\t\t\t\t\t\t\t\t<div class=\"egovt-post-readmore\">\n\t\t\t\t\t\t\t\t    <a class=\"btn-readmore second_font\" href=\"https:\/\/portelldemorella.org\/ca\/portell-reivindica-el-consum-conscient-amb-la-fira-textil-i-productes-de-la-terra-el-20-de-setembre\/\">\n\t\t\t\t\t\t\t\t    \tContinuar llegint\t\t\t\t\t\t\t\t    \t<i data-feather=\"arrow-right\"><\/i>\n\t\t\t\t\t\t\t\t    <\/a>\n\t\t\t\t\t\t\t\t<\/div>\n\t\t\t\t\t\t\t<\/div>\n\t\t\t\t\t\t\t\t\t\t\t\t\t<\/div>\n\t\t\t\t\t<\/div>\n\t\t\t\t<\/article>\n\t\t\t\t\t\t\t<article class=\"post-wrap\">\n\t\t\t\t\t<div class=\"wrap-article\">\n\t\t\t\t\t\t<div class=\"post-media\">\n\t\t\t\t\t\t\t\t\t\t\t\t\t\t\t<a href=\"https:\/\/portelldemorella.org\/ca\/la-musica-classica-ompli-portell-amb-el-cicle-sons-de-linterior\/\">\n\n\t\t\t\t\t\t\t\t\t<img decoding=\"async\" alt=\"La m\u00fasica cl\u00e0ssica ompli Portell amb el cicle \u2018Sons de l\u2019interior\u2019\" src=\"https:\/\/portelldemorella.org\/wp-content\/uploads\/2025\/08\/sons-de-linterior-560x316.jpeg\" \n\t\t\t\t\t\t\t\t\t\t\t\n\t\t\t\t\t\t\t\t\t\t\tsrcset=\"https:\/\/portelldemorella.org\/wp-content\/uploads\/2025\/08\/sons-de-linterior-560x316.jpeg 560w,\n\t\t\t\t\t\t\t\t\t\t\thttps:\/\/portelldemorella.org\/wp-content\/uploads\/2025\/08\/sons-de-linterior-300x169.jpeg 300w\" \n\t\t\t\t\t\t\t\t\t\t\tsizes=\"(max-width: 767px) 100vw, 560px\" >\n\t\t\t\t\t\t\t\t<\/a>\n\t\t\t\t\t\t\t\t\t\t\t\t\t<\/div>\n\t\t\t\t\t\t<div class=\"evgovt-content\">\n\t\t\t\t\t\t\t\t\t\t\t\t\t\t<div class=\"post-meta-date\">\n\t\t\t\t\t\t\t\t<span class=\"post-meta-content-date\">\n\t\t\t\t\t\t\t\t    <span class=\" post-date\">\n\t\t\t\t\t\t\t\t        <span class=\"right second_font\">agost 5, 2025<\/span>\n\t\t\t\t\t\t\t\t    <\/span>\n\t\t\t\t\t\t\t\t<\/span>\n\t\t\t\t\t\t\t<\/div>\n\t\t\t\t\t\t\t\n\t\t\t\t\t\t\t\t\t\t\t\t\t\t\t\t\t\t\t\t\t<div class=\"post-title\">\n\t\t\t\t\t\t\t\t<h2 class=\"post-title\">\n\t\t\t\t\t\t\t        <a href=\"https:\/\/portelldemorella.org\/ca\/la-musica-classica-ompli-portell-amb-el-cicle-sons-de-linterior\/\" rel=\"bookmark\" title=\"La m\u00fasica cl\u00e0ssica ompli Portell amb el cicle \u2018Sons de l\u2019interior\u2019\">\n\t\t\t\t\t\t\t          La m\u00fasica cl\u00e0ssica ompli Portell amb el cicle \u2018Sons de l\u2019interior\u2019\t\t\t\t\t\t\t        <\/a>\n\t\t\t\t\t\t\t      <\/h2>\n\t\t\t\t\t\t\t<\/div>\n\t\t\t\t\t\t\t\t\t\t\t\t\t\t\t\t\t\t\t\t\t<div class=\"post-footer\">\n\t\t\t\t\t\t\t\t<div class=\"egovt-post-readmore\">\n\t\t\t\t\t\t\t\t    <a class=\"btn-readmore second_font\" href=\"https:\/\/portelldemorella.org\/ca\/la-musica-classica-ompli-portell-amb-el-cicle-sons-de-linterior\/\">\n\t\t\t\t\t\t\t\t    \tContinuar llegint\t\t\t\t\t\t\t\t    \t<i data-feather=\"arrow-right\"><\/i>\n\t\t\t\t\t\t\t\t    <\/a>\n\t\t\t\t\t\t\t\t<\/div>\n\t\t\t\t\t\t\t<\/div>\n\t\t\t\t\t\t\t\t\t\t\t\t\t<\/div>\n\t\t\t\t\t<\/div>\n\t\t\t\t<\/article>\n\t\t\t\t\t\t\t<article class=\"post-wrap\">\n\t\t\t\t\t<div class=\"wrap-article\">\n\t\t\t\t\t\t<div class=\"post-media\">\n\t\t\t\t\t\t\t\t\t\t\t\t\t\t\t<a href=\"https:\/\/portelldemorella.org\/ca\/portell-pren-classes-dhistoria-amb-el-documental-lescola-el-lligam-de-tot-un-poble\/\">\n\n\t\t\t\t\t\t\t\t\t<img decoding=\"async\" alt=\"Portell pren classes d&#8217;hist\u00f2ria amb el documental &#8220;L&#8217;escola, el lligam de tot un poble&#8221;\" src=\"https:\/\/portelldemorella.org\/wp-content\/uploads\/2025\/07\/Lescola-el-lligam-de-tot-un-poble-560x560.jpg\" \n\t\t\t\t\t\t\t\t\t\t\t\n\t\t\t\t\t\t\t\t\t\t\tsrcset=\"https:\/\/portelldemorella.org\/wp-content\/uploads\/2025\/07\/Lescola-el-lligam-de-tot-un-poble-560x560.jpg 560w,\n\t\t\t\t\t\t\t\t\t\t\thttps:\/\/portelldemorella.org\/wp-content\/uploads\/2025\/07\/Lescola-el-lligam-de-tot-un-poble-300x300.jpg 300w\" \n\t\t\t\t\t\t\t\t\t\t\tsizes=\"(max-width: 767px) 100vw, 560px\" >\n\t\t\t\t\t\t\t\t<\/a>\n\t\t\t\t\t\t\t\t\t\t\t\t\t<\/div>\n\t\t\t\t\t\t<div class=\"evgovt-content\">\n\t\t\t\t\t\t\t\t\t\t\t\t\t\t<div class=\"post-meta-date\">\n\t\t\t\t\t\t\t\t<span class=\"post-meta-content-date\">\n\t\t\t\t\t\t\t\t    <span class=\" post-date\">\n\t\t\t\t\t\t\t\t        <span class=\"right second_font\">juliol 29, 2025<\/span>\n\t\t\t\t\t\t\t\t    <\/span>\n\t\t\t\t\t\t\t\t<\/span>\n\t\t\t\t\t\t\t<\/div>\n\t\t\t\t\t\t\t\n\t\t\t\t\t\t\t\t\t\t\t\t\t\t\t\t\t\t\t\t\t<div class=\"post-title\">\n\t\t\t\t\t\t\t\t<h2 class=\"post-title\">\n\t\t\t\t\t\t\t        <a href=\"https:\/\/portelldemorella.org\/ca\/portell-pren-classes-dhistoria-amb-el-documental-lescola-el-lligam-de-tot-un-poble\/\" rel=\"bookmark\" title=\"Portell pren classes d&#8217;hist\u00f2ria amb el documental &#8220;L&#8217;escola, el lligam de tot un poble&#8221;\">\n\t\t\t\t\t\t\t          Portell pren classes d&#8217;hist\u00f2ria amb el documental &#8220;L&#8217;escola, el lligam de tot un poble&#8221;\t\t\t\t\t\t\t        <\/a>\n\t\t\t\t\t\t\t      <\/h2>\n\t\t\t\t\t\t\t<\/div>\n\t\t\t\t\t\t\t\t\t\t\t\t\t\t\t\t\t\t\t\t\t<div class=\"post-footer\">\n\t\t\t\t\t\t\t\t<div class=\"egovt-post-readmore\">\n\t\t\t\t\t\t\t\t    <a class=\"btn-readmore second_font\" href=\"https:\/\/portelldemorella.org\/ca\/portell-pren-classes-dhistoria-amb-el-documental-lescola-el-lligam-de-tot-un-poble\/\">\n\t\t\t\t\t\t\t\t    \tContinuar llegint\t\t\t\t\t\t\t\t    \t<i data-feather=\"arrow-right\"><\/i>\n\t\t\t\t\t\t\t\t    <\/a>\n\t\t\t\t\t\t\t\t<\/div>\n\t\t\t\t\t\t\t<\/div>\n\t\t\t\t\t\t\t\t\t\t\t\t\t<\/div>\n\t\t\t\t\t<\/div>\n\t\t\t\t<\/article>\n\t\t\t\t\t\t\t<article class=\"post-wrap\">\n\t\t\t\t\t<div class=\"wrap-article\">\n\t\t\t\t\t\t<div class=\"post-media\">\n\t\t\t\t\t\t\t\t\t\t\t\t\t\t\t<a href=\"https:\/\/portelldemorella.org\/ca\/el-cicle-sons-de-linterior-torna-a-portell-amb-la-millor-musica-classica\/\">\n\n\t\t\t\t\t\t\t\t\t<img decoding=\"async\" alt=\"El cicle &#8216;Sons de l\u2019Interior&#8217; torna a Portell amb la millor m\u00fasica cl\u00e0ssica\" src=\"https:\/\/portelldemorella.org\/wp-content\/uploads\/2025\/07\/XII-Sons-de-linterior.-Portell-448x560.jpeg\" \n\t\t\t\t\t\t\t\t\t\t\t\n\t\t\t\t\t\t\t\t\t\t\tsrcset=\"https:\/\/portelldemorella.org\/wp-content\/uploads\/2025\/07\/XII-Sons-de-linterior.-Portell-448x560.jpeg 560w,\n\t\t\t\t\t\t\t\t\t\t\thttps:\/\/portelldemorella.org\/wp-content\/uploads\/2025\/07\/XII-Sons-de-linterior.-Portell-240x300.jpeg 300w\" \n\t\t\t\t\t\t\t\t\t\t\tsizes=\"(max-width: 767px) 100vw, 560px\" >\n\t\t\t\t\t\t\t\t<\/a>\n\t\t\t\t\t\t\t\t\t\t\t\t\t<\/div>\n\t\t\t\t\t\t<div class=\"evgovt-content\">\n\t\t\t\t\t\t\t\t\t\t\t\t\t\t<div class=\"post-meta-date\">\n\t\t\t\t\t\t\t\t<span class=\"post-meta-content-date\">\n\t\t\t\t\t\t\t\t    <span class=\" post-date\">\n\t\t\t\t\t\t\t\t        <span class=\"right second_font\">juliol 24, 2025<\/span>\n\t\t\t\t\t\t\t\t    <\/span>\n\t\t\t\t\t\t\t\t<\/span>\n\t\t\t\t\t\t\t<\/div>\n\t\t\t\t\t\t\t\n\t\t\t\t\t\t\t\t\t\t\t\t\t\t\t\t\t\t\t\t\t<div class=\"post-title\">\n\t\t\t\t\t\t\t\t<h2 class=\"post-title\">\n\t\t\t\t\t\t\t        <a href=\"https:\/\/portelldemorella.org\/ca\/el-cicle-sons-de-linterior-torna-a-portell-amb-la-millor-musica-classica\/\" rel=\"bookmark\" title=\"El cicle &#8216;Sons de l\u2019Interior&#8217; torna a Portell amb la millor m\u00fasica cl\u00e0ssica\">\n\t\t\t\t\t\t\t          El cicle &#8216;Sons de l\u2019Interior&#8217; torna a Portell amb la millor m\u00fasica cl\u00e0ssica\t\t\t\t\t\t\t        <\/a>\n\t\t\t\t\t\t\t      <\/h2>\n\t\t\t\t\t\t\t<\/div>\n\t\t\t\t\t\t\t\t\t\t\t\t\t\t\t\t\t\t\t\t\t<div class=\"post-footer\">\n\t\t\t\t\t\t\t\t<div class=\"egovt-post-readmore\">\n\t\t\t\t\t\t\t\t    <a class=\"btn-readmore second_font\" href=\"https:\/\/portelldemorella.org\/ca\/el-cicle-sons-de-linterior-torna-a-portell-amb-la-millor-musica-classica\/\">\n\t\t\t\t\t\t\t\t    \tContinuar llegint\t\t\t\t\t\t\t\t    \t<i data-feather=\"arrow-right\"><\/i>\n\t\t\t\t\t\t\t\t    <\/a>\n\t\t\t\t\t\t\t\t<\/div>\n\t\t\t\t\t\t\t<\/div>\n\t\t\t\t\t\t\t\t\t\t\t\t\t<\/div>\n\t\t\t\t\t<\/div>\n\t\t\t\t<\/article>\n\t\t\t\t\t\t\t<article class=\"post-wrap\">\n\t\t\t\t\t<div class=\"wrap-article\">\n\t\t\t\t\t\t<div class=\"post-media\">\n\t\t\t\t\t\t\t\t\t\t\t\t\t\t\t<a href=\"https:\/\/portelldemorella.org\/ca\/portell-es-prepara-per-a-unes-festes-patronals-2025-plenes-de-tradicio-cultura-i-diversio\/\">\n\n\t\t\t\t\t\t\t\t\t<img decoding=\"async\" alt=\"Portell es prepara per a unes Festes Patronals 2025 plenes de tradici\u00f3, cultura i diversi\u00f3\" src=\"https:\/\/portelldemorella.org\/wp-content\/uploads\/2025\/07\/Festes-Portell-Portada-448x560.jpg\" \n\t\t\t\t\t\t\t\t\t\t\t\n\t\t\t\t\t\t\t\t\t\t\tsrcset=\"https:\/\/portelldemorella.org\/wp-content\/uploads\/2025\/07\/Festes-Portell-Portada-448x560.jpg 560w,\n\t\t\t\t\t\t\t\t\t\t\thttps:\/\/portelldemorella.org\/wp-content\/uploads\/2025\/07\/Festes-Portell-Portada-240x300.jpg 300w\" \n\t\t\t\t\t\t\t\t\t\t\tsizes=\"(max-width: 767px) 100vw, 560px\" >\n\t\t\t\t\t\t\t\t<\/a>\n\t\t\t\t\t\t\t\t\t\t\t\t\t<\/div>\n\t\t\t\t\t\t<div class=\"evgovt-content\">\n\t\t\t\t\t\t\t\t\t\t\t\t\t\t<div class=\"post-meta-date\">\n\t\t\t\t\t\t\t\t<span class=\"post-meta-content-date\">\n\t\t\t\t\t\t\t\t    <span class=\" post-date\">\n\t\t\t\t\t\t\t\t        <span class=\"right second_font\">juliol 18, 2025<\/span>\n\t\t\t\t\t\t\t\t    <\/span>\n\t\t\t\t\t\t\t\t<\/span>\n\t\t\t\t\t\t\t<\/div>\n\t\t\t\t\t\t\t\n\t\t\t\t\t\t\t\t\t\t\t\t\t\t\t\t\t\t\t\t\t<div class=\"post-title\">\n\t\t\t\t\t\t\t\t<h2 class=\"post-title\">\n\t\t\t\t\t\t\t        <a href=\"https:\/\/portelldemorella.org\/ca\/portell-es-prepara-per-a-unes-festes-patronals-2025-plenes-de-tradicio-cultura-i-diversio\/\" rel=\"bookmark\" title=\"Portell es prepara per a unes Festes Patronals 2025 plenes de tradici\u00f3, cultura i diversi\u00f3\">\n\t\t\t\t\t\t\t          Portell es prepara per a unes Festes Patronals 2025 plenes de tradici\u00f3, cultura i diversi\u00f3\t\t\t\t\t\t\t        <\/a>\n\t\t\t\t\t\t\t      <\/h2>\n\t\t\t\t\t\t\t<\/div>\n\t\t\t\t\t\t\t\t\t\t\t\t\t\t\t\t\t\t\t\t\t<div class=\"post-footer\">\n\t\t\t\t\t\t\t\t<div class=\"egovt-post-readmore\">\n\t\t\t\t\t\t\t\t    <a class=\"btn-readmore second_font\" href=\"https:\/\/portelldemorella.org\/ca\/portell-es-prepara-per-a-unes-festes-patronals-2025-plenes-de-tradicio-cultura-i-diversio\/\">\n\t\t\t\t\t\t\t\t    \tContinuar llegint\t\t\t\t\t\t\t\t    \t<i data-feather=\"arrow-right\"><\/i>\n\t\t\t\t\t\t\t\t    <\/a>\n\t\t\t\t\t\t\t\t<\/div>\n\t\t\t\t\t\t\t<\/div>\n\t\t\t\t\t\t\t\t\t\t\t\t\t<\/div>\n\t\t\t\t\t<\/div>\n\t\t\t\t<\/article>\n\t\t\t\t\t\t\t<article class=\"post-wrap\">\n\t\t\t\t\t<div class=\"wrap-article\">\n\t\t\t\t\t\t<div class=\"post-media\">\n\t\t\t\t\t\t\t\t\t\t\t\t\t\t\t<a href=\"https:\/\/portelldemorella.org\/ca\/portell-busca-dones-emprenedores-per-recuperar-el-lideratge-en-la-industria-textil-amb-perspectiva-de-genere-i-ecosocial\/\">\n\n\t\t\t\t\t\t\t\t\t<img decoding=\"async\" alt=\"Portell busca dones emprenedores per recuperar el lideratge en la ind\u00fastria t\u00e8xtil amb perspectiva de g\u00e8nere i ecosocial\" src=\"https:\/\/portelldemorella.org\/wp-content\/uploads\/2025\/06\/Teixint-Portell-396x560.jpg\" \n\t\t\t\t\t\t\t\t\t\t\t\n\t\t\t\t\t\t\t\t\t\t\tsrcset=\"https:\/\/portelldemorella.org\/wp-content\/uploads\/2025\/06\/Teixint-Portell-396x560.jpg 560w,\n\t\t\t\t\t\t\t\t\t\t\thttps:\/\/portelldemorella.org\/wp-content\/uploads\/2025\/06\/Teixint-Portell-212x300.jpg 300w\" \n\t\t\t\t\t\t\t\t\t\t\tsizes=\"(max-width: 767px) 100vw, 560px\" >\n\t\t\t\t\t\t\t\t<\/a>\n\t\t\t\t\t\t\t\t\t\t\t\t\t<\/div>\n\t\t\t\t\t\t<div class=\"evgovt-content\">\n\t\t\t\t\t\t\t\t\t\t\t\t\t\t<div class=\"post-meta-date\">\n\t\t\t\t\t\t\t\t<span class=\"post-meta-content-date\">\n\t\t\t\t\t\t\t\t    <span class=\" post-date\">\n\t\t\t\t\t\t\t\t        <span class=\"right second_font\">juny 30, 2025<\/span>\n\t\t\t\t\t\t\t\t    <\/span>\n\t\t\t\t\t\t\t\t<\/span>\n\t\t\t\t\t\t\t<\/div>\n\t\t\t\t\t\t\t\n\t\t\t\t\t\t\t\t\t\t\t\t\t\t\t\t\t\t\t\t\t<div class=\"post-title\">\n\t\t\t\t\t\t\t\t<h2 class=\"post-title\">\n\t\t\t\t\t\t\t        <a href=\"https:\/\/portelldemorella.org\/ca\/portell-busca-dones-emprenedores-per-recuperar-el-lideratge-en-la-industria-textil-amb-perspectiva-de-genere-i-ecosocial\/\" rel=\"bookmark\" title=\"Portell busca dones emprenedores per recuperar el lideratge en la ind\u00fastria t\u00e8xtil amb perspectiva de g\u00e8nere i ecosocial\">\n\t\t\t\t\t\t\t          Portell busca dones emprenedores per recuperar el lideratge en la ind\u00fastria t\u00e8xtil amb perspectiva de g\u00e8nere i ecosocial\t\t\t\t\t\t\t        <\/a>\n\t\t\t\t\t\t\t      <\/h2>\n\t\t\t\t\t\t\t<\/div>\n\t\t\t\t\t\t\t\t\t\t\t\t\t\t\t\t\t\t\t\t\t<div class=\"post-footer\">\n\t\t\t\t\t\t\t\t<div class=\"egovt-post-readmore\">\n\t\t\t\t\t\t\t\t    <a class=\"btn-readmore second_font\" href=\"https:\/\/portelldemorella.org\/ca\/portell-busca-dones-emprenedores-per-recuperar-el-lideratge-en-la-industria-textil-amb-perspectiva-de-genere-i-ecosocial\/\">\n\t\t\t\t\t\t\t\t    \tContinuar llegint\t\t\t\t\t\t\t\t    \t<i data-feather=\"arrow-right\"><\/i>\n\t\t\t\t\t\t\t\t    <\/a>\n\t\t\t\t\t\t\t\t<\/div>\n\t\t\t\t\t\t\t<\/div>\n\t\t\t\t\t\t\t\t\t\t\t\t\t<\/div>\n\t\t\t\t\t<\/div>\n\t\t\t\t<\/article>\n\t\t\t\t\t\t\t<article class=\"post-wrap\">\n\t\t\t\t\t<div class=\"wrap-article\">\n\t\t\t\t\t\t<div class=\"post-media\">\n\t\t\t\t\t\t\t\t\t\t\t\t\t\t\t<a href=\"https:\/\/portelldemorella.org\/ca\/llavadors-lovers-porta-a-portell-una-jornada-de-memoria-sostenibilitat-i-convivencia-amb-el-sabo-casola\/\">\n\n\t\t\t\t\t\t\t\t\t<img decoding=\"async\" alt=\"Llavadors Lovers porta a Portell una jornada de mem\u00f2ria, sostenibilitat i conviv\u00e8ncia amb el sab\u00f3 casol\u00e0\" src=\"https:\/\/portelldemorella.org\/wp-content\/uploads\/2025\/06\/llavadors-lovers-sabo-portell-1-560x430.jpg\" \n\t\t\t\t\t\t\t\t\t\t\t\n\t\t\t\t\t\t\t\t\t\t\tsrcset=\"https:\/\/portelldemorella.org\/wp-content\/uploads\/2025\/06\/llavadors-lovers-sabo-portell-1-560x430.jpg 560w,\n\t\t\t\t\t\t\t\t\t\t\thttps:\/\/portelldemorella.org\/wp-content\/uploads\/2025\/06\/llavadors-lovers-sabo-portell-1-300x230.jpg 300w\" \n\t\t\t\t\t\t\t\t\t\t\tsizes=\"(max-width: 767px) 100vw, 560px\" >\n\t\t\t\t\t\t\t\t<\/a>\n\t\t\t\t\t\t\t\t\t\t\t\t\t<\/div>\n\t\t\t\t\t\t<div class=\"evgovt-content\">\n\t\t\t\t\t\t\t\t\t\t\t\t\t\t<div class=\"post-meta-date\">\n\t\t\t\t\t\t\t\t<span class=\"post-meta-content-date\">\n\t\t\t\t\t\t\t\t    <span class=\" post-date\">\n\t\t\t\t\t\t\t\t        <span class=\"right second_font\">juny 18, 2025<\/span>\n\t\t\t\t\t\t\t\t    <\/span>\n\t\t\t\t\t\t\t\t<\/span>\n\t\t\t\t\t\t\t<\/div>\n\t\t\t\t\t\t\t\n\t\t\t\t\t\t\t\t\t\t\t\t\t\t\t\t\t\t\t\t\t<div class=\"post-title\">\n\t\t\t\t\t\t\t\t<h2 class=\"post-title\">\n\t\t\t\t\t\t\t        <a href=\"https:\/\/portelldemorella.org\/ca\/llavadors-lovers-porta-a-portell-una-jornada-de-memoria-sostenibilitat-i-convivencia-amb-el-sabo-casola\/\" rel=\"bookmark\" title=\"Llavadors Lovers porta a Portell una jornada de mem\u00f2ria, sostenibilitat i conviv\u00e8ncia amb el sab\u00f3 casol\u00e0\">\n\t\t\t\t\t\t\t          Llavadors Lovers porta a Portell una jornada de mem\u00f2ria, sostenibilitat i conviv\u00e8ncia amb el sab\u00f3 casol\u00e0\t\t\t\t\t\t\t        <\/a>\n\t\t\t\t\t\t\t      <\/h2>\n\t\t\t\t\t\t\t<\/div>\n\t\t\t\t\t\t\t\t\t\t\t\t\t\t\t\t\t\t\t\t\t<div class=\"post-footer\">\n\t\t\t\t\t\t\t\t<div class=\"egovt-post-readmore\">\n\t\t\t\t\t\t\t\t    <a class=\"btn-readmore second_font\" href=\"https:\/\/portelldemorella.org\/ca\/llavadors-lovers-porta-a-portell-una-jornada-de-memoria-sostenibilitat-i-convivencia-amb-el-sabo-casola\/\">\n\t\t\t\t\t\t\t\t    \tContinuar llegint\t\t\t\t\t\t\t\t    \t<i data-feather=\"arrow-right\"><\/i>\n\t\t\t\t\t\t\t\t    <\/a>\n\t\t\t\t\t\t\t\t<\/div>\n\t\t\t\t\t\t\t<\/div>\n\t\t\t\t\t\t\t\t\t\t\t\t\t<\/div>\n\t\t\t\t\t<\/div>\n\t\t\t\t<\/article>\n\t\t\t\t\t\t\t<article class=\"post-wrap\">\n\t\t\t\t\t<div class=\"wrap-article\">\n\t\t\t\t\t\t<div class=\"post-media\">\n\t\t\t\t\t\t\t\t\t\t\t\t\t\t\t<a href=\"https:\/\/portelldemorella.org\/ca\/els-pelegrins-i-pelegrines-de-portell-donen-compliment-a-la-tradicio-i-mantenen-viva-la-ruta-a-sant-pere-de-castellfort\/\">\n\n\t\t\t\t\t\t\t\t\t<img decoding=\"async\" alt=\"Els Pelegrins i Pelegrines de Portell donen compliment a la tradici\u00f3 i mantenen viva la ruta a Sant Pere de Castellfort\" src=\"https:\/\/portelldemorella.org\/wp-content\/uploads\/2025\/06\/pelegrins-portell-560x373.jpg\" \n\t\t\t\t\t\t\t\t\t\t\t\n\t\t\t\t\t\t\t\t\t\t\tsrcset=\"https:\/\/portelldemorella.org\/wp-content\/uploads\/2025\/06\/pelegrins-portell-560x373.jpg 560w,\n\t\t\t\t\t\t\t\t\t\t\thttps:\/\/portelldemorella.org\/wp-content\/uploads\/2025\/06\/pelegrins-portell-300x200.jpg 300w\" \n\t\t\t\t\t\t\t\t\t\t\tsizes=\"(max-width: 767px) 100vw, 560px\" >\n\t\t\t\t\t\t\t\t<\/a>\n\t\t\t\t\t\t\t\t\t\t\t\t\t<\/div>\n\t\t\t\t\t\t<div class=\"evgovt-content\">\n\t\t\t\t\t\t\t\t\t\t\t\t\t\t<div class=\"post-meta-date\">\n\t\t\t\t\t\t\t\t<span class=\"post-meta-content-date\">\n\t\t\t\t\t\t\t\t    <span class=\" post-date\">\n\t\t\t\t\t\t\t\t        <span class=\"right second_font\">juny 16, 2025<\/span>\n\t\t\t\t\t\t\t\t    <\/span>\n\t\t\t\t\t\t\t\t<\/span>\n\t\t\t\t\t\t\t<\/div>\n\t\t\t\t\t\t\t\n\t\t\t\t\t\t\t\t\t\t\t\t\t\t\t\t\t\t\t\t\t<div class=\"post-title\">\n\t\t\t\t\t\t\t\t<h2 class=\"post-title\">\n\t\t\t\t\t\t\t        <a href=\"https:\/\/portelldemorella.org\/ca\/els-pelegrins-i-pelegrines-de-portell-donen-compliment-a-la-tradicio-i-mantenen-viva-la-ruta-a-sant-pere-de-castellfort\/\" rel=\"bookmark\" title=\"Els Pelegrins i Pelegrines de Portell donen compliment a la tradici\u00f3 i mantenen viva la ruta a Sant Pere de Castellfort\">\n\t\t\t\t\t\t\t          Els Pelegrins i Pelegrines de Portell donen compliment a la tradici\u00f3 i mantenen viva la ruta a Sant Pere de Castellfort\t\t\t\t\t\t\t        <\/a>\n\t\t\t\t\t\t\t      <\/h2>\n\t\t\t\t\t\t\t<\/div>\n\t\t\t\t\t\t\t\t\t\t\t\t\t\t\t\t\t\t\t\t\t<div class=\"post-footer\">\n\t\t\t\t\t\t\t\t<div class=\"egovt-post-readmore\">\n\t\t\t\t\t\t\t\t    <a class=\"btn-readmore second_font\" href=\"https:\/\/portelldemorella.org\/ca\/els-pelegrins-i-pelegrines-de-portell-donen-compliment-a-la-tradicio-i-mantenen-viva-la-ruta-a-sant-pere-de-castellfort\/\">\n\t\t\t\t\t\t\t\t    \tContinuar llegint\t\t\t\t\t\t\t\t    \t<i data-feather=\"arrow-right\"><\/i>\n\t\t\t\t\t\t\t\t    <\/a>\n\t\t\t\t\t\t\t\t<\/div>\n\t\t\t\t\t\t\t<\/div>\n\t\t\t\t\t\t\t\t\t\t\t\t\t<\/div>\n\t\t\t\t\t<\/div>\n\t\t\t\t<\/article>\n\t\t\t\t\t\t\t<article class=\"post-wrap\">\n\t\t\t\t\t<div class=\"wrap-article\">\n\t\t\t\t\t\t<div class=\"post-media\">\n\t\t\t\t\t\t\t\t\t\t\t\t\t\t\t<a href=\"https:\/\/portelldemorella.org\/ca\/mes-pelegrines-que-pelegrins-portell-reviu-dissabte-el-cami-ancestral-a-sant-pere-de-castellfort-amb-una-participacio-creixent-de-dones\/\">\n\n\t\t\t\t\t\t\t\t\t<img decoding=\"async\" alt=\"M\u00e9s pelegrines que pelegrins: Portell reviu dissabte el cam\u00ed ancestral a Sant Pere de Castellfort amb una participaci\u00f3 creixent de dones\" src=\"https:\/\/portelldemorella.org\/wp-content\/uploads\/2025\/06\/Mes-pelegrines-que-pelegrins-560x373.jpg\" \n\t\t\t\t\t\t\t\t\t\t\t\n\t\t\t\t\t\t\t\t\t\t\tsrcset=\"https:\/\/portelldemorella.org\/wp-content\/uploads\/2025\/06\/Mes-pelegrines-que-pelegrins-560x373.jpg 560w,\n\t\t\t\t\t\t\t\t\t\t\thttps:\/\/portelldemorella.org\/wp-content\/uploads\/2025\/06\/Mes-pelegrines-que-pelegrins-300x200.jpg 300w\" \n\t\t\t\t\t\t\t\t\t\t\tsizes=\"(max-width: 767px) 100vw, 560px\" >\n\t\t\t\t\t\t\t\t<\/a>\n\t\t\t\t\t\t\t\t\t\t\t\t\t<\/div>\n\t\t\t\t\t\t<div class=\"evgovt-content\">\n\t\t\t\t\t\t\t\t\t\t\t\t\t\t<div class=\"post-meta-date\">\n\t\t\t\t\t\t\t\t<span class=\"post-meta-content-date\">\n\t\t\t\t\t\t\t\t    <span class=\" post-date\">\n\t\t\t\t\t\t\t\t        <span class=\"right second_font\">juny 12, 2025<\/span>\n\t\t\t\t\t\t\t\t    <\/span>\n\t\t\t\t\t\t\t\t<\/span>\n\t\t\t\t\t\t\t<\/div>\n\t\t\t\t\t\t\t\n\t\t\t\t\t\t\t\t\t\t\t\t\t\t\t\t\t\t\t\t\t<div class=\"post-title\">\n\t\t\t\t\t\t\t\t<h2 class=\"post-title\">\n\t\t\t\t\t\t\t        <a href=\"https:\/\/portelldemorella.org\/ca\/mes-pelegrines-que-pelegrins-portell-reviu-dissabte-el-cami-ancestral-a-sant-pere-de-castellfort-amb-una-participacio-creixent-de-dones\/\" rel=\"bookmark\" title=\"M\u00e9s pelegrines que pelegrins: Portell reviu dissabte el cam\u00ed ancestral a Sant Pere de Castellfort amb una participaci\u00f3 creixent de dones\">\n\t\t\t\t\t\t\t          M\u00e9s pelegrines que pelegrins: Portell reviu dissabte el cam\u00ed ancestral a Sant Pere de Castellfort amb una participaci\u00f3 creixent de dones\t\t\t\t\t\t\t        <\/a>\n\t\t\t\t\t\t\t      <\/h2>\n\t\t\t\t\t\t\t<\/div>\n\t\t\t\t\t\t\t\t\t\t\t\t\t\t\t\t\t\t\t\t\t<div class=\"post-footer\">\n\t\t\t\t\t\t\t\t<div class=\"egovt-post-readmore\">\n\t\t\t\t\t\t\t\t    <a class=\"btn-readmore second_font\" href=\"https:\/\/portelldemorella.org\/ca\/mes-pelegrines-que-pelegrins-portell-reviu-dissabte-el-cami-ancestral-a-sant-pere-de-castellfort-amb-una-participacio-creixent-de-dones\/\">\n\t\t\t\t\t\t\t\t    \tContinuar llegint\t\t\t\t\t\t\t\t    \t<i data-feather=\"arrow-right\"><\/i>\n\t\t\t\t\t\t\t\t    <\/a>\n\t\t\t\t\t\t\t\t<\/div>\n\t\t\t\t\t\t\t<\/div>\n\t\t\t\t\t\t\t\t\t\t\t\t\t<\/div>\n\t\t\t\t\t<\/div>\n\t\t\t\t<\/article>\n\t\t\t\t\t\t\t<article class=\"post-wrap\">\n\t\t\t\t\t<div class=\"wrap-article\">\n\t\t\t\t\t\t<div class=\"post-media\">\n\t\t\t\t\t\t\t\t\t\t\t\t\t\t\t<a href=\"https:\/\/portelldemorella.org\/ca\/portell-activa-una-nova-edicio-de-lescola-destiu-per-a-oferir-activitats-ludiques-i-oci-educatiu-als-xiquets-i-xiquetes-durant-les-vacances-escolars\/\">\n\n\t\t\t\t\t\t\t\t\t<img decoding=\"async\" alt=\"Portell activa una nova edici\u00f3 de l&#8217;Escola d&#8217;Estiu per a oferir activitats l\u00fadiques i oci educatiu als xiquets i xiquetes durant les vacances escolars\" src=\"https:\/\/portelldemorella.org\/wp-content\/uploads\/2025\/05\/Portell-activa-una-nova-edicio-de-lEscola-dEstiu-per-a-oferir-activitats-ludiques-i-oci-educatiu-als-xiquets-i-xiquetes-durant-les-vacances-escolars-448x560.jpg\" \n\t\t\t\t\t\t\t\t\t\t\t\n\t\t\t\t\t\t\t\t\t\t\tsrcset=\"https:\/\/portelldemorella.org\/wp-content\/uploads\/2025\/05\/Portell-activa-una-nova-edicio-de-lEscola-dEstiu-per-a-oferir-activitats-ludiques-i-oci-educatiu-als-xiquets-i-xiquetes-durant-les-vacances-escolars-448x560.jpg 560w,\n\t\t\t\t\t\t\t\t\t\t\thttps:\/\/portelldemorella.org\/wp-content\/uploads\/2025\/05\/Portell-activa-una-nova-edicio-de-lEscola-dEstiu-per-a-oferir-activitats-ludiques-i-oci-educatiu-als-xiquets-i-xiquetes-durant-les-vacances-escolars-240x300.jpg 300w\" \n\t\t\t\t\t\t\t\t\t\t\tsizes=\"(max-width: 767px) 100vw, 560px\" >\n\t\t\t\t\t\t\t\t<\/a>\n\t\t\t\t\t\t\t\t\t\t\t\t\t<\/div>\n\t\t\t\t\t\t<div class=\"evgovt-content\">\n\t\t\t\t\t\t\t\t\t\t\t\t\t\t<div class=\"post-meta-date\">\n\t\t\t\t\t\t\t\t<span class=\"post-meta-content-date\">\n\t\t\t\t\t\t\t\t    <span class=\" post-date\">\n\t\t\t\t\t\t\t\t        <span class=\"right second_font\">maig 30, 2025<\/span>\n\t\t\t\t\t\t\t\t    <\/span>\n\t\t\t\t\t\t\t\t<\/span>\n\t\t\t\t\t\t\t<\/div>\n\t\t\t\t\t\t\t\n\t\t\t\t\t\t\t\t\t\t\t\t\t\t\t\t\t\t\t\t\t<div class=\"post-title\">\n\t\t\t\t\t\t\t\t<h2 class=\"post-title\">\n\t\t\t\t\t\t\t        <a href=\"https:\/\/portelldemorella.org\/ca\/portell-activa-una-nova-edicio-de-lescola-destiu-per-a-oferir-activitats-ludiques-i-oci-educatiu-als-xiquets-i-xiquetes-durant-les-vacances-escolars\/\" rel=\"bookmark\" title=\"Portell activa una nova edici\u00f3 de l&#8217;Escola d&#8217;Estiu per a oferir activitats l\u00fadiques i oci educatiu als xiquets i xiquetes durant les vacances escolars\">\n\t\t\t\t\t\t\t          Portell activa una nova edici\u00f3 de l&#8217;Escola d&#8217;Estiu per a oferir activitats l\u00fadiques i oci educatiu als xiquets i xiquetes durant les vacances escolars\t\t\t\t\t\t\t        <\/a>\n\t\t\t\t\t\t\t      <\/h2>\n\t\t\t\t\t\t\t<\/div>\n\t\t\t\t\t\t\t\t\t\t\t\t\t\t\t\t\t\t\t\t\t<div class=\"post-footer\">\n\t\t\t\t\t\t\t\t<div class=\"egovt-post-readmore\">\n\t\t\t\t\t\t\t\t    <a class=\"btn-readmore second_font\" href=\"https:\/\/portelldemorella.org\/ca\/portell-activa-una-nova-edicio-de-lescola-destiu-per-a-oferir-activitats-ludiques-i-oci-educatiu-als-xiquets-i-xiquetes-durant-les-vacances-escolars\/\">\n\t\t\t\t\t\t\t\t    \tContinuar llegint\t\t\t\t\t\t\t\t    \t<i data-feather=\"arrow-right\"><\/i>\n\t\t\t\t\t\t\t\t    <\/a>\n\t\t\t\t\t\t\t\t<\/div>\n\t\t\t\t\t\t\t<\/div>\n\t\t\t\t\t\t\t\t\t\t\t\t\t<\/div>\n\t\t\t\t\t<\/div>\n\t\t\t\t<\/article>\n\t\t\t\t\t\t\t<article class=\"post-wrap\">\n\t\t\t\t\t<div class=\"wrap-article\">\n\t\t\t\t\t\t<div class=\"post-media\">\n\t\t\t\t\t\t\t\t\t\t\t\t\t\t\t<a href=\"https:\/\/portelldemorella.org\/ca\/portell-es-dota-dun-full-de-ruta-per-adaptar-se-al-canvi-climatic-amb-actuacions-per-valor-de-dos-milions-deuros\/\">\n\n\t\t\t\t\t\t\t\t\t<img decoding=\"async\" alt=\"Portell es dota d\u2019un full de ruta per adaptar-se al canvi clim\u00e0tic amb actuacions per valor de dos milions d\u2019euros\" src=\"https:\/\/portelldemorella.org\/wp-content\/uploads\/2025\/05\/Portell-es-dota-dun-full-de-ruta-per-adaptar-se-al-canvi-climatic-amb-actuacions-per-valor-de-dos-milions-deuros-560x373.jpg\" \n\t\t\t\t\t\t\t\t\t\t\t\n\t\t\t\t\t\t\t\t\t\t\tsrcset=\"https:\/\/portelldemorella.org\/wp-content\/uploads\/2025\/05\/Portell-es-dota-dun-full-de-ruta-per-adaptar-se-al-canvi-climatic-amb-actuacions-per-valor-de-dos-milions-deuros-560x373.jpg 560w,\n\t\t\t\t\t\t\t\t\t\t\thttps:\/\/portelldemorella.org\/wp-content\/uploads\/2025\/05\/Portell-es-dota-dun-full-de-ruta-per-adaptar-se-al-canvi-climatic-amb-actuacions-per-valor-de-dos-milions-deuros-300x200.jpg 300w\" \n\t\t\t\t\t\t\t\t\t\t\tsizes=\"(max-width: 767px) 100vw, 560px\" >\n\t\t\t\t\t\t\t\t<\/a>\n\t\t\t\t\t\t\t\t\t\t\t\t\t<\/div>\n\t\t\t\t\t\t<div class=\"evgovt-content\">\n\t\t\t\t\t\t\t\t\t\t\t\t\t\t<div class=\"post-meta-date\">\n\t\t\t\t\t\t\t\t<span class=\"post-meta-content-date\">\n\t\t\t\t\t\t\t\t    <span class=\" post-date\">\n\t\t\t\t\t\t\t\t        <span class=\"right second_font\">maig 29, 2025<\/span>\n\t\t\t\t\t\t\t\t    <\/span>\n\t\t\t\t\t\t\t\t<\/span>\n\t\t\t\t\t\t\t<\/div>\n\t\t\t\t\t\t\t\n\t\t\t\t\t\t\t\t\t\t\t\t\t\t\t\t\t\t\t\t\t<div class=\"post-title\">\n\t\t\t\t\t\t\t\t<h2 class=\"post-title\">\n\t\t\t\t\t\t\t        <a href=\"https:\/\/portelldemorella.org\/ca\/portell-es-dota-dun-full-de-ruta-per-adaptar-se-al-canvi-climatic-amb-actuacions-per-valor-de-dos-milions-deuros\/\" rel=\"bookmark\" title=\"Portell es dota d\u2019un full de ruta per adaptar-se al canvi clim\u00e0tic amb actuacions per valor de dos milions d\u2019euros\">\n\t\t\t\t\t\t\t          Portell es dota d\u2019un full de ruta per adaptar-se al canvi clim\u00e0tic amb actuacions per valor de dos milions d\u2019euros\t\t\t\t\t\t\t        <\/a>\n\t\t\t\t\t\t\t      <\/h2>\n\t\t\t\t\t\t\t<\/div>\n\t\t\t\t\t\t\t\t\t\t\t\t\t\t\t\t\t\t\t\t\t<div class=\"post-footer\">\n\t\t\t\t\t\t\t\t<div class=\"egovt-post-readmore\">\n\t\t\t\t\t\t\t\t    <a class=\"btn-readmore second_font\" href=\"https:\/\/portelldemorella.org\/ca\/portell-es-dota-dun-full-de-ruta-per-adaptar-se-al-canvi-climatic-amb-actuacions-per-valor-de-dos-milions-deuros\/\">\n\t\t\t\t\t\t\t\t    \tContinuar llegint\t\t\t\t\t\t\t\t    \t<i data-feather=\"arrow-right\"><\/i>\n\t\t\t\t\t\t\t\t    <\/a>\n\t\t\t\t\t\t\t\t<\/div>\n\t\t\t\t\t\t\t<\/div>\n\t\t\t\t\t\t\t\t\t\t\t\t\t<\/div>\n\t\t\t\t\t<\/div>\n\t\t\t\t<\/article>\n\t\t\t\t\t\t\t<article class=\"post-wrap\">\n\t\t\t\t\t<div class=\"wrap-article\">\n\t\t\t\t\t\t<div class=\"post-media\">\n\t\t\t\t\t\t\t\t\t\t\t\t\t\t\t<a href=\"https:\/\/portelldemorella.org\/ca\/portell-de-morella-impulsa-mejoras-en-los-senderos-homologados-sl-cv-133-y-pr-cv-408\/\">\n\n\t\t\t\t\t\t\t\t\t<img decoding=\"async\" alt=\"Portell de Morella impulsa millores en les senderes homologades SL\u00ae-CV 133 i PR\u00ae-CV 408\" src=\"https:\/\/portelldemorella.org\/wp-content\/uploads\/2025\/11\/portell.-sender-1-560x420.jpg\" \n\t\t\t\t\t\t\t\t\t\t\t\n\t\t\t\t\t\t\t\t\t\t\tsrcset=\"https:\/\/portelldemorella.org\/wp-content\/uploads\/2025\/11\/portell.-sender-1-560x420.jpg 560w,\n\t\t\t\t\t\t\t\t\t\t\thttps:\/\/portelldemorella.org\/wp-content\/uploads\/2025\/11\/portell.-sender-1-300x225.jpg 300w\" \n\t\t\t\t\t\t\t\t\t\t\tsizes=\"(max-width: 767px) 100vw, 560px\" >\n\t\t\t\t\t\t\t\t<\/a>\n\t\t\t\t\t\t\t\t\t\t\t\t\t<\/div>\n\t\t\t\t\t\t<div class=\"evgovt-content\">\n\t\t\t\t\t\t\t\t\t\t\t\t\t\t<div class=\"post-meta-date\">\n\t\t\t\t\t\t\t\t<span class=\"post-meta-content-date\">\n\t\t\t\t\t\t\t\t    <span class=\" post-date\">\n\t\t\t\t\t\t\t\t        <span class=\"right second_font\">maig 15, 2025<\/span>\n\t\t\t\t\t\t\t\t    <\/span>\n\t\t\t\t\t\t\t\t<\/span>\n\t\t\t\t\t\t\t<\/div>\n\t\t\t\t\t\t\t\n\t\t\t\t\t\t\t\t\t\t\t\t\t\t\t\t\t\t\t\t\t<div class=\"post-title\">\n\t\t\t\t\t\t\t\t<h2 class=\"post-title\">\n\t\t\t\t\t\t\t        <a href=\"https:\/\/portelldemorella.org\/ca\/portell-de-morella-impulsa-mejoras-en-los-senderos-homologados-sl-cv-133-y-pr-cv-408\/\" rel=\"bookmark\" title=\"Portell de Morella impulsa millores en les senderes homologades SL\u00ae-CV 133 i PR\u00ae-CV 408\">\n\t\t\t\t\t\t\t          Portell de Morella impulsa millores en les senderes homologades SL\u00ae-CV 133 i PR\u00ae-CV 408\t\t\t\t\t\t\t        <\/a>\n\t\t\t\t\t\t\t      <\/h2>\n\t\t\t\t\t\t\t<\/div>\n\t\t\t\t\t\t\t\t\t\t\t\t\t\t\t\t\t\t\t\t\t<div class=\"post-footer\">\n\t\t\t\t\t\t\t\t<div class=\"egovt-post-readmore\">\n\t\t\t\t\t\t\t\t    <a class=\"btn-readmore second_font\" href=\"https:\/\/portelldemorella.org\/ca\/portell-de-morella-impulsa-mejoras-en-los-senderos-homologados-sl-cv-133-y-pr-cv-408\/\">\n\t\t\t\t\t\t\t\t    \tContinuar llegint\t\t\t\t\t\t\t\t    \t<i data-feather=\"arrow-right\"><\/i>\n\t\t\t\t\t\t\t\t    <\/a>\n\t\t\t\t\t\t\t\t<\/div>\n\t\t\t\t\t\t\t<\/div>\n\t\t\t\t\t\t\t\t\t\t\t\t\t<\/div>\n\t\t\t\t\t<\/div>\n\t\t\t\t<\/article>\n\t\t\t\t\t\t\t<article class=\"post-wrap\">\n\t\t\t\t\t<div class=\"wrap-article\">\n\t\t\t\t\t\t<div class=\"post-media\">\n\t\t\t\t\t\t\t\t\t\t\t\t\t\t\t<a href=\"https:\/\/portelldemorella.org\/ca\/tradicio-i-convivencia-en-la-romeria-de-sant-marc-de-les-alberedes-a-portell\/\">\n\n\t\t\t\t\t\t\t\t\t<img decoding=\"async\" alt=\"Tradici\u00f3 i conviv\u00e8ncia en la romeria de Sant Marc de les Alberedes\" src=\"https:\/\/portelldemorella.org\/wp-content\/uploads\/2025\/04\/WhatsApp-Image-2025-04-28-at-12.25.01-560x373.jpeg\" \n\t\t\t\t\t\t\t\t\t\t\t\n\t\t\t\t\t\t\t\t\t\t\tsrcset=\"https:\/\/portelldemorella.org\/wp-content\/uploads\/2025\/04\/WhatsApp-Image-2025-04-28-at-12.25.01-560x373.jpeg 560w,\n\t\t\t\t\t\t\t\t\t\t\thttps:\/\/portelldemorella.org\/wp-content\/uploads\/2025\/04\/WhatsApp-Image-2025-04-28-at-12.25.01-300x200.jpeg 300w\" \n\t\t\t\t\t\t\t\t\t\t\tsizes=\"(max-width: 767px) 100vw, 560px\" >\n\t\t\t\t\t\t\t\t<\/a>\n\t\t\t\t\t\t\t\t\t\t\t\t\t<\/div>\n\t\t\t\t\t\t<div class=\"evgovt-content\">\n\t\t\t\t\t\t\t\t\t\t\t\t\t\t<div class=\"post-meta-date\">\n\t\t\t\t\t\t\t\t<span class=\"post-meta-content-date\">\n\t\t\t\t\t\t\t\t    <span class=\" post-date\">\n\t\t\t\t\t\t\t\t        <span class=\"right second_font\">abril 29, 2025<\/span>\n\t\t\t\t\t\t\t\t    <\/span>\n\t\t\t\t\t\t\t\t<\/span>\n\t\t\t\t\t\t\t<\/div>\n\t\t\t\t\t\t\t\n\t\t\t\t\t\t\t\t\t\t\t\t\t\t\t\t\t\t\t\t\t<div class=\"post-title\">\n\t\t\t\t\t\t\t\t<h2 class=\"post-title\">\n\t\t\t\t\t\t\t        <a href=\"https:\/\/portelldemorella.org\/ca\/tradicio-i-convivencia-en-la-romeria-de-sant-marc-de-les-alberedes-a-portell\/\" rel=\"bookmark\" title=\"Tradici\u00f3 i conviv\u00e8ncia en la romeria de Sant Marc de les Alberedes\">\n\t\t\t\t\t\t\t          Tradici\u00f3 i conviv\u00e8ncia en la romeria de Sant Marc de les Alberedes\t\t\t\t\t\t\t        <\/a>\n\t\t\t\t\t\t\t      <\/h2>\n\t\t\t\t\t\t\t<\/div>\n\t\t\t\t\t\t\t\t\t\t\t\t\t\t\t\t\t\t\t\t\t<div class=\"post-footer\">\n\t\t\t\t\t\t\t\t<div class=\"egovt-post-readmore\">\n\t\t\t\t\t\t\t\t    <a class=\"btn-readmore second_font\" href=\"https:\/\/portelldemorella.org\/ca\/tradicio-i-convivencia-en-la-romeria-de-sant-marc-de-les-alberedes-a-portell\/\">\n\t\t\t\t\t\t\t\t    \tContinuar llegint\t\t\t\t\t\t\t\t    \t<i data-feather=\"arrow-right\"><\/i>\n\t\t\t\t\t\t\t\t    <\/a>\n\t\t\t\t\t\t\t\t<\/div>\n\t\t\t\t\t\t\t<\/div>\n\t\t\t\t\t\t\t\t\t\t\t\t\t<\/div>\n\t\t\t\t\t<\/div>\n\t\t\t\t<\/article>\n\t\t\t\t\t\t\t<article class=\"post-wrap\">\n\t\t\t\t\t<div class=\"wrap-article\">\n\t\t\t\t\t\t<div class=\"post-media\">\n\t\t\t\t\t\t\t\t\t\t\t\t\t\t\t<a href=\"https:\/\/portelldemorella.org\/ca\/portell-celebra-la-festivitat-de-sant-marc-amb-una-jornada-de-tradicio-i-diversio-organitzada-per-la-comissio-de-festes\/\">\n\n\t\t\t\t\t\t\t\t\t<img decoding=\"async\" alt=\"Portell celebra la festivitat de Sant Marc amb una jornada de tradici\u00f3 i diversi\u00f3 organitzada per la comissi\u00f3 de festes\" src=\"https:\/\/portelldemorella.org\/wp-content\/uploads\/2025\/04\/CARTELL-SANT-MARC-PORTELL-copia-560x259.jpg\" \n\t\t\t\t\t\t\t\t\t\t\t\n\t\t\t\t\t\t\t\t\t\t\tsrcset=\"https:\/\/portelldemorella.org\/wp-content\/uploads\/2025\/04\/CARTELL-SANT-MARC-PORTELL-copia-560x259.jpg 560w,\n\t\t\t\t\t\t\t\t\t\t\thttps:\/\/portelldemorella.org\/wp-content\/uploads\/2025\/04\/CARTELL-SANT-MARC-PORTELL-copia-300x139.jpg 300w\" \n\t\t\t\t\t\t\t\t\t\t\tsizes=\"(max-width: 767px) 100vw, 560px\" >\n\t\t\t\t\t\t\t\t<\/a>\n\t\t\t\t\t\t\t\t\t\t\t\t\t<\/div>\n\t\t\t\t\t\t<div class=\"evgovt-content\">\n\t\t\t\t\t\t\t\t\t\t\t\t\t\t<div class=\"post-meta-date\">\n\t\t\t\t\t\t\t\t<span class=\"post-meta-content-date\">\n\t\t\t\t\t\t\t\t    <span class=\" post-date\">\n\t\t\t\t\t\t\t\t        <span class=\"right second_font\">abril 24, 2025<\/span>\n\t\t\t\t\t\t\t\t    <\/span>\n\t\t\t\t\t\t\t\t<\/span>\n\t\t\t\t\t\t\t<\/div>\n\t\t\t\t\t\t\t\n\t\t\t\t\t\t\t\t\t\t\t\t\t\t\t\t\t\t\t\t\t<div class=\"post-title\">\n\t\t\t\t\t\t\t\t<h2 class=\"post-title\">\n\t\t\t\t\t\t\t        <a href=\"https:\/\/portelldemorella.org\/ca\/portell-celebra-la-festivitat-de-sant-marc-amb-una-jornada-de-tradicio-i-diversio-organitzada-per-la-comissio-de-festes\/\" rel=\"bookmark\" title=\"Portell celebra la festivitat de Sant Marc amb una jornada de tradici\u00f3 i diversi\u00f3 organitzada per la comissi\u00f3 de festes\">\n\t\t\t\t\t\t\t          Portell celebra la festivitat de Sant Marc amb una jornada de tradici\u00f3 i diversi\u00f3 organitzada per la comissi\u00f3 de festes\t\t\t\t\t\t\t        <\/a>\n\t\t\t\t\t\t\t      <\/h2>\n\t\t\t\t\t\t\t<\/div>\n\t\t\t\t\t\t\t\t\t\t\t\t\t\t\t\t\t\t\t\t\t<div class=\"post-footer\">\n\t\t\t\t\t\t\t\t<div class=\"egovt-post-readmore\">\n\t\t\t\t\t\t\t\t    <a class=\"btn-readmore second_font\" href=\"https:\/\/portelldemorella.org\/ca\/portell-celebra-la-festivitat-de-sant-marc-amb-una-jornada-de-tradicio-i-diversio-organitzada-per-la-comissio-de-festes\/\">\n\t\t\t\t\t\t\t\t    \tContinuar llegint\t\t\t\t\t\t\t\t    \t<i data-feather=\"arrow-right\"><\/i>\n\t\t\t\t\t\t\t\t    <\/a>\n\t\t\t\t\t\t\t\t<\/div>\n\t\t\t\t\t\t\t<\/div>\n\t\t\t\t\t\t\t\t\t\t\t\t\t<\/div>\n\t\t\t\t\t<\/div>\n\t\t\t\t<\/article>\n\t\t\t\t\t\t\t<article class=\"post-wrap\">\n\t\t\t\t\t<div class=\"wrap-article\">\n\t\t\t\t\t\t<div class=\"post-media\">\n\t\t\t\t\t\t\t\t\t\t\t\t\t\t\t<a href=\"https:\/\/portelldemorella.org\/ca\/portell-sompli-de-cultura-i-magia-amb-el-festival-internacional-de-titelles-portsxinella\/\">\n\n\t\t\t\t\t\t\t\t\t<img decoding=\"async\" alt=\"Portell s&#8217;ompli de cultura i m\u00e0gia amb el festival internacional de titelles PortsXinel\u00b7la\" src=\"https:\/\/portelldemorella.org\/wp-content\/uploads\/2025\/04\/Programacio-completa-560x271.jpg\" \n\t\t\t\t\t\t\t\t\t\t\t\n\t\t\t\t\t\t\t\t\t\t\tsrcset=\"https:\/\/portelldemorella.org\/wp-content\/uploads\/2025\/04\/Programacio-completa-560x271.jpg 560w,\n\t\t\t\t\t\t\t\t\t\t\thttps:\/\/portelldemorella.org\/wp-content\/uploads\/2025\/04\/Programacio-completa-300x145.jpg 300w\" \n\t\t\t\t\t\t\t\t\t\t\tsizes=\"(max-width: 767px) 100vw, 560px\" >\n\t\t\t\t\t\t\t\t<\/a>\n\t\t\t\t\t\t\t\t\t\t\t\t\t<\/div>\n\t\t\t\t\t\t<div class=\"evgovt-content\">\n\t\t\t\t\t\t\t\t\t\t\t\t\t\t<div class=\"post-meta-date\">\n\t\t\t\t\t\t\t\t<span class=\"post-meta-content-date\">\n\t\t\t\t\t\t\t\t    <span class=\" post-date\">\n\t\t\t\t\t\t\t\t        <span class=\"right second_font\">abril 9, 2025<\/span>\n\t\t\t\t\t\t\t\t    <\/span>\n\t\t\t\t\t\t\t\t<\/span>\n\t\t\t\t\t\t\t<\/div>\n\t\t\t\t\t\t\t\n\t\t\t\t\t\t\t\t\t\t\t\t\t\t\t\t\t\t\t\t\t<div class=\"post-title\">\n\t\t\t\t\t\t\t\t<h2 class=\"post-title\">\n\t\t\t\t\t\t\t        <a href=\"https:\/\/portelldemorella.org\/ca\/portell-sompli-de-cultura-i-magia-amb-el-festival-internacional-de-titelles-portsxinella\/\" rel=\"bookmark\" title=\"Portell s&#8217;ompli de cultura i m\u00e0gia amb el festival internacional de titelles PortsXinel\u00b7la\">\n\t\t\t\t\t\t\t          Portell s&#8217;ompli de cultura i m\u00e0gia amb el festival internacional de titelles PortsXinel\u00b7la\t\t\t\t\t\t\t        <\/a>\n\t\t\t\t\t\t\t      <\/h2>\n\t\t\t\t\t\t\t<\/div>\n\t\t\t\t\t\t\t\t\t\t\t\t\t\t\t\t\t\t\t\t\t<div class=\"post-footer\">\n\t\t\t\t\t\t\t\t<div class=\"egovt-post-readmore\">\n\t\t\t\t\t\t\t\t    <a class=\"btn-readmore second_font\" href=\"https:\/\/portelldemorella.org\/ca\/portell-sompli-de-cultura-i-magia-amb-el-festival-internacional-de-titelles-portsxinella\/\">\n\t\t\t\t\t\t\t\t    \tContinuar llegint\t\t\t\t\t\t\t\t    \t<i data-feather=\"arrow-right\"><\/i>\n\t\t\t\t\t\t\t\t    <\/a>\n\t\t\t\t\t\t\t\t<\/div>\n\t\t\t\t\t\t\t<\/div>\n\t\t\t\t\t\t\t\t\t\t\t\t\t<\/div>\n\t\t\t\t\t<\/div>\n\t\t\t\t<\/article>\n\t\t\t\t\t\t\t<article class=\"post-wrap\">\n\t\t\t\t\t<div class=\"wrap-article\">\n\t\t\t\t\t\t<div class=\"post-media\">\n\t\t\t\t\t\t\t\t\t\t\t\t\t\t\t<a href=\"https:\/\/portelldemorella.org\/ca\/portell-invierte-257-70000-euros-del-fondo-de-compensacion-del-pecv-plan-eolico-2023-2edicion-en-mejoras-urbanas\/\">\n\n\t\t\t\t\t\t\t\t\t<img decoding=\"async\" alt=\"Portell inverteix 257.700,00 euros del Fons de Compensaci\u00f3 del PECV. Pla E\u00f2lic 2023 (2\u00b0edici\u00f3) en millores urbanes\" src=\"https:\/\/portelldemorella.org\/wp-content\/uploads\/2025\/04\/Cartel_Fondo_Compensacion_2023_ok_page-0001.jpg\" \n\t\t\t\t\t\t\t\t\t\t\t\n\t\t\t\t\t\t\t\t\t\t\tsrcset=\"https:\/\/portelldemorella.org\/wp-content\/uploads\/2025\/04\/Cartel_Fondo_Compensacion_2023_ok_page-0001.jpg 560w,\n\t\t\t\t\t\t\t\t\t\t\thttps:\/\/portelldemorella.org\/wp-content\/uploads\/2025\/04\/Cartel_Fondo_Compensacion_2023_ok_page-0001-300x250.jpg 300w\" \n\t\t\t\t\t\t\t\t\t\t\tsizes=\"(max-width: 767px) 100vw, 560px\" >\n\t\t\t\t\t\t\t\t<\/a>\n\t\t\t\t\t\t\t\t\t\t\t\t\t<\/div>\n\t\t\t\t\t\t<div class=\"evgovt-content\">\n\t\t\t\t\t\t\t\t\t\t\t\t\t\t<div class=\"post-meta-date\">\n\t\t\t\t\t\t\t\t<span class=\"post-meta-content-date\">\n\t\t\t\t\t\t\t\t    <span class=\" post-date\">\n\t\t\t\t\t\t\t\t        <span class=\"right second_font\">abril 3, 2025<\/span>\n\t\t\t\t\t\t\t\t    <\/span>\n\t\t\t\t\t\t\t\t<\/span>\n\t\t\t\t\t\t\t<\/div>\n\t\t\t\t\t\t\t\n\t\t\t\t\t\t\t\t\t\t\t\t\t\t\t\t\t\t\t\t\t<div class=\"post-title\">\n\t\t\t\t\t\t\t\t<h2 class=\"post-title\">\n\t\t\t\t\t\t\t        <a href=\"https:\/\/portelldemorella.org\/ca\/portell-invierte-257-70000-euros-del-fondo-de-compensacion-del-pecv-plan-eolico-2023-2edicion-en-mejoras-urbanas\/\" rel=\"bookmark\" title=\"Portell inverteix 257.700,00 euros del Fons de Compensaci\u00f3 del PECV. Pla E\u00f2lic 2023 (2\u00b0edici\u00f3) en millores urbanes\">\n\t\t\t\t\t\t\t          Portell inverteix 257.700,00 euros del Fons de Compensaci\u00f3 del PECV. Pla E\u00f2lic 2023 (2\u00b0edici\u00f3) en millores urbanes\t\t\t\t\t\t\t        <\/a>\n\t\t\t\t\t\t\t      <\/h2>\n\t\t\t\t\t\t\t<\/div>\n\t\t\t\t\t\t\t\t\t\t\t\t\t\t\t\t\t\t\t\t\t<div class=\"post-footer\">\n\t\t\t\t\t\t\t\t<div class=\"egovt-post-readmore\">\n\t\t\t\t\t\t\t\t    <a class=\"btn-readmore second_font\" href=\"https:\/\/portelldemorella.org\/ca\/portell-invierte-257-70000-euros-del-fondo-de-compensacion-del-pecv-plan-eolico-2023-2edicion-en-mejoras-urbanas\/\">\n\t\t\t\t\t\t\t\t    \tContinuar llegint\t\t\t\t\t\t\t\t    \t<i data-feather=\"arrow-right\"><\/i>\n\t\t\t\t\t\t\t\t    <\/a>\n\t\t\t\t\t\t\t\t<\/div>\n\t\t\t\t\t\t\t<\/div>\n\t\t\t\t\t\t\t\t\t\t\t\t\t<\/div>\n\t\t\t\t\t<\/div>\n\t\t\t\t<\/article>\n\t\t\t\t\t\t\t<article class=\"post-wrap\">\n\t\t\t\t\t<div class=\"wrap-article\">\n\t\t\t\t\t\t<div class=\"post-media\">\n\t\t\t\t\t\t\t\t\t\t\t\t\t\t\t<a href=\"https:\/\/portelldemorella.org\/ca\/portell-ofereix-una-oportunitat-unica-per-a-descobrir-les-pintures-rupestres-del-mas-de-la-rambla\/\">\n\n\t\t\t\t\t\t\t\t\t<img decoding=\"async\" alt=\"Portell ofereix una oportunitat \u00fanica per a descobrir les pintures rupestres del Mas de la Rambla\" src=\"https:\/\/portelldemorella.org\/wp-content\/uploads\/2025\/04\/cartell-palanques-516x560.jpg\" \n\t\t\t\t\t\t\t\t\t\t\t\n\t\t\t\t\t\t\t\t\t\t\tsrcset=\"https:\/\/portelldemorella.org\/wp-content\/uploads\/2025\/04\/cartell-palanques-516x560.jpg 560w,\n\t\t\t\t\t\t\t\t\t\t\thttps:\/\/portelldemorella.org\/wp-content\/uploads\/2025\/04\/cartell-palanques-277x300.jpg 300w\" \n\t\t\t\t\t\t\t\t\t\t\tsizes=\"(max-width: 767px) 100vw, 560px\" >\n\t\t\t\t\t\t\t\t<\/a>\n\t\t\t\t\t\t\t\t\t\t\t\t\t<\/div>\n\t\t\t\t\t\t<div class=\"evgovt-content\">\n\t\t\t\t\t\t\t\t\t\t\t\t\t\t<div class=\"post-meta-date\">\n\t\t\t\t\t\t\t\t<span class=\"post-meta-content-date\">\n\t\t\t\t\t\t\t\t    <span class=\" post-date\">\n\t\t\t\t\t\t\t\t        <span class=\"right second_font\">abril 2, 2025<\/span>\n\t\t\t\t\t\t\t\t    <\/span>\n\t\t\t\t\t\t\t\t<\/span>\n\t\t\t\t\t\t\t<\/div>\n\t\t\t\t\t\t\t\n\t\t\t\t\t\t\t\t\t\t\t\t\t\t\t\t\t\t\t\t\t<div class=\"post-title\">\n\t\t\t\t\t\t\t\t<h2 class=\"post-title\">\n\t\t\t\t\t\t\t        <a href=\"https:\/\/portelldemorella.org\/ca\/portell-ofereix-una-oportunitat-unica-per-a-descobrir-les-pintures-rupestres-del-mas-de-la-rambla\/\" rel=\"bookmark\" title=\"Portell ofereix una oportunitat \u00fanica per a descobrir les pintures rupestres del Mas de la Rambla\">\n\t\t\t\t\t\t\t          Portell ofereix una oportunitat \u00fanica per a descobrir les pintures rupestres del Mas de la Rambla\t\t\t\t\t\t\t        <\/a>\n\t\t\t\t\t\t\t      <\/h2>\n\t\t\t\t\t\t\t<\/div>\n\t\t\t\t\t\t\t\t\t\t\t\t\t\t\t\t\t\t\t\t\t<div class=\"post-footer\">\n\t\t\t\t\t\t\t\t<div class=\"egovt-post-readmore\">\n\t\t\t\t\t\t\t\t    <a class=\"btn-readmore second_font\" href=\"https:\/\/portelldemorella.org\/ca\/portell-ofereix-una-oportunitat-unica-per-a-descobrir-les-pintures-rupestres-del-mas-de-la-rambla\/\">\n\t\t\t\t\t\t\t\t    \tContinuar llegint\t\t\t\t\t\t\t\t    \t<i data-feather=\"arrow-right\"><\/i>\n\t\t\t\t\t\t\t\t    <\/a>\n\t\t\t\t\t\t\t\t<\/div>\n\t\t\t\t\t\t\t<\/div>\n\t\t\t\t\t\t\t\t\t\t\t\t\t<\/div>\n\t\t\t\t\t<\/div>\n\t\t\t\t<\/article>\n\t\t\t\t\t\t\t<article class=\"post-wrap\">\n\t\t\t\t\t<div class=\"wrap-article\">\n\t\t\t\t\t\t<div class=\"post-media\">\n\t\t\t\t\t\t\t\t\t\t\t\t\t\t\t<a href=\"https:\/\/portelldemorella.org\/ca\/multitudinari-sant-antoni-a-portell\/\">\n\n\t\t\t\t\t\t\t\t\t<img decoding=\"async\" alt=\"Multitudinari Sant Antoni a Portell\" src=\"https:\/\/portelldemorella.org\/wp-content\/uploads\/2025\/02\/Multitudinari-Sant-Antoni-a-Portell-560x373.jpg\" \n\t\t\t\t\t\t\t\t\t\t\t\n\t\t\t\t\t\t\t\t\t\t\tsrcset=\"https:\/\/portelldemorella.org\/wp-content\/uploads\/2025\/02\/Multitudinari-Sant-Antoni-a-Portell-560x373.jpg 560w,\n\t\t\t\t\t\t\t\t\t\t\thttps:\/\/portelldemorella.org\/wp-content\/uploads\/2025\/02\/Multitudinari-Sant-Antoni-a-Portell-300x200.jpg 300w\" \n\t\t\t\t\t\t\t\t\t\t\tsizes=\"(max-width: 767px) 100vw, 560px\" >\n\t\t\t\t\t\t\t\t<\/a>\n\t\t\t\t\t\t\t\t\t\t\t\t\t<\/div>\n\t\t\t\t\t\t<div class=\"evgovt-content\">\n\t\t\t\t\t\t\t\t\t\t\t\t\t\t<div class=\"post-meta-date\">\n\t\t\t\t\t\t\t\t<span class=\"post-meta-content-date\">\n\t\t\t\t\t\t\t\t    <span class=\" post-date\">\n\t\t\t\t\t\t\t\t        <span class=\"right second_font\">febrer 17, 2025<\/span>\n\t\t\t\t\t\t\t\t    <\/span>\n\t\t\t\t\t\t\t\t<\/span>\n\t\t\t\t\t\t\t<\/div>\n\t\t\t\t\t\t\t\n\t\t\t\t\t\t\t\t\t\t\t\t\t\t\t\t\t\t\t\t\t<div class=\"post-title\">\n\t\t\t\t\t\t\t\t<h2 class=\"post-title\">\n\t\t\t\t\t\t\t        <a href=\"https:\/\/portelldemorella.org\/ca\/multitudinari-sant-antoni-a-portell\/\" rel=\"bookmark\" title=\"Multitudinari Sant Antoni a Portell\">\n\t\t\t\t\t\t\t          Multitudinari Sant Antoni a Portell\t\t\t\t\t\t\t        <\/a>\n\t\t\t\t\t\t\t      <\/h2>\n\t\t\t\t\t\t\t<\/div>\n\t\t\t\t\t\t\t\t\t\t\t\t\t\t\t\t\t\t\t\t\t<div class=\"post-footer\">\n\t\t\t\t\t\t\t\t<div class=\"egovt-post-readmore\">\n\t\t\t\t\t\t\t\t    <a class=\"btn-readmore second_font\" href=\"https:\/\/portelldemorella.org\/ca\/multitudinari-sant-antoni-a-portell\/\">\n\t\t\t\t\t\t\t\t    \tContinuar llegint\t\t\t\t\t\t\t\t    \t<i data-feather=\"arrow-right\"><\/i>\n\t\t\t\t\t\t\t\t    <\/a>\n\t\t\t\t\t\t\t\t<\/div>\n\t\t\t\t\t\t\t<\/div>\n\t\t\t\t\t\t\t\t\t\t\t\t\t<\/div>\n\t\t\t\t\t<\/div>\n\t\t\t\t<\/article>\n\t\t\t\t\t\t\t<article class=\"post-wrap\">\n\t\t\t\t\t<div class=\"wrap-article\">\n\t\t\t\t\t\t<div class=\"post-media\">\n\t\t\t\t\t\t\t\t\t\t\t\t\t\t\t<a href=\"https:\/\/portelldemorella.org\/ca\/portell-honrara-a-sant-antoni-amb-dos-intenses-jornades-de-celebracions\/\">\n\n\t\t\t\t\t\t\t\t\t<img decoding=\"async\" alt=\"Portell honrar\u00e0 a Sant Antoni amb dos intenses jornades de celebracions\" src=\"https:\/\/portelldemorella.org\/wp-content\/uploads\/2025\/02\/Arxiu-2024.-Fogueres-i-ball-pla-1-560x373.jpeg\" \n\t\t\t\t\t\t\t\t\t\t\t\n\t\t\t\t\t\t\t\t\t\t\tsrcset=\"https:\/\/portelldemorella.org\/wp-content\/uploads\/2025\/02\/Arxiu-2024.-Fogueres-i-ball-pla-1-560x373.jpeg 560w,\n\t\t\t\t\t\t\t\t\t\t\thttps:\/\/portelldemorella.org\/wp-content\/uploads\/2025\/02\/Arxiu-2024.-Fogueres-i-ball-pla-1-300x200.jpeg 300w\" \n\t\t\t\t\t\t\t\t\t\t\tsizes=\"(max-width: 767px) 100vw, 560px\" >\n\t\t\t\t\t\t\t\t<\/a>\n\t\t\t\t\t\t\t\t\t\t\t\t\t<\/div>\n\t\t\t\t\t\t<div class=\"evgovt-content\">\n\t\t\t\t\t\t\t\t\t\t\t\t\t\t<div class=\"post-meta-date\">\n\t\t\t\t\t\t\t\t<span class=\"post-meta-content-date\">\n\t\t\t\t\t\t\t\t    <span class=\" post-date\">\n\t\t\t\t\t\t\t\t        <span class=\"right second_font\">febrer 13, 2025<\/span>\n\t\t\t\t\t\t\t\t    <\/span>\n\t\t\t\t\t\t\t\t<\/span>\n\t\t\t\t\t\t\t<\/div>\n\t\t\t\t\t\t\t\n\t\t\t\t\t\t\t\t\t\t\t\t\t\t\t\t\t\t\t\t\t<div class=\"post-title\">\n\t\t\t\t\t\t\t\t<h2 class=\"post-title\">\n\t\t\t\t\t\t\t        <a href=\"https:\/\/portelldemorella.org\/ca\/portell-honrara-a-sant-antoni-amb-dos-intenses-jornades-de-celebracions\/\" rel=\"bookmark\" title=\"Portell honrar\u00e0 a Sant Antoni amb dos intenses jornades de celebracions\">\n\t\t\t\t\t\t\t          Portell honrar\u00e0 a Sant Antoni amb dos intenses jornades de celebracions\t\t\t\t\t\t\t        <\/a>\n\t\t\t\t\t\t\t      <\/h2>\n\t\t\t\t\t\t\t<\/div>\n\t\t\t\t\t\t\t\t\t\t\t\t\t\t\t\t\t\t\t\t\t<div class=\"post-footer\">\n\t\t\t\t\t\t\t\t<div class=\"egovt-post-readmore\">\n\t\t\t\t\t\t\t\t    <a class=\"btn-readmore second_font\" href=\"https:\/\/portelldemorella.org\/ca\/portell-honrara-a-sant-antoni-amb-dos-intenses-jornades-de-celebracions\/\">\n\t\t\t\t\t\t\t\t    \tContinuar llegint\t\t\t\t\t\t\t\t    \t<i data-feather=\"arrow-right\"><\/i>\n\t\t\t\t\t\t\t\t    <\/a>\n\t\t\t\t\t\t\t\t<\/div>\n\t\t\t\t\t\t\t<\/div>\n\t\t\t\t\t\t\t\t\t\t\t\t\t<\/div>\n\t\t\t\t\t<\/div>\n\t\t\t\t<\/article>\n\t\t\t\t\t\t\t<article class=\"post-wrap\">\n\t\t\t\t\t<div class=\"wrap-article\">\n\t\t\t\t\t\t<div class=\"post-media\">\n\t\t\t\t\t\t\t\t\t\t\t\t\t\t\t<a href=\"https:\/\/portelldemorella.org\/ca\/la-volta-a-la-comunitat-valenciana-fa-parada-en-portell-per-primera-vegada\/\">\n\n\t\t\t\t\t\t\t\t\t<img decoding=\"async\" alt=\"La Volta a la Comunitat Valenciana fa parada en Portell per primera vegada\" src=\"https:\/\/portelldemorella.org\/wp-content\/uploads\/2025\/02\/JBOL4389-560x373.jpg\" \n\t\t\t\t\t\t\t\t\t\t\t\n\t\t\t\t\t\t\t\t\t\t\tsrcset=\"https:\/\/portelldemorella.org\/wp-content\/uploads\/2025\/02\/JBOL4389-560x373.jpg 560w,\n\t\t\t\t\t\t\t\t\t\t\thttps:\/\/portelldemorella.org\/wp-content\/uploads\/2025\/02\/JBOL4389-300x200.jpg 300w\" \n\t\t\t\t\t\t\t\t\t\t\tsizes=\"(max-width: 767px) 100vw, 560px\" >\n\t\t\t\t\t\t\t\t<\/a>\n\t\t\t\t\t\t\t\t\t\t\t\t\t<\/div>\n\t\t\t\t\t\t<div class=\"evgovt-content\">\n\t\t\t\t\t\t\t\t\t\t\t\t\t\t<div class=\"post-meta-date\">\n\t\t\t\t\t\t\t\t<span class=\"post-meta-content-date\">\n\t\t\t\t\t\t\t\t    <span class=\" post-date\">\n\t\t\t\t\t\t\t\t        <span class=\"right second_font\">febrer 10, 2025<\/span>\n\t\t\t\t\t\t\t\t    <\/span>\n\t\t\t\t\t\t\t\t<\/span>\n\t\t\t\t\t\t\t<\/div>\n\t\t\t\t\t\t\t\n\t\t\t\t\t\t\t\t\t\t\t\t\t\t\t\t\t\t\t\t\t<div class=\"post-title\">\n\t\t\t\t\t\t\t\t<h2 class=\"post-title\">\n\t\t\t\t\t\t\t        <a href=\"https:\/\/portelldemorella.org\/ca\/la-volta-a-la-comunitat-valenciana-fa-parada-en-portell-per-primera-vegada\/\" rel=\"bookmark\" title=\"La Volta a la Comunitat Valenciana fa parada en Portell per primera vegada\">\n\t\t\t\t\t\t\t          La Volta a la Comunitat Valenciana fa parada en Portell per primera vegada\t\t\t\t\t\t\t        <\/a>\n\t\t\t\t\t\t\t      <\/h2>\n\t\t\t\t\t\t\t<\/div>\n\t\t\t\t\t\t\t\t\t\t\t\t\t\t\t\t\t\t\t\t\t<div class=\"post-footer\">\n\t\t\t\t\t\t\t\t<div class=\"egovt-post-readmore\">\n\t\t\t\t\t\t\t\t    <a class=\"btn-readmore second_font\" href=\"https:\/\/portelldemorella.org\/ca\/la-volta-a-la-comunitat-valenciana-fa-parada-en-portell-per-primera-vegada\/\">\n\t\t\t\t\t\t\t\t    \tContinuar llegint\t\t\t\t\t\t\t\t    \t<i data-feather=\"arrow-right\"><\/i>\n\t\t\t\t\t\t\t\t    <\/a>\n\t\t\t\t\t\t\t\t<\/div>\n\t\t\t\t\t\t\t<\/div>\n\t\t\t\t\t\t\t\t\t\t\t\t\t<\/div>\n\t\t\t\t\t<\/div>\n\t\t\t\t<\/article>\n\t\t\t\t\t\t\t<article class=\"post-wrap\">\n\t\t\t\t\t<div class=\"wrap-article\">\n\t\t\t\t\t\t<div class=\"post-media\">\n\t\t\t\t\t\t\t\t\t\t\t\t\t\t\t<a href=\"https:\/\/portelldemorella.org\/ca\/portell-acollira-letapa-reina-de-la-volta-a-la-comunitat-valenciana-el-8-de-febrer\/\">\n\n\t\t\t\t\t\t\t\t\t<img decoding=\"async\" alt=\"Portell acollir\u00e0 l&#8217;etapa reina de la Volta a la Comunitat Valenciana el 8 de febrer\" src=\"https:\/\/portelldemorella.org\/wp-content\/uploads\/2025\/02\/Etapa-Orpesa-Portell-560x280.jpg\" \n\t\t\t\t\t\t\t\t\t\t\t\n\t\t\t\t\t\t\t\t\t\t\tsrcset=\"https:\/\/portelldemorella.org\/wp-content\/uploads\/2025\/02\/Etapa-Orpesa-Portell-560x280.jpg 560w,\n\t\t\t\t\t\t\t\t\t\t\thttps:\/\/portelldemorella.org\/wp-content\/uploads\/2025\/02\/Etapa-Orpesa-Portell-300x150.jpg 300w\" \n\t\t\t\t\t\t\t\t\t\t\tsizes=\"(max-width: 767px) 100vw, 560px\" >\n\t\t\t\t\t\t\t\t<\/a>\n\t\t\t\t\t\t\t\t\t\t\t\t\t<\/div>\n\t\t\t\t\t\t<div class=\"evgovt-content\">\n\t\t\t\t\t\t\t\t\t\t\t\t\t\t<div class=\"post-meta-date\">\n\t\t\t\t\t\t\t\t<span class=\"post-meta-content-date\">\n\t\t\t\t\t\t\t\t    <span class=\" post-date\">\n\t\t\t\t\t\t\t\t        <span class=\"right second_font\">febrer 5, 2025<\/span>\n\t\t\t\t\t\t\t\t    <\/span>\n\t\t\t\t\t\t\t\t<\/span>\n\t\t\t\t\t\t\t<\/div>\n\t\t\t\t\t\t\t\n\t\t\t\t\t\t\t\t\t\t\t\t\t\t\t\t\t\t\t\t\t<div class=\"post-title\">\n\t\t\t\t\t\t\t\t<h2 class=\"post-title\">\n\t\t\t\t\t\t\t        <a href=\"https:\/\/portelldemorella.org\/ca\/portell-acollira-letapa-reina-de-la-volta-a-la-comunitat-valenciana-el-8-de-febrer\/\" rel=\"bookmark\" title=\"Portell acollir\u00e0 l&#8217;etapa reina de la Volta a la Comunitat Valenciana el 8 de febrer\">\n\t\t\t\t\t\t\t          Portell acollir\u00e0 l&#8217;etapa reina de la Volta a la Comunitat Valenciana el 8 de febrer\t\t\t\t\t\t\t        <\/a>\n\t\t\t\t\t\t\t      <\/h2>\n\t\t\t\t\t\t\t<\/div>\n\t\t\t\t\t\t\t\t\t\t\t\t\t\t\t\t\t\t\t\t\t<div class=\"post-footer\">\n\t\t\t\t\t\t\t\t<div class=\"egovt-post-readmore\">\n\t\t\t\t\t\t\t\t    <a class=\"btn-readmore second_font\" href=\"https:\/\/portelldemorella.org\/ca\/portell-acollira-letapa-reina-de-la-volta-a-la-comunitat-valenciana-el-8-de-febrer\/\">\n\t\t\t\t\t\t\t\t    \tContinuar llegint\t\t\t\t\t\t\t\t    \t<i data-feather=\"arrow-right\"><\/i>\n\t\t\t\t\t\t\t\t    <\/a>\n\t\t\t\t\t\t\t\t<\/div>\n\t\t\t\t\t\t\t<\/div>\n\t\t\t\t\t\t\t\t\t\t\t\t\t<\/div>\n\t\t\t\t\t<\/div>\n\t\t\t\t<\/article>\n\t\t\t\t\t\t\t<article class=\"post-wrap\">\n\t\t\t\t\t<div class=\"wrap-article\">\n\t\t\t\t\t\t<div class=\"post-media\">\n\t\t\t\t\t\t\t\t\t\t\t\t\t\t\t<a href=\"https:\/\/portelldemorella.org\/ca\/portell-estrena-pista-de-padel\/\">\n\n\t\t\t\t\t\t\t\t\t<img decoding=\"async\" alt=\"Portell estrena pista de p\u00e0del\" src=\"https:\/\/portelldemorella.org\/wp-content\/uploads\/2025\/01\/Portell-estrena-pista-de-padel-560x391.jpg\" \n\t\t\t\t\t\t\t\t\t\t\t\n\t\t\t\t\t\t\t\t\t\t\tsrcset=\"https:\/\/portelldemorella.org\/wp-content\/uploads\/2025\/01\/Portell-estrena-pista-de-padel-560x391.jpg 560w,\n\t\t\t\t\t\t\t\t\t\t\thttps:\/\/portelldemorella.org\/wp-content\/uploads\/2025\/01\/Portell-estrena-pista-de-padel-300x209.jpg 300w\" \n\t\t\t\t\t\t\t\t\t\t\tsizes=\"(max-width: 767px) 100vw, 560px\" >\n\t\t\t\t\t\t\t\t<\/a>\n\t\t\t\t\t\t\t\t\t\t\t\t\t<\/div>\n\t\t\t\t\t\t<div class=\"evgovt-content\">\n\t\t\t\t\t\t\t\t\t\t\t\t\t\t<div class=\"post-meta-date\">\n\t\t\t\t\t\t\t\t<span class=\"post-meta-content-date\">\n\t\t\t\t\t\t\t\t    <span class=\" post-date\">\n\t\t\t\t\t\t\t\t        <span class=\"right second_font\">gener 8, 2025<\/span>\n\t\t\t\t\t\t\t\t    <\/span>\n\t\t\t\t\t\t\t\t<\/span>\n\t\t\t\t\t\t\t<\/div>\n\t\t\t\t\t\t\t\n\t\t\t\t\t\t\t\t\t\t\t\t\t\t\t\t\t\t\t\t\t<div class=\"post-title\">\n\t\t\t\t\t\t\t\t<h2 class=\"post-title\">\n\t\t\t\t\t\t\t        <a href=\"https:\/\/portelldemorella.org\/ca\/portell-estrena-pista-de-padel\/\" rel=\"bookmark\" title=\"Portell estrena pista de p\u00e0del\">\n\t\t\t\t\t\t\t          Portell estrena pista de p\u00e0del\t\t\t\t\t\t\t        <\/a>\n\t\t\t\t\t\t\t      <\/h2>\n\t\t\t\t\t\t\t<\/div>\n\t\t\t\t\t\t\t\t\t\t\t\t\t\t\t\t\t\t\t\t\t<div class=\"post-footer\">\n\t\t\t\t\t\t\t\t<div class=\"egovt-post-readmore\">\n\t\t\t\t\t\t\t\t    <a class=\"btn-readmore second_font\" href=\"https:\/\/portelldemorella.org\/ca\/portell-estrena-pista-de-padel\/\">\n\t\t\t\t\t\t\t\t    \tContinuar llegint\t\t\t\t\t\t\t\t    \t<i data-feather=\"arrow-right\"><\/i>\n\t\t\t\t\t\t\t\t    <\/a>\n\t\t\t\t\t\t\t\t<\/div>\n\t\t\t\t\t\t\t<\/div>\n\t\t\t\t\t\t\t\t\t\t\t\t\t<\/div>\n\t\t\t\t\t<\/div>\n\t\t\t\t<\/article>\n\t\t\t\t\t\t\t<article class=\"post-wrap\">\n\t\t\t\t\t<div class=\"wrap-article\">\n\t\t\t\t\t\t<div class=\"post-media\">\n\t\t\t\t\t\t\t\t\t\t\t\t\t\t\t<a href=\"https:\/\/portelldemorella.org\/ca\/portell-apuesta-por-la-energia-limpia-y-la-movilidad-sostenible\/\">\n\n\t\t\t\t\t\t\t\t\t<img decoding=\"async\" alt=\"Portell aposta per l&#8217;energia neta i la mobilitat sostenible\" src=\"https:\/\/portelldemorella.org\/wp-content\/uploads\/2024\/12\/Captura-de-pantalla-2024-12-18-081744-418x560.jpg\" \n\t\t\t\t\t\t\t\t\t\t\t\n\t\t\t\t\t\t\t\t\t\t\tsrcset=\"https:\/\/portelldemorella.org\/wp-content\/uploads\/2024\/12\/Captura-de-pantalla-2024-12-18-081744-418x560.jpg 560w,\n\t\t\t\t\t\t\t\t\t\t\thttps:\/\/portelldemorella.org\/wp-content\/uploads\/2024\/12\/Captura-de-pantalla-2024-12-18-081744-224x300.jpg 300w\" \n\t\t\t\t\t\t\t\t\t\t\tsizes=\"(max-width: 767px) 100vw, 560px\" >\n\t\t\t\t\t\t\t\t<\/a>\n\t\t\t\t\t\t\t\t\t\t\t\t\t<\/div>\n\t\t\t\t\t\t<div class=\"evgovt-content\">\n\t\t\t\t\t\t\t\t\t\t\t\t\t\t<div class=\"post-meta-date\">\n\t\t\t\t\t\t\t\t<span class=\"post-meta-content-date\">\n\t\t\t\t\t\t\t\t    <span class=\" post-date\">\n\t\t\t\t\t\t\t\t        <span class=\"right second_font\">desembre 18, 2024<\/span>\n\t\t\t\t\t\t\t\t    <\/span>\n\t\t\t\t\t\t\t\t<\/span>\n\t\t\t\t\t\t\t<\/div>\n\t\t\t\t\t\t\t\n\t\t\t\t\t\t\t\t\t\t\t\t\t\t\t\t\t\t\t\t\t<div class=\"post-title\">\n\t\t\t\t\t\t\t\t<h2 class=\"post-title\">\n\t\t\t\t\t\t\t        <a href=\"https:\/\/portelldemorella.org\/ca\/portell-apuesta-por-la-energia-limpia-y-la-movilidad-sostenible\/\" rel=\"bookmark\" title=\"Portell aposta per l&#8217;energia neta i la mobilitat sostenible\">\n\t\t\t\t\t\t\t          Portell aposta per l&#8217;energia neta i la mobilitat sostenible\t\t\t\t\t\t\t        <\/a>\n\t\t\t\t\t\t\t      <\/h2>\n\t\t\t\t\t\t\t<\/div>\n\t\t\t\t\t\t\t\t\t\t\t\t\t\t\t\t\t\t\t\t\t<div class=\"post-footer\">\n\t\t\t\t\t\t\t\t<div class=\"egovt-post-readmore\">\n\t\t\t\t\t\t\t\t    <a class=\"btn-readmore second_font\" href=\"https:\/\/portelldemorella.org\/ca\/portell-apuesta-por-la-energia-limpia-y-la-movilidad-sostenible\/\">\n\t\t\t\t\t\t\t\t    \tContinuar llegint\t\t\t\t\t\t\t\t    \t<i data-feather=\"arrow-right\"><\/i>\n\t\t\t\t\t\t\t\t    <\/a>\n\t\t\t\t\t\t\t\t<\/div>\n\t\t\t\t\t\t\t<\/div>\n\t\t\t\t\t\t\t\t\t\t\t\t\t<\/div>\n\t\t\t\t\t<\/div>\n\t\t\t\t<\/article>\n\t\t\t\t\t\t\t<article class=\"post-wrap\">\n\t\t\t\t\t<div class=\"wrap-article\">\n\t\t\t\t\t\t<div class=\"post-media\">\n\t\t\t\t\t\t\t\t\t\t\t\t\t\t\t<a href=\"https:\/\/portelldemorella.org\/ca\/portell-repartira-570-coquetes-en-la-festa-de-lesperanca-en-honor-a-la-seua-patrona\/\">\n\n\t\t\t\t\t\t\t\t\t<img decoding=\"async\" alt=\"Portell repartir\u00e0 570 \u2018coquetes\u2019 en la Festa de l&#8217;Esperan\u00e7a en honor a la seua patrona\" src=\"https:\/\/portelldemorella.org\/wp-content\/uploads\/2024\/12\/Processo-cap-a-lesglesia.-Arxiu-2023-560x374.jpg\" \n\t\t\t\t\t\t\t\t\t\t\t\n\t\t\t\t\t\t\t\t\t\t\tsrcset=\"https:\/\/portelldemorella.org\/wp-content\/uploads\/2024\/12\/Processo-cap-a-lesglesia.-Arxiu-2023-560x374.jpg 560w,\n\t\t\t\t\t\t\t\t\t\t\thttps:\/\/portelldemorella.org\/wp-content\/uploads\/2024\/12\/Processo-cap-a-lesglesia.-Arxiu-2023-300x200.jpg 300w\" \n\t\t\t\t\t\t\t\t\t\t\tsizes=\"(max-width: 767px) 100vw, 560px\" >\n\t\t\t\t\t\t\t\t<\/a>\n\t\t\t\t\t\t\t\t\t\t\t\t\t<\/div>\n\t\t\t\t\t\t<div class=\"evgovt-content\">\n\t\t\t\t\t\t\t\t\t\t\t\t\t\t<div class=\"post-meta-date\">\n\t\t\t\t\t\t\t\t<span class=\"post-meta-content-date\">\n\t\t\t\t\t\t\t\t    <span class=\" post-date\">\n\t\t\t\t\t\t\t\t        <span class=\"right second_font\">desembre 10, 2024<\/span>\n\t\t\t\t\t\t\t\t    <\/span>\n\t\t\t\t\t\t\t\t<\/span>\n\t\t\t\t\t\t\t<\/div>\n\t\t\t\t\t\t\t\n\t\t\t\t\t\t\t\t\t\t\t\t\t\t\t\t\t\t\t\t\t<div class=\"post-title\">\n\t\t\t\t\t\t\t\t<h2 class=\"post-title\">\n\t\t\t\t\t\t\t        <a href=\"https:\/\/portelldemorella.org\/ca\/portell-repartira-570-coquetes-en-la-festa-de-lesperanca-en-honor-a-la-seua-patrona\/\" rel=\"bookmark\" title=\"Portell repartir\u00e0 570 \u2018coquetes\u2019 en la Festa de l&#8217;Esperan\u00e7a en honor a la seua patrona\">\n\t\t\t\t\t\t\t          Portell repartir\u00e0 570 \u2018coquetes\u2019 en la Festa de l&#8217;Esperan\u00e7a en honor a la seua patrona\t\t\t\t\t\t\t        <\/a>\n\t\t\t\t\t\t\t      <\/h2>\n\t\t\t\t\t\t\t<\/div>\n\t\t\t\t\t\t\t\t\t\t\t\t\t\t\t\t\t\t\t\t\t<div class=\"post-footer\">\n\t\t\t\t\t\t\t\t<div class=\"egovt-post-readmore\">\n\t\t\t\t\t\t\t\t    <a class=\"btn-readmore second_font\" href=\"https:\/\/portelldemorella.org\/ca\/portell-repartira-570-coquetes-en-la-festa-de-lesperanca-en-honor-a-la-seua-patrona\/\">\n\t\t\t\t\t\t\t\t    \tContinuar llegint\t\t\t\t\t\t\t\t    \t<i data-feather=\"arrow-right\"><\/i>\n\t\t\t\t\t\t\t\t    <\/a>\n\t\t\t\t\t\t\t\t<\/div>\n\t\t\t\t\t\t\t<\/div>\n\t\t\t\t\t\t\t\t\t\t\t\t\t<\/div>\n\t\t\t\t\t<\/div>\n\t\t\t\t<\/article>\n\t\t\t\t\t\t\t<article class=\"post-wrap\">\n\t\t\t\t\t<div class=\"wrap-article\">\n\t\t\t\t\t\t<div class=\"post-media\">\n\t\t\t\t\t\t\t\t\t\t\t\t\t\t\t<a href=\"https:\/\/portelldemorella.org\/ca\/lassociacio-cultural-taurina-de-portell-celebra-el-seu-xv-aniversari\/\">\n\n\t\t\t\t\t\t\t\t\t<img decoding=\"async\" alt=\"L&#8217;Associaci\u00f3 Cultural Taurina de Portell celebra el seu XV aniversari\" src=\"https:\/\/portelldemorella.org\/wp-content\/uploads\/2024\/10\/LAssociacio-Cultural-Taurina-de-Portell-celebra-el-seu-XV-aniversari-396x560.jpg\" \n\t\t\t\t\t\t\t\t\t\t\t\n\t\t\t\t\t\t\t\t\t\t\tsrcset=\"https:\/\/portelldemorella.org\/wp-content\/uploads\/2024\/10\/LAssociacio-Cultural-Taurina-de-Portell-celebra-el-seu-XV-aniversari-396x560.jpg 560w,\n\t\t\t\t\t\t\t\t\t\t\thttps:\/\/portelldemorella.org\/wp-content\/uploads\/2024\/10\/LAssociacio-Cultural-Taurina-de-Portell-celebra-el-seu-XV-aniversari-212x300.jpg 300w\" \n\t\t\t\t\t\t\t\t\t\t\tsizes=\"(max-width: 767px) 100vw, 560px\" >\n\t\t\t\t\t\t\t\t<\/a>\n\t\t\t\t\t\t\t\t\t\t\t\t\t<\/div>\n\t\t\t\t\t\t<div class=\"evgovt-content\">\n\t\t\t\t\t\t\t\t\t\t\t\t\t\t<div class=\"post-meta-date\">\n\t\t\t\t\t\t\t\t<span class=\"post-meta-content-date\">\n\t\t\t\t\t\t\t\t    <span class=\" post-date\">\n\t\t\t\t\t\t\t\t        <span class=\"right second_font\">octubre 24, 2024<\/span>\n\t\t\t\t\t\t\t\t    <\/span>\n\t\t\t\t\t\t\t\t<\/span>\n\t\t\t\t\t\t\t<\/div>\n\t\t\t\t\t\t\t\n\t\t\t\t\t\t\t\t\t\t\t\t\t\t\t\t\t\t\t\t\t<div class=\"post-title\">\n\t\t\t\t\t\t\t\t<h2 class=\"post-title\">\n\t\t\t\t\t\t\t        <a href=\"https:\/\/portelldemorella.org\/ca\/lassociacio-cultural-taurina-de-portell-celebra-el-seu-xv-aniversari\/\" rel=\"bookmark\" title=\"L&#8217;Associaci\u00f3 Cultural Taurina de Portell celebra el seu XV aniversari\">\n\t\t\t\t\t\t\t          L&#8217;Associaci\u00f3 Cultural Taurina de Portell celebra el seu XV aniversari\t\t\t\t\t\t\t        <\/a>\n\t\t\t\t\t\t\t      <\/h2>\n\t\t\t\t\t\t\t<\/div>\n\t\t\t\t\t\t\t\t\t\t\t\t\t\t\t\t\t\t\t\t\t<div class=\"post-footer\">\n\t\t\t\t\t\t\t\t<div class=\"egovt-post-readmore\">\n\t\t\t\t\t\t\t\t    <a class=\"btn-readmore second_font\" href=\"https:\/\/portelldemorella.org\/ca\/lassociacio-cultural-taurina-de-portell-celebra-el-seu-xv-aniversari\/\">\n\t\t\t\t\t\t\t\t    \tContinuar llegint\t\t\t\t\t\t\t\t    \t<i data-feather=\"arrow-right\"><\/i>\n\t\t\t\t\t\t\t\t    <\/a>\n\t\t\t\t\t\t\t\t<\/div>\n\t\t\t\t\t\t\t<\/div>\n\t\t\t\t\t\t\t\t\t\t\t\t\t<\/div>\n\t\t\t\t\t<\/div>\n\t\t\t\t<\/article>\n\t\t\t\t\t\t\t<article class=\"post-wrap\">\n\t\t\t\t\t<div class=\"wrap-article\">\n\t\t\t\t\t\t<div class=\"post-media\">\n\t\t\t\t\t\t\t\t\t\t\t\t\t\t\t<a href=\"https:\/\/portelldemorella.org\/ca\/portell-enalteix-les-seues-arrels-amb-un-documental-de-la-festa-de-sant-antoni\/\">\n\n\t\t\t\t\t\t\t\t\t<img decoding=\"async\" alt=\"Portell enalteix les seues arrels amb un documental de la festa de Sant Antoni\" src=\"https:\/\/portelldemorella.org\/wp-content\/uploads\/2024\/09\/Crema-de-la-foguera-560x324.png\" \n\t\t\t\t\t\t\t\t\t\t\t\n\t\t\t\t\t\t\t\t\t\t\tsrcset=\"https:\/\/portelldemorella.org\/wp-content\/uploads\/2024\/09\/Crema-de-la-foguera-560x324.png 560w,\n\t\t\t\t\t\t\t\t\t\t\thttps:\/\/portelldemorella.org\/wp-content\/uploads\/2024\/09\/Crema-de-la-foguera-300x174.png 300w\" \n\t\t\t\t\t\t\t\t\t\t\tsizes=\"(max-width: 767px) 100vw, 560px\" >\n\t\t\t\t\t\t\t\t<\/a>\n\t\t\t\t\t\t\t\t\t\t\t\t\t<\/div>\n\t\t\t\t\t\t<div class=\"evgovt-content\">\n\t\t\t\t\t\t\t\t\t\t\t\t\t\t<div class=\"post-meta-date\">\n\t\t\t\t\t\t\t\t<span class=\"post-meta-content-date\">\n\t\t\t\t\t\t\t\t    <span class=\" post-date\">\n\t\t\t\t\t\t\t\t        <span class=\"right second_font\">setembre 27, 2024<\/span>\n\t\t\t\t\t\t\t\t    <\/span>\n\t\t\t\t\t\t\t\t<\/span>\n\t\t\t\t\t\t\t<\/div>\n\t\t\t\t\t\t\t\n\t\t\t\t\t\t\t\t\t\t\t\t\t\t\t\t\t\t\t\t\t<div class=\"post-title\">\n\t\t\t\t\t\t\t\t<h2 class=\"post-title\">\n\t\t\t\t\t\t\t        <a href=\"https:\/\/portelldemorella.org\/ca\/portell-enalteix-les-seues-arrels-amb-un-documental-de-la-festa-de-sant-antoni\/\" rel=\"bookmark\" title=\"Portell enalteix les seues arrels amb un documental de la festa de Sant Antoni\">\n\t\t\t\t\t\t\t          Portell enalteix les seues arrels amb un documental de la festa de Sant Antoni\t\t\t\t\t\t\t        <\/a>\n\t\t\t\t\t\t\t      <\/h2>\n\t\t\t\t\t\t\t<\/div>\n\t\t\t\t\t\t\t\t\t\t\t\t\t\t\t\t\t\t\t\t\t<div class=\"post-footer\">\n\t\t\t\t\t\t\t\t<div class=\"egovt-post-readmore\">\n\t\t\t\t\t\t\t\t    <a class=\"btn-readmore second_font\" href=\"https:\/\/portelldemorella.org\/ca\/portell-enalteix-les-seues-arrels-amb-un-documental-de-la-festa-de-sant-antoni\/\">\n\t\t\t\t\t\t\t\t    \tContinuar llegint\t\t\t\t\t\t\t\t    \t<i data-feather=\"arrow-right\"><\/i>\n\t\t\t\t\t\t\t\t    <\/a>\n\t\t\t\t\t\t\t\t<\/div>\n\t\t\t\t\t\t\t<\/div>\n\t\t\t\t\t\t\t\t\t\t\t\t\t<\/div>\n\t\t\t\t\t<\/div>\n\t\t\t\t<\/article>\n\t\t\t\t\t\t\t<article class=\"post-wrap\">\n\t\t\t\t\t<div class=\"wrap-article\">\n\t\t\t\t\t\t<div class=\"post-media\">\n\t\t\t\t\t\t\t\t\t\t\t\t\t\t\t<a href=\"https:\/\/portelldemorella.org\/ca\/festa-multitudinaria-a-portell-per-al-voluntariat-de-laplec-dels-ports\/\">\n\n\t\t\t\t\t\t\t\t\t<img decoding=\"async\" alt=\"Festa multitudin\u00e0ria a Portell per al voluntariat de l&#8217;Aplec dels Ports\" src=\"https:\/\/portelldemorella.org\/wp-content\/uploads\/2024\/09\/Festa-multitudinaria-a-Portell-per-al-voluntariat-de-lAplec-dels-Ports-420x560.jpg\" \n\t\t\t\t\t\t\t\t\t\t\t\n\t\t\t\t\t\t\t\t\t\t\tsrcset=\"https:\/\/portelldemorella.org\/wp-content\/uploads\/2024\/09\/Festa-multitudinaria-a-Portell-per-al-voluntariat-de-lAplec-dels-Ports-420x560.jpg 560w,\n\t\t\t\t\t\t\t\t\t\t\thttps:\/\/portelldemorella.org\/wp-content\/uploads\/2024\/09\/Festa-multitudinaria-a-Portell-per-al-voluntariat-de-lAplec-dels-Ports-225x300.jpg 300w\" \n\t\t\t\t\t\t\t\t\t\t\tsizes=\"(max-width: 767px) 100vw, 560px\" >\n\t\t\t\t\t\t\t\t<\/a>\n\t\t\t\t\t\t\t\t\t\t\t\t\t<\/div>\n\t\t\t\t\t\t<div class=\"evgovt-content\">\n\t\t\t\t\t\t\t\t\t\t\t\t\t\t<div class=\"post-meta-date\">\n\t\t\t\t\t\t\t\t<span class=\"post-meta-content-date\">\n\t\t\t\t\t\t\t\t    <span class=\" post-date\">\n\t\t\t\t\t\t\t\t        <span class=\"right second_font\">setembre 25, 2024<\/span>\n\t\t\t\t\t\t\t\t    <\/span>\n\t\t\t\t\t\t\t\t<\/span>\n\t\t\t\t\t\t\t<\/div>\n\t\t\t\t\t\t\t\n\t\t\t\t\t\t\t\t\t\t\t\t\t\t\t\t\t\t\t\t\t<div class=\"post-title\">\n\t\t\t\t\t\t\t\t<h2 class=\"post-title\">\n\t\t\t\t\t\t\t        <a href=\"https:\/\/portelldemorella.org\/ca\/festa-multitudinaria-a-portell-per-al-voluntariat-de-laplec-dels-ports\/\" rel=\"bookmark\" title=\"Festa multitudin\u00e0ria a Portell per al voluntariat de l&#8217;Aplec dels Ports\">\n\t\t\t\t\t\t\t          Festa multitudin\u00e0ria a Portell per al voluntariat de l&#8217;Aplec dels Ports\t\t\t\t\t\t\t        <\/a>\n\t\t\t\t\t\t\t      <\/h2>\n\t\t\t\t\t\t\t<\/div>\n\t\t\t\t\t\t\t\t\t\t\t\t\t\t\t\t\t\t\t\t\t<div class=\"post-footer\">\n\t\t\t\t\t\t\t\t<div class=\"egovt-post-readmore\">\n\t\t\t\t\t\t\t\t    <a class=\"btn-readmore second_font\" href=\"https:\/\/portelldemorella.org\/ca\/festa-multitudinaria-a-portell-per-al-voluntariat-de-laplec-dels-ports\/\">\n\t\t\t\t\t\t\t\t    \tContinuar llegint\t\t\t\t\t\t\t\t    \t<i data-feather=\"arrow-right\"><\/i>\n\t\t\t\t\t\t\t\t    <\/a>\n\t\t\t\t\t\t\t\t<\/div>\n\t\t\t\t\t\t\t<\/div>\n\t\t\t\t\t\t\t\t\t\t\t\t\t<\/div>\n\t\t\t\t\t<\/div>\n\t\t\t\t<\/article>\n\t\t\t\t\t\t\t<article class=\"post-wrap\">\n\t\t\t\t\t<div class=\"wrap-article\">\n\t\t\t\t\t\t<div class=\"post-media\">\n\t\t\t\t\t\t\t\t\t\t\t\t\t\t\t<a href=\"https:\/\/portelldemorella.org\/ca\/portell-agraeix-el-voluntariat-de-laplec-dels-ports-amb-una-festa\/\">\n\n\t\t\t\t\t\t\t\t\t<img decoding=\"async\" alt=\"Portell agraeix el voluntariat de l&#8217;Aplec dels Ports amb una festa\" src=\"https:\/\/portelldemorella.org\/wp-content\/uploads\/2024\/09\/Portell-agraeix-el-voluntariat-de-lAplec-dels-Ports-amb-una-festa-1-560x560.jpg\" \n\t\t\t\t\t\t\t\t\t\t\t\n\t\t\t\t\t\t\t\t\t\t\tsrcset=\"https:\/\/portelldemorella.org\/wp-content\/uploads\/2024\/09\/Portell-agraeix-el-voluntariat-de-lAplec-dels-Ports-amb-una-festa-1-560x560.jpg 560w,\n\t\t\t\t\t\t\t\t\t\t\thttps:\/\/portelldemorella.org\/wp-content\/uploads\/2024\/09\/Portell-agraeix-el-voluntariat-de-lAplec-dels-Ports-amb-una-festa-1-300x300.jpg 300w\" \n\t\t\t\t\t\t\t\t\t\t\tsizes=\"(max-width: 767px) 100vw, 560px\" >\n\t\t\t\t\t\t\t\t<\/a>\n\t\t\t\t\t\t\t\t\t\t\t\t\t<\/div>\n\t\t\t\t\t\t<div class=\"evgovt-content\">\n\t\t\t\t\t\t\t\t\t\t\t\t\t\t<div class=\"post-meta-date\">\n\t\t\t\t\t\t\t\t<span class=\"post-meta-content-date\">\n\t\t\t\t\t\t\t\t    <span class=\" post-date\">\n\t\t\t\t\t\t\t\t        <span class=\"right second_font\">setembre 19, 2024<\/span>\n\t\t\t\t\t\t\t\t    <\/span>\n\t\t\t\t\t\t\t\t<\/span>\n\t\t\t\t\t\t\t<\/div>\n\t\t\t\t\t\t\t\n\t\t\t\t\t\t\t\t\t\t\t\t\t\t\t\t\t\t\t\t\t<div class=\"post-title\">\n\t\t\t\t\t\t\t\t<h2 class=\"post-title\">\n\t\t\t\t\t\t\t        <a href=\"https:\/\/portelldemorella.org\/ca\/portell-agraeix-el-voluntariat-de-laplec-dels-ports-amb-una-festa\/\" rel=\"bookmark\" title=\"Portell agraeix el voluntariat de l&#8217;Aplec dels Ports amb una festa\">\n\t\t\t\t\t\t\t          Portell agraeix el voluntariat de l&#8217;Aplec dels Ports amb una festa\t\t\t\t\t\t\t        <\/a>\n\t\t\t\t\t\t\t      <\/h2>\n\t\t\t\t\t\t\t<\/div>\n\t\t\t\t\t\t\t\t\t\t\t\t\t\t\t\t\t\t\t\t\t<div class=\"post-footer\">\n\t\t\t\t\t\t\t\t<div class=\"egovt-post-readmore\">\n\t\t\t\t\t\t\t\t    <a class=\"btn-readmore second_font\" href=\"https:\/\/portelldemorella.org\/ca\/portell-agraeix-el-voluntariat-de-laplec-dels-ports-amb-una-festa\/\">\n\t\t\t\t\t\t\t\t    \tContinuar llegint\t\t\t\t\t\t\t\t    \t<i data-feather=\"arrow-right\"><\/i>\n\t\t\t\t\t\t\t\t    <\/a>\n\t\t\t\t\t\t\t\t<\/div>\n\t\t\t\t\t\t\t<\/div>\n\t\t\t\t\t\t\t\t\t\t\t\t\t<\/div>\n\t\t\t\t\t<\/div>\n\t\t\t\t<\/article>\n\t\t\t\t\t\t\t<article class=\"post-wrap\">\n\t\t\t\t\t<div class=\"wrap-article\">\n\t\t\t\t\t\t<div class=\"post-media\">\n\t\t\t\t\t\t\t\t\t\t\t\t\t\t\t<a href=\"https:\/\/portelldemorella.org\/ca\/mes-a-prop-la-futura-oficina-de-turisme-casal-jove-i-espai-de-coworking-de-portell\/\">\n\n\t\t\t\t\t\t\t\t\t<img decoding=\"async\" alt=\"M\u00e9s a prop la futura Oficina de Turisme, Casal Jove i espai de coworking de Portell\" src=\"https:\/\/portelldemorella.org\/wp-content\/uploads\/2024\/09\/Mes-a-prop-la-futura-Oficina-de-Turisme-Casal-Jove-i-espai-de-coworking-de-Portell-420x560.jpg\" \n\t\t\t\t\t\t\t\t\t\t\t\n\t\t\t\t\t\t\t\t\t\t\tsrcset=\"https:\/\/portelldemorella.org\/wp-content\/uploads\/2024\/09\/Mes-a-prop-la-futura-Oficina-de-Turisme-Casal-Jove-i-espai-de-coworking-de-Portell-420x560.jpg 560w,\n\t\t\t\t\t\t\t\t\t\t\thttps:\/\/portelldemorella.org\/wp-content\/uploads\/2024\/09\/Mes-a-prop-la-futura-Oficina-de-Turisme-Casal-Jove-i-espai-de-coworking-de-Portell-225x300.jpg 300w\" \n\t\t\t\t\t\t\t\t\t\t\tsizes=\"(max-width: 767px) 100vw, 560px\" >\n\t\t\t\t\t\t\t\t<\/a>\n\t\t\t\t\t\t\t\t\t\t\t\t\t<\/div>\n\t\t\t\t\t\t<div class=\"evgovt-content\">\n\t\t\t\t\t\t\t\t\t\t\t\t\t\t<div class=\"post-meta-date\">\n\t\t\t\t\t\t\t\t<span class=\"post-meta-content-date\">\n\t\t\t\t\t\t\t\t    <span class=\" post-date\">\n\t\t\t\t\t\t\t\t        <span class=\"right second_font\">setembre 18, 2024<\/span>\n\t\t\t\t\t\t\t\t    <\/span>\n\t\t\t\t\t\t\t\t<\/span>\n\t\t\t\t\t\t\t<\/div>\n\t\t\t\t\t\t\t\n\t\t\t\t\t\t\t\t\t\t\t\t\t\t\t\t\t\t\t\t\t<div class=\"post-title\">\n\t\t\t\t\t\t\t\t<h2 class=\"post-title\">\n\t\t\t\t\t\t\t        <a href=\"https:\/\/portelldemorella.org\/ca\/mes-a-prop-la-futura-oficina-de-turisme-casal-jove-i-espai-de-coworking-de-portell\/\" rel=\"bookmark\" title=\"M\u00e9s a prop la futura Oficina de Turisme, Casal Jove i espai de coworking de Portell\">\n\t\t\t\t\t\t\t          M\u00e9s a prop la futura Oficina de Turisme, Casal Jove i espai de coworking de Portell\t\t\t\t\t\t\t        <\/a>\n\t\t\t\t\t\t\t      <\/h2>\n\t\t\t\t\t\t\t<\/div>\n\t\t\t\t\t\t\t\t\t\t\t\t\t\t\t\t\t\t\t\t\t<div class=\"post-footer\">\n\t\t\t\t\t\t\t\t<div class=\"egovt-post-readmore\">\n\t\t\t\t\t\t\t\t    <a class=\"btn-readmore second_font\" href=\"https:\/\/portelldemorella.org\/ca\/mes-a-prop-la-futura-oficina-de-turisme-casal-jove-i-espai-de-coworking-de-portell\/\">\n\t\t\t\t\t\t\t\t    \tContinuar llegint\t\t\t\t\t\t\t\t    \t<i data-feather=\"arrow-right\"><\/i>\n\t\t\t\t\t\t\t\t    <\/a>\n\t\t\t\t\t\t\t\t<\/div>\n\t\t\t\t\t\t\t<\/div>\n\t\t\t\t\t\t\t\t\t\t\t\t\t<\/div>\n\t\t\t\t\t<\/div>\n\t\t\t\t<\/article>\n\t\t\t\t\t\t\t<article class=\"post-wrap\">\n\t\t\t\t\t<div class=\"wrap-article\">\n\t\t\t\t\t\t<div class=\"post-media\">\n\t\t\t\t\t\t\t\t\t\t\t\t\t\t\t<a href=\"https:\/\/portelldemorella.org\/ca\/ciclisme-i-homenatge-als-voluntaris-de-laplec-en-lagenda-de-setembre-en-portell\/\">\n\n\t\t\t\t\t\t\t\t\t<img decoding=\"async\" alt=\"Ciclisme i homenatge als voluntaris de l&#8217;Aplec en l&#8217;agenda de setembre en Portell\" src=\"https:\/\/portelldemorella.org\/wp-content\/uploads\/2024\/09\/Portell-dinar-Aplec-560x560.jpg\" \n\t\t\t\t\t\t\t\t\t\t\t\n\t\t\t\t\t\t\t\t\t\t\tsrcset=\"https:\/\/portelldemorella.org\/wp-content\/uploads\/2024\/09\/Portell-dinar-Aplec-560x560.jpg 560w,\n\t\t\t\t\t\t\t\t\t\t\thttps:\/\/portelldemorella.org\/wp-content\/uploads\/2024\/09\/Portell-dinar-Aplec-300x300.jpg 300w\" \n\t\t\t\t\t\t\t\t\t\t\tsizes=\"(max-width: 767px) 100vw, 560px\" >\n\t\t\t\t\t\t\t\t<\/a>\n\t\t\t\t\t\t\t\t\t\t\t\t\t<\/div>\n\t\t\t\t\t\t<div class=\"evgovt-content\">\n\t\t\t\t\t\t\t\t\t\t\t\t\t\t<div class=\"post-meta-date\">\n\t\t\t\t\t\t\t\t<span class=\"post-meta-content-date\">\n\t\t\t\t\t\t\t\t    <span class=\" post-date\">\n\t\t\t\t\t\t\t\t        <span class=\"right second_font\">setembre 3, 2024<\/span>\n\t\t\t\t\t\t\t\t    <\/span>\n\t\t\t\t\t\t\t\t<\/span>\n\t\t\t\t\t\t\t<\/div>\n\t\t\t\t\t\t\t\n\t\t\t\t\t\t\t\t\t\t\t\t\t\t\t\t\t\t\t\t\t<div class=\"post-title\">\n\t\t\t\t\t\t\t\t<h2 class=\"post-title\">\n\t\t\t\t\t\t\t        <a href=\"https:\/\/portelldemorella.org\/ca\/ciclisme-i-homenatge-als-voluntaris-de-laplec-en-lagenda-de-setembre-en-portell\/\" rel=\"bookmark\" title=\"Ciclisme i homenatge als voluntaris de l&#8217;Aplec en l&#8217;agenda de setembre en Portell\">\n\t\t\t\t\t\t\t          Ciclisme i homenatge als voluntaris de l&#8217;Aplec en l&#8217;agenda de setembre en Portell\t\t\t\t\t\t\t        <\/a>\n\t\t\t\t\t\t\t      <\/h2>\n\t\t\t\t\t\t\t<\/div>\n\t\t\t\t\t\t\t\t\t\t\t\t\t\t\t\t\t\t\t\t\t<div class=\"post-footer\">\n\t\t\t\t\t\t\t\t<div class=\"egovt-post-readmore\">\n\t\t\t\t\t\t\t\t    <a class=\"btn-readmore second_font\" href=\"https:\/\/portelldemorella.org\/ca\/ciclisme-i-homenatge-als-voluntaris-de-laplec-en-lagenda-de-setembre-en-portell\/\">\n\t\t\t\t\t\t\t\t    \tContinuar llegint\t\t\t\t\t\t\t\t    \t<i data-feather=\"arrow-right\"><\/i>\n\t\t\t\t\t\t\t\t    <\/a>\n\t\t\t\t\t\t\t\t<\/div>\n\t\t\t\t\t\t\t<\/div>\n\t\t\t\t\t\t\t\t\t\t\t\t\t<\/div>\n\t\t\t\t\t<\/div>\n\t\t\t\t<\/article>\n\t\t\t\t\t\t\t<article class=\"post-wrap\">\n\t\t\t\t\t<div class=\"wrap-article\">\n\t\t\t\t\t\t<div class=\"post-media\">\n\t\t\t\t\t\t\t\t\t\t\t\t\t\t\t<a href=\"https:\/\/portelldemorella.org\/ca\/portell-descobreix-el-seu-passat\/\">\n\n\t\t\t\t\t\t\t\t\t<img decoding=\"async\" alt=\"Portell descobreix el seu passat\" src=\"https:\/\/portelldemorella.org\/wp-content\/uploads\/2024\/08\/Portell-descobreix-el-seu-passat-560x419.jpg\" \n\t\t\t\t\t\t\t\t\t\t\t\n\t\t\t\t\t\t\t\t\t\t\tsrcset=\"https:\/\/portelldemorella.org\/wp-content\/uploads\/2024\/08\/Portell-descobreix-el-seu-passat-560x419.jpg 560w,\n\t\t\t\t\t\t\t\t\t\t\thttps:\/\/portelldemorella.org\/wp-content\/uploads\/2024\/08\/Portell-descobreix-el-seu-passat-300x224.jpg 300w\" \n\t\t\t\t\t\t\t\t\t\t\tsizes=\"(max-width: 767px) 100vw, 560px\" >\n\t\t\t\t\t\t\t\t<\/a>\n\t\t\t\t\t\t\t\t\t\t\t\t\t<\/div>\n\t\t\t\t\t\t<div class=\"evgovt-content\">\n\t\t\t\t\t\t\t\t\t\t\t\t\t\t<div class=\"post-meta-date\">\n\t\t\t\t\t\t\t\t<span class=\"post-meta-content-date\">\n\t\t\t\t\t\t\t\t    <span class=\" post-date\">\n\t\t\t\t\t\t\t\t        <span class=\"right second_font\">agost 30, 2024<\/span>\n\t\t\t\t\t\t\t\t    <\/span>\n\t\t\t\t\t\t\t\t<\/span>\n\t\t\t\t\t\t\t<\/div>\n\t\t\t\t\t\t\t\n\t\t\t\t\t\t\t\t\t\t\t\t\t\t\t\t\t\t\t\t\t<div class=\"post-title\">\n\t\t\t\t\t\t\t\t<h2 class=\"post-title\">\n\t\t\t\t\t\t\t        <a href=\"https:\/\/portelldemorella.org\/ca\/portell-descobreix-el-seu-passat\/\" rel=\"bookmark\" title=\"Portell descobreix el seu passat\">\n\t\t\t\t\t\t\t          Portell descobreix el seu passat\t\t\t\t\t\t\t        <\/a>\n\t\t\t\t\t\t\t      <\/h2>\n\t\t\t\t\t\t\t<\/div>\n\t\t\t\t\t\t\t\t\t\t\t\t\t\t\t\t\t\t\t\t\t<div class=\"post-footer\">\n\t\t\t\t\t\t\t\t<div class=\"egovt-post-readmore\">\n\t\t\t\t\t\t\t\t    <a class=\"btn-readmore second_font\" href=\"https:\/\/portelldemorella.org\/ca\/portell-descobreix-el-seu-passat\/\">\n\t\t\t\t\t\t\t\t    \tContinuar llegint\t\t\t\t\t\t\t\t    \t<i data-feather=\"arrow-right\"><\/i>\n\t\t\t\t\t\t\t\t    <\/a>\n\t\t\t\t\t\t\t\t<\/div>\n\t\t\t\t\t\t\t<\/div>\n\t\t\t\t\t\t\t\t\t\t\t\t\t<\/div>\n\t\t\t\t\t<\/div>\n\t\t\t\t<\/article>\n\t\t\t\t\t\t\t<article class=\"post-wrap\">\n\t\t\t\t\t<div class=\"wrap-article\">\n\t\t\t\t\t\t<div class=\"post-media\">\n\t\t\t\t\t\t\t\t\t\t\t\t\t\t\t<a href=\"https:\/\/portelldemorella.org\/ca\/portell-cierra-con-la-ofrenda-a-la-mare-de-deu-de-lesperanca-sus-fiestas-de-agosto\/\">\n\n\t\t\t\t\t\t\t\t\t<img decoding=\"async\" alt=\"Portell tanca amb l&#8217;ofrena a la Mare de D\u00e9u de l&#8217;Esperan\u00e7a les seues festes d&#8217;agost\" src=\"https:\/\/portelldemorella.org\/wp-content\/uploads\/2024\/08\/Portell-tanca-amb-lofrena-a-la-Mare-de-Deu-de-lEsperanca-les-seues-festes-dagost-1-560x373.jpg\" \n\t\t\t\t\t\t\t\t\t\t\t\n\t\t\t\t\t\t\t\t\t\t\tsrcset=\"https:\/\/portelldemorella.org\/wp-content\/uploads\/2024\/08\/Portell-tanca-amb-lofrena-a-la-Mare-de-Deu-de-lEsperanca-les-seues-festes-dagost-1-560x373.jpg 560w,\n\t\t\t\t\t\t\t\t\t\t\thttps:\/\/portelldemorella.org\/wp-content\/uploads\/2024\/08\/Portell-tanca-amb-lofrena-a-la-Mare-de-Deu-de-lEsperanca-les-seues-festes-dagost-1-300x200.jpg 300w\" \n\t\t\t\t\t\t\t\t\t\t\tsizes=\"(max-width: 767px) 100vw, 560px\" >\n\t\t\t\t\t\t\t\t<\/a>\n\t\t\t\t\t\t\t\t\t\t\t\t\t<\/div>\n\t\t\t\t\t\t<div class=\"evgovt-content\">\n\t\t\t\t\t\t\t\t\t\t\t\t\t\t<div class=\"post-meta-date\">\n\t\t\t\t\t\t\t\t<span class=\"post-meta-content-date\">\n\t\t\t\t\t\t\t\t    <span class=\" post-date\">\n\t\t\t\t\t\t\t\t        <span class=\"right second_font\">agost 16, 2024<\/span>\n\t\t\t\t\t\t\t\t    <\/span>\n\t\t\t\t\t\t\t\t<\/span>\n\t\t\t\t\t\t\t<\/div>\n\t\t\t\t\t\t\t\n\t\t\t\t\t\t\t\t\t\t\t\t\t\t\t\t\t\t\t\t\t<div class=\"post-title\">\n\t\t\t\t\t\t\t\t<h2 class=\"post-title\">\n\t\t\t\t\t\t\t        <a href=\"https:\/\/portelldemorella.org\/ca\/portell-cierra-con-la-ofrenda-a-la-mare-de-deu-de-lesperanca-sus-fiestas-de-agosto\/\" rel=\"bookmark\" title=\"Portell tanca amb l&#8217;ofrena a la Mare de D\u00e9u de l&#8217;Esperan\u00e7a les seues festes d&#8217;agost\">\n\t\t\t\t\t\t\t          Portell tanca amb l&#8217;ofrena a la Mare de D\u00e9u de l&#8217;Esperan\u00e7a les seues festes d&#8217;agost\t\t\t\t\t\t\t        <\/a>\n\t\t\t\t\t\t\t      <\/h2>\n\t\t\t\t\t\t\t<\/div>\n\t\t\t\t\t\t\t\t\t\t\t\t\t\t\t\t\t\t\t\t\t<div class=\"post-footer\">\n\t\t\t\t\t\t\t\t<div class=\"egovt-post-readmore\">\n\t\t\t\t\t\t\t\t    <a class=\"btn-readmore second_font\" href=\"https:\/\/portelldemorella.org\/ca\/portell-cierra-con-la-ofrenda-a-la-mare-de-deu-de-lesperanca-sus-fiestas-de-agosto\/\">\n\t\t\t\t\t\t\t\t    \tContinuar llegint\t\t\t\t\t\t\t\t    \t<i data-feather=\"arrow-right\"><\/i>\n\t\t\t\t\t\t\t\t    <\/a>\n\t\t\t\t\t\t\t\t<\/div>\n\t\t\t\t\t\t\t<\/div>\n\t\t\t\t\t\t\t\t\t\t\t\t\t<\/div>\n\t\t\t\t\t<\/div>\n\t\t\t\t<\/article>\n\t\t\t\t\t\t<\/div>\n\t\t<\/div>\n\t\t\t\t<\/div>\n\t\t\t\t<\/div>\n\t\t\t\t\t<\/div>\n\t\t<\/div>\n\t\t\t\t\t<\/div>\n\t\t<\/section>\n\t\t\t\t<section class=\"elementor-section elementor-top-section elementor-element elementor-element-129acb0 elementor-section-boxed elementor-section-height-default elementor-section-height-default\" data-id=\"129acb0\" data-element_type=\"section\">\n\t\t\t\t\t\t<div class=\"elementor-container elementor-column-gap-default\">\n\t\t\t\t\t<div class=\"elementor-column elementor-col-100 elementor-top-column elementor-element elementor-element-33d838f\" data-id=\"33d838f\" data-element_type=\"column\">\n\t\t\t<div class=\"elementor-widget-wrap\">\n\t\t\t\t\t\t\t<\/div>\n\t\t<\/div>\n\t\t\t\t\t<\/div>\n\t\t<\/section>\n\t\t\t\t<\/div>\n\t\t","protected":false},"excerpt":{"rendered":"<p>Noticies en Portell de Morella septiembre 16, 2022 Instal\u00b7laci\u00f3 autoconsum FASE 3 Continuar llegint agosto 22, 2022 La IX Sons de l&#8217;Interior porta el jazz a Portell Continuar llegint agosto 4, 2022 Portell fa comarca amb la celebraci\u00f3 del Aplec dels Ports Continuar llegint agosto 2, 2022 Jocs y manualitats amb l&#8217;Escuela d&#8217;Estiu de Portell [&hellip;]<\/p>\n","protected":false},"author":1,"featured_media":0,"parent":0,"menu_order":0,"comment_status":"closed","ping_status":"closed","template":"","meta":{"footnotes":""},"class_list":["post-6735","page","type-page","status-publish","hentry"],"yoast_head":"<!-- This site is optimized with the Yoast SEO plugin v24.4 - https:\/\/yoast.com\/wordpress\/plugins\/seo\/ -->\n<title>Not\u00edcies - Portell de Morella<\/title>\n<meta name=\"robots\" content=\"noindex, follow, max-snippet:-1, max-image-preview:large, max-video-preview:-1\" \/>\n<meta property=\"og:locale\" content=\"ca_ES\" \/>\n<meta property=\"og:type\" content=\"article\" \/>\n<meta property=\"og:title\" content=\"Not\u00edcies - Portell de Morella\" \/>\n<meta property=\"og:description\" content=\"Noticies en Portell de Morella septiembre 16, 2022 Instal\u00b7laci\u00f3 autoconsum FASE 3 Continuar llegint agosto 22, 2022 La IX Sons de l&#8217;Interior porta el jazz a Portell Continuar llegint agosto 4, 2022 Portell fa comarca amb la celebraci\u00f3 del Aplec dels Ports Continuar llegint agosto 2, 2022 Jocs y manualitats amb l&#8217;Escuela d&#8217;Estiu de Portell [&hellip;]\" \/>\n<meta property=\"og:url\" content=\"https:\/\/portelldemorella.org\/ca\/noticies\/\" \/>\n<meta property=\"og:site_name\" content=\"Portell de Morella\" \/>\n<meta property=\"article:modified_time\" content=\"2022-11-17T11:21:59+00:00\" \/>\n<meta property=\"og:image\" content=\"https:\/\/portelldemorella.org\/wp-content\/uploads\/2022\/09\/FOTO_1-560x252.jpg\" \/>\n<meta name=\"twitter:card\" content=\"summary_large_image\" \/>\n<meta name=\"twitter:label1\" content=\"Temps estimat de lectura\" \/>\n\t<meta name=\"twitter:data1\" content=\"8 minuts\" \/>\n<script type=\"application\/ld+json\" class=\"yoast-schema-graph\">{\"@context\":\"https:\/\/schema.org\",\"@graph\":[{\"@type\":\"WebPage\",\"@id\":\"https:\/\/portelldemorella.org\/ca\/noticies\/\",\"url\":\"https:\/\/portelldemorella.org\/ca\/noticies\/\",\"name\":\"Not\u00edcies - Portell de Morella\",\"isPartOf\":{\"@id\":\"https:\/\/portelldemorella.org\/#website\"},\"primaryImageOfPage\":{\"@id\":\"https:\/\/portelldemorella.org\/ca\/noticies\/#primaryimage\"},\"image\":{\"@id\":\"https:\/\/portelldemorella.org\/ca\/noticies\/#primaryimage\"},\"thumbnailUrl\":\"https:\/\/portelldemorella.org\/wp-content\/uploads\/2022\/09\/FOTO_1-560x252.jpg\",\"datePublished\":\"2021-10-06T11:35:46+00:00\",\"dateModified\":\"2022-11-17T11:21:59+00:00\",\"breadcrumb\":{\"@id\":\"https:\/\/portelldemorella.org\/ca\/noticies\/#breadcrumb\"},\"inLanguage\":\"ca\",\"potentialAction\":[{\"@type\":\"ReadAction\",\"target\":[\"https:\/\/portelldemorella.org\/ca\/noticies\/\"]}]},{\"@type\":\"ImageObject\",\"inLanguage\":\"ca\",\"@id\":\"https:\/\/portelldemorella.org\/ca\/noticies\/#primaryimage\",\"url\":\"https:\/\/portelldemorella.org\/wp-content\/uploads\/2022\/09\/FOTO_1-560x252.jpg\",\"contentUrl\":\"https:\/\/portelldemorella.org\/wp-content\/uploads\/2022\/09\/FOTO_1-560x252.jpg\"},{\"@type\":\"BreadcrumbList\",\"@id\":\"https:\/\/portelldemorella.org\/ca\/noticies\/#breadcrumb\",\"itemListElement\":[{\"@type\":\"ListItem\",\"position\":1,\"name\":\"Portada\",\"item\":\"https:\/\/portelldemorella.org\/ca\/\"},{\"@type\":\"ListItem\",\"position\":2,\"name\":\"Not\u00edcies\"}]},{\"@type\":\"WebSite\",\"@id\":\"https:\/\/portelldemorella.org\/#website\",\"url\":\"https:\/\/portelldemorella.org\/\",\"name\":\"Portell de Morella\",\"description\":\"Web del Ayuntamiento de Portell de Morella\",\"publisher\":{\"@id\":\"https:\/\/portelldemorella.org\/#organization\"},\"potentialAction\":[{\"@type\":\"SearchAction\",\"target\":{\"@type\":\"EntryPoint\",\"urlTemplate\":\"https:\/\/portelldemorella.org\/?s={search_term_string}\"},\"query-input\":{\"@type\":\"PropertyValueSpecification\",\"valueRequired\":true,\"valueName\":\"search_term_string\"}}],\"inLanguage\":\"ca\"},{\"@type\":\"Organization\",\"@id\":\"https:\/\/portelldemorella.org\/#organization\",\"name\":\"Portell de Morella\",\"url\":\"https:\/\/portelldemorella.org\/\",\"logo\":{\"@type\":\"ImageObject\",\"inLanguage\":\"ca\",\"@id\":\"https:\/\/portelldemorella.org\/#\/schema\/logo\/image\/\",\"url\":\"https:\/\/portelldemorella.org\/wp-content\/uploads\/2020\/11\/Escudo-Portell-04.jpg\",\"contentUrl\":\"https:\/\/portelldemorella.org\/wp-content\/uploads\/2020\/11\/Escudo-Portell-04.jpg\",\"width\":1001,\"height\":394,\"caption\":\"Portell de Morella\"},\"image\":{\"@id\":\"https:\/\/portelldemorella.org\/#\/schema\/logo\/image\/\"}}]}<\/script>\n<!-- \/ Yoast SEO plugin. -->","yoast_head_json":{"title":"Not\u00edcies - Portell de Morella","robots":{"index":"noindex","follow":"follow","max-snippet":"max-snippet:-1","max-image-preview":"max-image-preview:large","max-video-preview":"max-video-preview:-1"},"og_locale":"ca_ES","og_type":"article","og_title":"Not\u00edcies - Portell de Morella","og_description":"Noticies en Portell de Morella septiembre 16, 2022 Instal\u00b7laci\u00f3 autoconsum FASE 3 Continuar llegint agosto 22, 2022 La IX Sons de l&#8217;Interior porta el jazz a Portell Continuar llegint agosto 4, 2022 Portell fa comarca amb la celebraci\u00f3 del Aplec dels Ports Continuar llegint agosto 2, 2022 Jocs y manualitats amb l&#8217;Escuela d&#8217;Estiu de Portell [&hellip;]","og_url":"https:\/\/portelldemorella.org\/ca\/noticies\/","og_site_name":"Portell de Morella","article_modified_time":"2022-11-17T11:21:59+00:00","og_image":[{"url":"https:\/\/portelldemorella.org\/wp-content\/uploads\/2022\/09\/FOTO_1-560x252.jpg","type":"","width":"","height":""}],"twitter_card":"summary_large_image","twitter_misc":{"Temps estimat de lectura":"8 minuts"},"schema":{"@context":"https:\/\/schema.org","@graph":[{"@type":"WebPage","@id":"https:\/\/portelldemorella.org\/ca\/noticies\/","url":"https:\/\/portelldemorella.org\/ca\/noticies\/","name":"Not\u00edcies - Portell de Morella","isPartOf":{"@id":"https:\/\/portelldemorella.org\/#website"},"primaryImageOfPage":{"@id":"https:\/\/portelldemorella.org\/ca\/noticies\/#primaryimage"},"image":{"@id":"https:\/\/portelldemorella.org\/ca\/noticies\/#primaryimage"},"thumbnailUrl":"https:\/\/portelldemorella.org\/wp-content\/uploads\/2022\/09\/FOTO_1-560x252.jpg","datePublished":"2021-10-06T11:35:46+00:00","dateModified":"2022-11-17T11:21:59+00:00","breadcrumb":{"@id":"https:\/\/portelldemorella.org\/ca\/noticies\/#breadcrumb"},"inLanguage":"ca","potentialAction":[{"@type":"ReadAction","target":["https:\/\/portelldemorella.org\/ca\/noticies\/"]}]},{"@type":"ImageObject","inLanguage":"ca","@id":"https:\/\/portelldemorella.org\/ca\/noticies\/#primaryimage","url":"https:\/\/portelldemorella.org\/wp-content\/uploads\/2022\/09\/FOTO_1-560x252.jpg","contentUrl":"https:\/\/portelldemorella.org\/wp-content\/uploads\/2022\/09\/FOTO_1-560x252.jpg"},{"@type":"BreadcrumbList","@id":"https:\/\/portelldemorella.org\/ca\/noticies\/#breadcrumb","itemListElement":[{"@type":"ListItem","position":1,"name":"Portada","item":"https:\/\/portelldemorella.org\/ca\/"},{"@type":"ListItem","position":2,"name":"Not\u00edcies"}]},{"@type":"WebSite","@id":"https:\/\/portelldemorella.org\/#website","url":"https:\/\/portelldemorella.org\/","name":"Portell de Morella","description":"Web del Ayuntamiento de Portell de Morella","publisher":{"@id":"https:\/\/portelldemorella.org\/#organization"},"potentialAction":[{"@type":"SearchAction","target":{"@type":"EntryPoint","urlTemplate":"https:\/\/portelldemorella.org\/?s={search_term_string}"},"query-input":{"@type":"PropertyValueSpecification","valueRequired":true,"valueName":"search_term_string"}}],"inLanguage":"ca"},{"@type":"Organization","@id":"https:\/\/portelldemorella.org\/#organization","name":"Portell de Morella","url":"https:\/\/portelldemorella.org\/","logo":{"@type":"ImageObject","inLanguage":"ca","@id":"https:\/\/portelldemorella.org\/#\/schema\/logo\/image\/","url":"https:\/\/portelldemorella.org\/wp-content\/uploads\/2020\/11\/Escudo-Portell-04.jpg","contentUrl":"https:\/\/portelldemorella.org\/wp-content\/uploads\/2020\/11\/Escudo-Portell-04.jpg","width":1001,"height":394,"caption":"Portell de Morella"},"image":{"@id":"https:\/\/portelldemorella.org\/#\/schema\/logo\/image\/"}}]}},"_links":{"self":[{"href":"https:\/\/portelldemorella.org\/ca\/wp-json\/wp\/v2\/pages\/6735","targetHints":{"allow":["GET"]}}],"collection":[{"href":"https:\/\/portelldemorella.org\/ca\/wp-json\/wp\/v2\/pages"}],"about":[{"href":"https:\/\/portelldemorella.org\/ca\/wp-json\/wp\/v2\/types\/page"}],"author":[{"embeddable":true,"href":"https:\/\/portelldemorella.org\/ca\/wp-json\/wp\/v2\/users\/1"}],"replies":[{"embeddable":true,"href":"https:\/\/portelldemorella.org\/ca\/wp-json\/wp\/v2\/comments?post=6735"}],"version-history":[{"count":20,"href":"https:\/\/portelldemorella.org\/ca\/wp-json\/wp\/v2\/pages\/6735\/revisions"}],"predecessor-version":[{"id":7480,"href":"https:\/\/portelldemorella.org\/ca\/wp-json\/wp\/v2\/pages\/6735\/revisions\/7480"}],"wp:attachment":[{"href":"https:\/\/portelldemorella.org\/ca\/wp-json\/wp\/v2\/media?parent=6735"}],"curies":[{"name":"wp","href":"https:\/\/api.w.org\/{rel}","templated":true}]}}