{"id":6917,"date":"2021-11-03T15:58:37","date_gmt":"2021-11-03T15:58:37","guid":{"rendered":"https:\/\/portelldemorella.org\/?page_id=6917"},"modified":"2023-06-07T08:14:54","modified_gmt":"2023-06-07T08:14:54","slug":"portell-de-morella","status":"publish","type":"page","link":"https:\/\/portelldemorella.org\/ca\/","title":{"rendered":"Portell de Morella"},"content":{"rendered":"\t\t<div data-elementor-type=\"wp-page\" data-elementor-id=\"6917\" class=\"elementor elementor-6917\">\n\t\t\t\t\t\t<section class=\"elementor-section elementor-top-section elementor-element elementor-element-02c8411 elementor-section-boxed elementor-section-height-default elementor-section-height-default\" data-id=\"02c8411\" data-element_type=\"section\">\n\t\t\t\t\t\t<div class=\"elementor-container elementor-column-gap-no\">\n\t\t\t\t\t<div class=\"elementor-column elementor-col-100 elementor-top-column elementor-element elementor-element-284df64\" data-id=\"284df64\" data-element_type=\"column\">\n\t\t\t<div class=\"elementor-widget-wrap elementor-element-populated\">\n\t\t\t\t\t\t<div class=\"elementor-element elementor-element-9eeb976 elementor-widget elementor-widget-slider_revolution\" data-id=\"9eeb976\" data-element_type=\"widget\" data-widget_type=\"slider_revolution.default\">\n\t\t\t\t<div class=\"elementor-widget-container\">\n\t\t\t\r\n\t\t<div class=\"wp-block-themepunch-revslider\">\n\t\t\t<!-- START Slider 1 REVOLUTION SLIDER 6.4.3 --><p class=\"rs-p-wp-fix\"><\/p>\n\t\t\t<rs-module-wrap id=\"rev_slider_1_1_wrapper\" data-source=\"gallery\" style=\"background:transparent;padding:0;margin:0px auto;margin-top:0;margin-bottom:0;\">\n\t\t\t\t<rs-module id=\"rev_slider_1_1\" style=\"\" data-version=\"6.4.3\">\n\t\t\t\t\t<rs-slides>\n\t\t\t\t\t\t<rs-slide data-key=\"rs-1\" data-title=\"Slide\" data-in=\"o:0;\" data-out=\"a:false;\">\n\t\t\t\t\t\t\t<img fetchpriority=\"high\" decoding=\"async\" src=\"\/\/portelldemorella.org\/wp-content\/uploads\/2021\/06\/pueblos-portell-gal1-1.jpg\" title=\"pueblos-portell-gal1-1\" width=\"1920\" height=\"730\" data-parallax=\"off\" class=\"rev-slidebg\" data-no-retina>\n<!--\n\t\t\t\t\t\t\t--><rs-layer\n\t\t\t\t\t\t\t\tid=\"slider-1-slide-1-layer-0\" \n\t\t\t\t\t\t\t\tdata-type=\"text\"\n\t\t\t\t\t\t\t\tdata-rsp_ch=\"on\"\n\t\t\t\t\t\t\t\tdata-xy=\"xo:50px,-279px,-363px,54px;yo:50px,70px,52px,134px;\"\n\t\t\t\t\t\t\t\tdata-text=\"w:normal;s:20,16,12,62;l:25,20,15,80;\"\n\t\t\t\t\t\t\t\tdata-dim=\"w:auto,auto,auto,282px;\"\n\t\t\t\t\t\t\t\tdata-vbility=\"f,f,f,t\"\n\t\t\t\t\t\t\t\tdata-frame_0=\"x:0,0,0,0px;y:0,0,0,0px;\"\n\t\t\t\t\t\t\t\tdata-frame_1=\"x:-259px,-213px,-161px,0px;y:-81px,-66px,-50px,0px;sp:1520;\"\n\t\t\t\t\t\t\t\tdata-frame_999=\"o:0;st:w;sR:7480;\"\n\t\t\t\t\t\t\t\tstyle=\"z-index:8;font-family:Roboto;\"\n\t\t\t\t\t\t\t>Bienvenido \n\t\t\t\t\t\t\t<\/rs-layer><!--\n\n\t\t\t\t\t\t\t--><rs-layer\n\t\t\t\t\t\t\t\tid=\"slider-1-slide-1-layer-2\" \n\t\t\t\t\t\t\t\tdata-type=\"text\"\n\t\t\t\t\t\t\t\tdata-rsp_ch=\"on\"\n\t\t\t\t\t\t\t\tdata-xy=\"xo:50px,-277px,-353px,131px;yo:50px,45px,35px,181px;\"\n\t\t\t\t\t\t\t\tdata-text=\"w:normal;s:20,16,12,81;l:25,20,15,104;\"\n\t\t\t\t\t\t\t\tdata-vbility=\"f,f,f,t\"\n\t\t\t\t\t\t\t\tdata-frame_0=\"x:0,0,0,0px;y:0,0,0,0px;\"\n\t\t\t\t\t\t\t\tdata-frame_1=\"x:-1134px,-936px,-711px,0px;y:-189px,-155px,-117px,0px;st:580;sp:1680;sR:580;\"\n\t\t\t\t\t\t\t\tdata-frame_999=\"o:0;st:w;sR:6740;\"\n\t\t\t\t\t\t\t\tstyle=\"z-index:9;font-family:Roboto;\"\n\t\t\t\t\t\t\t>a Portell \n\t\t\t\t\t\t\t<\/rs-layer><!--\n-->\t\t\t\t\t\t<\/rs-slide>\n\t\t\t\t\t<\/rs-slides>\n\t\t\t\t<\/rs-module>\n\t\t\t\t<script type=\"text\/javascript\">\n\t\t\t\t\tsetREVStartSize({c: 'rev_slider_1_1',rl:[1240,1024,778,480],el:[500,778,778,550],gw:[1240,1024,778,480],gh:[500,778,778,550],type:'standard',justify:'',layout:'fullwidth',mh:\"0\"});\n\t\t\t\t\tvar\trevapi1,\n\t\t\t\t\t\ttpj;\n\t\t\t\t\tfunction revinit_revslider11() {\n\t\t\t\t\tjQuery(function() {\n\t\t\t\t\t\ttpj = jQuery;\n\t\t\t\t\t\trevapi1 = tpj(\"#rev_slider_1_1\");\n\t\t\t\t\t\tif(revapi1==undefined || revapi1.revolution == undefined){\n\t\t\t\t\t\t\trevslider_showDoubleJqueryError(\"rev_slider_1_1\");\n\t\t\t\t\t\t}else{\n\t\t\t\t\t\t\trevapi1.revolution({\n\t\t\t\t\t\t\t\tsliderLayout:\"fullwidth\",\n\t\t\t\t\t\t\t\tvisibilityLevels:\"1240,1024,778,480\",\n\t\t\t\t\t\t\t\tgridwidth:\"1240,1024,778,480\",\n\t\t\t\t\t\t\t\tgridheight:\"500,778,778,550\",\n\t\t\t\t\t\t\t\tperspective:600,\n\t\t\t\t\t\t\t\tperspectiveType:\"global\",\n\t\t\t\t\t\t\t\teditorheight:\"500,778,778,550\",\n\t\t\t\t\t\t\t\tresponsiveLevels:\"1240,1024,778,480\",\n\t\t\t\t\t\t\t\tprogressBar:{disableProgressBar:true},\n\t\t\t\t\t\t\t\tnavigation: {\n\t\t\t\t\t\t\t\t\tonHoverStop:false\n\t\t\t\t\t\t\t\t},\n\t\t\t\t\t\t\t\tparallax: {\n\t\t\t\t\t\t\t\t\tlevels:[5,10,15,20,25,30,35,40,45,46,47,48,49,50,51,30],\n\t\t\t\t\t\t\t\t\ttype:\"scroll\",\n\t\t\t\t\t\t\t\t\torigo:\"slidercenter\",\n\t\t\t\t\t\t\t\t\tspeed:0\n\t\t\t\t\t\t\t\t},\n\t\t\t\t\t\t\t\tfallbacks: {\n\t\t\t\t\t\t\t\t\tallowHTML5AutoPlayOnAndroid:true\n\t\t\t\t\t\t\t\t},\n\t\t\t\t\t\t\t});\n\t\t\t\t\t\t}\n\t\t\t\t\t\t\n\t\t\t\t\t});\n\t\t\t\t\t} \/\/ End of RevInitScript\n\t\t\t\tvar once_revslider11 = false;\n\t\t\t\tif (document.readyState === \"loading\") {document.addEventListener('readystatechange',function() { if((document.readyState === \"interactive\" || document.readyState === \"complete\") && !once_revslider11 ) { once_revslider11 = true; revinit_revslider11();}});} else {once_revslider11 = true; revinit_revslider11();}\n\t\t\t\t<\/script>\n\t\t\t<\/rs-module-wrap>\n\t\t\t<!-- END REVOLUTION SLIDER -->\n<\/div>\r\n\r\n\t\t\t\t<\/div>\n\t\t\t\t<\/div>\n\t\t\t\t\t<\/div>\n\t\t<\/div>\n\t\t\t\t\t<\/div>\n\t\t<\/section>\n\t\t\t\t<section class=\"elementor-section elementor-top-section elementor-element elementor-element-e1cbb55 elementor-section-boxed elementor-section-height-default elementor-section-height-default\" data-id=\"e1cbb55\" data-element_type=\"section\">\n\t\t\t\t\t\t<div class=\"elementor-container elementor-column-gap-default\">\n\t\t\t\t\t<div class=\"elementor-column elementor-col-33 elementor-top-column elementor-element elementor-element-b01f5b2\" data-id=\"b01f5b2\" data-element_type=\"column\">\n\t\t\t<div class=\"elementor-widget-wrap elementor-element-populated\">\n\t\t\t\t\t\t<div class=\"elementor-element elementor-element-271444a elementor-invisible elementor-widget elementor-widget-ova_box_feature_2\" data-id=\"271444a\" data-element_type=\"widget\" data-settings=\"{&quot;_animation&quot;:&quot;fadeInUp&quot;,&quot;_animation_delay&quot;:100,&quot;_animation_mobile&quot;:&quot;none&quot;}\" data-widget_type=\"ova_box_feature_2.default\">\n\t\t\t\t<div class=\"elementor-widget-container\">\n\t\t\t\t\t<div class=\"ova_box_feature_2\">\n\t\t\t\t\n\t\t\t\t\t\t\t\t\t<img decoding=\"async\" src=\"https:\/\/portelldemorella.org\/wp-content\/uploads\/2021\/10\/casitas-01.png\" alt=\"\">\n\t\t\t\t\n\t\t\t\t\t\t\t\t<h3 class=\"title\">\n\t\t\t\t\tPortell\t\t\t\t<\/h3>\n\t\t\t\t\n\t\t\t\t\t\t\t\t<p class=\"excerpt\">\n\t\t\t\t\tConeix Portell; la seua localitzaci\u00f3, hist\u00f2ria, patrimoni, tradicions i festes.\n<br><br><br>\n\n\n\t\t\t\t<\/p>\n\t\t\t\t\n\t\t\t\t\t\t\t\t\t<div class=\"readmore\">\n\t\t\t\t\t\t<a class=\"second_font\" href=\"https:\/\/portelldemorella.org\/descubre-portell\/\" >Coneix Portell<\/a>\n\t\t\t\t\t<\/div>\n\t\t\t\t\n\t\t<\/div>\n\n\t\t\t\t<\/div>\n\t\t\t\t<\/div>\n\t\t\t\t\t<\/div>\n\t\t<\/div>\n\t\t\t\t<div class=\"elementor-column elementor-col-33 elementor-top-column elementor-element elementor-element-b8fe45d\" data-id=\"b8fe45d\" data-element_type=\"column\">\n\t\t\t<div class=\"elementor-widget-wrap elementor-element-populated\">\n\t\t\t\t\t\t<div class=\"elementor-element elementor-element-2898e6c elementor-invisible elementor-widget elementor-widget-ova_box_feature_2\" data-id=\"2898e6c\" data-element_type=\"widget\" data-settings=\"{&quot;_animation&quot;:&quot;fadeInUp&quot;,&quot;_animation_delay&quot;:200,&quot;_animation_mobile&quot;:&quot;none&quot;}\" data-widget_type=\"ova_box_feature_2.default\">\n\t\t\t\t<div class=\"elementor-widget-container\">\n\t\t\t\t\t<div class=\"ova_box_feature_2\">\n\t\t\t\t\n\t\t\t\t\t\t\t\t\t<img decoding=\"async\" src=\"https:\/\/portelldemorella.org\/wp-content\/uploads\/2021\/11\/2.png\" alt=\"\">\n\t\t\t\t\n\t\t\t\t\t\t\t\t<h3 class=\"title\">\n\t\t\t\t\tVe\u00efns\t\t\t\t<\/h3>\n\t\t\t\t\n\t\t\t\t\t\t\t\t<p class=\"excerpt\">\n\t\t\t\t\tTota la informaci\u00f3 i ajuda que necessites ac\u00ed la trobar\u00e0s. Uneix-te al WhatsApp municipal i no et perdes cap novetat.\n<br><br>\t\t\t\t<\/p>\n\t\t\t\t\n\t\t\t\t\t\t\t\t\t<div class=\"readmore\">\n\t\t\t\t\t\t<a class=\"second_font\" href=\"\" >M\u00e9s informaci\u00f3<\/a>\n\t\t\t\t\t<\/div>\n\t\t\t\t\n\t\t<\/div>\n\n\t\t\t\t<\/div>\n\t\t\t\t<\/div>\n\t\t\t\t\t<\/div>\n\t\t<\/div>\n\t\t\t\t<div class=\"elementor-column elementor-col-33 elementor-top-column elementor-element elementor-element-c05c8b9\" data-id=\"c05c8b9\" data-element_type=\"column\">\n\t\t\t<div class=\"elementor-widget-wrap elementor-element-populated\">\n\t\t\t\t\t\t<div class=\"elementor-element elementor-element-9d4d28f elementor-invisible elementor-widget elementor-widget-ova_box_feature_2\" data-id=\"9d4d28f\" data-element_type=\"widget\" data-settings=\"{&quot;_animation&quot;:&quot;fadeInUp&quot;,&quot;_animation_delay&quot;:300,&quot;_animation_mobile&quot;:&quot;none&quot;}\" data-widget_type=\"ova_box_feature_2.default\">\n\t\t\t\t<div class=\"elementor-widget-container\">\n\t\t\t\t\t<div class=\"ova_box_feature_2\">\n\t\t\t\t\n\t\t\t\t\t\t\t\t\t<img decoding=\"async\" src=\"https:\/\/portelldemorella.org\/wp-content\/uploads\/2021\/11\/3.png\" alt=\"\">\n\t\t\t\t\n\t\t\t\t\t\t\t\t<h3 class=\"title\">\n\t\t\t\t\tTurisme\t\t\t\t<\/h3>\n\t\t\t\t\n\t\t\t\t\t\t\t\t<p class=\"excerpt\">\n\t\t\t\t\tDescobreix rutes inoblidables, paisatges encantadors, muntanyes envolupants, edificis amb molta hist\u00f2ria, els nostres museus i pintures rupestres.\t\t\t\t<\/p>\n\t\t\t\t\n\t\t\t\t\t\t\t\t\t<div class=\"readmore\">\n\t\t\t\t\t\t<a class=\"second_font\" href=\"\" >Descobreix Portell<\/a>\n\t\t\t\t\t<\/div>\n\t\t\t\t\n\t\t<\/div>\n\n\t\t\t\t<\/div>\n\t\t\t\t<\/div>\n\t\t\t\t\t<\/div>\n\t\t<\/div>\n\t\t\t\t\t<\/div>\n\t\t<\/section>\n\t\t\t\t<section class=\"elementor-section elementor-top-section elementor-element elementor-element-fff80f6 elementor-section-content-middle elementor-section-boxed elementor-section-height-default elementor-section-height-default\" data-id=\"fff80f6\" data-element_type=\"section\">\n\t\t\t\t\t\t<div class=\"elementor-container elementor-column-gap-default\">\n\t\t\t\t\t<div class=\"elementor-column elementor-col-50 elementor-top-column elementor-element elementor-element-334a371\" data-id=\"334a371\" data-element_type=\"column\">\n\t\t\t<div class=\"elementor-widget-wrap elementor-element-populated\">\n\t\t\t\t\t\t<div class=\"elementor-element elementor-element-262e136 elementor-widget elementor-widget-video\" data-id=\"262e136\" data-element_type=\"widget\" data-settings=\"{&quot;youtube_url&quot;:&quot;https:\\\/\\\/youtu.be\\\/koZrxCuTFI4&quot;,&quot;show_image_overlay&quot;:&quot;yes&quot;,&quot;image_overlay&quot;:{&quot;url&quot;:&quot;https:\\\/\\\/portelldemorella.org\\\/wp-content\\\/uploads\\\/2021\\\/11\\\/9f605f0c-4e3a-42b9-b603-e3aeef7d06f3.jpg&quot;,&quot;id&quot;:6933,&quot;size&quot;:&quot;&quot;,&quot;alt&quot;:&quot;&quot;,&quot;source&quot;:&quot;library&quot;},&quot;video_type&quot;:&quot;youtube&quot;,&quot;controls&quot;:&quot;yes&quot;}\" data-widget_type=\"video.default\">\n\t\t\t\t<div class=\"elementor-widget-container\">\n\t\t\t\t\t<div class=\"elementor-wrapper elementor-open-inline\">\n\t\t\t<div class=\"elementor-video\"><\/div>\t\t\t\t<div class=\"elementor-custom-embed-image-overlay\" style=\"background-image: url(https:\/\/portelldemorella.org\/wp-content\/uploads\/2021\/11\/9f605f0c-4e3a-42b9-b603-e3aeef7d06f3.jpg);\">\n\t\t\t\t\t\t\t\t\t\t\t\t\t\t\t\t<div class=\"elementor-custom-embed-play\" role=\"button\" aria-label=\"Reprodueix v\u00eddeo\" tabindex=\"0\">\n\t\t\t\t\t\t\t<i aria-hidden=\"true\" class=\"eicon-play\"><\/i>\t\t\t\t\t\t\t<span class=\"elementor-screen-only\">Reprodueix v\u00eddeo<\/span>\n\t\t\t\t\t\t<\/div>\n\t\t\t\t\t\t\t\t\t<\/div>\n\t\t\t\t\t<\/div>\n\t\t\t\t<\/div>\n\t\t\t\t<\/div>\n\t\t\t\t<div class=\"elementor-element elementor-element-bf589f2 elementor-widget elementor-widget-heading\" data-id=\"bf589f2\" data-element_type=\"widget\" data-widget_type=\"heading.default\">\n\t\t\t\t<div class=\"elementor-widget-container\">\n\t\t\t<h2 class=\"elementor-heading-title elementor-size-default\">Benvingut a Portell de Morella<\/h2>\t\t<\/div>\n\t\t\t\t<\/div>\n\t\t\t\t<div class=\"elementor-element elementor-element-1cf954f elementor-widget elementor-widget-text-editor\" data-id=\"1cf954f\" data-element_type=\"widget\" data-widget_type=\"text-editor.default\">\n\t\t\t\t<div class=\"elementor-widget-container\">\n\t\t\t\t\t\t\t<p>Endinsar-se en les carreteres serpentejants de la comarca dels Ports t\u00e9 la seua recompensa. Arribar a Portell \u00e9s gaudir del viatge i del paisatge des de la Iglesuela del Cid a trav\u00e9s del port de les Cabrilles, des de Cinctorres a trav\u00e9s de la Creu del Gelat, des de Vilafranca pel cam\u00ed rural, o des de la Cuba per una altra via, diguem, secund\u00e0ria.<\/p><p>En la falda d&#8217;una muntanya s&#8217;al\u00e7a una torre campanar que en el seu moment ho va ser d&#8217;una muralla. Just al costat s&#8217;accedeix al Corro, i accedint podem con\u00e9ixer la hist\u00f2ria dels templers a Portell en un museu dedicat a aquests nobles i monjos. \u00c9s el pas imprescindible per a accedir a una singular pla\u00e7a d&#8217;armes circumdada pel recinte emmurallat.<\/p>\t\t\t\t\t\t<\/div>\n\t\t\t\t<\/div>\n\t\t\t\t\t<\/div>\n\t\t<\/div>\n\t\t\t\t<div class=\"elementor-column elementor-col-50 elementor-top-column elementor-element elementor-element-d0bacf6\" data-id=\"d0bacf6\" data-element_type=\"column\">\n\t\t\t<div class=\"elementor-widget-wrap elementor-element-populated\">\n\t\t\t\t\t\t<div class=\"elementor-element elementor-element-854e21d elementor-widget elementor-widget-text-editor\" data-id=\"854e21d\" data-element_type=\"widget\" data-widget_type=\"text-editor.default\">\n\t\t\t\t<div class=\"elementor-widget-container\">\n\t\t\t\t\t\t\t<h3>Portell, entre castells, faixes, dinosaures i pelegrins<\/h3><p>\u00a0<\/p><div style=\"position: fixed; inset: 0px; pointer-events: none; z-index: 2147483647; font-weight: 400;\"><div style=\"display: none; position: absolute; background: rgba(255, 255, 255, 0.7); outline: black solid 1px; font-size: 12px; z-index: 2147483647; justify-content: center; align-items: center; user-select: none; cursor: default; color: #000000; font-family: 'Helvetica Neue', Helvetica, Arial, sans-serif; width: 0px; height: 0px;\"><pre style=\"flex: 1 1 0%; text-align: center; background-color: rgba(255, 255, 255, 0.7); color: #000000; min-width: 42px; min-height: 12px; transition: all 1s ease 0s;\">\u00a0<\/pre><\/div><pre style=\"position: absolute; display: none; background: #ffffff; font-size: 12px; line-height: 14px; border-radius: 3px; border-width: 1px; border-color: #222222 black #333333; border-style: solid; padding: 3px; z-index: 2147483647; color: #222222; user-select: none; cursor: default; font-family: 'Helvetica Neue', Helvetica, Arial, sans-serif;\">\u00a0<\/pre><\/div>\t\t\t\t\t\t<\/div>\n\t\t\t\t<\/div>\n\t\t\t\t<div class=\"elementor-element elementor-element-2c308a2 elementor-widget elementor-widget-text-editor\" data-id=\"2c308a2\" data-element_type=\"widget\" data-widget_type=\"text-editor.default\">\n\t\t\t\t<div class=\"elementor-widget-container\">\n\t\t\t\t\t\t\t<p>Per\u00f2 no tot s\u00f3n castells i templers. En Portell van ser emprenedors i ho continuen sent. Una mostra \u00e9s el museu t\u00e8xtil amb el llegat de Luisa Cama\u00f1es. Els &#8220;faixeros&#8221; de Portell van rec\u00f3rrer mitja Espanya amb les seues faixes enrotllades i penjades. En Portell es respira hist\u00f2ria i prehist\u00f2ria. Just en els baixos de l&#8217;Ajuntament el museu de dinosaures ens porta a fa 120 milions d&#8217;anys. Les terres de Portell amaguen infinitat d&#8217;ossos dels nostres gegantescos avantpassats.<\/p><p>No sols el poble t\u00e9 encant. L&#8217;entorn \u00e9s exuberant i espectacular. Ho recorren els pelegrins de Portell, que cada any vesteixen camisa blanca, barret, rosari, bast\u00f3 i capa per a rememorar una tradici\u00f3 que es remunta a fa m\u00e9s de cinc segles. \u00c9s una de les peregrinacions m\u00e9s m\u00edstiques i millor conservades de l&#8217;interior de Castell\u00f3. En el seu cam\u00ed travessen el paratge natural municipal de la Rambla Celumbres. Superen el barranc gr\u00e0cies al pont medieval que ha vist les crescudes d&#8217;un llit que porta les seues aig\u00fces a l&#8217;Ebre. En el mateix barranc, riu amunt, les pintures rupestres del Mas de la Rambla ens mostren com habiten les coves. En la taula de l&#8217;hostal pa del forn del poble, cuina casolana i t\u00f2fona aut\u00f2ctona, crescuda en les arrels de les alzines. Portell no \u00e9s el cam\u00ed m\u00e9s recte, per\u00f2 s\u00ed un bon i diferent cam\u00ed.<\/p>\t\t\t\t\t\t<\/div>\n\t\t\t\t<\/div>\n\t\t\t\t\t<\/div>\n\t\t<\/div>\n\t\t\t\t\t<\/div>\n\t\t<\/section>\n\t\t\t\t<section class=\"elementor-section elementor-top-section elementor-element elementor-element-6969ddf elementor-section-boxed elementor-section-height-default elementor-section-height-default\" data-id=\"6969ddf\" data-element_type=\"section\" data-settings=\"{&quot;background_background&quot;:&quot;classic&quot;}\">\n\t\t\t\t\t\t<div class=\"elementor-container elementor-column-gap-default\">\n\t\t\t\t\t<div class=\"elementor-column elementor-col-100 elementor-top-column elementor-element elementor-element-210f0fc\" data-id=\"210f0fc\" data-element_type=\"column\">\n\t\t\t<div class=\"elementor-widget-wrap elementor-element-populated\">\n\t\t\t\t\t\t<section class=\"elementor-section elementor-inner-section elementor-element elementor-element-55f5823 elementor-section-boxed elementor-section-height-default elementor-section-height-default\" data-id=\"55f5823\" data-element_type=\"section\">\n\t\t\t\t\t\t<div class=\"elementor-container elementor-column-gap-default\">\n\t\t\t\t\t<div class=\"elementor-column elementor-col-50 elementor-inner-column elementor-element elementor-element-849f03e\" data-id=\"849f03e\" data-element_type=\"column\">\n\t\t\t<div class=\"elementor-widget-wrap elementor-element-populated\">\n\t\t\t\t\t\t<div class=\"elementor-element elementor-element-98065a9 elementor-widget elementor-widget-ova_heading\" data-id=\"98065a9\" data-element_type=\"widget\" data-widget_type=\"ova_heading.default\">\n\t\t\t\t<div class=\"elementor-widget-container\">\n\t\t\t\t\t<div class=\"ova-heading\">\n\t\t\t\n\t\t\t\t\t\t\t<h3 class=\"title second_font\">Novetats en Portell<\/h3>\n\t\t\t\n\t\t\t\t\t\t\t<p class=\"sub-title \">Informa't dels \u00faltims esdeveniments relevants en Portell de Morella.<\/p>\n\t\t\t\n\t\t<\/div>\n\t\t\t\t<\/div>\n\t\t\t\t<\/div>\n\t\t\t\t<div class=\"elementor-element elementor-element-2a2691e elementor-widget elementor-widget-html\" data-id=\"2a2691e\" data-element_type=\"widget\" data-widget_type=\"html.default\">\n\t\t\t\t<div class=\"elementor-widget-container\">\n\t\t\t<div id=\"fb-root\"><\/div>\r\n<script async defer crossorigin=\"anonymous\" src=\"https:\/\/connect.facebook.net\/es_LA\/sdk.js#xfbml=1&version=v11.0&appId=532788388162039&autoLogAppEvents=1\" nonce=\"kxnsEki5\"><\/script>\t\t<\/div>\n\t\t\t\t<\/div>\n\t\t\t\t\t<\/div>\n\t\t<\/div>\n\t\t\t\t<div class=\"elementor-column elementor-col-50 elementor-inner-column elementor-element elementor-element-ff815dc\" data-id=\"ff815dc\" data-element_type=\"column\">\n\t\t\t<div class=\"elementor-widget-wrap elementor-element-populated\">\n\t\t\t\t\t\t<div class=\"elementor-element elementor-element-7c344c3 elementor-align-right elementor-widget__width-auto egovt-button-color-border-header elementor-widget elementor-widget-button\" data-id=\"7c344c3\" data-element_type=\"widget\" data-widget_type=\"button.default\">\n\t\t\t\t<div class=\"elementor-widget-container\">\n\t\t\t\t\t\t\t<div class=\"elementor-button-wrapper\">\n\t\t\t\t\t<a class=\"elementor-button elementor-button-link elementor-size-sm\" href=\"http:\/\/demo.ovathemes.com\/egovt\/blog\/\">\n\t\t\t\t\t\t<span class=\"elementor-button-content-wrapper\">\n\t\t\t\t\t\t\t\t\t<span class=\"elementor-button-text\">M\u00e9s noticies<\/span>\n\t\t\t\t\t<\/span>\n\t\t\t\t\t<\/a>\n\t\t\t\t<\/div>\n\t\t\t\t\t\t<\/div>\n\t\t\t\t<\/div>\n\t\t\t\t\t<\/div>\n\t\t<\/div>\n\t\t\t\t\t<\/div>\n\t\t<\/section>\n\t\t\t\t<section class=\"elementor-section elementor-inner-section elementor-element elementor-element-e479a6c elementor-section-boxed elementor-section-height-default elementor-section-height-default\" data-id=\"e479a6c\" data-element_type=\"section\">\n\t\t\t\t\t\t<div class=\"elementor-container elementor-column-gap-default\">\n\t\t\t\t\t<div class=\"elementor-column elementor-col-100 elementor-inner-column elementor-element elementor-element-5322259\" data-id=\"5322259\" data-element_type=\"column\">\n\t\t\t<div class=\"elementor-widget-wrap elementor-element-populated\">\n\t\t\t\t\t\t<div class=\"elementor-element elementor-element-5706d1c elementor-widget elementor-widget-ova_blog_slide\" data-id=\"5706d1c\" data-element_type=\"widget\" data-settings=\"{&quot;pause_on_hover&quot;:&quot;yes&quot;,&quot;infinite&quot;:&quot;yes&quot;,&quot;dot_control&quot;:&quot;no&quot;}\" data-widget_type=\"ova_blog_slide.default\">\n\t\t\t\t<div class=\"elementor-widget-container\">\n\t\t\t\t\t<div class=\"ova-blog-slide blog-grid\">\n\t\t\t<div class=\"ova-wrap-grid blog-slide owl-carousel owl-theme\" data-options=\"{&quot;items&quot;:4,&quot;slideBy&quot;:1,&quot;margin&quot;:30,&quot;autoplayHoverPause&quot;:true,&quot;loop&quot;:true,&quot;autoplay&quot;:false,&quot;autoplayTimeout&quot;:null,&quot;smartSpeed&quot;:500,&quot;dots&quot;:false,&quot;nav&quot;:false,&quot;center&quot;:false}\">\n\t\t\t\t\t\t\t<article class=\"post-wrap\">\n\t\t\t\t\t<div class=\"wrap-article\">\n\t\t\t\t\t\t<div class=\"post-media\">\n\t\t\t\t\t\t\t\t\t\t\t\t\t\t\t<a href=\"https:\/\/portelldemorella.org\/ca\/portell-viura-la-romeria-a-sant-marc-el-25-dabril\/\">\n\t\t\t\t\t\t\t\t\t<img decoding=\"async\" alt=\"Portell viur\u00e0 la romeria a Sant Marc el 25 d&#8217;abril\" src=\"https:\/\/portelldemorella.org\/wp-content\/uploads\/2026\/04\/Portell-viura-la-romeria-a-Sant-Marc-el-25-dabril-448x560.jpg\" \n\t\t\t\t\t\t\t\t\t\t\t\n\t\t\t\t\t\t\t\t\t\t\tsrcset=\"https:\/\/portelldemorella.org\/wp-content\/uploads\/2026\/04\/Portell-viura-la-romeria-a-Sant-Marc-el-25-dabril-448x560.jpg 560w,\n\t\t\t\t\t\t\t\t\t\t\thttps:\/\/portelldemorella.org\/wp-content\/uploads\/2026\/04\/Portell-viura-la-romeria-a-Sant-Marc-el-25-dabril-240x300.jpg 300w\" \n\t\t\t\t\t\t\t\t\t\t\tsizes=\"(max-width: 767px) 100vw, 560px\" >\n\t\t\t\t\t\t\t\t<\/a>\n\t\t\t\t\t\t\t\t\t\t\t\t\t<\/div>\n\t\t\t\t\t\t<div class=\"evgovt-content\">\n\t\t\t\t\t\t\t\t\t\t\t\t\t\t<div class=\"post-meta-date\">\n\t\t\t\t\t\t\t\t<span class=\"post-meta-content-date\">\n\t\t\t\t\t\t\t\t    <span class=\" post-date\">\n\t\t\t\t\t\t\t\t        <span class=\"right second_font\">abril 15, 2026<\/span>\n\t\t\t\t\t\t\t\t    <\/span>\n\t\t\t\t\t\t\t\t<\/span>\n\t\t\t\t\t\t\t<\/div>\n\t\t\t\t\t\t\t\n\t\t\t\t\t\t\t\t\t\t\t\t\t\t\t\t\t\t\t\t\t<div class=\"post-title\">\n\t\t\t\t\t\t\t\t<h2 class=\"post-title\">\n\t\t\t\t\t\t\t        <a href=\"https:\/\/portelldemorella.org\/ca\/portell-viura-la-romeria-a-sant-marc-el-25-dabril\/\" rel=\"bookmark\" title=\"Portell viur\u00e0 la romeria a Sant Marc el 25 d&#8217;abril\">\n\t\t\t\t\t\t\t          Portell viur\u00e0 la romeria a Sant Marc el 25 d&#8217;abril\t\t\t\t\t\t\t        <\/a>\n\t\t\t\t\t\t\t      <\/h2>\n\t\t\t\t\t\t\t<\/div>\n\t\t\t\t\t\t\t\t\t\t\t\t\t\t\t\t\t\t\t\t\t<div class=\"post-footer\">\n\t\t\t\t\t\t\t\t<div class=\"egovt-post-readmore\">\n\t\t\t\t\t\t\t\t    <a class=\"btn-readmore second_font\" href=\"https:\/\/portelldemorella.org\/ca\/portell-viura-la-romeria-a-sant-marc-el-25-dabril\/\">\n\t\t\t\t\t\t\t\t    \tContinuar llegint\t\t\t\t\t\t\t\t    \t<i data-feather=\"arrow-right\"><\/i>\n\t\t\t\t\t\t\t\t    <\/a>\n\t\t\t\t\t\t\t\t<\/div>\n\t\t\t\t\t\t\t<\/div>\n\t\t\t\t\t\t\t\t\t\t\t\t\t<\/div>\n\t\t\t\t\t<\/div>\n\t\t\t\t<\/article>\n\t\t\t\t\t\t\t<article class=\"post-wrap\">\n\t\t\t\t\t<div class=\"wrap-article\">\n\t\t\t\t\t\t<div class=\"post-media\">\n\t\t\t\t\t\t\t\t\t\t\t\t\t\t\t<a href=\"https:\/\/portelldemorella.org\/ca\/santa-agueda-reuneix-mes-de-mig-centenar-de-dones-en-portell\/\">\n\t\t\t\t\t\t\t\t\t<img decoding=\"async\" alt=\"Santa \u00c0gueda reuneix m\u00e9s de mig centenar de dones en Portell\" src=\"https:\/\/portelldemorella.org\/wp-content\/uploads\/2026\/03\/Santa-Agueda-reuneix-mes-de-mig-centenar-de-dones-en-Portell-560x420.jpeg\" \n\t\t\t\t\t\t\t\t\t\t\t\n\t\t\t\t\t\t\t\t\t\t\tsrcset=\"https:\/\/portelldemorella.org\/wp-content\/uploads\/2026\/03\/Santa-Agueda-reuneix-mes-de-mig-centenar-de-dones-en-Portell-560x420.jpeg 560w,\n\t\t\t\t\t\t\t\t\t\t\thttps:\/\/portelldemorella.org\/wp-content\/uploads\/2026\/03\/Santa-Agueda-reuneix-mes-de-mig-centenar-de-dones-en-Portell-300x225.jpeg 300w\" \n\t\t\t\t\t\t\t\t\t\t\tsizes=\"(max-width: 767px) 100vw, 560px\" >\n\t\t\t\t\t\t\t\t<\/a>\n\t\t\t\t\t\t\t\t\t\t\t\t\t<\/div>\n\t\t\t\t\t\t<div class=\"evgovt-content\">\n\t\t\t\t\t\t\t\t\t\t\t\t\t\t<div class=\"post-meta-date\">\n\t\t\t\t\t\t\t\t<span class=\"post-meta-content-date\">\n\t\t\t\t\t\t\t\t    <span class=\" post-date\">\n\t\t\t\t\t\t\t\t        <span class=\"right second_font\">mar\u00e7 6, 2026<\/span>\n\t\t\t\t\t\t\t\t    <\/span>\n\t\t\t\t\t\t\t\t<\/span>\n\t\t\t\t\t\t\t<\/div>\n\t\t\t\t\t\t\t\n\t\t\t\t\t\t\t\t\t\t\t\t\t\t\t\t\t\t\t\t\t<div class=\"post-title\">\n\t\t\t\t\t\t\t\t<h2 class=\"post-title\">\n\t\t\t\t\t\t\t        <a href=\"https:\/\/portelldemorella.org\/ca\/santa-agueda-reuneix-mes-de-mig-centenar-de-dones-en-portell\/\" rel=\"bookmark\" title=\"Santa \u00c0gueda reuneix m\u00e9s de mig centenar de dones en Portell\">\n\t\t\t\t\t\t\t          Santa \u00c0gueda reuneix m\u00e9s de mig centenar de dones en Portell\t\t\t\t\t\t\t        <\/a>\n\t\t\t\t\t\t\t      <\/h2>\n\t\t\t\t\t\t\t<\/div>\n\t\t\t\t\t\t\t\t\t\t\t\t\t\t\t\t\t\t\t\t\t<div class=\"post-footer\">\n\t\t\t\t\t\t\t\t<div class=\"egovt-post-readmore\">\n\t\t\t\t\t\t\t\t    <a class=\"btn-readmore second_font\" href=\"https:\/\/portelldemorella.org\/ca\/santa-agueda-reuneix-mes-de-mig-centenar-de-dones-en-portell\/\">\n\t\t\t\t\t\t\t\t    \tContinuar llegint\t\t\t\t\t\t\t\t    \t<i data-feather=\"arrow-right\"><\/i>\n\t\t\t\t\t\t\t\t    <\/a>\n\t\t\t\t\t\t\t\t<\/div>\n\t\t\t\t\t\t\t<\/div>\n\t\t\t\t\t\t\t\t\t\t\t\t\t<\/div>\n\t\t\t\t\t<\/div>\n\t\t\t\t<\/article>\n\t\t\t\t\t\t\t<article class=\"post-wrap\">\n\t\t\t\t\t<div class=\"wrap-article\">\n\t\t\t\t\t\t<div class=\"post-media\">\n\t\t\t\t\t\t\t\t\t\t\t\t\t\t\t<a href=\"https:\/\/portelldemorella.org\/ca\/portell-tanca-les-celebracions-de-sant-antoni-als-ports-amb-un-cap-de-setmana-festiu-i-participatiu\/\">\n\t\t\t\t\t\t\t\t\t<img decoding=\"async\" alt=\"Portell tanca les celebracions de Sant Antoni als Ports amb un cap de setmana festiu i participatiu\" src=\"https:\/\/portelldemorella.org\/wp-content\/uploads\/2026\/02\/Sant-Antoni-Portell-2026-4-560x373.jpg\" \n\t\t\t\t\t\t\t\t\t\t\t\n\t\t\t\t\t\t\t\t\t\t\tsrcset=\"https:\/\/portelldemorella.org\/wp-content\/uploads\/2026\/02\/Sant-Antoni-Portell-2026-4-560x373.jpg 560w,\n\t\t\t\t\t\t\t\t\t\t\thttps:\/\/portelldemorella.org\/wp-content\/uploads\/2026\/02\/Sant-Antoni-Portell-2026-4-300x200.jpg 300w\" \n\t\t\t\t\t\t\t\t\t\t\tsizes=\"(max-width: 767px) 100vw, 560px\" >\n\t\t\t\t\t\t\t\t<\/a>\n\t\t\t\t\t\t\t\t\t\t\t\t\t<\/div>\n\t\t\t\t\t\t<div class=\"evgovt-content\">\n\t\t\t\t\t\t\t\t\t\t\t\t\t\t<div class=\"post-meta-date\">\n\t\t\t\t\t\t\t\t<span class=\"post-meta-content-date\">\n\t\t\t\t\t\t\t\t    <span class=\" post-date\">\n\t\t\t\t\t\t\t\t        <span class=\"right second_font\">febrer 25, 2026<\/span>\n\t\t\t\t\t\t\t\t    <\/span>\n\t\t\t\t\t\t\t\t<\/span>\n\t\t\t\t\t\t\t<\/div>\n\t\t\t\t\t\t\t\n\t\t\t\t\t\t\t\t\t\t\t\t\t\t\t\t\t\t\t\t\t<div class=\"post-title\">\n\t\t\t\t\t\t\t\t<h2 class=\"post-title\">\n\t\t\t\t\t\t\t        <a href=\"https:\/\/portelldemorella.org\/ca\/portell-tanca-les-celebracions-de-sant-antoni-als-ports-amb-un-cap-de-setmana-festiu-i-participatiu\/\" rel=\"bookmark\" title=\"Portell tanca les celebracions de Sant Antoni als Ports amb un cap de setmana festiu i participatiu\">\n\t\t\t\t\t\t\t          Portell tanca les celebracions de Sant Antoni als Ports amb un cap de setmana festiu i participatiu\t\t\t\t\t\t\t        <\/a>\n\t\t\t\t\t\t\t      <\/h2>\n\t\t\t\t\t\t\t<\/div>\n\t\t\t\t\t\t\t\t\t\t\t\t\t\t\t\t\t\t\t\t\t<div class=\"post-footer\">\n\t\t\t\t\t\t\t\t<div class=\"egovt-post-readmore\">\n\t\t\t\t\t\t\t\t    <a class=\"btn-readmore second_font\" href=\"https:\/\/portelldemorella.org\/ca\/portell-tanca-les-celebracions-de-sant-antoni-als-ports-amb-un-cap-de-setmana-festiu-i-participatiu\/\">\n\t\t\t\t\t\t\t\t    \tContinuar llegint\t\t\t\t\t\t\t\t    \t<i data-feather=\"arrow-right\"><\/i>\n\t\t\t\t\t\t\t\t    <\/a>\n\t\t\t\t\t\t\t\t<\/div>\n\t\t\t\t\t\t\t<\/div>\n\t\t\t\t\t\t\t\t\t\t\t\t\t<\/div>\n\t\t\t\t\t<\/div>\n\t\t\t\t<\/article>\n\t\t\t\t\t\t\t<article class=\"post-wrap\">\n\t\t\t\t\t<div class=\"wrap-article\">\n\t\t\t\t\t\t<div class=\"post-media\">\n\t\t\t\t\t\t\t\t\t\t\t\t\t\t\t<a href=\"https:\/\/portelldemorella.org\/ca\/cinta-tena-treballadora-del-spap-de-portell-guanya-el-premi-explorador-andres-a-vilafranca\/\">\n\t\t\t\t\t\t\t\t\t<img decoding=\"async\" alt=\"Cinta Tena, treballadora del SPAP de Portell, guanya el Premi Explorador Andr\u00e9s a Vilafranca\" src=\"https:\/\/portelldemorella.org\/wp-content\/uploads\/2026\/02\/Cinta-Tenaexplorador-portell-448x560.jpg\" \n\t\t\t\t\t\t\t\t\t\t\t\n\t\t\t\t\t\t\t\t\t\t\tsrcset=\"https:\/\/portelldemorella.org\/wp-content\/uploads\/2026\/02\/Cinta-Tenaexplorador-portell-448x560.jpg 560w,\n\t\t\t\t\t\t\t\t\t\t\thttps:\/\/portelldemorella.org\/wp-content\/uploads\/2026\/02\/Cinta-Tenaexplorador-portell-240x300.jpg 300w\" \n\t\t\t\t\t\t\t\t\t\t\tsizes=\"(max-width: 767px) 100vw, 560px\" >\n\t\t\t\t\t\t\t\t<\/a>\n\t\t\t\t\t\t\t\t\t\t\t\t\t<\/div>\n\t\t\t\t\t\t<div class=\"evgovt-content\">\n\t\t\t\t\t\t\t\t\t\t\t\t\t\t<div class=\"post-meta-date\">\n\t\t\t\t\t\t\t\t<span class=\"post-meta-content-date\">\n\t\t\t\t\t\t\t\t    <span class=\" post-date\">\n\t\t\t\t\t\t\t\t        <span class=\"right second_font\">febrer 4, 2026<\/span>\n\t\t\t\t\t\t\t\t    <\/span>\n\t\t\t\t\t\t\t\t<\/span>\n\t\t\t\t\t\t\t<\/div>\n\t\t\t\t\t\t\t\n\t\t\t\t\t\t\t\t\t\t\t\t\t\t\t\t\t\t\t\t\t<div class=\"post-title\">\n\t\t\t\t\t\t\t\t<h2 class=\"post-title\">\n\t\t\t\t\t\t\t        <a href=\"https:\/\/portelldemorella.org\/ca\/cinta-tena-treballadora-del-spap-de-portell-guanya-el-premi-explorador-andres-a-vilafranca\/\" rel=\"bookmark\" title=\"Cinta Tena, treballadora del SPAP de Portell, guanya el Premi Explorador Andr\u00e9s a Vilafranca\">\n\t\t\t\t\t\t\t          Cinta Tena, treballadora del SPAP de Portell, guanya el Premi Explorador Andr\u00e9s a Vilafranca\t\t\t\t\t\t\t        <\/a>\n\t\t\t\t\t\t\t      <\/h2>\n\t\t\t\t\t\t\t<\/div>\n\t\t\t\t\t\t\t\t\t\t\t\t\t\t\t\t\t\t\t\t\t<div class=\"post-footer\">\n\t\t\t\t\t\t\t\t<div class=\"egovt-post-readmore\">\n\t\t\t\t\t\t\t\t    <a class=\"btn-readmore second_font\" href=\"https:\/\/portelldemorella.org\/ca\/cinta-tena-treballadora-del-spap-de-portell-guanya-el-premi-explorador-andres-a-vilafranca\/\">\n\t\t\t\t\t\t\t\t    \tContinuar llegint\t\t\t\t\t\t\t\t    \t<i data-feather=\"arrow-right\"><\/i>\n\t\t\t\t\t\t\t\t    <\/a>\n\t\t\t\t\t\t\t\t<\/div>\n\t\t\t\t\t\t\t<\/div>\n\t\t\t\t\t\t\t\t\t\t\t\t\t<\/div>\n\t\t\t\t\t<\/div>\n\t\t\t\t<\/article>\n\t\t\t\t\t\t\t<article class=\"post-wrap\">\n\t\t\t\t\t<div class=\"wrap-article\">\n\t\t\t\t\t\t<div class=\"post-media\">\n\t\t\t\t\t\t\t\t\t\t\t\t\t\t\t<a href=\"https:\/\/portelldemorella.org\/ca\/portell-acull-el-retorn-de-resultats-del-projecte-teixint-portell-i-presenta-futures-accions\/\">\n\t\t\t\t\t\t\t\t\t<img decoding=\"async\" alt=\"Portell acull el retorn de resultats del projecte Teixint Portell i presenta futures accions\" src=\"https:\/\/portelldemorella.org\/wp-content\/uploads\/2026\/01\/Portell-acull-el-retorn-de-resultats-del-projecte-Teixint-Portell-i-presenta-futures-accions-560x315.jpeg\" \n\t\t\t\t\t\t\t\t\t\t\t\n\t\t\t\t\t\t\t\t\t\t\tsrcset=\"https:\/\/portelldemorella.org\/wp-content\/uploads\/2026\/01\/Portell-acull-el-retorn-de-resultats-del-projecte-Teixint-Portell-i-presenta-futures-accions-560x315.jpeg 560w,\n\t\t\t\t\t\t\t\t\t\t\thttps:\/\/portelldemorella.org\/wp-content\/uploads\/2026\/01\/Portell-acull-el-retorn-de-resultats-del-projecte-Teixint-Portell-i-presenta-futures-accions-300x169.jpeg 300w\" \n\t\t\t\t\t\t\t\t\t\t\tsizes=\"(max-width: 767px) 100vw, 560px\" >\n\t\t\t\t\t\t\t\t<\/a>\n\t\t\t\t\t\t\t\t\t\t\t\t\t<\/div>\n\t\t\t\t\t\t<div class=\"evgovt-content\">\n\t\t\t\t\t\t\t\t\t\t\t\t\t\t<div class=\"post-meta-date\">\n\t\t\t\t\t\t\t\t<span class=\"post-meta-content-date\">\n\t\t\t\t\t\t\t\t    <span class=\" post-date\">\n\t\t\t\t\t\t\t\t        <span class=\"right second_font\">gener 27, 2026<\/span>\n\t\t\t\t\t\t\t\t    <\/span>\n\t\t\t\t\t\t\t\t<\/span>\n\t\t\t\t\t\t\t<\/div>\n\t\t\t\t\t\t\t\n\t\t\t\t\t\t\t\t\t\t\t\t\t\t\t\t\t\t\t\t\t<div class=\"post-title\">\n\t\t\t\t\t\t\t\t<h2 class=\"post-title\">\n\t\t\t\t\t\t\t        <a href=\"https:\/\/portelldemorella.org\/ca\/portell-acull-el-retorn-de-resultats-del-projecte-teixint-portell-i-presenta-futures-accions\/\" rel=\"bookmark\" title=\"Portell acull el retorn de resultats del projecte Teixint Portell i presenta futures accions\">\n\t\t\t\t\t\t\t          Portell acull el retorn de resultats del projecte Teixint Portell i presenta futures accions\t\t\t\t\t\t\t        <\/a>\n\t\t\t\t\t\t\t      <\/h2>\n\t\t\t\t\t\t\t<\/div>\n\t\t\t\t\t\t\t\t\t\t\t\t\t\t\t\t\t\t\t\t\t<div class=\"post-footer\">\n\t\t\t\t\t\t\t\t<div class=\"egovt-post-readmore\">\n\t\t\t\t\t\t\t\t    <a class=\"btn-readmore second_font\" href=\"https:\/\/portelldemorella.org\/ca\/portell-acull-el-retorn-de-resultats-del-projecte-teixint-portell-i-presenta-futures-accions\/\">\n\t\t\t\t\t\t\t\t    \tContinuar llegint\t\t\t\t\t\t\t\t    \t<i data-feather=\"arrow-right\"><\/i>\n\t\t\t\t\t\t\t\t    <\/a>\n\t\t\t\t\t\t\t\t<\/div>\n\t\t\t\t\t\t\t<\/div>\n\t\t\t\t\t\t\t\t\t\t\t\t\t<\/div>\n\t\t\t\t\t<\/div>\n\t\t\t\t<\/article>\n\t\t\t\t\t\t\t<article class=\"post-wrap\">\n\t\t\t\t\t<div class=\"wrap-article\">\n\t\t\t\t\t\t<div class=\"post-media\">\n\t\t\t\t\t\t\t\t\t\t\t\t\t\t\t<a href=\"https:\/\/portelldemorella.org\/ca\/portell-commemora-el-25n-amb-una-concentracio-i-lectura-del-manifest\/\">\n\t\t\t\t\t\t\t\t\t<img decoding=\"async\" alt=\"Portell commemora el 25N amb una concentraci\u00f3 i lectura del manifest\" src=\"https:\/\/portelldemorella.org\/wp-content\/uploads\/2025\/11\/Portell-25-n-3-560x420.jpg\" \n\t\t\t\t\t\t\t\t\t\t\t\n\t\t\t\t\t\t\t\t\t\t\tsrcset=\"https:\/\/portelldemorella.org\/wp-content\/uploads\/2025\/11\/Portell-25-n-3-560x420.jpg 560w,\n\t\t\t\t\t\t\t\t\t\t\thttps:\/\/portelldemorella.org\/wp-content\/uploads\/2025\/11\/Portell-25-n-3-300x225.jpg 300w\" \n\t\t\t\t\t\t\t\t\t\t\tsizes=\"(max-width: 767px) 100vw, 560px\" >\n\t\t\t\t\t\t\t\t<\/a>\n\t\t\t\t\t\t\t\t\t\t\t\t\t<\/div>\n\t\t\t\t\t\t<div class=\"evgovt-content\">\n\t\t\t\t\t\t\t\t\t\t\t\t\t\t<div class=\"post-meta-date\">\n\t\t\t\t\t\t\t\t<span class=\"post-meta-content-date\">\n\t\t\t\t\t\t\t\t    <span class=\" post-date\">\n\t\t\t\t\t\t\t\t        <span class=\"right second_font\">novembre 26, 2025<\/span>\n\t\t\t\t\t\t\t\t    <\/span>\n\t\t\t\t\t\t\t\t<\/span>\n\t\t\t\t\t\t\t<\/div>\n\t\t\t\t\t\t\t\n\t\t\t\t\t\t\t\t\t\t\t\t\t\t\t\t\t\t\t\t\t<div class=\"post-title\">\n\t\t\t\t\t\t\t\t<h2 class=\"post-title\">\n\t\t\t\t\t\t\t        <a href=\"https:\/\/portelldemorella.org\/ca\/portell-commemora-el-25n-amb-una-concentracio-i-lectura-del-manifest\/\" rel=\"bookmark\" title=\"Portell commemora el 25N amb una concentraci\u00f3 i lectura del manifest\">\n\t\t\t\t\t\t\t          Portell commemora el 25N amb una concentraci\u00f3 i lectura del manifest\t\t\t\t\t\t\t        <\/a>\n\t\t\t\t\t\t\t      <\/h2>\n\t\t\t\t\t\t\t<\/div>\n\t\t\t\t\t\t\t\t\t\t\t\t\t\t\t\t\t\t\t\t\t<div class=\"post-footer\">\n\t\t\t\t\t\t\t\t<div class=\"egovt-post-readmore\">\n\t\t\t\t\t\t\t\t    <a class=\"btn-readmore second_font\" href=\"https:\/\/portelldemorella.org\/ca\/portell-commemora-el-25n-amb-una-concentracio-i-lectura-del-manifest\/\">\n\t\t\t\t\t\t\t\t    \tContinuar llegint\t\t\t\t\t\t\t\t    \t<i data-feather=\"arrow-right\"><\/i>\n\t\t\t\t\t\t\t\t    <\/a>\n\t\t\t\t\t\t\t\t<\/div>\n\t\t\t\t\t\t\t<\/div>\n\t\t\t\t\t\t\t\t\t\t\t\t\t<\/div>\n\t\t\t\t\t<\/div>\n\t\t\t\t<\/article>\n\t\t\t\t\t\t\t<article class=\"post-wrap\">\n\t\t\t\t\t<div class=\"wrap-article\">\n\t\t\t\t\t\t<div class=\"post-media\">\n\t\t\t\t\t\t\t\t\t\t\t\t\t\t\t<a href=\"https:\/\/portelldemorella.org\/ca\/portell-transforma-el-corro-en-espai-cultural-amb-el-possible-descobriment-de-tindre-el-castell-cristia-mes-antic-del-territori-valencia\/\">\n\t\t\t\t\t\t\t\t\t<img decoding=\"async\" alt=\"Portell transforma el &#8216;corro&#8217; en espai cultural amb el possible descobriment de tindre el Castell cristi\u00e0 m\u00e9s antic del territori valenci\u00e0\" src=\"https:\/\/portelldemorella.org\/wp-content\/uploads\/2025\/11\/Portell-transforma-el-corro-en-espai-cultural-amb-el-possible-descobriment-de-tindre-el-Castell-cristia-mes-antic-del-territori-valencia-560x315.jpg\" \n\t\t\t\t\t\t\t\t\t\t\t\n\t\t\t\t\t\t\t\t\t\t\tsrcset=\"https:\/\/portelldemorella.org\/wp-content\/uploads\/2025\/11\/Portell-transforma-el-corro-en-espai-cultural-amb-el-possible-descobriment-de-tindre-el-Castell-cristia-mes-antic-del-territori-valencia-560x315.jpg 560w,\n\t\t\t\t\t\t\t\t\t\t\thttps:\/\/portelldemorella.org\/wp-content\/uploads\/2025\/11\/Portell-transforma-el-corro-en-espai-cultural-amb-el-possible-descobriment-de-tindre-el-Castell-cristia-mes-antic-del-territori-valencia-300x169.jpg 300w\" \n\t\t\t\t\t\t\t\t\t\t\tsizes=\"(max-width: 767px) 100vw, 560px\" >\n\t\t\t\t\t\t\t\t<\/a>\n\t\t\t\t\t\t\t\t\t\t\t\t\t<\/div>\n\t\t\t\t\t\t<div class=\"evgovt-content\">\n\t\t\t\t\t\t\t\t\t\t\t\t\t\t<div class=\"post-meta-date\">\n\t\t\t\t\t\t\t\t<span class=\"post-meta-content-date\">\n\t\t\t\t\t\t\t\t    <span class=\" post-date\">\n\t\t\t\t\t\t\t\t        <span class=\"right second_font\">novembre 18, 2025<\/span>\n\t\t\t\t\t\t\t\t    <\/span>\n\t\t\t\t\t\t\t\t<\/span>\n\t\t\t\t\t\t\t<\/div>\n\t\t\t\t\t\t\t\n\t\t\t\t\t\t\t\t\t\t\t\t\t\t\t\t\t\t\t\t\t<div class=\"post-title\">\n\t\t\t\t\t\t\t\t<h2 class=\"post-title\">\n\t\t\t\t\t\t\t        <a href=\"https:\/\/portelldemorella.org\/ca\/portell-transforma-el-corro-en-espai-cultural-amb-el-possible-descobriment-de-tindre-el-castell-cristia-mes-antic-del-territori-valencia\/\" rel=\"bookmark\" title=\"Portell transforma el &#8216;corro&#8217; en espai cultural amb el possible descobriment de tindre el Castell cristi\u00e0 m\u00e9s antic del territori valenci\u00e0\">\n\t\t\t\t\t\t\t          Portell transforma el &#8216;corro&#8217; en espai cultural amb el possible descobriment de tindre el Castell cristi\u00e0 m\u00e9s antic del territori valenci\u00e0\t\t\t\t\t\t\t        <\/a>\n\t\t\t\t\t\t\t      <\/h2>\n\t\t\t\t\t\t\t<\/div>\n\t\t\t\t\t\t\t\t\t\t\t\t\t\t\t\t\t\t\t\t\t<div class=\"post-footer\">\n\t\t\t\t\t\t\t\t<div class=\"egovt-post-readmore\">\n\t\t\t\t\t\t\t\t    <a class=\"btn-readmore second_font\" href=\"https:\/\/portelldemorella.org\/ca\/portell-transforma-el-corro-en-espai-cultural-amb-el-possible-descobriment-de-tindre-el-castell-cristia-mes-antic-del-territori-valencia\/\">\n\t\t\t\t\t\t\t\t    \tContinuar llegint\t\t\t\t\t\t\t\t    \t<i data-feather=\"arrow-right\"><\/i>\n\t\t\t\t\t\t\t\t    <\/a>\n\t\t\t\t\t\t\t\t<\/div>\n\t\t\t\t\t\t\t<\/div>\n\t\t\t\t\t\t\t\t\t\t\t\t\t<\/div>\n\t\t\t\t\t<\/div>\n\t\t\t\t<\/article>\n\t\t\t\t\t\t\t<article class=\"post-wrap\">\n\t\t\t\t\t<div class=\"wrap-article\">\n\t\t\t\t\t\t<div class=\"post-media\">\n\t\t\t\t\t\t\t\t\t\t\t\t\t\t\t<a href=\"https:\/\/portelldemorella.org\/ca\/portell-convida-a-descobrir-els-seus-origens-amb-una-caminada-guiada-el-25-doctubre\/\">\n\t\t\t\t\t\t\t\t\t<img decoding=\"async\" alt=\"Portell convida a descobrir els seus or\u00edgens amb una caminada guiada el 25 d\u2019octubre\" src=\"https:\/\/portelldemorella.org\/wp-content\/uploads\/2025\/10\/Portell1-560x227.jpg\" \n\t\t\t\t\t\t\t\t\t\t\t\n\t\t\t\t\t\t\t\t\t\t\tsrcset=\"https:\/\/portelldemorella.org\/wp-content\/uploads\/2025\/10\/Portell1-560x227.jpg 560w,\n\t\t\t\t\t\t\t\t\t\t\thttps:\/\/portelldemorella.org\/wp-content\/uploads\/2025\/10\/Portell1-300x121.jpg 300w\" \n\t\t\t\t\t\t\t\t\t\t\tsizes=\"(max-width: 767px) 100vw, 560px\" >\n\t\t\t\t\t\t\t\t<\/a>\n\t\t\t\t\t\t\t\t\t\t\t\t\t<\/div>\n\t\t\t\t\t\t<div class=\"evgovt-content\">\n\t\t\t\t\t\t\t\t\t\t\t\t\t\t<div class=\"post-meta-date\">\n\t\t\t\t\t\t\t\t<span class=\"post-meta-content-date\">\n\t\t\t\t\t\t\t\t    <span class=\" post-date\">\n\t\t\t\t\t\t\t\t        <span class=\"right second_font\">octubre 18, 2025<\/span>\n\t\t\t\t\t\t\t\t    <\/span>\n\t\t\t\t\t\t\t\t<\/span>\n\t\t\t\t\t\t\t<\/div>\n\t\t\t\t\t\t\t\n\t\t\t\t\t\t\t\t\t\t\t\t\t\t\t\t\t\t\t\t\t<div class=\"post-title\">\n\t\t\t\t\t\t\t\t<h2 class=\"post-title\">\n\t\t\t\t\t\t\t        <a href=\"https:\/\/portelldemorella.org\/ca\/portell-convida-a-descobrir-els-seus-origens-amb-una-caminada-guiada-el-25-doctubre\/\" rel=\"bookmark\" title=\"Portell convida a descobrir els seus or\u00edgens amb una caminada guiada el 25 d\u2019octubre\">\n\t\t\t\t\t\t\t          Portell convida a descobrir els seus or\u00edgens amb una caminada guiada el 25 d\u2019octubre\t\t\t\t\t\t\t        <\/a>\n\t\t\t\t\t\t\t      <\/h2>\n\t\t\t\t\t\t\t<\/div>\n\t\t\t\t\t\t\t\t\t\t\t\t\t\t\t\t\t\t\t\t\t<div class=\"post-footer\">\n\t\t\t\t\t\t\t\t<div class=\"egovt-post-readmore\">\n\t\t\t\t\t\t\t\t    <a class=\"btn-readmore second_font\" href=\"https:\/\/portelldemorella.org\/ca\/portell-convida-a-descobrir-els-seus-origens-amb-una-caminada-guiada-el-25-doctubre\/\">\n\t\t\t\t\t\t\t\t    \tContinuar llegint\t\t\t\t\t\t\t\t    \t<i data-feather=\"arrow-right\"><\/i>\n\t\t\t\t\t\t\t\t    <\/a>\n\t\t\t\t\t\t\t\t<\/div>\n\t\t\t\t\t\t\t<\/div>\n\t\t\t\t\t\t\t\t\t\t\t\t\t<\/div>\n\t\t\t\t\t<\/div>\n\t\t\t\t<\/article>\n\t\t\t\t\t\t\t<article class=\"post-wrap\">\n\t\t\t\t\t<div class=\"wrap-article\">\n\t\t\t\t\t\t<div class=\"post-media\">\n\t\t\t\t\t\t\t\t\t\t\t\t\t\t\t<a href=\"https:\/\/portelldemorella.org\/ca\/portell-celebra-el-dia-de-les-tapes-amb-activitats-per-a-tots-els-publics\/\">\n\t\t\t\t\t\t\t\t\t<img decoding=\"async\" alt=\"Portell celebra el \u201cDia de les Tapes\u201d amb activitats per a tots els p\u00fablics\" src=\"https:\/\/portelldemorella.org\/wp-content\/uploads\/2025\/10\/Cartell-del-dia-de-les-tapes-523x560.jpeg\" \n\t\t\t\t\t\t\t\t\t\t\t\n\t\t\t\t\t\t\t\t\t\t\tsrcset=\"https:\/\/portelldemorella.org\/wp-content\/uploads\/2025\/10\/Cartell-del-dia-de-les-tapes-523x560.jpeg 560w,\n\t\t\t\t\t\t\t\t\t\t\thttps:\/\/portelldemorella.org\/wp-content\/uploads\/2025\/10\/Cartell-del-dia-de-les-tapes-280x300.jpeg 300w\" \n\t\t\t\t\t\t\t\t\t\t\tsizes=\"(max-width: 767px) 100vw, 560px\" >\n\t\t\t\t\t\t\t\t<\/a>\n\t\t\t\t\t\t\t\t\t\t\t\t\t<\/div>\n\t\t\t\t\t\t<div class=\"evgovt-content\">\n\t\t\t\t\t\t\t\t\t\t\t\t\t\t<div class=\"post-meta-date\">\n\t\t\t\t\t\t\t\t<span class=\"post-meta-content-date\">\n\t\t\t\t\t\t\t\t    <span class=\" post-date\">\n\t\t\t\t\t\t\t\t        <span class=\"right second_font\">octubre 13, 2025<\/span>\n\t\t\t\t\t\t\t\t    <\/span>\n\t\t\t\t\t\t\t\t<\/span>\n\t\t\t\t\t\t\t<\/div>\n\t\t\t\t\t\t\t\n\t\t\t\t\t\t\t\t\t\t\t\t\t\t\t\t\t\t\t\t\t<div class=\"post-title\">\n\t\t\t\t\t\t\t\t<h2 class=\"post-title\">\n\t\t\t\t\t\t\t        <a href=\"https:\/\/portelldemorella.org\/ca\/portell-celebra-el-dia-de-les-tapes-amb-activitats-per-a-tots-els-publics\/\" rel=\"bookmark\" title=\"Portell celebra el \u201cDia de les Tapes\u201d amb activitats per a tots els p\u00fablics\">\n\t\t\t\t\t\t\t          Portell celebra el \u201cDia de les Tapes\u201d amb activitats per a tots els p\u00fablics\t\t\t\t\t\t\t        <\/a>\n\t\t\t\t\t\t\t      <\/h2>\n\t\t\t\t\t\t\t<\/div>\n\t\t\t\t\t\t\t\t\t\t\t\t\t\t\t\t\t\t\t\t\t<div class=\"post-footer\">\n\t\t\t\t\t\t\t\t<div class=\"egovt-post-readmore\">\n\t\t\t\t\t\t\t\t    <a class=\"btn-readmore second_font\" href=\"https:\/\/portelldemorella.org\/ca\/portell-celebra-el-dia-de-les-tapes-amb-activitats-per-a-tots-els-publics\/\">\n\t\t\t\t\t\t\t\t    \tContinuar llegint\t\t\t\t\t\t\t\t    \t<i data-feather=\"arrow-right\"><\/i>\n\t\t\t\t\t\t\t\t    <\/a>\n\t\t\t\t\t\t\t\t<\/div>\n\t\t\t\t\t\t\t<\/div>\n\t\t\t\t\t\t\t\t\t\t\t\t\t<\/div>\n\t\t\t\t\t<\/div>\n\t\t\t\t<\/article>\n\t\t\t\t\t\t\t<article class=\"post-wrap\">\n\t\t\t\t\t<div class=\"wrap-article\">\n\t\t\t\t\t\t<div class=\"post-media\">\n\t\t\t\t\t\t\t\t\t\t\t\t\t\t\t<a href=\"https:\/\/portelldemorella.org\/ca\/la-casa-abadia-de-portell-guanya-el-premi-del-collegi-darquitectes-a-la-millor-intervencio-en-patrimoni-de-la-comunitat\/\">\n\t\t\t\t\t\t\t\t\t<img decoding=\"async\" alt=\"La Casa Abadia de Portell guanya el premi del Col\u00b7legi d\u2019Arquitectes a la millor intervenci\u00f3 en patrimoni de la Comunitat\" src=\"https:\/\/portelldemorella.org\/wp-content\/uploads\/2025\/10\/casa-abadia-1-557x560.jpg\" \n\t\t\t\t\t\t\t\t\t\t\t\n\t\t\t\t\t\t\t\t\t\t\tsrcset=\"https:\/\/portelldemorella.org\/wp-content\/uploads\/2025\/10\/casa-abadia-1-557x560.jpg 560w,\n\t\t\t\t\t\t\t\t\t\t\thttps:\/\/portelldemorella.org\/wp-content\/uploads\/2025\/10\/casa-abadia-1-298x300.jpg 300w\" \n\t\t\t\t\t\t\t\t\t\t\tsizes=\"(max-width: 767px) 100vw, 560px\" >\n\t\t\t\t\t\t\t\t<\/a>\n\t\t\t\t\t\t\t\t\t\t\t\t\t<\/div>\n\t\t\t\t\t\t<div class=\"evgovt-content\">\n\t\t\t\t\t\t\t\t\t\t\t\t\t\t<div class=\"post-meta-date\">\n\t\t\t\t\t\t\t\t<span class=\"post-meta-content-date\">\n\t\t\t\t\t\t\t\t    <span class=\" post-date\">\n\t\t\t\t\t\t\t\t        <span class=\"right second_font\">octubre 7, 2025<\/span>\n\t\t\t\t\t\t\t\t    <\/span>\n\t\t\t\t\t\t\t\t<\/span>\n\t\t\t\t\t\t\t<\/div>\n\t\t\t\t\t\t\t\n\t\t\t\t\t\t\t\t\t\t\t\t\t\t\t\t\t\t\t\t\t<div class=\"post-title\">\n\t\t\t\t\t\t\t\t<h2 class=\"post-title\">\n\t\t\t\t\t\t\t        <a href=\"https:\/\/portelldemorella.org\/ca\/la-casa-abadia-de-portell-guanya-el-premi-del-collegi-darquitectes-a-la-millor-intervencio-en-patrimoni-de-la-comunitat\/\" rel=\"bookmark\" title=\"La Casa Abadia de Portell guanya el premi del Col\u00b7legi d\u2019Arquitectes a la millor intervenci\u00f3 en patrimoni de la Comunitat\">\n\t\t\t\t\t\t\t          La Casa Abadia de Portell guanya el premi del Col\u00b7legi d\u2019Arquitectes a la millor intervenci\u00f3 en patrimoni de la Comunitat\t\t\t\t\t\t\t        <\/a>\n\t\t\t\t\t\t\t      <\/h2>\n\t\t\t\t\t\t\t<\/div>\n\t\t\t\t\t\t\t\t\t\t\t\t\t\t\t\t\t\t\t\t\t<div class=\"post-footer\">\n\t\t\t\t\t\t\t\t<div class=\"egovt-post-readmore\">\n\t\t\t\t\t\t\t\t    <a class=\"btn-readmore second_font\" href=\"https:\/\/portelldemorella.org\/ca\/la-casa-abadia-de-portell-guanya-el-premi-del-collegi-darquitectes-a-la-millor-intervencio-en-patrimoni-de-la-comunitat\/\">\n\t\t\t\t\t\t\t\t    \tContinuar llegint\t\t\t\t\t\t\t\t    \t<i data-feather=\"arrow-right\"><\/i>\n\t\t\t\t\t\t\t\t    <\/a>\n\t\t\t\t\t\t\t\t<\/div>\n\t\t\t\t\t\t\t<\/div>\n\t\t\t\t\t\t\t\t\t\t\t\t\t<\/div>\n\t\t\t\t\t<\/div>\n\t\t\t\t<\/article>\n\t\t\t\t\t\t<\/div>\n\t\t<\/div>\n\t\t\t\t<\/div>\n\t\t\t\t<\/div>\n\t\t\t\t\t<\/div>\n\t\t<\/div>\n\t\t\t\t\t<\/div>\n\t\t<\/section>\n\t\t\t\t\t<\/div>\n\t\t<\/div>\n\t\t\t\t\t<\/div>\n\t\t<\/section>\n\t\t\t\t<section class=\"elementor-section elementor-top-section elementor-element elementor-element-07b40d6 elementor-section-full_width elementor-section-height-default elementor-section-height-default\" data-id=\"07b40d6\" data-element_type=\"section\" data-settings=\"{&quot;background_background&quot;:&quot;classic&quot;}\">\n\t\t\t\t\t\t<div class=\"elementor-container elementor-column-gap-default\">\n\t\t\t\t\t<div class=\"elementor-column elementor-col-100 elementor-top-column elementor-element elementor-element-f22580e\" data-id=\"f22580e\" data-element_type=\"column\" data-settings=\"{&quot;background_background&quot;:&quot;classic&quot;}\">\n\t\t\t<div class=\"elementor-widget-wrap elementor-element-populated\">\n\t\t\t\t\t\t<div class=\"elementor-element elementor-element-3907d79 elementor-widget elementor-widget-ova_heading\" data-id=\"3907d79\" data-element_type=\"widget\" data-widget_type=\"ova_heading.default\">\n\t\t\t\t<div class=\"elementor-widget-container\">\n\t\t\t\t\t<div class=\"ova-heading\">\n\t\t\t\n\t\t\t\t\t\t\t<h3 class=\"title second_font\">Segueix-nos<\/h3>\n\t\t\t\n\t\t\t\t\t\t\t<p class=\"sub-title \">Trova novetats, esdeveniments i not\u00edcies a les nostres xarxes socials.<\/p>\n\t\t\t\n\t\t<\/div>\n\t\t\t\t<\/div>\n\t\t\t\t<\/div>\n\t\t\t\t\t<\/div>\n\t\t<\/div>\n\t\t\t\t\t<\/div>\n\t\t<\/section>\n\t\t\t\t<section class=\"elementor-section elementor-top-section elementor-element elementor-element-25d96ca elementor-section-boxed elementor-section-height-default elementor-section-height-default\" data-id=\"25d96ca\" data-element_type=\"section\" data-settings=\"{&quot;background_background&quot;:&quot;classic&quot;}\">\n\t\t\t\t\t\t<div class=\"elementor-container elementor-column-gap-default\">\n\t\t\t\t\t<div class=\"elementor-column elementor-col-33 elementor-top-column elementor-element elementor-element-e2166df\" data-id=\"e2166df\" data-element_type=\"column\">\n\t\t\t<div class=\"elementor-widget-wrap elementor-element-populated\">\n\t\t\t\t\t\t<div class=\"elementor-element elementor-element-e1039f9 elementor-widget elementor-widget-spacer\" data-id=\"e1039f9\" data-element_type=\"widget\" data-widget_type=\"spacer.default\">\n\t\t\t\t<div class=\"elementor-widget-container\">\n\t\t\t\t\t<div class=\"elementor-spacer\">\n\t\t\t<div class=\"elementor-spacer-inner\"><\/div>\n\t\t<\/div>\n\t\t\t\t<\/div>\n\t\t\t\t<\/div>\n\t\t\t\t<div class=\"elementor-element elementor-element-305e30c elementor-widget elementor-widget-html\" data-id=\"305e30c\" data-element_type=\"widget\" data-widget_type=\"html.default\">\n\t\t\t\t<div class=\"elementor-widget-container\">\n\t\t\t<div class=\"fb-page\" data-href=\"https:\/\/www.facebook.com\/Ajuntament-de-Portell-107318049294029\/\" data-tabs=\"timeline\" data-width=\"\" data-height=\"\" data-small-header=\"true\" data-adapt-container-width=\"true\" data-hide-cover=\"false\" data-show-facepile=\"true\"><blockquote cite=\"https:\/\/www.facebook.com\/Ajuntament-de-Portell-107318049294029\/\" class=\"fb-xfbml-parse-ignore\"><a href=\"https:\/\/www.facebook.com\/Ajuntament-de-Portell-107318049294029\/\">Ajuntament de Portell<\/a><\/blockquote><\/div>\t\t<\/div>\n\t\t\t\t<\/div>\n\t\t\t\t\t<\/div>\n\t\t<\/div>\n\t\t\t\t<div class=\"elementor-column elementor-col-33 elementor-top-column elementor-element elementor-element-e54d0fb\" data-id=\"e54d0fb\" data-element_type=\"column\">\n\t\t\t<div class=\"elementor-widget-wrap elementor-element-populated\">\n\t\t\t\t\t\t<div class=\"elementor-element elementor-element-63ab081 elementor-widget elementor-widget-html\" data-id=\"63ab081\" data-element_type=\"widget\" data-widget_type=\"html.default\">\n\t\t\t\t<div class=\"elementor-widget-container\">\n\t\t\t\n<div id=\"sb_instagram\"  class=\"sbi sbi_mob_col_1 sbi_tab_col_2 sbi_col_4\" style=\"padding-bottom: 10px; width: 100%;\"\t data-feedid=\"*1\"  data-res=\"auto\" data-cols=\"4\" data-colsmobile=\"1\" data-colstablet=\"2\" data-num=\"20\" data-nummobile=\"\" data-item-padding=\"5\"\t data-shortcode-atts=\"{}\"  data-postid=\"8544\" data-locatornonce=\"212cac81ca\" data-imageaspectratio=\"1:1\" data-sbi-flags=\"favorLocal\">\n\t\n\t<div id=\"sbi_images\"  style=\"gap: 10px;\">\n\t\t\t<\/div>\n\n\t<div id=\"sbi_load\" >\n\n\t\n\t\t\t<span class=\"sbi_follow_btn\" >\n\t\t\t<a target=\"_blank\"\n\t\t\t\trel=\"nofollow noopener\"  href=\"https:\/\/www.instagram.com\/17841406801252731\/\">\n\t\t\t\t<svg class=\"svg-inline--fa fa-instagram fa-w-14\" aria-hidden=\"true\" data-fa-processed=\"\" aria-label=\"Instagram\" data-prefix=\"fab\" data-icon=\"instagram\" role=\"img\" viewBox=\"0 0 448 512\">\n                    <path fill=\"currentColor\" d=\"M224.1 141c-63.6 0-114.9 51.3-114.9 114.9s51.3 114.9 114.9 114.9S339 319.5 339 255.9 287.7 141 224.1 141zm0 189.6c-41.1 0-74.7-33.5-74.7-74.7s33.5-74.7 74.7-74.7 74.7 33.5 74.7 74.7-33.6 74.7-74.7 74.7zm146.4-194.3c0 14.9-12 26.8-26.8 26.8-14.9 0-26.8-12-26.8-26.8s12-26.8 26.8-26.8 26.8 12 26.8 26.8zm76.1 27.2c-1.7-35.9-9.9-67.7-36.2-93.9-26.2-26.2-58-34.4-93.9-36.2-37-2.1-147.9-2.1-184.9 0-35.8 1.7-67.6 9.9-93.9 36.1s-34.4 58-36.2 93.9c-2.1 37-2.1 147.9 0 184.9 1.7 35.9 9.9 67.7 36.2 93.9s58 34.4 93.9 36.2c37 2.1 147.9 2.1 184.9 0 35.9-1.7 67.7-9.9 93.9-36.2 26.2-26.2 34.4-58 36.2-93.9 2.1-37 2.1-147.8 0-184.8zM398.8 388c-7.8 19.6-22.9 34.7-42.6 42.6-29.5 11.7-99.5 9-132.1 9s-102.7 2.6-132.1-9c-19.6-7.8-34.7-22.9-42.6-42.6-11.7-29.5-9-99.5-9-132.1s-2.6-102.7 9-132.1c7.8-19.6 22.9-34.7 42.6-42.6 29.5-11.7 99.5-9 132.1-9s102.7-2.6 132.1 9c19.6 7.8 34.7 22.9 42.6 42.6 11.7 29.5 9 99.5 9 132.1s2.7 102.7-9 132.1z\"><\/path>\n                <\/svg>\t\t\t\t<span>S\u00edguenos en Instagram<\/span>\n\t\t\t<\/a>\n\t\t<\/span>\n\t\n<\/div>\n\t\t<span class=\"sbi_resized_image_data\" data-feed-id=\"*1\"\n\t\t  data-resized=\"[]\">\n\t<\/span>\n\t<\/div>\n\n\t\t<\/div>\n\t\t\t\t<\/div>\n\t\t\t\t\t<\/div>\n\t\t<\/div>\n\t\t\t\t<div class=\"elementor-column elementor-col-33 elementor-top-column elementor-element elementor-element-353e909\" data-id=\"353e909\" data-element_type=\"column\">\n\t\t\t<div class=\"elementor-widget-wrap elementor-element-populated\">\n\t\t\t\t\t\t<div class=\"elementor-element elementor-element-cb3717b elementor-widget elementor-widget-html\" data-id=\"cb3717b\" data-element_type=\"widget\" data-widget_type=\"html.default\">\n\t\t\t\t<div class=\"elementor-widget-container\">\n\t\t\t<a class=\"twitter-timeline\" data-height=\"600\" href=\"https:\/\/twitter.com\/ajportell?ref_src=twsrc%5Etfw\">Tweets by ajportell<\/a> <script async src=\"https:\/\/platform.twitter.com\/widgets.js\" charset=\"utf-8\"><\/script>\t\t<\/div>\n\t\t\t\t<\/div>\n\t\t\t\t\t<\/div>\n\t\t<\/div>\n\t\t\t\t\t<\/div>\n\t\t<\/section>\n\t\t\t\t<\/div>\n\t\t","protected":false},"excerpt":{"rendered":"<p>Portell Coneix Portell; la seua localitzaci\u00f3, hist\u00f2ria, patrimoni, tradicions i festes. Coneix Portell Ve\u00efns Tota la informaci\u00f3 i ajuda que necessites ac\u00ed la trobar\u00e0s. Uneix-te al WhatsApp municipal i no et perdes cap novetat. M\u00e9s informaci\u00f3 Turisme Descobreix rutes inoblidables, paisatges encantadors, muntanyes envolupants, edificis amb molta hist\u00f2ria, els nostres museus i pintures rupestres. Descobreix [&hellip;]<\/p>\n","protected":false},"author":1,"featured_media":0,"parent":0,"menu_order":0,"comment_status":"closed","ping_status":"closed","template":"elementor_header_footer","meta":{"footnotes":""},"class_list":["post-6917","page","type-page","status-publish","hentry"],"yoast_head":"<!-- This site is optimized with the Yoast SEO plugin v24.4 - https:\/\/yoast.com\/wordpress\/plugins\/seo\/ -->\n<title>Portell de Morella - Portell de Morella<\/title>\n<meta name=\"robots\" content=\"noindex, follow, max-snippet:-1, max-image-preview:large, max-video-preview:-1\" \/>\n<meta property=\"og:locale\" content=\"ca_ES\" \/>\n<meta property=\"og:type\" content=\"article\" \/>\n<meta property=\"og:title\" content=\"Portell de Morella - Portell de Morella\" \/>\n<meta property=\"og:description\" content=\"Portell Coneix Portell; la seua localitzaci\u00f3, hist\u00f2ria, patrimoni, tradicions i festes. Coneix Portell Ve\u00efns Tota la informaci\u00f3 i ajuda que necessites ac\u00ed la trobar\u00e0s. Uneix-te al WhatsApp municipal i no et perdes cap novetat. M\u00e9s informaci\u00f3 Turisme Descobreix rutes inoblidables, paisatges encantadors, muntanyes envolupants, edificis amb molta hist\u00f2ria, els nostres museus i pintures rupestres. Descobreix [&hellip;]\" \/>\n<meta property=\"og:url\" content=\"https:\/\/portelldemorella.org\/ca\/\" \/>\n<meta property=\"og:site_name\" content=\"Portell de Morella\" \/>\n<meta property=\"article:modified_time\" content=\"2023-06-07T08:14:54+00:00\" \/>\n<meta property=\"og:image\" content=\"https:\/\/portelldemorella.org\/wp-content\/uploads\/2021\/10\/casitas-01.png\" \/>\n<meta name=\"twitter:card\" content=\"summary_large_image\" \/>\n<meta name=\"twitter:label1\" content=\"Temps estimat de lectura\" \/>\n\t<meta name=\"twitter:data1\" content=\"9 minuts\" \/>\n<script type=\"application\/ld+json\" class=\"yoast-schema-graph\">{\"@context\":\"https:\/\/schema.org\",\"@graph\":[{\"@type\":\"WebPage\",\"@id\":\"https:\/\/portelldemorella.org\/ca\/\",\"url\":\"https:\/\/portelldemorella.org\/ca\/\",\"name\":\"Portell de Morella - Portell de Morella\",\"isPartOf\":{\"@id\":\"https:\/\/portelldemorella.org\/#website\"},\"primaryImageOfPage\":{\"@id\":\"https:\/\/portelldemorella.org\/ca\/#primaryimage\"},\"image\":{\"@id\":\"https:\/\/portelldemorella.org\/ca\/#primaryimage\"},\"thumbnailUrl\":\"https:\/\/portelldemorella.org\/wp-content\/uploads\/2021\/10\/casitas-01.png\",\"datePublished\":\"2021-11-03T15:58:37+00:00\",\"dateModified\":\"2023-06-07T08:14:54+00:00\",\"breadcrumb\":{\"@id\":\"https:\/\/portelldemorella.org\/ca\/#breadcrumb\"},\"inLanguage\":\"ca\",\"potentialAction\":[{\"@type\":\"ReadAction\",\"target\":[\"https:\/\/portelldemorella.org\/ca\/\"]}]},{\"@type\":\"ImageObject\",\"inLanguage\":\"ca\",\"@id\":\"https:\/\/portelldemorella.org\/ca\/#primaryimage\",\"url\":\"https:\/\/portelldemorella.org\/wp-content\/uploads\/2021\/10\/casitas-01.png\",\"contentUrl\":\"https:\/\/portelldemorella.org\/wp-content\/uploads\/2021\/10\/casitas-01.png\"},{\"@type\":\"BreadcrumbList\",\"@id\":\"https:\/\/portelldemorella.org\/ca\/#breadcrumb\",\"itemListElement\":[{\"@type\":\"ListItem\",\"position\":1,\"name\":\"Portada\",\"item\":\"https:\/\/portelldemorella.org\/ca\/\"},{\"@type\":\"ListItem\",\"position\":2,\"name\":\"Portell de Morella\"}]},{\"@type\":\"WebSite\",\"@id\":\"https:\/\/portelldemorella.org\/#website\",\"url\":\"https:\/\/portelldemorella.org\/\",\"name\":\"Portell de Morella\",\"description\":\"Web del Ayuntamiento de Portell de Morella\",\"publisher\":{\"@id\":\"https:\/\/portelldemorella.org\/#organization\"},\"potentialAction\":[{\"@type\":\"SearchAction\",\"target\":{\"@type\":\"EntryPoint\",\"urlTemplate\":\"https:\/\/portelldemorella.org\/?s={search_term_string}\"},\"query-input\":{\"@type\":\"PropertyValueSpecification\",\"valueRequired\":true,\"valueName\":\"search_term_string\"}}],\"inLanguage\":\"ca\"},{\"@type\":\"Organization\",\"@id\":\"https:\/\/portelldemorella.org\/#organization\",\"name\":\"Portell de Morella\",\"url\":\"https:\/\/portelldemorella.org\/\",\"logo\":{\"@type\":\"ImageObject\",\"inLanguage\":\"ca\",\"@id\":\"https:\/\/portelldemorella.org\/#\/schema\/logo\/image\/\",\"url\":\"https:\/\/portelldemorella.org\/wp-content\/uploads\/2020\/11\/Escudo-Portell-04.jpg\",\"contentUrl\":\"https:\/\/portelldemorella.org\/wp-content\/uploads\/2020\/11\/Escudo-Portell-04.jpg\",\"width\":1001,\"height\":394,\"caption\":\"Portell de Morella\"},\"image\":{\"@id\":\"https:\/\/portelldemorella.org\/#\/schema\/logo\/image\/\"}}]}<\/script>\n<!-- \/ Yoast SEO plugin. -->","yoast_head_json":{"title":"Portell de Morella - Portell de Morella","robots":{"index":"noindex","follow":"follow","max-snippet":"max-snippet:-1","max-image-preview":"max-image-preview:large","max-video-preview":"max-video-preview:-1"},"og_locale":"ca_ES","og_type":"article","og_title":"Portell de Morella - Portell de Morella","og_description":"Portell Coneix Portell; la seua localitzaci\u00f3, hist\u00f2ria, patrimoni, tradicions i festes. Coneix Portell Ve\u00efns Tota la informaci\u00f3 i ajuda que necessites ac\u00ed la trobar\u00e0s. Uneix-te al WhatsApp municipal i no et perdes cap novetat. M\u00e9s informaci\u00f3 Turisme Descobreix rutes inoblidables, paisatges encantadors, muntanyes envolupants, edificis amb molta hist\u00f2ria, els nostres museus i pintures rupestres. Descobreix [&hellip;]","og_url":"https:\/\/portelldemorella.org\/ca\/","og_site_name":"Portell de Morella","article_modified_time":"2023-06-07T08:14:54+00:00","og_image":[{"url":"https:\/\/portelldemorella.org\/wp-content\/uploads\/2021\/10\/casitas-01.png","type":"","width":"","height":""}],"twitter_card":"summary_large_image","twitter_misc":{"Temps estimat de lectura":"9 minuts"},"schema":{"@context":"https:\/\/schema.org","@graph":[{"@type":"WebPage","@id":"https:\/\/portelldemorella.org\/ca\/","url":"https:\/\/portelldemorella.org\/ca\/","name":"Portell de Morella - Portell de Morella","isPartOf":{"@id":"https:\/\/portelldemorella.org\/#website"},"primaryImageOfPage":{"@id":"https:\/\/portelldemorella.org\/ca\/#primaryimage"},"image":{"@id":"https:\/\/portelldemorella.org\/ca\/#primaryimage"},"thumbnailUrl":"https:\/\/portelldemorella.org\/wp-content\/uploads\/2021\/10\/casitas-01.png","datePublished":"2021-11-03T15:58:37+00:00","dateModified":"2023-06-07T08:14:54+00:00","breadcrumb":{"@id":"https:\/\/portelldemorella.org\/ca\/#breadcrumb"},"inLanguage":"ca","potentialAction":[{"@type":"ReadAction","target":["https:\/\/portelldemorella.org\/ca\/"]}]},{"@type":"ImageObject","inLanguage":"ca","@id":"https:\/\/portelldemorella.org\/ca\/#primaryimage","url":"https:\/\/portelldemorella.org\/wp-content\/uploads\/2021\/10\/casitas-01.png","contentUrl":"https:\/\/portelldemorella.org\/wp-content\/uploads\/2021\/10\/casitas-01.png"},{"@type":"BreadcrumbList","@id":"https:\/\/portelldemorella.org\/ca\/#breadcrumb","itemListElement":[{"@type":"ListItem","position":1,"name":"Portada","item":"https:\/\/portelldemorella.org\/ca\/"},{"@type":"ListItem","position":2,"name":"Portell de Morella"}]},{"@type":"WebSite","@id":"https:\/\/portelldemorella.org\/#website","url":"https:\/\/portelldemorella.org\/","name":"Portell de Morella","description":"Web del Ayuntamiento de Portell de Morella","publisher":{"@id":"https:\/\/portelldemorella.org\/#organization"},"potentialAction":[{"@type":"SearchAction","target":{"@type":"EntryPoint","urlTemplate":"https:\/\/portelldemorella.org\/?s={search_term_string}"},"query-input":{"@type":"PropertyValueSpecification","valueRequired":true,"valueName":"search_term_string"}}],"inLanguage":"ca"},{"@type":"Organization","@id":"https:\/\/portelldemorella.org\/#organization","name":"Portell de Morella","url":"https:\/\/portelldemorella.org\/","logo":{"@type":"ImageObject","inLanguage":"ca","@id":"https:\/\/portelldemorella.org\/#\/schema\/logo\/image\/","url":"https:\/\/portelldemorella.org\/wp-content\/uploads\/2020\/11\/Escudo-Portell-04.jpg","contentUrl":"https:\/\/portelldemorella.org\/wp-content\/uploads\/2020\/11\/Escudo-Portell-04.jpg","width":1001,"height":394,"caption":"Portell de Morella"},"image":{"@id":"https:\/\/portelldemorella.org\/#\/schema\/logo\/image\/"}}]}},"_links":{"self":[{"href":"https:\/\/portelldemorella.org\/ca\/wp-json\/wp\/v2\/pages\/6917","targetHints":{"allow":["GET"]}}],"collection":[{"href":"https:\/\/portelldemorella.org\/ca\/wp-json\/wp\/v2\/pages"}],"about":[{"href":"https:\/\/portelldemorella.org\/ca\/wp-json\/wp\/v2\/types\/page"}],"author":[{"embeddable":true,"href":"https:\/\/portelldemorella.org\/ca\/wp-json\/wp\/v2\/users\/1"}],"replies":[{"embeddable":true,"href":"https:\/\/portelldemorella.org\/ca\/wp-json\/wp\/v2\/comments?post=6917"}],"version-history":[{"count":41,"href":"https:\/\/portelldemorella.org\/ca\/wp-json\/wp\/v2\/pages\/6917\/revisions"}],"predecessor-version":[{"id":7640,"href":"https:\/\/portelldemorella.org\/ca\/wp-json\/wp\/v2\/pages\/6917\/revisions\/7640"}],"wp:attachment":[{"href":"https:\/\/portelldemorella.org\/ca\/wp-json\/wp\/v2\/media?parent=6917"}],"curies":[{"name":"wp","href":"https:\/\/api.w.org\/{rel}","templated":true}]}}